{"id":14334,"date":"2022-06-17T17:10:00","date_gmt":"2022-06-17T17:10:00","guid":{"rendered":"http:\/\/race01.wp\/resources\/personas-presas-politicas-raza-e-igualdad-organiza-foro-para-contribuir-al-abordaje-eficaz-de-la-detencion-y-prision-por-motivos-politicos-en-la-region\/"},"modified":"2023-05-10T11:34:43","modified_gmt":"2023-05-10T11:34:43","slug":"personas-presas-politicas-raza-e-igualdad-organiza-foro-para-contribuir-al-abordaje-eficaz-de-la-detencion-y-prision-por-motivos-politicos-en-la-region","status":"publish","type":"resources","link":"https:\/\/raceandequality.org\/es\/resources\/personas-presas-politicas-raza-e-igualdad-organiza-foro-para-contribuir-al-abordaje-eficaz-de-la-detencion-y-prision-por-motivos-politicos-en-la-region\/","title":{"rendered":"Personas presas pol\u00edticas: Raza e Igualdad organiza foro para contribuir al abordaje eficaz de la detenci\u00f3n y prisi\u00f3n por motivos pol\u00edticos en la regi\u00f3n"},"content":{"rendered":"<p><b>Washington D.C., 17 de junio de 2022.-<\/b><span style=\"font-weight: 400;\">Raza e Igualdad organiz\u00f3 un foro para contribuir al abordaje eficaz de la detenci\u00f3n y prisi\u00f3n por motivos pol\u00edticos en el hemisferio occidental y propuso pautas que permitan establecer criterios para determinar qui\u00e9n es una persona detenida por motivos pol\u00edticos.<\/span><\/p>\n<p><span style=\"font-weight: 400;\">\u201cEn el instituto este proceso inici\u00f3 hace como un a\u00f1o y medio preocupados un poco por la necesidad de tener criterios para que una persona sea considerada presa pol\u00edtica en el hemisferio\u201d, mencion\u00f3 el director de Raza e Igualdad, Carlos Quesada.<\/span><\/p>\n<p><span style=\"font-weight: 400;\">La directora para las Am\u00e9ricas de Amnist\u00eda Internacional, Ericka Guevara Rosas destac\u00f3 la similitud que existe en las violaciones a los derechos humanos cometidos contra personas arbitrariamente privadas de libertad por motivos pol\u00edticos\u00a0 en pa\u00edses como Cuba, Nicaragua y Venezuela donde hay una \u201ccooptaci\u00f3n de los Poderes del Estado\u201d.\u00a0<\/span><\/p>\n<p><span style=\"font-weight: 400;\">Guevara particip\u00f3 en el evento <\/span><span style=\"font-weight: 400;\">\u00abPersonas presas pol\u00edticas: Desaf\u00edos y propuestas para su protecci\u00f3n internacional desde un enfoque de derechos humanos\u00bb, organizado por el Instituto sobre <\/span><b>Raza, Igualdad<\/b><span style=\"font-weight: 400;\"> y Derechos Humanos (Raza e Igualdad), con el fin de crear un espacio de reflexi\u00f3n sobre las caracter\u00edsticas que deben existir para que se considere que una persona est\u00e1 arbitrariamente privada de libertad por motivos pol\u00edticos en un pa\u00eds.\u00a0<\/span><\/p>\n<p><span style=\"font-weight: 400;\">Guevara destac\u00f3 que hay un patr\u00f3n entre Cuba, Nicaragua y Venezuela, por ejemplo, en el que se apunta a la criminalizaci\u00f3n de personas periodistas y activistas de derechos humanos que se oponen a ciertas pol\u00edticas estatales y, por tanto, se vuelven objetivo del Estado que crea leyes y utiliza los Poderes del Estado para enjuiciarlas.\u00a0<\/span><\/p>\n<p><span style=\"font-weight: 400;\">\u201cLas personas son detenidas a trav\u00e9s del uso indebido del sistema de justicia penal y atrav\u00e9s de la privaci\u00f3n de libertad, que, muchas veces, no solo se da en condiciones de c\u00e1rcel, sino que muchas veces hemos visto patrones de privaciones a la libertad atrav\u00e9s de detenciones de corto per\u00edodo, detenciones y domiciliarias\u201d, dijo Guevara.<\/span><\/p>\n<p><b>\u201cTrataron de sacarle los ojos\u201d<\/b><\/p>\n<p><span style=\"font-weight: 400;\">Miriam Cardet, hermana del ex preso pol\u00edtico Eduardo Cardet, de Cuba, record\u00f3 en el evento c\u00f3mo fue la detenci\u00f3n de su familiar el 30 de noviembre de 2016, cuando, tras regresar de un viaje por Estados Unidos, fue interceptado por hombres vestidos de civil en su casa quienes lo empezaron a golpear salvajemente.\u00a0<\/span><\/p>\n<p><span style=\"font-weight: 400;\">\u201cSe abalanzaron sobre \u00e9l poni\u00e9ndolo contra una reja frente a la casa y lo golpearon (&#8230;) Trataron de sacarle los ojos\u201d, dijo Cardet en su relato. Ese fue solo el comienzo de los problemas para la familia y las violaciones de derechos humanos en contra del m\u00e9dico y activista cubano.<\/span><\/p>\n<p><span style=\"font-weight: 400;\">Estuvo desaparecido durante cinco d\u00edas hasta que una protesta de los familiares oblig\u00f3 a las autoridades del gobierno cubano a mostrarlo a medias, cuando apenas pod\u00eda sostenerse en pie y estaba inflamado por la golpiza que le propinaron.\u00a0<\/span><\/p>\n<p><span style=\"font-weight: 400;\">Cardet fue liberado en mayo de 2019, luego de cumplir con los tres a\u00f1os de condena por lo que lo hab\u00edan acusado.\u00a0<\/span><\/p>\n<p><span style=\"font-weight: 400;\">\u201cA trav\u00e9s de todas las denuncias a nivel internacional se le pudo salvar la vida a mi hermano\u00bb, dijo Cardet, recordando que la denuncia y la constante presi\u00f3n contra estos Estados es el \u00fanico camino para garantizar la vida de estas personas.<\/span><\/p>\n<p><b>10 muertes bajo tutela del Estado venezolano<\/b><\/p>\n<p><span style=\"font-weight: 400;\">En Venezuela se calcula que desde el a\u00f1o 2014 ha habido por lo menos 4000 personas presas por motivos pol\u00edticos tras participar en manifestaciones en contra del gobierno de Nicol\u00e1s Maduro. Al menos 10 de ellos han muerto bajo tutela del Estado seg\u00fan cifras de organizaciones defensoras de derechos humanos.<\/span><\/p>\n<p><span style=\"font-weight: 400;\">\u201cEn el caso de Venezuela se ha creado una estructura y no es solo la detenci\u00f3n arbitraria la \u00fanica violaci\u00f3n que se utiliza, se ha creado una estructura judicial, se ha creado una estructura administrativa y legislativa que lo que busca es cerrar el espacio c\u00edvico cada vez m\u00e1s\u201d, <\/span><span style=\"font-weight: 400;\">\u00a0se\u00f1al\u00f3 Ronnie Boquier, coordinador jur\u00eddico del Comit\u00e9 de Familiares V\u00edctimas del Caracazo.<\/span><\/p>\n<p><span style=\"font-weight: 400;\">La situaci\u00f3n all\u00ed es bastante similar a la ocurrida en Cuba y Nicaragua, donde se inventan cr\u00edmenes de terrorismo en contra de manifestantes pac\u00edficos y se les atribuyen cr\u00edmenes ambiguos como el de \u201ctraici\u00f3n a la patria\u201d.\u00a0<\/span><\/p>\n<p><b>Nicaragua y la criminalizaci\u00f3n de defensores de derechos humanos\u00a0<\/b><\/p>\n<p><span style=\"font-weight: 400;\">La criminalizaci\u00f3n de defensores de derechos humanos y la cancelaci\u00f3n de organizaciones no gubernamentales que no son afines al r\u00e9gimen de Daniel Ortega ha provocado que m\u00e1s de 500 ONG\u2019s ya no tengan personer\u00eda jur\u00eddica, seg\u00fan han documentado medios de comunicaci\u00f3n nicarag\u00fcenses.\u00a0<\/span><\/p>\n<p><span style=\"font-weight: 400;\">Estos cierres son solo parte del problema, pues luego de que se cancela su capacidad legal operativa se desata una persecuci\u00f3n en contra de sus dirigentes que en muchos casos son obligados a salir del pa\u00eds o detenidos.\u00a0<\/span><\/p>\n<p><span style=\"font-weight: 400;\">Las detenciones arbitrarias en Nicaragua iniciaron en abril del 2018, tras las manifestaciones pac\u00edficas y hasta mayo de 2020, la CIDH calculaba que al menos 1614 personas estaban en prisi\u00f3n, resalt\u00f3 <\/span><span style=\"font-weight: 400;\">Fiorella Melzi, coordinadora del Mecanismo Especial de Seguimiento para Nicaragua (Meseni).<\/span><\/p>\n<p><span style=\"font-weight: 400;\">\u201cA ra\u00edz de las detenciones la Comisi\u00f3n ha observado una serie de violaciones a los derechos humanos: violaciones a las garant\u00edas y protecci\u00f3n judicial, en la mayor\u00eda de los casos, inicialmente, el Estado no inform\u00f3 del paradero de las personas detenidas y (se impidi\u00f3), tener acceso a un abogado de elecci\u00f3n, las acusaciones presentadas en audiencias preliminares, privadas y secretas en instalaciones distintas a los tribunales judiciales\u201d, enumer\u00f3 Melzi.<\/span><\/p>\n<p><span style=\"font-weight: 400;\">Algunas fueron liberadas posteriormente, pero la criminalizaci\u00f3n de disidentes continu\u00f3 y se extendi\u00f3 hacia todos los sectores del pa\u00eds. Al punto previo a las elecciones presidenciales de 2021, cuando Daniel Ortega se reeligi\u00f3 fraudulentamente para un cuarto per\u00edodo consecutivo, encarcel\u00f3 a 7 precandidatos y precandidatas presidenciales y hasta el 31 de mayo de 2022, la cifra de personas arbitrariamente privadas de libertad por motivos pol\u00edticos\u00a0 en el pa\u00eds ya era de m\u00e1s de 190, seg\u00fan las cifras actualizadas a mayo del Mecanismo para el Reconocimiento de Personas Presas Pol\u00edticas en Nicaragua.<\/span><\/p>\n<p><span style=\"font-weight: 400;\">Muchas de estas personas fueron directivos de organizaciones no gubernamentales o simplemente se les detuvo por expresar opiniones contrarias a las pol\u00edticas del r\u00e9gimen en redes sociales.\u00a0<\/span><\/p>\n<p><span style=\"font-weight: 400;\">\u201cSe crean delitos nuevos, leyes contra el terrorismo que involucran a las personas que defienden derechos en la l\u00f3gica de que el Estado siempre va a catalogar como enemigo y se unen con leyes pasadas\u00bb, dijo Boquier, quien explic\u00f3 sobre las similitudes que ocurren en los tres pa\u00edses al momento de perseguir a la disidencia.\u00a0<\/span><\/p>\n<p><span style=\"font-weight: 400;\">Esas son pol\u00edticas que, seg\u00fan Boquier, est\u00e1n definiendo los mismos Estados y los responsabiliz\u00f3 de ser quienes clasifican a las personas como \u201cenemigos\u201d, para posteriormente detenerlos arbitrariamente por las actividades que realizan.\u00a0<\/span><\/p>\n<p><span style=\"font-weight: 400;\">\u201cQuien define la pol\u00edtica de persecuci\u00f3n son los Estados y quien le da los motivos pol\u00edticos son los Estados. Los presos por motivos pol\u00edticos de nuestros pa\u00edses (existen) porque los Estados los consideran as\u00ed por su actividad\u201d, remarc\u00f3.<\/span><\/p>\n<p><b>Raza e Igualdad propone pautas para determinar la privaci\u00f3n de libertad por motivos pol\u00edticos<\/b><\/p>\n<p><span style=\"font-weight: 400;\">Considerando todas estas situaciones que ocurren en Cuba, Nicaragua y Venezuela, pero que tambi\u00e9n se extienden a pa\u00edses como Chile o Colombia, Raza e Igualdad public\u00f3 el documento \u00abPautas para la determinaci\u00f3n de la detenci\u00f3n y prisi\u00f3n por motivos pol\u00edticos: Aportes desde el Derecho Internacional de los Derechos Humanos\u201d, que busca contribuir a una discusi\u00f3n que lleve a identificar y resaltar los patrones que hay en los pa\u00edses que detienen a las personas por motivos pol\u00edticos.\u00a0<\/span><\/p>\n<p><span style=\"font-weight: 400;\">En el documento se destaca la importancia de contar con una caracterizaci\u00f3n a nivel internacional que permita reconocer que las personas bajo esta forma de\u00a0 privaci\u00f3n de libertad se encuentran m\u00e1s expuestas a sufrir graves violaciones a sus derechos humanos y por lo tanto, est\u00e1n en una situaci\u00f3n de especial vulnerabilidad. Este reconocimiento permite hacer responsables a los Estados por estas privaciones de libertad\u00a0 arbitrarias por motivos pol\u00edticos y crear una ruta de responsabilidad que permita justicia y reparaci\u00f3n a las v\u00edctimas.\u00a0<\/span><\/p>\n<p><span style=\"font-weight: 400;\">Raza e Igualdad propone dos pautas. La primera,\u00a0 consiste en establecer si\u00a0 la privaci\u00f3n de libertad es arbitraria de acuerdo a las categor\u00edas establecidas por el Grupo de Trabajo de las Naciones sobre la Detenci\u00f3n Arbitraria. Esto es, que se produce como consecuencia del ejercicio de derechos o libertades de pensamiento, conciencia y religi\u00f3n; opini\u00f3n y expresi\u00f3n; reuni\u00f3n y asociaci\u00f3n pac\u00edfica; y participaci\u00f3n pol\u00edtica; y que la misma es discriminatoria por motivos como la opini\u00f3n pol\u00edtica.\u00a0<\/span><\/p>\n<p><span style=\"font-weight: 400;\">En segundo lugar, se se\u00f1ala que resulta fundamental para esta determinaci\u00f3n, identificar que la privaci\u00f3n arbitraria de la libertad, es producto de acciones del Estado pol\u00edticamente sesgadas, para lo cual se debe examinar\u00a0 los patrones de detenci\u00f3n e instrumentalizaci\u00f3n de las instituciones de justicia en contextos tanto democr\u00e1ticos como autoritarios, as\u00ed como las acciones que lleva a cabo la persona, tales como, la defensa de los derechos humanos, la participaci\u00f3n en la vida pol\u00edtica de su pa\u00eds, el periodismo, entre otras.<\/span><span style=\"font-weight: 400;\">\u00a0<\/span><\/p>\n<p><span style=\"font-weight: 400;\">El documento completo puede ser descargado <\/span><a href=\"https:\/\/raceandequality.org\/672\"><span style=\"font-weight: 400;\">en este link para la versi\u00f3n en espa\u00f1ol <\/span><\/a><span style=\"font-weight: 400;\">y en <\/span><a href=\"https:\/\/raceandequality.org\/673\"><span style=\"font-weight: 400;\">este otro para la versi\u00f3n en ingl\u00e9s.<\/span><\/a><\/p>\n","protected":false},"excerpt":{"rendered":"<p>Washington D.C., 17 de junio de 2022.-Raza e Igualdad organiz\u00f3 un foro para contribuir al abordaje eficaz de la detenci\u00f3n y prisi\u00f3n por motivos pol\u00edticos en el hemisferio occidental y [&hellip;]<\/p>\n","protected":false},"author":15,"featured_media":11017,"parent":0,"menu_order":0,"template":"","format":"standard","categories":[1123,1169],"resources_country":[1193,1199],"resources_language":[],"resources_audience":[],"resources_format":[],"resources_topic":[],"resources_year":[],"class_list":["post-14334","resources","type-resources","status-publish","format-standard","has-post-thumbnail","hentry","category-cuba","category-nicaragua","resources_country-cuba-es","resources_country-nicaragua-es"],"acf":[],"aioseo_notices":[],"_links":{"self":[{"href":"https:\/\/raceandequality.org\/es\/wp-json\/wp\/v2\/resources\/14334","targetHints":{"allow":["GET"]}}],"collection":[{"href":"https:\/\/raceandequality.org\/es\/wp-json\/wp\/v2\/resources"}],"about":[{"href":"https:\/\/raceandequality.org\/es\/wp-json\/wp\/v2\/types\/resources"}],"author":[{"embeddable":true,"href":"https:\/\/raceandequality.org\/es\/wp-json\/wp\/v2\/users\/15"}],"wp:featuredmedia":[{"embeddable":true,"href":"https:\/\/raceandequality.org\/es\/wp-json\/wp\/v2\/media\/11017"}],"wp:attachment":[{"href":"https:\/\/raceandequality.org\/es\/wp-json\/wp\/v2\/media?parent=14334"}],"wp:term":[{"taxonomy":"category","embeddable":true,"href":"https:\/\/raceandequality.org\/es\/wp-json\/wp\/v2\/categories?post=14334"},{"taxonomy":"resources_country","embeddable":true,"href":"https:\/\/raceandequality.org\/es\/wp-json\/wp\/v2\/resources_country?post=14334"},{"taxonomy":"resources_language","embeddable":true,"href":"https:\/\/raceandequality.org\/es\/wp-json\/wp\/v2\/resources_language?post=14334"},{"taxonomy":"resources_audience","embeddable":true,"href":"https:\/\/raceandequality.org\/es\/wp-json\/wp\/v2\/resources_audience?post=14334"},{"taxonomy":"resources_format","embeddable":true,"href":"https:\/\/raceandequality.org\/es\/wp-json\/wp\/v2\/resources_format?post=14334"},{"taxonomy":"resources_topic","embeddable":true,"href":"https:\/\/raceandequality.org\/es\/wp-json\/wp\/v2\/resources_topic?post=14334"},{"taxonomy":"resources_year","embeddable":true,"href":"https:\/\/raceandequality.org\/es\/wp-json\/wp\/v2\/resources_year?post=14334"}],"curies":[{"name":"wp","href":"https:\/\/api.w.org\/{rel}","templated":true}]}}