{"id":14337,"date":"2022-06-28T16:35:19","date_gmt":"2022-06-28T16:35:19","guid":{"rendered":"http:\/\/race01.wp\/resources\/colectivos-y-organizaciones-de-ddhh-reiteramos-la-demanda-de-libertad-para-los-artistas-cubanos-ante-la-sentencia-condenatoria-emitida-por-el-tribunal\/"},"modified":"2023-05-15T04:43:39","modified_gmt":"2023-05-15T04:43:39","slug":"colectivos-y-organizaciones-de-ddhh-reiteramos-la-demanda-de-libertad-para-los-artistas-cubanos-ante-la-sentencia-condenatoria-emitida-por-el-tribunal","status":"publish","type":"resources","link":"https:\/\/raceandequality.org\/es\/resources\/colectivos-y-organizaciones-de-ddhh-reiteramos-la-demanda-de-libertad-para-los-artistas-cubanos-ante-la-sentencia-condenatoria-emitida-por-el-tribunal\/","title":{"rendered":"Colectivos y organizaciones de DDHH reiteramos la demanda de libertad para los artistas cubanos, ante la sentencia condenatoria emitida por el Tribunal"},"content":{"rendered":"<p style=\"text-align: justify;\">Washington D.C., 28 de junio de 2022. &#8211; El pasado viernes 24 de junio fueron anunciadas por la Fiscal\u00eda General de la Rep\u00fablica de Cuba las sentencias de los artistas Luis Manuel Otero Alc\u00e1ntara y Maykel Castillo P\u00e9rez (tambi\u00e9n conocido como \u201cOsorbo\u201d), cuyos juicios se celebraron el 30 y 31 de mayo. Seg\u00fan la nota oficial, recibieron sanciones privativas de la libertad por 5 y 9 a\u00f1os, respectivamente. Tambi\u00e9n fueron sentenciados F\u00e9liz Roque Delgado, Juslid Justiz y Reina Sierra Duvergel quienes el 4 de abril simplemente defendieron a Maykel.<\/p>\n<p style=\"text-align: justify;\">En el caso de Otero Alc\u00e1ntara, el Tribunal Municipal Popular de Centro Habana se\u00f1ala entre los argumentos un supuesto \u201c\u00e1nimo expreso, sostenido en el tiempo, de ofender a la bandera nacional, mediante la publicaci\u00f3n de fotos en redes sociales donde se le utiliza en actos denigrantes\u201d.<\/p>\n<p style=\"text-align: justify;\">Sobre Maykel Castillo, se hace menci\u00f3n a un supuesto prop\u00f3sito manifiesto de \u00abafectar el honor y la dignidad de las m\u00e1ximas autoridades del pa\u00eds\u201d con \u201cim\u00e1genes falsas de estos manipuladas digitalmente\u201d.<\/p>\n<p style=\"text-align: justify;\"><strong>Estos argumentos refuerzan el car\u00e1cter autoritario e intolerante del Estado cubano. En el caso de Luis Manuel, se hace alusi\u00f3n a una obra art\u00edstica, el performance Drapeau, que realiz\u00f3 en 2019. Y en el caso de Maykel, se habla de lo que ser\u00eda entendido, en un contexto democr\u00e1tico, como un gesto creativo de s\u00e1tira pol\u00edtica.<\/strong><\/p>\n<p style=\"text-align: justify;\">El 24 de junio, en horario del mediod\u00eda, un noticiero oficialista cubano emiti\u00f3 un reportaje se\u00f1alando que el juzgamiento de ambos artistas obedec\u00eda a delitos comunes; sin embargo, en la declaraci\u00f3n de la Fiscal\u00eda emitida la misma ma\u00f1ana se pod\u00edan descubrir como causas de sus enjuiciamientos tanto sus creaciones art\u00edsticas como sus activismos frontales contra la ausencia de derechos humanos, civiles y pol\u00edticos, y el liderazgo que han logrado, sobre todo en los sectores m\u00e1s humildes de la sociedad.<\/p>\n<p style=\"text-align: justify;\">Luis Manuel Otero Alc\u00e1ntara es artista visual y fundador del Movimiento San Isidro; recientemente se le entreg\u00f3 el Premio Oxi Al Coraje, que otorga la Fundaci\u00f3n Oxi Day. Por su parte, Maykel Castillo recibi\u00f3 dos Grammys Latinos por su coautor\u00eda de la canci\u00f3n \u201cPatria y vida\u201d, que se convirti\u00f3 en un himno por la libertad y dignidad del pueblo cubano durante las protestas masivas de julio de 2021. Ambos artistas fueron reconocidos como Presos de Conciencia por Amnist\u00eda Internacional y les fue otorgado el Premio a la Libertad por parte de Freedom House.<\/p>\n<p style=\"text-align: justify;\">Recordamos que el Grupo de Trabajo para la Detenci\u00f3n Arbitraria de las Naciones Unidas emiti\u00f3 el 17 de noviembre de 2021 la Opini\u00f3n No. 63\/2021 (Cuba), donde concluy\u00f3 que \u201cla privaci\u00f3n de libertad de Maykel Castillo P\u00e9rez es arbitraria, por cuanto contraviene los art\u00edculos 3, 5, 8, 9, 10, 11 y 12 de la DUDH\u201d y exhort\u00f3 al gobierno a \u201cponer al Sr. Castillo P\u00e9rez inmediatamente en libertad y concederle el derecho efectivo a obtener una indemnizaci\u00f3n y otros tipos de reparaci\u00f3n\u201d.<\/p>\n<p style=\"text-align: justify;\">Las organizaciones abajo firmantes, que recientemente hab\u00edamos emitido una petici\u00f3n de libertad inmediata para los artistas, mantenemos nuestra posici\u00f3n: <strong>exigimos al Estado cubano que cese la criminalizaci\u00f3n del arte pol\u00edtico, la defensa de derechos y las campa\u00f1as de difamaci\u00f3n contra quienes deciden enfrentar el poder. Para Luis Manuel y Maykel pedimos nuevamente libertad, as\u00ed como para el resto de los presos pol\u00edticos, documentados por varias instancias nacionales e internacionales.<\/strong><\/p>\n<p style=\"text-align: justify;\">Hacemos un llamado a otras organizaciones de defensa de derechos humanos, civiles y pol\u00edticos, as\u00ed como a los gobiernos democr\u00e1ticos del mundo, a que se sumen a nuestra exigencia.<\/p>\n<p style=\"text-align: justify;\">Firmamos:<\/p>\n<p style=\"text-align: justify;\">ARTICLE 19 Oficina para M\u00e9xico y Centroam\u00e9rica.<\/p>\n<p style=\"text-align: justify;\">Artist At Risk Connection &#8211; PEN America.<\/p>\n<p style=\"text-align: justify;\">CADAL.<\/p>\n<p style=\"text-align: justify;\">Centro de Estudios Liderazgo y Desarrollo (CELIDE).<\/p>\n<p style=\"text-align: justify;\">\u00a0Centro PEN de Cuba en el Exilio.<\/p>\n<p style=\"text-align: justify;\">Consejo para la Transici\u00f3n Democr\u00e1tica en Cuba.<\/p>\n<p style=\"text-align: justify;\">Cubalex.<\/p>\n<p style=\"text-align: justify;\">DemoAmlat.<\/p>\n<p style=\"text-align: justify;\">Diario de Cuba.<\/p>\n<p style=\"text-align: justify;\">Freedom House.<\/p>\n<p style=\"text-align: justify;\">Fundaci\u00f3n Ciudadan\u00eda y Desarrollo.<\/p>\n<p style=\"text-align: justify;\">Fundaci\u00f3n Federalismo y Libertad.<\/p>\n<p style=\"text-align: justify;\">Fundamedios.<\/p>\n<p style=\"text-align: justify;\">Instituto Internacional sobre Raza, Igualdad y Derechos Humanos.<\/p>\n<p style=\"text-align: justify;\">Justicia 11J.<\/p>\n<p style=\"text-align: justify;\">Movimiento San Isidro (MSI).<\/p>\n<p style=\"text-align: justify;\">Mujeres Democristianas de Cuba.<\/p>\n<p style=\"text-align: justify;\">Observatorio Cubano de Derechos Humanos (OCDH).<\/p>\n<p style=\"text-align: justify;\">Observatorio de Derechos Culturales (ODC).<\/p>\n<p style=\"text-align: justify;\">Organizaci\u00f3n Mundial Contra la Tortura.<\/p>\n<p style=\"text-align: justify;\">PEN Internacional.<\/p>\n<p style=\"text-align: justify;\">People in Need (PIN).<\/p>\n<p style=\"text-align: justify;\">Plataforma Femenina.<\/p>\n<p style=\"text-align: justify;\">Prisoners Defenders.<\/p>\n<p style=\"text-align: justify;\">PROMEDEHUM.<\/p>\n<p style=\"text-align: justify;\">Red Femenina de Cuba<\/p>\n","protected":false},"excerpt":{"rendered":"<p>Washington D.C., 28 de junio de 2022. &#8211; El pasado viernes 24 de junio fueron anunciadas por la Fiscal\u00eda General de la Rep\u00fablica de Cuba las sentencias de los artistas [&hellip;]<\/p>\n","protected":false},"author":15,"featured_media":14338,"parent":0,"menu_order":0,"template":"","format":"standard","categories":[1123],"resources_country":[1193],"resources_language":[],"resources_audience":[],"resources_format":[],"resources_topic":[],"resources_year":[],"class_list":["post-14337","resources","type-resources","status-publish","format-standard","has-post-thumbnail","hentry","category-cuba","resources_country-cuba-es"],"acf":[],"aioseo_notices":[],"_links":{"self":[{"href":"https:\/\/raceandequality.org\/es\/wp-json\/wp\/v2\/resources\/14337","targetHints":{"allow":["GET"]}}],"collection":[{"href":"https:\/\/raceandequality.org\/es\/wp-json\/wp\/v2\/resources"}],"about":[{"href":"https:\/\/raceandequality.org\/es\/wp-json\/wp\/v2\/types\/resources"}],"author":[{"embeddable":true,"href":"https:\/\/raceandequality.org\/es\/wp-json\/wp\/v2\/users\/15"}],"wp:featuredmedia":[{"embeddable":true,"href":"https:\/\/raceandequality.org\/es\/wp-json\/wp\/v2\/media\/14338"}],"wp:attachment":[{"href":"https:\/\/raceandequality.org\/es\/wp-json\/wp\/v2\/media?parent=14337"}],"wp:term":[{"taxonomy":"category","embeddable":true,"href":"https:\/\/raceandequality.org\/es\/wp-json\/wp\/v2\/categories?post=14337"},{"taxonomy":"resources_country","embeddable":true,"href":"https:\/\/raceandequality.org\/es\/wp-json\/wp\/v2\/resources_country?post=14337"},{"taxonomy":"resources_language","embeddable":true,"href":"https:\/\/raceandequality.org\/es\/wp-json\/wp\/v2\/resources_language?post=14337"},{"taxonomy":"resources_audience","embeddable":true,"href":"https:\/\/raceandequality.org\/es\/wp-json\/wp\/v2\/resources_audience?post=14337"},{"taxonomy":"resources_format","embeddable":true,"href":"https:\/\/raceandequality.org\/es\/wp-json\/wp\/v2\/resources_format?post=14337"},{"taxonomy":"resources_topic","embeddable":true,"href":"https:\/\/raceandequality.org\/es\/wp-json\/wp\/v2\/resources_topic?post=14337"},{"taxonomy":"resources_year","embeddable":true,"href":"https:\/\/raceandequality.org\/es\/wp-json\/wp\/v2\/resources_year?post=14337"}],"curies":[{"name":"wp","href":"https:\/\/api.w.org\/{rel}","templated":true}]}}