{"id":14366,"date":"2022-07-14T00:04:28","date_gmt":"2022-07-14T00:04:28","guid":{"rendered":"http:\/\/race01.wp\/resources\/cuatro-historias-de-personas-detenidas-por-reclamar-cambios-en-cuba\/"},"modified":"2023-05-15T04:43:40","modified_gmt":"2023-05-15T04:43:40","slug":"cuatro-historias-de-personas-detenidas-por-reclamar-cambios-en-cuba","status":"publish","type":"resources","link":"https:\/\/raceandequality.org\/es\/resources\/cuatro-historias-de-personas-detenidas-por-reclamar-cambios-en-cuba\/","title":{"rendered":"Cuatro historias de personas detenidas por reclamar cambios en Cuba"},"content":{"rendered":"<p style=\"text-align: justify;\"><strong>Washington D.C., 13 de julio de 2022<\/strong> &#8211; En el marco de la conmemoraci\u00f3n de un a\u00f1o de las protestas pac\u00edficas que iniciaron el 11 de julio de 2021 en Cuba (tambi\u00e9n conocidas como 11J), el Instituto Internacional sobre Raza, Igualdad y Derechos Humanos entrevist\u00f3 a los familiares de cuatro personas privadas de la libertad por motivos pol\u00edticos en la Isla, para conocer lo que han vivido en prisi\u00f3n sus seres queridos. La publicaci\u00f3n de estos relatos representa un ejercicio para recordar a Brenda, Jos\u00e9 Daniel, Sissi y Samuel, cuatro de las m\u00e1s 700 personas que contin\u00faan en la c\u00e1rcel por ejercer su derecho a la libertad de expresi\u00f3n durante las manifestaciones. Por medio de la campa\u00f1a #HastaQueCubaSeaLibre mencionamos sus nombres para exigir su liberaci\u00f3n inmediata.<\/p>\n<p style=\"text-align: justify;\"><strong>Expresar su identidad de g\u00e9nero le cost\u00f3 su libertad<\/strong><\/p>\n<p style=\"text-align: justify;\">A Brenda D\u00edaz Garc\u00eda, mujer trans de 28 a\u00f1os, la detuvieron el 11 de julio de 2021 por ejercer su derecho a la libertad de expresi\u00f3n. Brenda encabezaba la marcha que se realiz\u00f3 en el municipio de G\u00fcira de Melena, en la provincia de Artemisa. Fue arrestada por miembros de la Seguridad del Estado de Cuba, tras identificarla por usar un vestido de flores como muestra de su expresi\u00f3n de g\u00e9nero.<\/p>\n<p style=\"text-align: justify;\">Aquel d\u00eda, ella fue trasladada a un centro penitenciario masculino, donde pagar\u00e1 una pena de 14 a\u00f1os de prisi\u00f3n, porque, seg\u00fan las autoridades de la Isla, se hab\u00eda \u201cvestido de mujer para infiltrarse\u201d en las manifestaciones pac\u00edficas.<\/p>\n<p style=\"text-align: justify;\">En una c\u00e1rcel que est\u00e1 a m\u00e1s de 70 kil\u00f3metros de G\u00fcira de Melena, a Brenda la han discriminado y violentado por su identidad de g\u00e9nero y orientaci\u00f3n sexual. \u201cA mi hija la pelaron (cortaron su cabello) apenas lleg\u00f3 a ese lugar, y ella sufri\u00f3 much\u00edsimo porque adoraba su pelo. Lo ten\u00eda bien largo\u201d, dice su mam\u00e1, quien por seguridad prefiri\u00f3 que no se revelara su nombre.<\/p>\n<p style=\"text-align: justify;\">A Brenda no la llaman por su nombre identitario y el Estado, al cortarle su cabello, ejerci\u00f3 una agresi\u00f3n simb\u00f3lica que busca borrar su identidad de g\u00e9nero, una pr\u00e1ctica que se ha documentado en el informe \u2018Mujeres trans privadas de libertad: La invisibilidad tras los muros\u2019, que public\u00f3 en 2020 la organizaci\u00f3n Wola. \u201cHay hombres que se hacen muy machotes y discriminan a los homosexuales y trans, incluso tambi\u00e9n los mismos guardias. Ella me ha dicho que ha habido abusos (violencias f\u00edsicas y sexuales) hacia otros gais\u201d, revela su mam\u00e1.<\/p>\n<p style=\"text-align: justify;\">A pocos d\u00edas de que cumpla un a\u00f1o en prisi\u00f3n, la familia de Brenda ha hecho de todo para garantizar que ella tenga los medicamentos que requiere por sus problemas de salud, ya que no siempre se los dan en el centro penitenciario. Mientras eso pasa, su mam\u00e1 se pregunta cada noche al cenar, si su hija se ha alimentado bien, y comienza a llorar.<\/p>\n<blockquote class=\"twitter-tweet\">\n<p dir=\"ltr\" lang=\"es\"><a href=\"https:\/\/raceandequality.org\/1423\">#Cuba<\/a>&#x1f1e8;&#x1f1fa; | A pocos d\u00edas de que se cumpla un a\u00f1o de las manifestaciones pac\u00edficas conocidas como <a href=\"https:\/\/raceandequality.org\/1424\">#11J<\/a>, conoce la historia de Brenda D\u00edaz, una mujer trans cubana que paga una condena de 14 a\u00f1os de c\u00e1rcel por expresar su identidad de g\u00e9nero en medio de las protestas. \u00a1Con\u00f3cela!&#x1f9f5;&#x2b07;&#xfe0f; <a href=\"https:\/\/raceandequality.org\/1425\">pic.twitter.com\/1KgQSeT0vu<\/a><\/p>\n<p>\u2014 Race and Equality (@raceandequality) <a href=\"https:\/\/raceandequality.org\/1426\">July 5, 2022<\/a><\/p><\/blockquote>\n<p><script async src=\"https:\/\/platform.twitter.com\/widgets.js\" charset=\"utf-8\"><\/script><\/p>\n<p style=\"text-align: justify;\"><strong>Por exigir sus derechos en julio de 2021, fue recluido en un centro de privaci\u00f3n de libertad donde permanece incomunicado<\/strong><\/p>\n<p style=\"text-align: justify;\">\u201cLa \u00faltima comunicaci\u00f3n que tuvimos con \u00e9l fue el 4 de junio, y ese d\u00eda Jos\u00e9 Daniel segu\u00eda en la misma celda de aislamiento, en condiciones crueles e inhumanas; entre cuatro paredes blancas y con un bombillo encendido las 24 horas del d\u00eda, como \u00e9l describe ese lugar\u201d, dice Ana Belkis, hermana de Jos\u00e9 Daniel Ferrer. A cientos de kil\u00f3metros de Cuba, Ana hace todo lo posible para visibilizar la situaci\u00f3n que enfrenta el principal l\u00edder de la Uni\u00f3n Patri\u00f3tica de Cuba (UNPACU), y para recolectar alimentos y medicamentos que luego env\u00eda a trav\u00e9s de terceras personas que viajan a la Isla.<\/p>\n<p style=\"text-align: justify;\">A Jos\u00e9 Daniel Ferrer, de 51 a\u00f1os, lo detuvieron junto con su hijo de 19 a\u00f1os el 11 de julio de 2021. Ambos se hab\u00edan unido a las manifestaciones pac\u00edficas que iniciaron ese d\u00eda, y que se registraron en m\u00e1s de 50 ciudades de Cuba hasta el d\u00eda siguiente. Al reconocido activista que hizo parte del grupo de los 75 prisioneros de conciencia condenados en la primavera negra de 2003, le revocaron una condena de 4 a\u00f1os y 6 meses que hab\u00eda sido \u201csubsidiada\u201d en 2020; es decir, tras su detenci\u00f3n, la sentencia que antes cumpl\u00eda en casa fue modificada por reclusi\u00f3n en el Centro Penitenciario de Mar Verde, ubicado en la provincia de Santiago de Cuba, la misma regi\u00f3n donde ha vivido toda su vida y fue capturado.<\/p>\n<p style=\"text-align: justify;\">Por su parte, su hijo Jos\u00e9 Daniel Jr. permanece \u201cbajo procesamiento\u201d esperando que lo llamen a juicio. \u201cA mi hermano y a mi sobrino los acusan por el delito de des\u00f3rdenes p\u00fablicos\u201d, cuenta Ana Belkis.<\/p>\n<p style=\"text-align: justify;\">La familia de Jos\u00e9 Daniel ha denunciado desde hace m\u00e1s de un mes que desconoce en qu\u00e9 condiciones se encuentra el defensor de derechos humanos. \u201cEstamos seguros de que \u00e9l est\u00e1 en una celda preparada por la dictadura para torturarlo. Creemos que le est\u00e1n propinando ataques s\u00f3nicos porque la \u00faltima vez que supimos informaci\u00f3n de mi hermano, conocimos que presentaba fuertes dolores de cabeza, zumbidos en los o\u00eddos, sangrado en la boca y p\u00e9rdida de la visi\u00f3n\u201d, afirma su hermana.<\/p>\n<p style=\"text-align: justify;\">Ana Belkis y su familia exigen a las autoridades cubanas permitir la comunicaci\u00f3n con Jos\u00e9 Daniel y explicar cu\u00e1l es su situaci\u00f3n actual. Su esposa, Nelva Ortega, interpuso un Habeas Corpus, el cual fue negado; sus hijos se han acercado en varias ocasiones a la c\u00e1rcel, sin obtener respuestas. Su hermana contin\u00faa denunciado a trav\u00e9s de redes sociales las violaciones de derechos humanos en contra de Jos\u00e9 Daniel; sin embargo, hasta la fecha no han conseguido ninguna informaci\u00f3n sobre su estado de salud, siguen a la espera de una \u201cfe de vida\u201d.<\/p>\n<blockquote class=\"twitter-tweet\">\n<p dir=\"ltr\" lang=\"es\"><a href=\"https:\/\/raceandequality.org\/1423\">#Cuba<\/a>&#x1f1e8;&#x1f1fa; | Hoy, cuando se conmemora un a\u00f1o de las protestas pac\u00edficas del <a href=\"https:\/\/raceandequality.org\/1424\">#11J<\/a> en la Isla, se cumple un mes y siete d\u00edas sin que la familia del activista <a href=\"https:\/\/raceandequality.org\/1427\">@jdanielferrer<\/a> conozca el estado de salud del reconocido defensor de derechos humanos.<a href=\"https:\/\/raceandequality.org\/1428\">#HastaQueCubaSeaLibre<\/a> <a href=\"https:\/\/raceandequality.org\/1429\">pic.twitter.com\/2GdMdeJOjd<\/a><\/p>\n<p>\u2014 Race and Equality (@raceandequality) <a href=\"https:\/\/raceandequality.org\/1430\">July 11, 2022<\/a><\/p><\/blockquote>\n<p><script async src=\"https:\/\/platform.twitter.com\/widgets.js\" charset=\"utf-8\"><\/script><\/p>\n<p style=\"text-align: justify;\"><strong>Condenada a seis a\u00f1os de c\u00e1rcel por su activismo<\/strong><\/p>\n<p style=\"text-align: justify;\">\u201cA mi hija no solo la detuvieron por haberse manifestado el 11 de julio de 2021. A ella tambi\u00e9n la metieron presa por ser miembro de las Damas de Blanco\u201d, dice Annia Zamora, madre de Sissi Abascal, una joven de 24 a\u00f1os que paga una condena de 6 a\u00f1os en la prisi\u00f3n de mujeres Labiotec, ubicada en la provincia de Matanzas, al occidente de Cuba.<\/p>\n<p style=\"text-align: justify;\">Desde que ten\u00eda 16 a\u00f1os, Sissi ha sido v\u00edctima de amenazas por ser parte de las Damas de Blanco, una organizaci\u00f3n formada por mujeres que exigen la liberaci\u00f3n de las personas privadas de libertad por motivos pol\u00edticos en la Isla; y por ser miembro de la familia Abascal Zamora, que ha reclamado m\u00faltiples veces el cese de la represi\u00f3n en Cuba.<\/p>\n<p style=\"text-align: justify;\">El 11 de julio de 2021, d\u00eda en que estallaron las hist\u00f3ricas protestas en la Isla, su pap\u00e1 Armando Abascal fue detenido y trasladado al municipio de Jovellanos. En tanto, Sissi, su mam\u00e1 Annia y su hermana Lisy fueron golpeadas por miembros de la Seguridad del Estado. Lisy, de 25 a\u00f1os, se llev\u00f3 la peor parte porque recibi\u00f3 un golpe en la cabeza con una botella de vidrio y esto le ocasion\u00f3 una fuerte contusi\u00f3n.<\/p>\n<p style=\"text-align: justify;\">Aquel d\u00eda, de acuerdo con Annia, las autoridades de Cuba agredieron a todas las personas que salieron a las calles a exigir cambios; y tambi\u00e9n inici\u00f3 la persecuci\u00f3n en contra de su hija, a quien citaron varias veces a interrogatorios, hasta que el 20 de septiembre de 2021, fue recluida en un centro penitenciario. Desde entonces permanece en prisi\u00f3n, sin embargo, fue hasta el 27 de diciembre del a\u00f1o pasado que se dict\u00f3 sentencia en su contra.<\/p>\n<p style=\"text-align: justify;\">Sissi Abascal es una de las cuatro Damas de Blanco que se encuentran privadas de la libertad. Las otras son: Tania Echevarr\u00eda, Sayli Navarro y Aymara Nieto. Su mam\u00e1 afirma que, cada vez que logra verla, Sissi se empe\u00f1a en decirle que no se preocupe, que est\u00e1 bien de salud; sin embargo, Annia asegura que no deja de sentir una mezcla de dolor y rabia, \u201ces muy angustioso verla en ese lugar\u201d, afirma.<\/p>\n<blockquote class=\"twitter-tweet\">\n<p dir=\"ltr\" lang=\"es\"><a href=\"https:\/\/raceandequality.org\/1423\">#Cuba<\/a>&#x1f1e8;&#x1f1fa; | Sissi Abascal es una de las cuatro <a href=\"https:\/\/raceandequality.org\/1431\">@DamasdBlanco<\/a> que se encuentran privadas de la libertad en la Isla, y es una de las m\u00e1s de 700 personas que contin\u00faan en prisi\u00f3n por haber participado en las protestas pac\u00edficas del <a href=\"https:\/\/raceandequality.org\/1424\">#11J<\/a>. \u00a1Conoce su historia!&#x2b07;&#xfe0f; <a href=\"https:\/\/raceandequality.org\/1428\">#HastaQueCubaSeaLibre<\/a> <a href=\"https:\/\/raceandequality.org\/1432\">pic.twitter.com\/PdYcfEbxhU<\/a><\/p>\n<p>\u2014 Race and Equality (@raceandequality) <a href=\"https:\/\/raceandequality.org\/1433\">July 7, 2022<\/a><\/p><\/blockquote>\n<p><script async src=\"https:\/\/platform.twitter.com\/widgets.js\" charset=\"utf-8\"><\/script><\/p>\n<p style=\"text-align: justify;\"><strong>Un a\u00f1o en prisi\u00f3n sin conocer su sentencia y enfrentando una enfermedad degenerativa <\/strong><\/p>\n<p style=\"text-align: justify;\">\u201cMi esposo no ha cometido un delito. S\u00ed grit\u00f3, se manifest\u00f3, se expres\u00f3, pero eso no es ning\u00fan delito, es un derecho constitucional de cada persona. Delito es tenerlo un a\u00f1o en prisi\u00f3n con una enfermedad degenerativa, eso s\u00ed es un delito\u201d, afirma Yuneisy Santana, la pareja de Samuel Pupo Mart\u00ednez, un cuentapropista o trabajador independiente de 47 a\u00f1os que fue detenido durante las manifestaciones pac\u00edficas de julio de 2021 en Cuba.<\/p>\n<p style=\"text-align: justify;\">Samuel permanece en la c\u00e1rcel de m\u00e1xima seguridad de Ag\u00fcica, en la provincia de Matanzas. Lo acusan de los delitos de desacato y desorden p\u00fablico, y ha sido condenado a 3 a\u00f1os de c\u00e1rcel; sin embargo, hasta el martes 5 de julio, la \u00faltima vez que lo visit\u00f3 su esposa, no hab\u00eda sido notificado de la sentencia. \u201cEste es el pa\u00eds de la espera eterna, y no nos queda de otra que seguir esperando y tener mucha fe\u2026 Algo tendr\u00e1 que pasar porque es demasiado el abuso y la injusticia\u201d, cuenta Yuneisy.<\/p>\n<p style=\"text-align: justify;\">Su esposo ha tenido dos crisis \u201cmuy fuertes\u201d en prisi\u00f3n. La esclerodermia, una enfermedad degenerativa que padece desde hace varios a\u00f1os, ha empeorado desde que se encuentra en el centro penitenciario. \u201cA \u00e9l se le endurece la piel y eso le causa mucho dolor en las articulaciones, y hasta se le dificulta tragar. Hace como un mes lo \u00fanico que hab\u00eda en la c\u00e1rcel para calmarle el dolor, era tramadol\u201d, dice Yuneisy, quien luego de que detuvieran a Samuel tuvo que abandonar su empleo de maestra en una instituci\u00f3n educativa. Yuneisy renunci\u00f3 despu\u00e9s de que le pidieran en su trabajo que se alejara de su esposo por ser un \u201ccontrarrevolucionario\u201d, a lo cual ella se neg\u00f3.<\/p>\n<p style=\"text-align: justify;\">Limpiando casas, Yuneisy busca el dinero para comprar alimentos y medicamentos para Samuel, y para sobrevivir junto con su hijo de 13 a\u00f1os, quien se dio a conocer hace m\u00e1s de un mes en medios de comunicaci\u00f3n cubanos, cuando se divulg\u00f3 una carta que \u00e9l le escribi\u00f3 a su pap\u00e1 con motivo del D\u00eda del Padre. En aquel entonces, el adolescente relat\u00f3 que a veces sent\u00eda que Samuel regresaba a casa, y se asomaba para ver si era cierto que al fin su pap\u00e1 hab\u00eda recuperado la libertad.<\/p>\n<p style=\"text-align: justify;\">Despu\u00e9s de leer la carta, Samuel solo pudo grabarle un audio a su hijo a trav\u00e9s de Yuneisy, en el que dijo: \u201cMi querido hijo, no puedo describir la emoci\u00f3n y los sentimientos que despertaron en mi tu carta, mi amor. Muchas gracias mi ni\u00f1o amado, estoy muy orgulloso de ti. S\u00e9 que te hago falta y t\u00fa me haces m\u00e1s falta a m\u00ed. Es triste, s\u00ed, pero ese es el precio que debo de pagar por pretender el bien de la inmensa mayor\u00eda, en un pa\u00eds donde la justicia es injusta y la balanza se inclina en favor de la ideolog\u00eda, sus dirigentes, y no en favor del pueblo. Espero que comprendas y te sientas orgulloso de m\u00ed\u201d.<\/p>\n<blockquote class=\"twitter-tweet\">\n<p dir=\"ltr\" lang=\"es\"><a href=\"https:\/\/raceandequality.org\/1423\">#Cuba<\/a>&#x1f1e8;&#x1f1fa; | \u00c9l es Samuel Pupo Mart\u00ednez, y su nombre es uno de los m\u00e1s de 700 que vamos a mencionar y repetir <a href=\"https:\/\/raceandequality.org\/1428\">#HastaQueCubaSeaLibre<\/a>. Exigimos que \u00e9l y todas las personas privadas de la libertad por motivos pol\u00edticos en la Isla, sean liberados y vuelvan a estar con sus familias. &#x1f9f5;&#x2b07;&#xfe0f; <a href=\"https:\/\/raceandequality.org\/1434\">pic.twitter.com\/CI9FStgQDY<\/a><\/p>\n<p>\u2014 Race and Equality (@raceandequality) <a href=\"https:\/\/raceandequality.org\/1435\">July 13, 2022<\/a><\/p><\/blockquote>\n<p><script async src=\"https:\/\/platform.twitter.com\/widgets.js\" charset=\"utf-8\"><\/script><\/p>\n","protected":false},"excerpt":{"rendered":"<p>Washington D.C., 13 de julio de 2022 &#8211; En el marco de la conmemoraci\u00f3n de un a\u00f1o de las protestas pac\u00edficas que iniciaron el 11 de julio de 2021 en [&hellip;]<\/p>\n","protected":false},"author":15,"featured_media":14367,"parent":0,"menu_order":0,"template":"","format":"standard","categories":[1123],"resources_country":[1193],"resources_language":[],"resources_audience":[],"resources_format":[],"resources_topic":[],"resources_year":[],"class_list":["post-14366","resources","type-resources","status-publish","format-standard","has-post-thumbnail","hentry","category-cuba","resources_country-cuba-es"],"acf":[],"aioseo_notices":[],"_links":{"self":[{"href":"https:\/\/raceandequality.org\/es\/wp-json\/wp\/v2\/resources\/14366","targetHints":{"allow":["GET"]}}],"collection":[{"href":"https:\/\/raceandequality.org\/es\/wp-json\/wp\/v2\/resources"}],"about":[{"href":"https:\/\/raceandequality.org\/es\/wp-json\/wp\/v2\/types\/resources"}],"author":[{"embeddable":true,"href":"https:\/\/raceandequality.org\/es\/wp-json\/wp\/v2\/users\/15"}],"wp:featuredmedia":[{"embeddable":true,"href":"https:\/\/raceandequality.org\/es\/wp-json\/wp\/v2\/media\/14367"}],"wp:attachment":[{"href":"https:\/\/raceandequality.org\/es\/wp-json\/wp\/v2\/media?parent=14366"}],"wp:term":[{"taxonomy":"category","embeddable":true,"href":"https:\/\/raceandequality.org\/es\/wp-json\/wp\/v2\/categories?post=14366"},{"taxonomy":"resources_country","embeddable":true,"href":"https:\/\/raceandequality.org\/es\/wp-json\/wp\/v2\/resources_country?post=14366"},{"taxonomy":"resources_language","embeddable":true,"href":"https:\/\/raceandequality.org\/es\/wp-json\/wp\/v2\/resources_language?post=14366"},{"taxonomy":"resources_audience","embeddable":true,"href":"https:\/\/raceandequality.org\/es\/wp-json\/wp\/v2\/resources_audience?post=14366"},{"taxonomy":"resources_format","embeddable":true,"href":"https:\/\/raceandequality.org\/es\/wp-json\/wp\/v2\/resources_format?post=14366"},{"taxonomy":"resources_topic","embeddable":true,"href":"https:\/\/raceandequality.org\/es\/wp-json\/wp\/v2\/resources_topic?post=14366"},{"taxonomy":"resources_year","embeddable":true,"href":"https:\/\/raceandequality.org\/es\/wp-json\/wp\/v2\/resources_year?post=14366"}],"curies":[{"name":"wp","href":"https:\/\/api.w.org\/{rel}","templated":true}]}}