{"id":14450,"date":"2022-08-31T23:28:36","date_gmt":"2022-08-31T23:28:36","guid":{"rendered":"http:\/\/race01.wp\/resources\/nicaragua-comite-para-la-eliminacion-de-la-discriminacion-racial-onu-alarmado-por-la-violencia-contra-pueblos-indigenas-y-afrodescendientes\/"},"modified":"2023-05-10T11:41:57","modified_gmt":"2023-05-10T11:41:57","slug":"nicaragua-comite-para-la-eliminacion-de-la-discriminacion-racial-onu-alarmado-por-la-violencia-contra-pueblos-indigenas-y-afrodescendientes","status":"publish","type":"resources","link":"https:\/\/raceandequality.org\/es\/resources\/nicaragua-comite-para-la-eliminacion-de-la-discriminacion-racial-onu-alarmado-por-la-violencia-contra-pueblos-indigenas-y-afrodescendientes\/","title":{"rendered":"Nicaragua: Comit\u00e9 para la Eliminaci\u00f3n de la Discriminaci\u00f3n Racial ONU alarmado por la violencia contra pueblos ind\u00edgenas y afrodescendientes"},"content":{"rendered":"<p style=\"text-align: justify;\"><b>Washington D.C., 31 de agosto de 2022-.<\/b><span style=\"font-weight: 400;\"> Al finalizar el examen del Estado de Nicaragua respecto de la aplicaci\u00f3n de la Convenci\u00f3n sobre la Eliminaci\u00f3n de todas las Formas de Discriminaci\u00f3n Racial, este martes 30 de agosto, el <\/span><b>Comit\u00e9 de las Naciones Unidas para la Eliminaci\u00f3n de la Discriminaci\u00f3n Racial (CERD) <\/b><span style=\"font-weight: 400;\">present\u00f3 sus observaciones finales en las que destaca su profunda preocupaci\u00f3n por la falta de cooperaci\u00f3n e interacci\u00f3n del Estado Parte, el cual se ausent\u00f3 a las sesiones en las que se desarrollo la revisi\u00f3n, pese a <\/span><b>las alarmantes alegaciones de violencia y graves atentados contra pueblos ind\u00edgenas y afrodescendientes dentro de sus territorios<\/b><span style=\"font-weight: 400;\">.\u00a0<\/span><\/p>\n<p style=\"text-align: justify;\"><span style=\"font-weight: 400;\">\u201c<\/span><i><span style=\"font-weight: 400;\">Preocupan seriamente al Comite\u0301 los numerosos ataques que se han perpetrado contra pueblos indi\u0301genas en el Territorio Mayangna Sauni As en la zona de la Reserva de la Bi\u00f3sfera de Bosawa\u0301s<\/span><\/i><span style=\"font-weight: 400;\">\u201d, cita el informe del CERD, que tambi\u00e9n <\/span><b>solicita al Estado de Nicaragua tomar medidas urgentes de prevenci\u00f3n, e investigar de forma exhaustiva, imparcial y efectiva estos ataques<\/b><i><span style=\"font-weight: 400;\">\u201ca fin de que los responsables sean enjuiciados y debidamente sancionados\u201d.<\/span><\/i><\/p>\n<p style=\"text-align: justify;\"><span style=\"font-weight: 400;\">Entre otros motivos de preocupaci\u00f3n del Comit\u00e9, tambi\u00e9n figura el cierre arbitrario de organizaciones de la sociedad civil, la criminalizaci\u00f3n de defensores y defensoras de los derechos de los pueblos indi\u0301genas y afrodescendientes; la inexistencia de una legislacio\u0301n nacional que prohi\u0301ba la discriminacio\u0301n racial en los te\u0301rminos de la Convencio\u0301n; la discriminaci\u00f3n estructural que se refleja en las precarias condiciones de vida y la persistente exclusio\u0301n de estos pueblos; las dificultades en la aplicacio\u0301n del re\u0301gimen de autonomi\u0301a comunal, territorial y regional, y la falta de implementaci\u00f3n de la etapa saneamiento de territorios ind\u00edgenas prevista en la Ley 445.\u00a0<\/span><\/p>\n<p style=\"text-align: justify;\"><span style=\"font-weight: 400;\">Las observaciones hacen referencia a \u201creportes sobre la no certificacio\u0301n de las autoridades indi\u0301genas legi\u0301timamente electas en asambleas comunitarias o territoriales\u201d y denuncia la <\/span><b>imposici\u00f3n de \u201cgobiernos paralelos\u201d conformados por funcionarios y\/o personas afines al gobierno,<\/b><span style=\"font-weight: 400;\"> lo cual afecta los derechos de autonomi\u0301a y participacio\u0301n poli\u0301tica de los pueblos indi\u0301genas y afrodescendientes de la Costa Caribe.\u00a0<\/span><\/p>\n<p style=\"text-align: justify;\"><span style=\"font-weight: 400;\">Asimismo, refiere que se han llevado a cabo <\/span><b>concesiones de licencias para la explotacio\u0301n de recursos naturales y proyectos de desarrollo dentro de territorios indi\u0301genas sin procesos de consulta previa <\/b><span style=\"font-weight: 400;\">para obtener el consentimiento libre, previo e informado de los pueblos afectados, o a trav\u00e9s de consultas con personas <\/span><i><span style=\"font-weight: 400;\">\u201cno legitimadas\u201d <\/span><\/i><span style=\"font-weight: 400;\">para representar a dichos pueblos. Lamentablemente, estas concesiones traen consigo impactos sociales, ambientales y culturales que afectan gravemente los medios de subsistencia y formas de vida <\/span><i><span style=\"font-weight: 400;\">\u00abgenerando crisis alimentarias, desplazamiento forzado y problemas de salud para las comunidades afectadas<\/span><\/i><span style=\"font-weight: 400;\">\u00ab.<\/span><\/p>\n<p style=\"text-align: justify;\"><i><span style=\"font-weight: 400;\">\u00abPreocupa seriamente al comit\u00e9 que el proyecto del Gran Canal Interoce\u00e1nico, que afecta el territorio del pueblo ind\u00edgena rama y de las comunidades afrodescendientes kriol y el territorio de la comunidad creole de Bluefields, no haya sido debidamente consultado con los pueblos afectados<\/span><\/i><span style=\"font-weight: 400;\">\u00ab, ejemplifica el Comit\u00e9.<\/span><\/p>\n<p style=\"text-align: justify;\"><span style=\"font-weight: 400;\">Finalmente, el Comit\u00e9 recomienda a Nicaragua dise\u00f1ar -en consulta con los pueblos indi\u0301genas y comunidades afrodescendientes- una legislacio\u0301n y estrategias de proteccio\u0301n efectivas tomando en cuenta las diferencias culturales, regionales y de ge\u0301nero que puedan afectar a estos pueblos. Asimismo, sugiere al Estado parte que considere la posibilidad de ratificar la Convencio\u0301n Interamericana contra el Racismo, la Discriminacio\u0301n Racial y Formas Conexas de Intolerancia (CIRDI).<\/span><\/p>\n<p style=\"text-align: justify;\"><b>ONG\u00a0 rechazan la ausencia\u00a0 del Estado<\/b><\/p>\n<p style=\"text-align: justify;\"><span style=\"font-weight: 400;\">Las organizaciones defensoras de derechos de pueblos ind\u00edgenas y afrodescendientes que han dado seguimiento al proceso de\u00a0 supervisi\u00f3n de la aplicaci\u00f3n de la Convenci\u00f3n sobre la Eliminaci\u00f3n de todas las Formas de Discriminaci\u00f3n Racial por parte del Estado de Nicaragua, entre las cuales se encuentran la <\/span><b>Fundaci\u00f3n del R\u00edo,<\/b><span style=\"font-weight: 400;\"> el <\/span><b>Centro de Asistencia Legal a Pueblos Indigenas<\/b><span style=\"font-weight: 400;\"> (CALPI) y el <\/span><b>Instituto sobre Raza, Igualdad y Derechos Humanos<\/b><span style=\"font-weight: 400;\"> (Raza e Igualdad), consideran la no comparecencia del Estado nicarag\u00fcense en la sesi\u00f3n del pasado 10 de agosto forma parte de un patr\u00f3n de irrespeto a sus obligaciones internacionales en materia de derechos humanos.<\/span><\/p>\n<p style=\"text-align: justify;\"><span style=\"font-weight: 400;\">Para Carlos Quesada, Director de Raza e Igualdad,\u00a0 \u201c<\/span><i><span style=\"font-weight: 400;\">el Estado contin\u00faa sin dar un solo indicio de voluntad para renovar la cooperaci\u00f3n con la comunidad internacional. El a\u00f1o pasado (2021) <\/span><\/i><a href=\"https:\/\/raceandequality.org\/596\"><i><span style=\"font-weight: 400;\">se neg\u00f3 a responder<\/span><\/i><\/a><i><span style=\"font-weight: 400;\"> a las preguntas formuladas por el Comit\u00e9 de Derechos Econ\u00f3micos, Sociales y Culturales (CESCR), y este a\u00f1o (2022) se ausent\u00f3 a su revisi\u00f3n en el marco de la Convenci\u00f3n contra la Tortura\u201d<\/span><\/i><span style=\"font-weight: 400;\"> alegando que el Comit\u00e9 contra la Tortura (CAT) carece de imparcialidad y objetividad.<\/span><\/p>\n<p style=\"text-align: justify;\"><span style=\"font-weight: 400;\">Quesada record\u00f3 que \u201c<\/span><i><span style=\"font-weight: 400;\">la firma y ratificaci\u00f3n de la Convenci\u00f3n sobre la Eliminaci\u00f3n de todas las Formas de Discriminaci\u00f3n Racial, ha sido una acci\u00f3n voluntaria del Estado nicarag\u00fcense, y esto conlleva una serie de obligaciones y compromisos internacionales.\u00a1Exigimos que Nicaragua cumpla con las recomendaciones del CERD!<\/span><\/i><span style=\"font-weight: 400;\">\u201d, expres\u00f3 Quesada.<\/span><\/p>\n<p style=\"text-align: justify;\"><span style=\"font-weight: 400;\">Para Amaru Ruiz, Presidente de Fundaci\u00f3n del R\u00edo y defensor de derechos de los pueblos ind\u00edgenas que fue criminalizado a trav\u00e9s de la Ley Especial de Ciberdelitos (Ley 1042) por su defensa de los derechos de los pueblos ind\u00edgenas, \u201c<\/span><i><span style=\"font-weight: 400;\">la actitud del Estado en estos espacios (Sistema Interamericano y Sistema Universal de Derechos Humanos) ha sido irresponsable y de falta de respeto al derecho internacional\u201d.\u00a0<\/span><\/i><\/p>\n<p style=\"text-align: justify;\"><span style=\"font-weight: 400;\">Maria Luisa Acosta, Coordinadora de CALPI,\u00a0 considera que es una \u201cacci\u00f3n importante\u201d que el Comit\u00e9 haya decidido continuar con el proceso de evaluaci\u00f3n y la formulaci\u00f3n de las observaciones finales. \u201c<\/span><i><span style=\"font-weight: 400;\">Esta decisi\u00f3n ha permitido que tengamos este informe que demanda y recomienda acciones urgentes para enfrentar la grave situaci\u00f3n de violaci\u00f3n de derechos humanos, sobre todo para combatir actos discriminatorios contra pueblos ind\u00edgenas y afrodescendientes\u201d.<\/span><\/i><\/p>\n<p style=\"text-align: justify;\"><i><span style=\"font-weight: 400;\">\u201cOjal\u00e1 que se establezcan otras acciones en el marco del funcionamiento del Comit\u00e9, sobre todo para dar seguimiento a la situaci\u00f3n de Nicaragua y que haya una mayor incidencia alrededor de la responsabilidad que tiene el Estado en el cumplimiento de las convenciones que firma a nivel internacional\u201d, <\/span><\/i><span style=\"font-weight: 400;\">finaliza Ruiz.\u00a0<\/span><\/p>\n<p>&nbsp;<\/p>\n","protected":false},"excerpt":{"rendered":"<p>Washington D.C., 31 de agosto de 2022-. Al finalizar el examen del Estado de Nicaragua respecto de la aplicaci\u00f3n de la Convenci\u00f3n sobre la Eliminaci\u00f3n de todas las Formas de [&hellip;]<\/p>\n","protected":false},"author":15,"featured_media":11073,"parent":0,"menu_order":0,"template":"","format":"standard","categories":[1169,1159],"resources_country":[1199],"resources_language":[],"resources_audience":[],"resources_format":[],"resources_topic":[1117],"resources_year":[],"class_list":["post-14450","resources","type-resources","status-publish","format-standard","has-post-thumbnail","hentry","category-nicaragua","category-onu","resources_country-nicaragua-es","resources_topic-onu"],"acf":[],"aioseo_notices":[],"_links":{"self":[{"href":"https:\/\/raceandequality.org\/es\/wp-json\/wp\/v2\/resources\/14450","targetHints":{"allow":["GET"]}}],"collection":[{"href":"https:\/\/raceandequality.org\/es\/wp-json\/wp\/v2\/resources"}],"about":[{"href":"https:\/\/raceandequality.org\/es\/wp-json\/wp\/v2\/types\/resources"}],"author":[{"embeddable":true,"href":"https:\/\/raceandequality.org\/es\/wp-json\/wp\/v2\/users\/15"}],"wp:featuredmedia":[{"embeddable":true,"href":"https:\/\/raceandequality.org\/es\/wp-json\/wp\/v2\/media\/11073"}],"wp:attachment":[{"href":"https:\/\/raceandequality.org\/es\/wp-json\/wp\/v2\/media?parent=14450"}],"wp:term":[{"taxonomy":"category","embeddable":true,"href":"https:\/\/raceandequality.org\/es\/wp-json\/wp\/v2\/categories?post=14450"},{"taxonomy":"resources_country","embeddable":true,"href":"https:\/\/raceandequality.org\/es\/wp-json\/wp\/v2\/resources_country?post=14450"},{"taxonomy":"resources_language","embeddable":true,"href":"https:\/\/raceandequality.org\/es\/wp-json\/wp\/v2\/resources_language?post=14450"},{"taxonomy":"resources_audience","embeddable":true,"href":"https:\/\/raceandequality.org\/es\/wp-json\/wp\/v2\/resources_audience?post=14450"},{"taxonomy":"resources_format","embeddable":true,"href":"https:\/\/raceandequality.org\/es\/wp-json\/wp\/v2\/resources_format?post=14450"},{"taxonomy":"resources_topic","embeddable":true,"href":"https:\/\/raceandequality.org\/es\/wp-json\/wp\/v2\/resources_topic?post=14450"},{"taxonomy":"resources_year","embeddable":true,"href":"https:\/\/raceandequality.org\/es\/wp-json\/wp\/v2\/resources_year?post=14450"}],"curies":[{"name":"wp","href":"https:\/\/api.w.org\/{rel}","templated":true}]}}