{"id":14644,"date":"2022-12-16T17:42:47","date_gmt":"2022-12-16T17:42:47","guid":{"rendered":"http:\/\/race01.wp\/resources\/movilidad-humana-en-clave-interseccional-mujeres-afrodescendientes-en-contexto-migratorio\/"},"modified":"2023-05-15T04:31:51","modified_gmt":"2023-05-15T04:31:51","slug":"movilidad-humana-en-clave-interseccional-mujeres-afrodescendientes-en-contexto-migratorio","status":"publish","type":"resources","link":"https:\/\/raceandequality.org\/es\/resources\/movilidad-humana-en-clave-interseccional-mujeres-afrodescendientes-en-contexto-migratorio\/","title":{"rendered":"Movilidad humana en clave Interseccional: mujeres afrodescendientes en contexto migratorio"},"content":{"rendered":"<p style=\"text-align: justify;\">Colombia, 16 de diciembre del 2022.-de diciembre de 2022. Las personas en situaci\u00f3n de movilidad humana se enfrentan cotidianamente a una estructura de desigualdad social que promueve la ocurrencia y la impunidad de violencias en su contra y que, adem\u00e1s, se materializa en la falta de protecci\u00f3n y garant\u00eda de sus derechos. En marco de la conmemoraci\u00f3n del <strong>D\u00eda Internacional de las personas Migrantes<\/strong>, Raza e Igualdad insta a los Estados de la regi\u00f3n a formular e implementar pol\u00edticas p\u00fablicas dirigidas a garantizar el reconocimiento de las distintas formas en las que se interseccionan las injusticias sociales y que profundizan las situaciones de riesgo de las personas que integran los flujos migratorios mixtos provenientes de Venezuela. As\u00ed mismo, y en vista del cierre de los <strong>16 d\u00edas de activismo en contra de las violencias hacia las mujeres<\/strong>, resaltamos que en estos contextos las mujeres enfrentan m\u00faltiples vulneraciones a sus derechos asociadas a violencias basadas en g\u00e9nero, xenofobia, LGTBIfobia y racismo.<\/p>\n<p style=\"text-align: justify;\"><em>\u00bfPor qu\u00e9 es relevante pensar en clave interseccional en los contextos de movilidad humana?<\/em><\/p>\n<p style=\"text-align: justify;\">Los estudios sobre interseccionalidad y migraci\u00f3n<a href=\"#_ftn1\" name=\"_ftnref1\">[1]<\/a> han se\u00f1alado c\u00f3mo la configuraci\u00f3n de estas desigualdades y relaciones de poder basadas en jerarqu\u00edas sociales, clasificaciones sociales y diversas posicionalidades hist\u00f3ricas que se han consolidado, por ejemplo, a partir del g\u00e9nero, la pertenencia \u00e9tnico-racial, la condici\u00f3n migratoria, la nacionalidad, la orientaci\u00f3n sexual de personas en situaci\u00f3n de movilidad, se traducen en grandes barreras y brechas en el mercado laboral, condiciones sociecon\u00f3micas, violencias f\u00edsicas, psicol\u00f3gicas, sexuales y feminicidios. Asimismo, explican la manera en la cual se reproducen estas desigualdades, considerando factores estructurales y analizando realidades espec\u00edficas (situaci\u00f3n espacial-temporal<a href=\"#_ftn2\" name=\"_ftnref2\">[2]<\/a>) y relacionales de estas jerarqu\u00edas sociales.<\/p>\n<p style=\"text-align: justify;\">En ese sentido, resaltamos que, estos estudios han servido para defender que no se puede equiparar la experiencia que tienen los hombres y las mujeres del fen\u00f3meno de la migraci\u00f3n. Ana Silva Cuesta<a href=\"#_ftn3\" name=\"_ftnref3\">[3]<\/a> en \u201c<em>Women: Facing the Challenge of Migration<\/em> hace \u00e9nfasis en c\u00f3mo en las situaciones de necesidad de supervivencia los cuerpos de las mujeres tienen una experiencia diferenciada de la migraci\u00f3n. A trav\u00e9s de su estudio se demuestra c\u00f3mo las mujeres est\u00e1n sometidas a un doble proceso de discriminaci\u00f3n: por un lado, el que se refiere a las dificultades que toda persona migrante debe soportar para obtener la ciudadan\u00eda del lugar al que migraron; y, por otro lado, el que tiene que ver la frontera de g\u00e9nero en la que se dan, en muchas ocasiones simult\u00e1neamente, procesos de \u201cfeminizaci\u00f3n de la pobreza\u201d y de violencia sexual.<\/p>\n<p style=\"text-align: justify;\">Desde Raza e Igualdad se\u00f1alamos la importancia de utilizar siempre una perspectiva interseccional en los estudios sobre movilidad humana. Defendemos que las injusticias estructurales y las formas de opresi\u00f3n y dominaci\u00f3n de los cuerpos -incluidos todos los grupos sociales oprimidos &#8211; deben pensarse desde la matriz de dominaci\u00f3n (para usar el concepto de Patricia Hill Collins<a href=\"#_ftn4\" name=\"_ftnref4\">[4]<\/a>) que funciona al interior de nuestra sociedad, para entender la manera en la que, las relaciones de poder configuran escenarios que vulneran los derechos y oportunidades de grupos humanos espec\u00edficos.<\/p>\n<p style=\"text-align: justify;\"><em>Las mujeres afrodescendientes que migran hacia Colombia<\/em><\/p>\n<p style=\"text-align: justify;\">Numerosos estudios acad\u00e9micos, informes e instrumentos internacionales de derechos humanos, han resaltado la importancia de analizar los impactos diferenciados que producen las crisis humanitarias para las experiencias de vida en clave de g\u00e9nero.\u00a0 Este ejercicio demanda la comprensi\u00f3n de las relaciones hist\u00f3ricas, culturales y de poder que se gestan entre los roles de g\u00e9nero asignados socialmente, para dar cuenta de las formas de violencia y las situaciones que pueden devenir en la violaci\u00f3n de los derechos humanos de un grupo poblacional espec\u00edfico. As\u00ed lo reconoce la CIDH<a href=\"#_ftn5\" name=\"_ftnref5\">[5]<\/a> en su informe,\u00a0 <em>observaciones y recomendaciones preliminares tras la hist\u00f3rica visita in loco a Venezuela para monitorear situaci\u00f3n de derechos humanos,<\/em> al se\u00f1alar qu\u00e9:<\/p>\n<p style=\"text-align: justify;\"><em>La Comisi\u00f3n pudo observar y recibir testimonios que dan cuenta de la situaci\u00f3n precaria en que se encuentran grupos de personas en situaci\u00f3n de discriminaci\u00f3n y exclusi\u00f3n hist\u00f3rica, <u>como es el caso de las ni\u00f1as, ni\u00f1os y adolescentes; mujeres; mujeres embarazadas<\/u>; personas mayores; personas viviendo en condici\u00f3n de pobreza; personas con discapacidad; pueblos ind\u00edgenas; personas LGBTI; personas afrodescendientes; entre otras. <u>En vista de los riesgos particulares que enfrentan estos colectivos, que los sit\u00faa en extrema vulnerabilidad con afectaciones a sus derechos humanos, la Comisi\u00f3n considera que el impacto de la migraci\u00f3n forzada debe encararse con una visi\u00f3n diferenciada<\/u>\u201d.<\/em><\/p>\n<p style=\"text-align: justify;\">En este contexto afirmamos que las mujeres afrodescendientes sufren afectaciones diferenciales en la configuraci\u00f3n de estas desigualdades que profundizan las violencias que se surten en los contextos migratorios, pues; por una parte, son v\u00edctimas de racismo estructural y de discriminaci\u00f3n fundamentadas en la pertenencia \u00e9tnico racial; y, por otro lado, viven a diario violencias basadas en g\u00e9nero que se traducen en fetichizaci\u00f3n y cosificaci\u00f3n de los cuerpos de mujeres afrodescendientes. Asimismo, son v\u00edctimas de las violencias a raz\u00f3n de su orientaci\u00f3n sexual, identidad y\/o expresi\u00f3n de g\u00e9nero (OSIEG).<\/p>\n<p style=\"text-align: justify;\"><em>Algunos datos para entender la violencia estructural en estos contextos<\/em><\/p>\n<p style=\"text-align: justify;\">En relaci\u00f3n con la situaci\u00f3n de la poblaci\u00f3n afrodescendiente venezolana migrante, la Organizaci\u00f3n Internacional para las Migraciones (OIM)<a href=\"#_ftn6\" name=\"_ftnref6\">[6]<\/a> desarroll\u00f3 el estudio \u201c<em>Personas migrantes y refugiadas venezolanas afrodescendientes en cinco pa\u00edses de Am\u00e9rica Latina. Estudio exploratorio<\/em>\u00ab, en el cual se caracteriza a la poblaci\u00f3n, se analiza el acceso a derechos y las experiencias de desigualdad y discriminaci\u00f3n basadas en la pertenencia \u00e9tnico-racial en los pa\u00edses de acogida, en el caso del estudio se analiza la situaci\u00f3n en Colombia, Chile, Ecuador, Panam\u00e1 y Per\u00fa.<\/p>\n<p style=\"text-align: justify;\">Entre los resultados del estudio, el 44,2% de las personas encuestadas, indican que son m\u00e1s discriminadas las personas afrodescendientes en situaci\u00f3n de movilidad humana, con respecto a las personas no afrodescendientes. De igual forma, se registran las diversas experiencias y desigualdades que viven a diario mujeres afrodescendientes venezolanas en situaci\u00f3n de movilidad humana, como el siguiente caso en Colombia:<\/p>\n<p style=\"text-align: justify;\"><em>Yo estudi\u00e9 hasta segundo a\u00f1o de secundaria, pero aqu\u00ed yo no salgo a trabajar porque tengo cuatro ni\u00f1os peque\u00f1os. Actualmente vivo en una casa peque\u00f1a de dos habitaciones donde estamos 10 personas, mi esposo, mis cuatro hijos, mi hermana y mis sobrinos. Si me pregunta le digo que vivimos un poco mejor a como est\u00e1bamos en Venezuela.<\/em><\/p>\n<p style=\"text-align: justify;\"><em>Pero siento que en Colombia me tratan de manera despectiva. Tengo muchos ejemplos de personas en la calle que me dicen palabras ofensivas a m\u00ed y a mis hijos por su color de piel y por ser venezolanos. Dos de mis hijos son de piel muy clara y a veces la gente se acerca a decirle cosas bonitas por sus rasgos mientras que a mis otros dos hijos los ignoran o les dicen palabras despectivas<a href=\"#_ftn7\" name=\"_ftnref7\"><strong>[7]<\/strong><\/a><\/em><\/p>\n<p style=\"text-align: justify;\">La situaci\u00f3n de la poblaci\u00f3n afrodescendiente en situaci\u00f3n de movilidad humana haitiana en Colombia y en diversos pa\u00edses de la regi\u00f3n, se\u00f1ala el patr\u00f3n global desigual y exclusi\u00f3n que afecta diferencialmente a personas afrodescendientes migrantes. La migraci\u00f3n reciente y m\u00e1s antigua se caracteriza por la situaci\u00f3n de precariedad socioecon\u00f3mica y de desigualdad social que se vive en el pa\u00eds, desastres naturales, violencia pol\u00edtica y la sistem\u00e1tica discriminaci\u00f3n racial como lo se\u00f1ala Daymar Mart\u00ednez en su art\u00edculo \u00ab<em>Migraci\u00f3n en Am\u00e9rica Latina y el Caribe: Hait\u00ed, Colombia y Venezuela<a href=\"#_ftn8\" name=\"_ftnref8\"><strong>[8]<\/strong><\/a>. <\/em><\/p>\n<p style=\"text-align: justify;\">En Colombia, se ha presentado un alto flujo migratorio de poblaci\u00f3n haitiana en el Tap\u00f3n del Dari\u00e9n, que tiene como destino el paso entre Panam\u00e1 y Estados Unidos, una de las rutas m\u00e1s peligrosas y en la cual se han registrado casos de abuso sexual hacia mujeres y ni\u00f1as como lo ha indicado la Organizaci\u00f3n Internacional para las Migraciones (OIM)<a href=\"#_ftn9\" name=\"_ftnref9\">[9]<\/a>. Como el caso de Loutianie<a href=\"#_ftn10\" name=\"_ftnref10\">[10]<\/a> qui\u00e9n vivi\u00f3 este trayecto con su familia: <u>\u201c<\/u><em>Caminar siete d\u00edas por la selva con ni\u00f1os chiquitos es muy dif\u00edcil. Nos robaron dinero, comida, la leche de Neymar, los pa\u00f1ales.\u201d <\/em><\/p>\n<p style=\"text-align: justify;\">En esta situaci\u00f3n, a nivel nacional no se ha contado con una respuesta que garantice la protecci\u00f3n de sus derechos y acciones en contra de las graves vulneraciones que viven personas haitianas en situaci\u00f3n de movilidad humana en el pa\u00eds. De igual forma, es poca la informaci\u00f3n disponible sobre la situaci\u00f3n diferencial que viven mujeres haitianas en el pa\u00eds y de las barreras que viven para acceder a sus derechos.<\/p>\n<p>&nbsp;<\/p>\n<p><span style=\"color: #333333;\"><em><span class=\"TextRun SCXW12728294 BCX0\" lang=\"ES-ES\" xml_lang=\"ES-ES\" data-contrast=\"none\"><span class=\"NormalTextRun SCXW12728294 BCX0\">*<\/span><span class=\"NormalTextRun SCXW12728294 BCX0\">Este documento<\/span><span class=\"NormalTextRun SCXW12728294 BCX0\"> fue posible gracias al apoyo del pueblo <\/span><span class=\"NormalTextRun ContextualSpellingAndGrammarErrorV2Themed SCXW12728294 BCX0\">Americano<\/span><span class=\"NormalTextRun SCXW12728294 BCX0\"> y el <\/span><span class=\"NormalTextRun SCXW12728294 BCX0\">G<\/span><span class=\"NormalTextRun SCXW12728294 BCX0\">obierno de Estados Unidos, a trav\u00e9s de su Agencia para el Desarrollo Internacional (USAID). Los contenidos son responsabilidad exclusiva de sus autores y no necesariamente reflejan los puntos de vista de USAID ni del Gobierno de los Estados Unidos.<\/span><\/span><span class=\"EOP SCXW12728294 BCX0\" data-ccp-props=\"{&quot;201341983&quot;:0,&quot;335551550&quot;:6,&quot;335551620&quot;:6,&quot;335559739&quot;:160,&quot;335559740&quot;:259}\">\u00a0<\/span><\/em><\/span><\/p>\n<p>&nbsp;<\/p>\n<p>&nbsp;<\/p>\n<p>&nbsp;<\/p>\n<p style=\"text-align: justify;\"><a href=\"#_ftnref1\" name=\"_ftn1\">[1]<\/a> <sup>1<\/sup> Magliano, Mar\u00eda. (2015). Interseccionalidad y migraciones. Potencialidades y Desaf\u00edos. Estudos Feministas, Florian\u00f3polis, 23(3), 691-712. Piscitelli, Adriana. (2008). Interseccionalidades, categor\u00edas de articula\u00e7\u00e3o e experi\u00eancias de Migrantes brasileiras. Socie- dade e Cultura, v.11, n.2, p. 263-274. Defensor\u00eda del Pueblo y Fondo de Poblaci\u00f3n de las Naciones Unidas en el Per\u00fa. (2021). Violencias basadas en g\u00e9nero contra migrantes en el Per\u00fa.<\/p>\n<p style=\"text-align: justify;\"><a href=\"#_ftnref2\" name=\"_ftn2\">[2]<\/a> ANDERSON, Cynthia. \u201cUnderstanding the Inequality Problematic: from Scholarly Rhetoric to Theoretical Reconstruction\u201d. Gender and Society, v. 10, n. 6, p. 729- 746, dic. 1996.<\/p>\n<p style=\"text-align: justify;\"><a href=\"#_ftnref3\" name=\"_ftn3\">[3]<\/a> Silva Cuesta, Ana (2021). Women: Facing the Challenge of Migration, En: Human Displacement from a Global South Perspective. Cham: Palgrave Macmillan. doi.org\/10.1007\/978-3-030-64819-0<\/p>\n<p style=\"text-align: justify;\"><a href=\"#_ftnref4\" name=\"_ftn4\">[4]<\/a> Collins, Patricia Hill\u00a0 (2000).\u00a0 <em>Black feminist thought: Knowledge, consciousness, and the politics of empowerment<\/em>.\u00a0 NY: Routledge.<\/p>\n<p style=\"text-align: justify;\"><a href=\"#_ftnref5\" name=\"_ftn5\">[5]<\/a> IDH (2020) <em>observaciones y recomendaciones preliminares tras la hist\u00f3rica visita in loco a Venezuela para monitorear situaci\u00f3n de derechos humanos. <\/em>Recuperado de: <a href=\"https:\/\/raceandequality.org\/1528\">https:\/\/www.oas.org\/es\/cidh\/prensa\/comunicados\/2020\/106.asp<\/a><\/p>\n<p style=\"text-align: justify;\"><a href=\"#_ftnref6\" name=\"_ftn6\">[6]<\/a> Organizaci\u00f3n Internacional para las Migraciones- OIM. (2022). Personas migrantes y refugiadas venezolanas afrodescendientes en cinco pa\u00edses de Am\u00e9rica Latina &#8211; Estudio exploratorio.<\/p>\n<p style=\"text-align: justify;\"><a href=\"#_ftnref7\" name=\"_ftn7\">[7]<\/a> Historia de vida registrada en el informe: Personas migrantes y refugiadas venezolanas afrodescendientes en cinco pa\u00edses de Am\u00e9rica Latina &#8211; Estudio exploratorio de la Organizaci\u00f3n Internacional para las Migraciones (2022).<\/p>\n<p style=\"text-align: justify;\"><a href=\"#_ftnref8\" name=\"_ftn8\">[8]<\/a> Daymar Mart\u00ednez. (2022). Migraci\u00f3n en Am\u00e9rica Latina y el Caribe.\u00a0 Tricontiental. Consultado en: <a href=\"https:\/\/raceandequality.org\/1529\">https:\/\/thetricontinental.org\/es\/argentina\/nuestraamerica2-martes\/<\/a><\/p>\n<p style=\"text-align: justify;\"><a href=\"#_ftnref9\" name=\"_ftn9\">[9]<\/a> Organizaci\u00f3n Internacional para las Migraciones- OIM. (2022). Poder en Movimiento. Historias de Mujeres Migrantes Haitianas. <a href=\"https:\/\/raceandequality.org\/1530\">https:\/\/rosanjose.iom.int\/es\/stories\/poder-en-movimiento-historias-de-mujeres-migrantes-haitianas<\/a><\/p>\n<p style=\"text-align: justify;\"><a href=\"#_ftnref10\" name=\"_ftn10\">[10]<\/a> ibidem para 12.<\/p>\n","protected":false},"excerpt":{"rendered":"<p>Colombia, 16 de diciembre del 2022.-de diciembre de 2022. Las personas en situaci\u00f3n de movilidad humana se enfrentan cotidianamente a una estructura de desigualdad social que promueve la ocurrencia y [&hellip;]<\/p>\n","protected":false},"author":15,"featured_media":14645,"parent":0,"menu_order":0,"template":"","format":"standard","categories":[1122,1154],"resources_country":[1191],"resources_language":[],"resources_audience":[],"resources_format":[],"resources_topic":[],"resources_year":[],"class_list":["post-14644","resources","type-resources","status-publish","format-standard","has-post-thumbnail","hentry","category-colombia","category-espanol","resources_country-colombia-es"],"acf":[],"aioseo_notices":[],"_links":{"self":[{"href":"https:\/\/raceandequality.org\/es\/wp-json\/wp\/v2\/resources\/14644","targetHints":{"allow":["GET"]}}],"collection":[{"href":"https:\/\/raceandequality.org\/es\/wp-json\/wp\/v2\/resources"}],"about":[{"href":"https:\/\/raceandequality.org\/es\/wp-json\/wp\/v2\/types\/resources"}],"author":[{"embeddable":true,"href":"https:\/\/raceandequality.org\/es\/wp-json\/wp\/v2\/users\/15"}],"wp:featuredmedia":[{"embeddable":true,"href":"https:\/\/raceandequality.org\/es\/wp-json\/wp\/v2\/media\/14645"}],"wp:attachment":[{"href":"https:\/\/raceandequality.org\/es\/wp-json\/wp\/v2\/media?parent=14644"}],"wp:term":[{"taxonomy":"category","embeddable":true,"href":"https:\/\/raceandequality.org\/es\/wp-json\/wp\/v2\/categories?post=14644"},{"taxonomy":"resources_country","embeddable":true,"href":"https:\/\/raceandequality.org\/es\/wp-json\/wp\/v2\/resources_country?post=14644"},{"taxonomy":"resources_language","embeddable":true,"href":"https:\/\/raceandequality.org\/es\/wp-json\/wp\/v2\/resources_language?post=14644"},{"taxonomy":"resources_audience","embeddable":true,"href":"https:\/\/raceandequality.org\/es\/wp-json\/wp\/v2\/resources_audience?post=14644"},{"taxonomy":"resources_format","embeddable":true,"href":"https:\/\/raceandequality.org\/es\/wp-json\/wp\/v2\/resources_format?post=14644"},{"taxonomy":"resources_topic","embeddable":true,"href":"https:\/\/raceandequality.org\/es\/wp-json\/wp\/v2\/resources_topic?post=14644"},{"taxonomy":"resources_year","embeddable":true,"href":"https:\/\/raceandequality.org\/es\/wp-json\/wp\/v2\/resources_year?post=14644"}],"curies":[{"name":"wp","href":"https:\/\/api.w.org\/{rel}","templated":true}]}}