{"id":14808,"date":"2023-03-15T20:02:42","date_gmt":"2023-03-15T20:02:42","guid":{"rendered":"http:\/\/race01.wp\/resources\/grupo-de-expertos-onu-y-defensoras-de-nicaragua-analizan-el-presente-y-futuro-del-pais-a-la-luz-del-primer-reporte-del-grupo-de-expertos\/"},"modified":"2023-05-10T11:32:55","modified_gmt":"2023-05-10T11:32:55","slug":"grupo-de-expertos-onu-y-defensoras-de-nicaragua-analizan-el-presente-y-futuro-del-pais-a-la-luz-del-primer-reporte-del-grupo-de-expertos","status":"publish","type":"resources","link":"https:\/\/raceandequality.org\/es\/resources\/grupo-de-expertos-onu-y-defensoras-de-nicaragua-analizan-el-presente-y-futuro-del-pais-a-la-luz-del-primer-reporte-del-grupo-de-expertos\/","title":{"rendered":"Grupo de Expertos ONU y defensoras de Nicaragua analizan el presente y futuro del pa\u00eds a la luz del Primer Reporte del Grupo de Expertos"},"content":{"rendered":"<p style=\"text-align: justify;\"><b>Washington D.C., 15 de marzo de 2023.-<\/b><span style=\"font-weight: 400;\"> En un conversatorio sobre el primer informe del Grupo de Expertos en Derechos Humanos sobre Nicaragua (GHREN), las defensoras nicarag\u00fcenses Olga Valle, Wendy Flores y Josefa Meza, y las personas expertas Jan-Michael Simon y \u00c1ngela Buitrago, <\/span><b>instaron a la comunidad internacional a tomar medidas contundentes y sancionar a las personas e instituciones acusadas de perpetrar violaciones y abusos a los derechos humanos desde el a\u00f1o 2018<\/b><span style=\"font-weight: 400;\"> en Nicaragua. Las defensoras llamaron al Consejo de Derechos Humanos de Naciones Unidas a renovar el mandato del GRHEN por dos a\u00f1os m\u00e1s.\u00a0<\/span><\/p>\n<p style=\"text-align: justify;\"><span style=\"font-weight: 400;\">Tras un a\u00f1o de investigaciones exhaustivas, el informe del GHREN concluye que el Gobierno de Nicaragua est\u00e1 cometiendo violaciones sistem\u00e1ticas y generalizadas de derechos humanos que constituyen cr\u00edmenes de lesa humanidad contra <\/span><span style=\"font-weight: 400;\">un sector espec\u00edfico de la poblaci\u00f3n civil identificado como \u201copositor\u201d<\/span><span style=\"font-weight: 400;\">. Adem\u00e1s, demuestra que los presuntos abusos -que incluyen ejecuciones extrajudiciales, detenciones arbitrarias, tortura, privaci\u00f3n arbitraria de la nacionalidad y del derecho a permanecer en el propio pa\u00eds- no son un fen\u00f3meno aislado, sino producto del \u201cdesmantelamiento deliberado\u201d de las instituciones democr\u00e1ticas y la destrucci\u00f3n del espacio c\u00edvico y democr\u00e1tico.<\/span><\/p>\n<p style=\"text-align: justify;\"><b>La comunidad internacional debe actuar ante crisis humanitaria<\/b><\/p>\n<p style=\"text-align: justify;\"><span style=\"font-weight: 400;\">\u00c1ngela Buitrago, experta del\u00a0 GHREN, explic\u00f3 que en la investigaci\u00f3n se evidencia c\u00f3mo \u201c<\/span><b><i>ha ido sofistic\u00e1ndose el m\u00e9todo y la forma de realizar estos cr\u00edmenes<\/i><\/b><i><span style=\"font-weight: 400;\">, y desde ese punto de vista, ya se llega al elemento m\u00e1ximo que es la deportaci\u00f3n, la p\u00e9rdida de la nacionalidad, y obviamente tambi\u00e9n la consideraci\u00f3n de apatridia para las personas que fueron deportadas<\/span><\/i><span style=\"font-weight: 400;\">\u201d.\u00a0<\/span><\/p>\n<p style=\"text-align: justify;\"><span style=\"font-weight: 400;\">Las condiciones humanitarias se est\u00e1n complejizando a nivel nacional e internacional, y \u201c<\/span><i><span style=\"font-weight: 400;\">el GHREN ha hecho un llamado para entender que las consecuencias de todas estas decisiones que afectan no s\u00f3lo a los nicarag\u00fcenses, sino tambi\u00e9n a la comunidad internacional. Se est\u00e1 generando -sin lugar a dudas- una <\/span><\/i><b><i>crisis humanitaria que va a ser compleja\u00a0 en la regi\u00f3n<\/i><\/b><i><span style=\"font-weight: 400;\">\u201d<\/span><\/i><span style=\"font-weight: 400;\">, agreg\u00f3 Buitrago.<\/span><\/p>\n<p style=\"text-align: justify;\"><span style=\"font-weight: 400;\">Para el Presidente del GHREN, Jan Michael Simon, \u00abla comunidad internacional est\u00e1 obligada a <\/span><i><span style=\"font-weight: 400;\">Do not Harm<\/span><\/i><span style=\"font-weight: 400;\">\u00ab, es decir que cualquier cooperaci\u00f3n con el Gobierno de Nicaragua en materia de desarrollo debe estar condicionada \u201ca que cualquier centavo que se desembolse tenga un objetivo de fortalecer los<\/span> <span style=\"font-weight: 400;\">derechos humanos en<\/span><a href=\"https:\/\/raceandequality.org\/1526\"><span style=\"font-weight: 400;\"> Nicaragua<\/span><\/a><span style=\"font-weight: 400;\">\u201d.\u00a0<\/span><\/p>\n<p style=\"text-align: justify;\"><span style=\"font-weight: 400;\">Seg\u00fan el experto, hay <\/span><b>fuentes que \u201cfacilitan que el gobierno siga obteniendo ox\u00edgeno<\/b><span style=\"font-weight: 400;\"> para mantener la situaci\u00f3n en la cual se encuentra\u201d y usando fondos en \u201cfines muy particulares\u201d. Por ello, el GHREN ha hecho una recomendaci\u00f3n \u201cpoco usual\u201d para este tipo de mecanismos, que se relaciona con que \u201cla comunidad internacional tendr\u00e1 que ver, no solo el tema obvio de responsabilizar a los individuos y sus actos y sancionar a las instituciones por sus actos; sino m\u00e1s bien verlo de una manera m\u00e1s amplia, en cuanto a c\u00f3mo se puede incidir para que este sistema de Gobierno no siga haciendo lo que est\u00e1 haciendo\u201d, explic\u00f3 el experto.<\/span><\/p>\n<p style=\"text-align: justify;\"><b>Ante la persistencia de la impunidad, las investigaciones del GHREN deben continuar<\/b><\/p>\n<p style=\"text-align: justify;\"><span style=\"font-weight: 400;\">Wendy Flores, defensora del Colectivo de Derechos Humanos \u201cNicaragua Nunca M\u00e1s\u201d, lament\u00f3 que estas investigaciones y la presentaci\u00f3n de este primer informe del GHREN, as\u00ed como las Observaciones Finales de comit\u00e9s de Naciones Unidas, no se est\u00e1n realizando en Nicaragua\u00a0 producto de la persecuci\u00f3n pol\u00edtica que lleva a cabo el r\u00e9gimen de Daniel Ortega y Rosario Murillo.\u00a0<\/span><\/p>\n<p style=\"text-align: justify;\"><span style=\"font-weight: 400;\">\u201cEl pa\u00eds que deseamos no es el que hoy en d\u00eda nos est\u00e1 representando; es un pa\u00eds cargado de injusticia, de persecuci\u00f3n, de abusos, de graves violaciones de derechos humanos, de <\/span><b>cr\u00edmenes y asesinatos que se mantienen en la impunidad y que fueron ejecutados por fuerzas policiales y parapoliciales que hoy en d\u00eda siguen aterrorizando a la poblaci\u00f3n y a las v\u00edctimas\u2026 <\/b><span style=\"font-weight: 400;\">Es importante seguir profundizando en las investigaciones y que la comunidad internacional retome las recomendaciones del Grupo de Expertos\u201d, dijo Flores.\u00a0<\/span><\/p>\n<p style=\"text-align: justify;\"><span style=\"font-weight: 400;\">Por su parte, Olga Valle, Directora de Urnas Abiertas, explic\u00f3 que su organizaci\u00f3n ha documentado <\/span><span style=\"font-weight: 400;\">\u201cc\u00f3mo la <\/span><b>consolidaci\u00f3n del Estado totalitario despu\u00e9s de la farsa electoral de 2021<\/b><span style=\"font-weight: 400;\"> (votaciones presidenciales) profundiz\u00f3 o empez\u00f3 a condicionar y limitar tambi\u00e9n derechos econ\u00f3micos, culturales, sociales y ambientales\u201d.<\/span><\/p>\n<p style=\"text-align: justify;\"><span style=\"font-weight: 400;\">Valle llam\u00f3 a los Estados y las fuerzas democr\u00e1ticas a que ampl\u00eden las sanciones a instituciones e individuos vinculados a la comisi\u00f3n de cr\u00edmenes de lesa humanidad. Tambi\u00e9n inst\u00f3 a que incorporen par\u00e1metros de derechos humanos y transparencia en los proyectos de desarrollo e inversi\u00f3n, ya que existen \u201c<\/span><b>instituciones internacionales financieras<\/b><span style=\"font-weight: 400;\"> como el BCIE, el BID, el Banco Mundial o el FMI, a las que todav\u00eda <\/span><b>se les puede identificar como financiadores del r\u00e9gimen en los \u00faltimos 5 a\u00f1os<\/b><span style=\"font-weight: 400;\">\u201d.<\/span><\/p>\n<p style=\"text-align: justify;\"><span style=\"font-weight: 400;\">J<\/span><span style=\"font-weight: 400;\">osefa Meza, integrante de la Asociaci\u00f3n Madres de Abril (AMA) y madre del joven Jonathan Moraz\u00e1n, <\/span><span style=\"font-weight: 400;\">v\u00edctima de ejecuciones extrajudiciales<\/span><span style=\"font-weight: 400;\"> en las manifestaciones pac\u00edficas del a\u00f1o 2018, dio un mensaje de esperanza y de lucha contra la impunidad: <\/span><span style=\"font-weight: 400;\">\u00ab<\/span><i><span style=\"font-weight: 400;\">En nombre de<\/span><\/i> <i><span style=\"font-weight: 400;\">la Asociaci\u00f3n Madres de Abril (AMA), todas las madres que somos v\u00edctimas de esta represi\u00f3n, acogemos este informe con mucha esperanza de que por fin vamos a encontrar justicia y no va a existir impunidad\u00bb.\u00a0<\/span><\/i><\/p>\n<p style=\"text-align: justify;\"><span style=\"font-weight: 400;\">\u201cNecesitamos que el Consejo de Derechos Humanos de Naciones Unidas apruebe la peticio\u0301n de renovacio\u0301n del mandato del GHREN. Necesitamos, como vi\u0301ctimas, recibir un mensaje claro para poder saber que no estamos solas y que el Sistema efectivamente nos acompan\u0303a\u2026 <\/span><b>Para nosotras, las madres, es clave que el GHREN pueda avanzar y profundizar en el esclarecimiento de la verdad de los hechos\u201d<\/b><span style=\"font-weight: 400;\">, agreg\u00f3 Meza.\u00a0<\/span><\/p>\n","protected":false},"excerpt":{"rendered":"<p>Washington D.C., 15 de marzo de 2023.- En un conversatorio sobre el primer informe del Grupo de Expertos en Derechos Humanos sobre Nicaragua (GHREN), las defensoras nicarag\u00fcenses Olga Valle, Wendy [&hellip;]<\/p>\n","protected":false},"author":15,"featured_media":14809,"parent":0,"menu_order":0,"template":"","format":"standard","categories":[1169],"resources_country":[1199],"resources_language":[],"resources_audience":[],"resources_format":[],"resources_topic":[],"resources_year":[],"class_list":["post-14808","resources","type-resources","status-publish","format-standard","has-post-thumbnail","hentry","category-nicaragua","resources_country-nicaragua-es"],"acf":[],"aioseo_notices":[],"_links":{"self":[{"href":"https:\/\/raceandequality.org\/es\/wp-json\/wp\/v2\/resources\/14808","targetHints":{"allow":["GET"]}}],"collection":[{"href":"https:\/\/raceandequality.org\/es\/wp-json\/wp\/v2\/resources"}],"about":[{"href":"https:\/\/raceandequality.org\/es\/wp-json\/wp\/v2\/types\/resources"}],"author":[{"embeddable":true,"href":"https:\/\/raceandequality.org\/es\/wp-json\/wp\/v2\/users\/15"}],"wp:featuredmedia":[{"embeddable":true,"href":"https:\/\/raceandequality.org\/es\/wp-json\/wp\/v2\/media\/14809"}],"wp:attachment":[{"href":"https:\/\/raceandequality.org\/es\/wp-json\/wp\/v2\/media?parent=14808"}],"wp:term":[{"taxonomy":"category","embeddable":true,"href":"https:\/\/raceandequality.org\/es\/wp-json\/wp\/v2\/categories?post=14808"},{"taxonomy":"resources_country","embeddable":true,"href":"https:\/\/raceandequality.org\/es\/wp-json\/wp\/v2\/resources_country?post=14808"},{"taxonomy":"resources_language","embeddable":true,"href":"https:\/\/raceandequality.org\/es\/wp-json\/wp\/v2\/resources_language?post=14808"},{"taxonomy":"resources_audience","embeddable":true,"href":"https:\/\/raceandequality.org\/es\/wp-json\/wp\/v2\/resources_audience?post=14808"},{"taxonomy":"resources_format","embeddable":true,"href":"https:\/\/raceandequality.org\/es\/wp-json\/wp\/v2\/resources_format?post=14808"},{"taxonomy":"resources_topic","embeddable":true,"href":"https:\/\/raceandequality.org\/es\/wp-json\/wp\/v2\/resources_topic?post=14808"},{"taxonomy":"resources_year","embeddable":true,"href":"https:\/\/raceandequality.org\/es\/wp-json\/wp\/v2\/resources_year?post=14808"}],"curies":[{"name":"wp","href":"https:\/\/api.w.org\/{rel}","templated":true}]}}