{"id":14838,"date":"2023-03-23T20:40:32","date_gmt":"2023-03-23T20:40:32","guid":{"rendered":"http:\/\/race01.wp\/resources\/comunicado-organizaciones-de-la-sociedad-civil-solicitan-al-gobierno-de-colombia-impulsar-la-ratificacion-de-la-convencion-interamericana-contra-el-racismo-la-discriminacion-racial-y-formas-conexas\/"},"modified":"2023-03-23T15:10:41","modified_gmt":"2023-03-23T15:10:41","slug":"comunicado-organizaciones-de-la-sociedad-civil-solicitan-al-gobierno-de-colombia-impulsar-la-ratificacion-de-la-convencion-interamericana-contra-el-racismo-la-discriminacion-racial-y-formas-conexas","status":"publish","type":"resources","link":"https:\/\/raceandequality.org\/es\/resources\/comunicado-organizaciones-de-la-sociedad-civil-solicitan-al-gobierno-de-colombia-impulsar-la-ratificacion-de-la-convencion-interamericana-contra-el-racismo-la-discriminacion-racial-y-formas-conexas\/","title":{"rendered":"Comunicado: Organizaciones de la sociedad civil solicitan al Gobierno de Colombia impulsar la ratificaci\u00f3n de la Convenci\u00f3n Interamericana Contra el Racismo, la Discriminaci\u00f3n Racial y Formas Conexas de Intolerancia (CIRDI)"},"content":{"rendered":"<p style=\"text-align: justify;\"><strong>Colombia, 23 de marzo del 2023.<\/strong> En el marco de la conmemoraci\u00f3n del 21 de marzo, <a href=\"https:\/\/raceandequality.org\/1597\">D\u00eda Internacional para la Eliminaci\u00f3n de la Discriminaci\u00f3n Racial<\/a><a href=\"#_ftn1\" name=\"_ftnref1\">[1]<\/a>, organizaciones defensoras de derechos humanos solicitan al Gobierno Nacional de Colombia impulsar activamente la ratificaci\u00f3n de la Convenci\u00f3n Interamericana Contra el Racismo, la Discriminaci\u00f3n Racial y Formas Conexas de Intolerancia (CIRDI) de acuerdo con el reciente proyecto de Ley que busca su ratificaci\u00f3n<a href=\"#_ftn2\" name=\"_ftnref2\">[2]<\/a>.<\/p>\n<p style=\"text-align: justify;\">Esta Convenci\u00f3n, adoptada por la Asamblea General de la Organizaci\u00f3n de los Estados Americanos (OEA) en 2013, establece un marco jur\u00eddico internacional para la protecci\u00f3n y promoci\u00f3n de los derechos humanos de todas las personas, sin distinci\u00f3n de raza, color, ascendencia u origen \u00e9tnico. Adem\u00e1s, busca prevenir y eliminar la discriminaci\u00f3n racial y otras formas de intolerancia, promover la igualdad y combatir el racismo en todas sus formas.<\/p>\n<p style=\"text-align: justify;\">En 2014, el Gobierno colombiano firm\u00f3 dos instrumentos interamericanos sobre derechos humanos:\u00a0 la Convenci\u00f3n Interamericana Contra el Racismo, la Discriminaci\u00f3n Racial y Formas Conexas de Intolerancia, y la Convenci\u00f3n Interamericana Contra Toda Forma de Discriminaci\u00f3n e Intolerancia. Ambos instrumentos robustecen el marco normativo interno en materia de lucha contra toda forma de discriminaci\u00f3n, reconociendo que Colombia es un pa\u00eds pluri\u00e9tnico y respetuoso de la diversidad; sin embargo, a la fecha estos instrumentos internacionales no han sido ratificados. En el 2021 fue radicado un proyecto de ley en el Congreso para lograr la ratificaci\u00f3n de la CIRDI; el proyecto de ley es resultado de un proceso colectivo con diferentes actores de los pueblos ind\u00edgenas y rom (gitano), y liderada por activistas afrocolombianos gracias a la Campa\u00f1a CIRDI 2024 \u201cHacia una regi\u00f3n libre de discriminaci\u00f3n racial\u201d impulsada por Raza e Igualdad con el objetivo promover la ratificaci\u00f3n e implementaci\u00f3n universal y efectiva de la CIRDI en las Am\u00e9ricas.<\/p>\n<p style=\"text-align: justify;\">En Colombia, el racismo y la discriminaci\u00f3n racial siguen siendo una realidad en la vida cotidiana de muchas personas, lo cual las convierte en v\u00edctimas de m\u00faltiples violaciones de derechos humanos en todos los \u00e1mbitos sociales. Por ello, es fundamental que el Estado se adhiera a esta Convenci\u00f3n y se comprometa a garantizar el derecho a la igualdad y a la no discriminaci\u00f3n en todas las esferas de la vida p\u00fablica y privada.<\/p>\n<p style=\"text-align: justify;\">La ratificaci\u00f3n de la Convenci\u00f3n Interamericana contra el Racismo, la Discriminaci\u00f3n Racial y Formas Conexas de Intolerancia (CIRDI) es un paso crucial para consolidar el compromiso del Gobierno colombiano en la promoci\u00f3n y garant\u00eda de los derechos humanos y la lucha contra el racismo estructural y la discriminaci\u00f3n racial.<\/p>\n<p style=\"text-align: justify;\">En ese sentido, hacemos un llamado al Gobierno nacional para que impulse su pronta ratificaci\u00f3n y que en todas sus acciones, programas y reformas articule las disposiciones de esta Convenci\u00f3n, la cual desarrolla importantes medidas a partir de las realidades espec\u00edficas de Am\u00e9rica Latina y el Caribe, y el contexto nacional en la lucha contra el racismo y la discriminaci\u00f3n racial. Por ejemplo, en acciones relacionadas con una reforma policial en contra de pr\u00e1cticas de perfilamiento racial y con una formaci\u00f3n en derechos humanos desde una perspectiva interseccional; acciones en contra de la discriminaci\u00f3n racial en instituciones educativas; estrategias de medici\u00f3n que garanticen la recopilaci\u00f3n de datos desagregados con la pertenencia \u00e9tnico-racial; y, en general, se garantice la implementaci\u00f3n de medidas que articulen un enfoque \u00e9tnico-racial desde una perspectiva interseccional y de justicia racial.<\/p>\n<p style=\"text-align: justify;\">Finalmente, las organizaciones firmantes reiteramos la necesidad de dar seguimiento al proyecto de ley que busca la ratificaci\u00f3n la CIRDI, a fin de erradicar todas las formas racismo y discriminaci\u00f3n racial en el pa\u00eds.<\/p>\n<p style=\"text-align: justify;\">\n<p>&nbsp;<\/p>\n<p style=\"text-align: justify;\">Asociaci\u00f3n Nacional de Afrocolombianos Desplazados &#8211; AFRODES.<\/p>\n<p style=\"text-align: justify;\">Coordinaci\u00f3n de Mujeres Afrocolombianas Desplazadas en Resistencia &#8211; La COMADRE.<\/p>\n<p style=\"text-align: justify;\">Convergencia Nacional de Organizaciones Afrocolombianas &#8211; CNOA.<\/p>\n<p style=\"text-align: justify;\">Colectivo Justicia Racial.<\/p>\n<p style=\"text-align: justify;\">Fundaci\u00f3n Afrodescendiente por las diversidades sociales y sexuales Somos Identidad.<\/p>\n<p style=\"text-align: justify;\">Organizaci\u00f3n Nacional Ind\u00edgena de Colombia- ONIC.<\/p>\n<p style=\"text-align: justify;\">Instituto Internacional sobre Raza, Igualdad y Derechos Humanos &#8211; Raza e Igualdad<\/p>\n<p style=\"text-align: justify;\">\n<p style=\"text-align: justify;\">\n<p style=\"text-align: justify;\">\n<p>&nbsp;<\/p>\n<p style=\"text-align: justify;\"><a href=\"#_ftnref1\" name=\"_ftn1\">[1]<\/a> https:\/\/www.ohchr.org\/es\/get-involved\/stories\/international-day-elimination-racial-discrimination<\/p>\n<p style=\"text-align: justify;\"><a href=\"#_ftnref2\" name=\"_ftn2\">[2]<\/a> Congreso de la Rep\u00fablica de Colombia. (Noviembre 7 de 2022).\u00a0 Radican dos convenciones contra toda forma de discriminaci\u00f3n e intolerancia. <a href=\"https:\/\/raceandequality.org\/1598\">https:\/\/www.senado.gov.co\/index.php\/el-senado\/noticias\/4145-radican-dos-convenciones-contra-toda-forma-de-discriminacion-e-intolerancia<\/a>.<\/p>\n","protected":false},"excerpt":{"rendered":"<p>Colombia, 23 de marzo del 2023. En el marco de la conmemoraci\u00f3n del 21 de marzo, D\u00eda Internacional para la Eliminaci\u00f3n de la Discriminaci\u00f3n Racial[1], organizaciones defensoras de derechos humanos [&hellip;]<\/p>\n","protected":false},"author":15,"featured_media":14839,"parent":0,"menu_order":0,"template":"","format":"standard","categories":[1122,1154],"resources_country":[1044,1191],"resources_language":[],"resources_audience":[],"resources_format":[],"resources_topic":[],"resources_year":[],"class_list":["post-14838","resources","type-resources","status-publish","format-standard","has-post-thumbnail","hentry","category-colombia","category-espanol","resources_country-colombia","resources_country-colombia-es"],"acf":[],"aioseo_notices":[],"_links":{"self":[{"href":"https:\/\/raceandequality.org\/es\/wp-json\/wp\/v2\/resources\/14838","targetHints":{"allow":["GET"]}}],"collection":[{"href":"https:\/\/raceandequality.org\/es\/wp-json\/wp\/v2\/resources"}],"about":[{"href":"https:\/\/raceandequality.org\/es\/wp-json\/wp\/v2\/types\/resources"}],"author":[{"embeddable":true,"href":"https:\/\/raceandequality.org\/es\/wp-json\/wp\/v2\/users\/15"}],"wp:featuredmedia":[{"embeddable":true,"href":"https:\/\/raceandequality.org\/es\/wp-json\/wp\/v2\/media\/14839"}],"wp:attachment":[{"href":"https:\/\/raceandequality.org\/es\/wp-json\/wp\/v2\/media?parent=14838"}],"wp:term":[{"taxonomy":"category","embeddable":true,"href":"https:\/\/raceandequality.org\/es\/wp-json\/wp\/v2\/categories?post=14838"},{"taxonomy":"resources_country","embeddable":true,"href":"https:\/\/raceandequality.org\/es\/wp-json\/wp\/v2\/resources_country?post=14838"},{"taxonomy":"resources_language","embeddable":true,"href":"https:\/\/raceandequality.org\/es\/wp-json\/wp\/v2\/resources_language?post=14838"},{"taxonomy":"resources_audience","embeddable":true,"href":"https:\/\/raceandequality.org\/es\/wp-json\/wp\/v2\/resources_audience?post=14838"},{"taxonomy":"resources_format","embeddable":true,"href":"https:\/\/raceandequality.org\/es\/wp-json\/wp\/v2\/resources_format?post=14838"},{"taxonomy":"resources_topic","embeddable":true,"href":"https:\/\/raceandequality.org\/es\/wp-json\/wp\/v2\/resources_topic?post=14838"},{"taxonomy":"resources_year","embeddable":true,"href":"https:\/\/raceandequality.org\/es\/wp-json\/wp\/v2\/resources_year?post=14838"}],"curies":[{"name":"wp","href":"https:\/\/api.w.org\/{rel}","templated":true}]}}