{"id":14867,"date":"2023-04-21T20:17:24","date_gmt":"2023-04-21T20:17:24","guid":{"rendered":"http:\/\/race01.wp\/resources\/raza-e-igualdad-indispensable-fortalecer-agenda-antirracista-en-el-sistema-judicial-mexicano\/"},"modified":"2023-05-10T11:28:44","modified_gmt":"2023-05-10T11:28:44","slug":"raza-e-igualdad-indispensable-fortalecer-agenda-antirracista-en-el-sistema-judicial-mexicano","status":"publish","type":"resources","link":"https:\/\/raceandequality.org\/es\/resources\/raza-e-igualdad-indispensable-fortalecer-agenda-antirracista-en-el-sistema-judicial-mexicano\/","title":{"rendered":"Raza e Igualdad: Indispensable fortalecer agenda antirracista en el sistema judicial mexicano"},"content":{"rendered":"<p style=\"text-align: justify;\"><b>Ciudad de M\u00e9xico, 21 de abril 2023.-<\/b><span style=\"font-weight: 400;\"> El Instituto Internacional sobre Raza, Igualdad y Derechos Humanos <\/span><span style=\"font-weight: 400;\">(Raza e Igualdad), con el apoyo de la Fundaci\u00f3n K.W Kellogg, impuls\u00f3 las actividades <\/span><b>\u201cPromoci\u00f3n de una agenda antirracista en el sistema judicial mexicano\u201d del 27 al 31 de marzo del 2023<\/b><span style=\"font-weight: 400;\">, en Ciudad de M\u00e9xico, M\u00e9rida-Yucat\u00e1n y San Crist\u00f3bal de las Casas, Chiapas.\u00a0<\/span><\/p>\n<p style=\"text-align: justify;\"><span style=\"font-weight: 400;\">Esta jornada se realiz\u00f3 con el objetivo de fortalecer, junto a organizaciones de la sociedad civil e instituciones p\u00fablicas, <\/span><b>herramientas y mecanismos internacionales enfocados en combatir el racismo sist\u00e9mico y la discriminaci\u00f3n racial <\/b><span style=\"font-weight: 400;\">que enfrentan las poblaciones hist\u00f3ricamente racializadas en M\u00e9xico. En este sentido, se cont\u00f3 con el acompa\u00f1amiento del Coordinador de Raza e Igualdad en Brasil, el Dr. Rodnei J. Da Silva, quien tiene un trabajo significativo en la lucha contra el racismo y acciones de defensa jur\u00eddica de los derechos de las poblaciones mayormente discriminadas en Am\u00e9rica Latina y el Caribe.<\/span><\/p>\n<p style=\"text-align: justify;\"><b>Ciudad de M\u00e9xico:\u00a0<\/b><\/p>\n<p style=\"text-align: justify;\"><span style=\"font-weight: 400;\">El 27 de marzo se realiz\u00f3 el Conversatorio \u201cTejiendo redes contra el racismo sist\u00e9mico y la discriminaci\u00f3n racial en M\u00e9xico\u201d, en el Centro de Derechos Humanos Miguel Agust\u00edn Pro Ju\u00e1rez (Centro Prodh). La actividad estuvo acompa\u00f1ada por organizaciones nacionales de derechos humanos cuyo trabajo ha sido fundamental para la defensa y promoci\u00f3n de los derechos y la apertura democr\u00e1tica en M\u00e9xico. Se cont\u00f3 con la participaci\u00f3n de Jos\u00e9 Luis Guti\u00e9rrez de Asistencia Legal por los Derechos Humanos A.C, Gloria Careaga de la Fundaci\u00f3n Arco\u00edris por el Respeto a la Diversidad Sexual, Cinthya Ju\u00e1rez de i(dh)es. Litigio Estrat\u00e9gico en Derechos Humanos A.C y Alejandro Salas del Centro Prodh.\u00a0<\/span><\/p>\n<p style=\"text-align: justify;\"><span style=\"font-weight: 400;\">En el di\u00e1logo compartido se explic\u00f3 la necesidad de generar alianzas, v\u00ednculos y reflexiones constantes entre las organizaciones para combatir el racismo estructural y naturalizado que se vive en M\u00e9xico. Tambi\u00e9n, se hizo referencia a las manifestaciones del racismo que siguen ejerci\u00e9ndose en el sistema judicial y afectan el debido proceso, en especial de las personas ind\u00edgenas y afromexicanas. De igual forma, se aludi\u00f3 a la falta de registros oficiales que abonan a la identificaci\u00f3n de la poblaci\u00f3n afromexicana que se encuentran en procesos judiciales y en los centros de reclusi\u00f3n.<\/span><\/p>\n<p style=\"text-align: justify;\"><span style=\"font-weight: 400;\">Durante el conversatorio, las contrapartes expusieron algunos casos vinculados a los actos de discriminaci\u00f3n racial en M\u00e9xico. Se expuso el caso de tres j\u00f3venes gitanos que fueron v\u00edctimas de desaparici\u00f3n forzada y posteriormente asesinados por polic\u00edas municipales en Sinaloa, se detallaron las barreras y la negligencia de la Fiscal\u00eda para acceder a la justicia. Asimismo, se hizo referencia al caso de Alberta Alc\u00e1ntara, Teresa Gonz\u00e1lez y Jacinta Francisco Marcial, mujeres ind\u00edgenas <\/span><span style=\"font-weight: 400;\">h\u00f1\u00e4h\u00f1\u00fa (otom\u00edes)<\/span><span style=\"font-weight: 400;\">\u00a0<\/span><span style=\"font-weight: 400;\">que fueron detenidas arbitrariamente, acusadas y sentenciadas injustamente. Se destac\u00f3 el perfilamiento racial de que fueron parte, la arbitrariedad con que fueron detenidas y las irregularidades identificadas en el debido proceso.\u00a0\u00a0<\/span><\/p>\n<p style=\"text-align: justify;\"><span style=\"font-weight: 400;\">Como segunda actividad de fortalecimiento, se llev\u00f3 a cabo la conferencia \u201cRacismo y discriminaci\u00f3n racial en el sistema de justicia. Claves para su erradicaci\u00f3n\u201d. En dicho espacio, el maestro Eleazar Rubio, presidente de la Junta Local de Conciliaci\u00f3n y Arbitraje de la Ciudad de M\u00e9xico, record\u00f3 el compromiso que tienen para poner fin al racismo, la discriminaci\u00f3n racial y las formas conexas de intolerancia y abatir las ideas de la superioridad racial que contin\u00faan presentes en la sociedad. Asimismo, celebr\u00f3 la realizaci\u00f3n de estos espacios que suman a la capacitaci\u00f3n de las personas servidoras p\u00fablicas en la materia y en la promoci\u00f3n de los derechos humanos. Al final de la conferencia se contaron con los comentarios de la Mtra. Margarita In\u00e9s Soria, Presidenta de la Junta Especial N\u00b0 7; Mtra. Carla Jim\u00e9nez Ju\u00e1rez, Presidenta de la Junta Especial N\u00b03 y de la Mtra. Rogelia G\u00f3mez Vargas de la Junta Especial N\u00b08.\u00a0<\/span><\/p>\n<p style=\"text-align: justify;\"><b>M\u00e9rida, Yucat\u00e1n:\u00a0<\/b><\/p>\n<p style=\"text-align: justify;\"><span style=\"font-weight: 400;\">El 28 de marzo se llev\u00f3 a cabo la Conferencia \u201cTejiendo redes contra el racismo sist\u00e9mico y la discriminaci\u00f3n racial en M\u00e9xico\u201d, impartida por el Dr. Rodnei Jeric\u00f3 en el Centro de Instituciones Operadoras del Sistema Penal, Oral y Acusatorio de Yucat\u00e1n. La actividad cont\u00f3 con la participaron la Consejera Mar\u00eda Ely Farf\u00e1n, Presidenta de la Comisi\u00f3n de Desarrollo Institucional del Consejo de la Judicatura, la Magistrada Mar\u00eda Carolina Canto Vald\u00e9s, Miguel \u00d3scar Sabino Santana, Presidente de la Comisi\u00f3n de Derechos Humanos del Estado de Yucat\u00e1n (CODHEY) y Luis Armando de Jes\u00fas Mendoza, Consejero Presidente de la Comisi\u00f3n de Desarrollo Humano del Consejo de la Judicatura del Estado.\u00a0<\/span><\/p>\n<p style=\"text-align: justify;\"><span style=\"font-weight: 400;\">Entre las intervenciones se perfil\u00f3 la necesidad de que el Poder Judicial adopte enfoques jur\u00eddicos de derechos humanos que garanticen la justicia \u00e9tnico-racial, e impulse pol\u00edticas p\u00fablicas y programas que promuevan la inclusi\u00f3n, la justicia social, la dignidad humana y el respeto a la diversidad cultural. <\/span><span style=\"font-weight: 400;\">Asimismo, remarcaron la necesidad de continuar con estos di\u00e1logos de fortalecimiento con jueces, juezas y personas jurisdiccional para sumar esfuerzos contra la discriminaci\u00f3n racial y las m\u00faltiples manifestaciones del racismo.\u00a0<\/span><\/p>\n<p style=\"text-align: justify;\"><span style=\"font-weight: 400;\">Por la tarde se realiz\u00f3 un Conversatorio en la Facultad de Derecho de la Universidad Aut\u00f3noma de Yucat\u00e1n, en el cual particip\u00f3 el Dr. Carlos Macedonio, director de la Facultad<\/span><span style=\"font-weight: 400;\">; Lucely Carballo, secretaria acad\u00e9mica de la Facultad de Derecho; <\/span><span style=\"font-weight: 400;\">Miguel \u00d3scar Sabino Santana, presidente de la CODHEY, Mtra. <\/span><span style=\"font-weight: 400;\">Mireya Zapata, directora de Vinculaci\u00f3n, Capacitaci\u00f3n y Difusi\u00f3n, y el Mtro. Eduardo Osorno Oficial de Quejas, de la misma instituci\u00f3n. <\/span><span style=\"font-weight: 400;\">Durante el di\u00e1logo con estudiantes de derecho se expusieron algunas herramientas del derecho internacional de los derechos humanos que son claves para combatir el racismo, entre ellas la <\/span><b>Convenci\u00f3n Interamericana contra el Racismo, la Discriminaci\u00f3n Racial y Formas Conexas de Intolerancia<\/b><span style=\"font-weight: 400;\"> (CIRDI). De igual forma, se hizo hincapi\u00e9 en la responsabilidad que tiene el Estado M\u00e9xico con los compromisos internacionales de derechos humanos y la implementaci\u00f3n de la CIRDI.\u00a0<\/span><\/p>\n<p style=\"text-align: justify;\"><b>San Crist\u00f3bal de las Casas, Chiapas:\u00a0<\/b><\/p>\n<p style=\"text-align: justify;\"><span style=\"font-weight: 400;\">El 30 de marzo, se llev\u00f3 a cabo la Conferencia \u201cTejiendo redes contra el racismo sist\u00e9mico y la discriminaci\u00f3n racial en M\u00e9xico\u201d en el Centro Estatal de Lenguas, Arte y Literatura Ind\u00edgena de Chiapas (CELALI). En dicho espacio particip\u00f3 el Dr. Sebasti\u00e1n Patisht\u00e1n M\u00e9ndez, director del CELALI, y personas defensoras de derechos humanos. Durante el di\u00e1logo compartido se remarc\u00f3 la necesidad de <\/span><b>reconocer el racismo naturalizado que enfrentan las personas ind\u00edgenas,<\/b><span style=\"font-weight: 400;\"> pues a pesar de los avances en la garant\u00eda de los derechos se contin\u00faan documentando actos que atentan con la dignidad de las personas. <\/span><\/p>\n<p style=\"text-align: justify;\"><span style=\"font-weight: 400;\">Las presentes actividades formaron parte de la \u201cPromoci\u00f3n de una agenda antirracista para fortalecer y profesionalizar el trabajo de las OSC en la lucha contra el racismo y la discriminaci\u00f3n racial\u201d<\/span><span style=\"font-weight: 400;\">, cuyas acciones se perfilan en fortalecer a las organizaciones ind\u00edgenas, afrodescendientes, migrantes y nacionales de derechos humanos en acciones contra el racismo, la discriminaci\u00f3n racial y las formas conexas de intolerancia. Asimismo, en generar espacios de di\u00e1logo y mesas de trabajo con instituciones p\u00fablicas, organismos de derechos humanos y sociedad civil para incidir en la agenda p\u00fablica y dar seguimiento a los compromisos internacionales en derechos humanos contra\u00eddos por el Estado mexicano en la materia. <\/span><\/p>\n","protected":false},"excerpt":{"rendered":"<p>Ciudad de M\u00e9xico, 21 de abril 2023.- El Instituto Internacional sobre Raza, Igualdad y Derechos Humanos (Raza e Igualdad), con el apoyo de la Fundaci\u00f3n K.W Kellogg, impuls\u00f3 las actividades [&hellip;]<\/p>\n","protected":false},"author":15,"featured_media":14868,"parent":0,"menu_order":0,"template":"","format":"standard","categories":[1166],"resources_country":[1197],"resources_language":[],"resources_audience":[],"resources_format":[],"resources_topic":[],"resources_year":[],"class_list":["post-14867","resources","type-resources","status-publish","format-standard","has-post-thumbnail","hentry","category-mexico","resources_country-mexico-es"],"acf":[],"aioseo_notices":[],"_links":{"self":[{"href":"https:\/\/raceandequality.org\/es\/wp-json\/wp\/v2\/resources\/14867","targetHints":{"allow":["GET"]}}],"collection":[{"href":"https:\/\/raceandequality.org\/es\/wp-json\/wp\/v2\/resources"}],"about":[{"href":"https:\/\/raceandequality.org\/es\/wp-json\/wp\/v2\/types\/resources"}],"author":[{"embeddable":true,"href":"https:\/\/raceandequality.org\/es\/wp-json\/wp\/v2\/users\/15"}],"wp:featuredmedia":[{"embeddable":true,"href":"https:\/\/raceandequality.org\/es\/wp-json\/wp\/v2\/media\/14868"}],"wp:attachment":[{"href":"https:\/\/raceandequality.org\/es\/wp-json\/wp\/v2\/media?parent=14867"}],"wp:term":[{"taxonomy":"category","embeddable":true,"href":"https:\/\/raceandequality.org\/es\/wp-json\/wp\/v2\/categories?post=14867"},{"taxonomy":"resources_country","embeddable":true,"href":"https:\/\/raceandequality.org\/es\/wp-json\/wp\/v2\/resources_country?post=14867"},{"taxonomy":"resources_language","embeddable":true,"href":"https:\/\/raceandequality.org\/es\/wp-json\/wp\/v2\/resources_language?post=14867"},{"taxonomy":"resources_audience","embeddable":true,"href":"https:\/\/raceandequality.org\/es\/wp-json\/wp\/v2\/resources_audience?post=14867"},{"taxonomy":"resources_format","embeddable":true,"href":"https:\/\/raceandequality.org\/es\/wp-json\/wp\/v2\/resources_format?post=14867"},{"taxonomy":"resources_topic","embeddable":true,"href":"https:\/\/raceandequality.org\/es\/wp-json\/wp\/v2\/resources_topic?post=14867"},{"taxonomy":"resources_year","embeddable":true,"href":"https:\/\/raceandequality.org\/es\/wp-json\/wp\/v2\/resources_year?post=14867"}],"curies":[{"name":"wp","href":"https:\/\/api.w.org\/{rel}","templated":true}]}}