{"id":17004,"date":"2023-05-23T20:50:38","date_gmt":"2023-05-23T20:50:38","guid":{"rendered":"https:\/\/racenadequapro.wpengine.com\/?post_type=resources&#038;p=17004"},"modified":"2023-07-30T20:55:59","modified_gmt":"2023-07-30T20:55:59","slug":"en-el-consejo-conjunto-la-ue-debe-responder-a-la-magnitud-de-la-crisis-de-ddhh-en-cuba","status":"publish","type":"resources","link":"https:\/\/raceandequality.org\/es\/resources\/en-el-consejo-conjunto-la-ue-debe-responder-a-la-magnitud-de-la-crisis-de-ddhh-en-cuba\/","title":{"rendered":"En el Consejo Conjunto, la UE debe responder a la magnitud de la crisis de DDHH en  Cuba"},"content":{"rendered":"<p style=\"text-align: justify;\"><strong>Washington D.C., 23 de mayo de 2023<\/strong> &#8211; Se\u00f1or Alto Representante Josep Borrell, en v\u00edsperas del pr\u00f3ximo Consejo Conjunto entre la Uni\u00f3n Europea (UE) y Cuba del 26 de mayo, nuestras organizaciones le escriben para instarle a garantizar que la UE y Cuba otorgan a los derechos humanos un papel central en sus relaciones, en un momento crucial para los defensores y defensoras de los derechos humanos en el pa\u00eds.<\/p>\n<p style=\"text-align: justify;\">Nuestras organizaciones siguen documentando<sup>1<\/sup> la continua vulneraci\u00f3n por las autoridades cubanas de los derechos a la libertad de expresi\u00f3n, reuni\u00f3n pac\u00edfica y asociaci\u00f3n en el pa\u00eds, sofocando las voces disidentes y atacando a los defensores y defensoras de los derechos humanos cubanos que sufren hostigamiento y represi\u00f3n por parte de las autoridades cubanas y permanecen excluidos de los espacios en los que actores internacionales y el gobierno cubano toman decisiones que afectan su trabajo y a la situaci\u00f3n general de los derechos humanos en el pa\u00eds.<\/p>\n<p style=\"text-align: justify;\">El enfoque del gobierno cubano se ha caracterizado por las leyes restrictivas, la censura y las t\u00e1cticas de intimidaci\u00f3n, con una maquinaria cada vez m\u00e1s robusta para controlar los derechos a la libertad de expresi\u00f3n y de reuni\u00f3n pac\u00edfica, mientras que las personas que defienden los derechos humanos se enfrentan a juicios injustos y detenciones arbitrarias. Esta tendencia se ha acentuado con los ataques contra manifestantes desde las protestas sociales del 11 y 12 de julio de 2021, cuando, como no se hab\u00eda visto en d\u00e9cadas, miles de personas salieron a las calles en toda la Isla para exigir un cambio en las condiciones de vida en Cuba.<\/p>\n<p style=\"text-align: justify;\">Las autoridades cubanas se han negado a permitir que diplom\u00e1ticos de la UE y sus estados miembros, medios de comunicaci\u00f3n internacionales u organizaciones de derechos humanos acudan como observadores a los juicios de las personas detenidas durante las protestas del 11 de julio. Estas y sus familiares denuncian diversas violaciones de las garant\u00edas procesales, mientras que artistas, intelectuales y otras personas con ideas alternativas est\u00e1n sometidas a niveles alarmantes de vigilancia y restricciones a la libertad de circulaci\u00f3n. Seg\u00fan informes, se han reprimido protestas pac\u00edficas tan recientes como las de septiembre y octubre de 2022 con despliegues policiales y militares. Cuba ha ampliado el acceso a Internet, pero, como parte de una pol\u00edtica gubernamental para silenciar continuamente la disidencia, las autoridades controlan e interrumpen el acceso a la red en momentos pol\u00edticamente sensibles, bloqueando regularmente las aplicaciones de mensajer\u00eda, en contravenci\u00f3n del derecho internacional de los derechos humanos.<\/p>\n<p style=\"text-align: justify;\">Tres destacados activistas, Luis Manuel Otero Alc\u00e1ntara<sup>2<\/sup>, Maykel \u201cOsorbo\u201d Castillo P\u00e9rez y Jose Daniel Ferrer Garc\u00eda<sup>3<\/sup>, permanecen encarcelados en Cuba desde mayo de 2023 \u00fanicamente por sus convicciones y por el ejercicio pac\u00edfico de sus derechos humanos. <strong><a href=\"https:\/\/www.justicia11j.org\/\">Justicia 11J, <\/a>un grupo formado en respuesta a la represi\u00f3n de las manifestaciones en julio de 2021 ha registrado la detenci\u00f3n de 1.812 personas desde el inicio de las protestas, de las que 768 permanecen en prisi\u00f3n a 11 de mayo de 2023.<\/strong><\/p>\n<p style=\"text-align: justify;\">Antes del Consejo Conjunto, la sociedad civil cubana tambi\u00e9n <a href=\"https:\/\/cubaproxima.org\/carta-abierta-a-d-josep-borrell-alto-representante-de-la-union-europea-para-asuntos-exteriores-y-politica-de-seguridad\/\">ha planteado <\/a>muchos de estos motivos de preocupaci\u00f3n, entre ellos la situaci\u00f3n de la sociedad civil independiente, los presos de conciencia y las personas detenidas por motivos pol\u00edticos, el respeto de los derechos a la libertad de expresi\u00f3n, asociaci\u00f3n, reuni\u00f3n pac\u00edfica y circulaci\u00f3n, as\u00ed como la participaci\u00f3n pol\u00edtica en Cuba y la participaci\u00f3n de la sociedad civil independiente en las relaciones entre la UE y Cuba.<\/p>\n<blockquote>\n<p style=\"text-align: justify;\"><strong>En marzo de 2022, la UE <a href=\"https:\/\/www.consilium.europa.eu\/es\/press\/press-releases\/2022\/03\/30\/cuba-declaration-by-the-high-representative-on-behalf-of-the-eu-on-the-trials-and-sentences-related-to-the-demonstrations-of-11-and-12-july-2021\/\">respondi\u00f3 <\/a>a las \u201ccondenas desproporcionadas\u201d impuestas a los manifestantes de julio de 2021 pidiendo a las autoridades cubanas que garantizaran y protegieran el derecho a disentir y a manifestarse. La <a href=\"https:\/\/www.consilium.europa.eu\/es\/press\/press-releases\/2022\/07\/11\/cuba-declaration-by-the-high-representative-on-behalf-of-the-eu-on-the-first-anniversary-of-the-demonstrations-of-11-and-12-july-2021\/\">declaraci\u00f3n <\/a>de la UE en el primer aniversario de las protestas tambi\u00e9n expresa su preocupaci\u00f3n por el debido proceso y las penas desproporcionadas en respuesta a las protestas, e insta a las autoridades cubanas a liberar a todas las personas detenidas \u00fanicamente por ejercer sus derechos y a dialogar con el pueblo cubano sobre sus leg\u00edtimas reivindicaciones, tanto por el deterioro de las condiciones de vida como por sus derechos humanos.<\/strong><\/p>\n<\/blockquote>\n<p style=\"text-align: justify;\">En la Asamblea General de las Naciones Unidas (ONU) de noviembre de 2022, la UE <a href=\"https:\/\/www.eeas.europa.eu\/delegations\/un-new-york\/eu-explanation-vote-un-general-assembly-resolution-embargo-imposed-usa_en?s=63\">reiter\u00f3<\/a> este llamado, instando a Cuba a garantizar a su ciudadan\u00eda todos los derechos, a ratificar los Pactos Internacionales de Derechos Civiles y Pol\u00edticos (PIDCP) y de Derechos Econ\u00f3micos, Sociales y Culturales (PIDESC) de la ONU, a cursar una invitaci\u00f3n permanente a todos los procedimientos especiales de la ONU y a abrir espacios para un di\u00e1logo constructivo e integrador, sin condiciones previas, con todo el espectro de actores de la sociedad civil de la Isla.<\/p>\n<p style=\"text-align: justify;\">Seg\u00fan el <a href=\"https:\/\/eur-lex.europa.eu\/legal-content\/ES\/TXT\/PDF\/?uri=OJ%3AL%3A2016%3A337I%3AFULL\">Acuerdo de Di\u00e1logo Pol\u00edtico y Cooperaci\u00f3n <\/a>(ADPC) de 2016 entre la UE y Cuba, el Consejo Conjunto trabaja para \u201csupervisar el cumplimiento de los objetivos del presente Acuerdo y la aplicaci\u00f3n del mismo\u201d, incluido \u201cel respeto y la promoci\u00f3n de los principios democr\u00e1ticos, el respeto de todos los derechos humanos y libertades fundamentales establecidos en la Declaraci\u00f3n Universal de los Derechos Humanos y en los principales instrumentos internacionales de derechos humanos y sus protocolos facultativos que sean aplicables a la Partes, y el respeto del Estado de Derecho\u201d, que constituyen un elemento esencial del Acuerdo. La violaci\u00f3n de los derechos humanos en Cuba, y en particular los ataques contra manifestantes y defensores y defensoras de los derechos humanos desde julio de 2021, contradice claramente estos compromisos declarados.<\/p>\n<p style=\"text-align: justify;\">La magnitud de la crisis de derechos humanos en Cuba debe ir acompa\u00f1ada de una respuesta proporcional de la UE y sus estados miembros para abordar el alcance y la gravedad de la situaci\u00f3n y establecer par\u00e1metros de referencia concretos en materia de derechos humanos en sus relaciones con Cuba.<\/p>\n<p style=\"text-align: justify;\">En el Consejo Conjunto, le exhortamos a que lidere a la UE y a sus estados miembros para que se comprometan firmemente con las autoridades cubanas a:<\/p>\n<ul style=\"text-align: justify;\">\n<li><strong>Liberar inmediata e incondicionalmente a todas las personas detenidas \u00fanicamente por ejercer sus derechos humanos, incluidos sus derechos a la libertad de expresi\u00f3n y de reuni\u00f3n pac\u00edfica. La UE y sus estados miembros deben plantear los casos de Jos\u00e9 Daniel Ferrer Garc\u00eda, Luis Manuel Otero Alc\u00e1ntara, Maykel \u201cOsorbo\u201d Castillo P\u00e9rez, Aymara Nieto, Sissi Abascal Zamora, Donaida P\u00e9rez Paseiro y los <a href=\"https:\/\/pen.org\/press-release\/new-campaign-spotlights-the-stories-of-imprisoned-cuban-artists\/\">artistas disidentes <\/a>Richard Zamora Brito \u201cEl Radikal\u201d, Mar\u00eda Cristina Garrido Rodr\u00edguez y Randy Arteaga-Rivera.<\/strong><\/li>\n<li><strong>Poner fin a la vigilancia y las detenciones arbitrarias continuas de defensores y defensoras de los derechos humanos, activistas y periodistas, incluido el uso del arresto domiciliario contra voces disidentes.<\/strong><\/li>\n<li><strong>Poner fin al uso excesivo de la fuerza y a las detenciones arbitrarias durante las protestas, y abstenerse de realizar interrupciones de internet que obstaculicen el derecho de reuni\u00f3n pac\u00edfica, la libertad de expresi\u00f3n y el acceso a la informaci\u00f3n. Las autoridades deben facilitar activamente las reuniones pac\u00edficas, proteger las protestas pac\u00edficas, poner fin a todo uso ileg\u00edtimo de la fuerza contra manifestantes pac\u00edficos y garantizar su seguridad.<\/strong><\/li>\n<li><strong>Establecer un marco legislativo nacional para salvaguardar el derecho a la protesta; paralelamente, derogar y reformar los delitos represivos o redactados de manera imprecisa del nuevo C\u00f3digo Penal, as\u00ed como las leyes que se han utilizado indebidamente contra defensores y defensoras de los derechos humanos, activistas, manifestantes y miembros de la sociedad civil independiente.<\/strong><\/li>\n<li><strong>Prevenir y combatir la discriminaci\u00f3n de cualquier tipo y promover el respeto, la protecci\u00f3n y la garant\u00eda de los derechos humanos de todas las personas, incluidas las mujeres, la poblaci\u00f3n afrodescendiente y la comunidad LGBTIQ+.<\/strong><\/li>\n<li><strong>Aprobar con prontitud una ley integral sobre violencia de g\u00e9nero que defina protocolos para prevenir y abordar el creciente problema de los feminicidios y la violencia contra mujeres y ni\u00f1as en Cuba, incluido un mecanismo institucional de protecci\u00f3n y seguridad para las supervivientes que sea eficaz, p\u00fablico y transparente.<\/strong><\/li>\n<li><strong>Garantizar el acceso a las organizaciones independientes de derechos humanos para que supervisen la situaci\u00f3n de los derechos humanos e informen al respecto, y cursar asimismo invitaciones permanentes a los relatores y relatoras especiales de la ONU, en particular a los que se centran en la libertad de opini\u00f3n y de expresi\u00f3n, de reuni\u00f3n pac\u00edfica y de asociaci\u00f3n, y en la situaci\u00f3n de los defensores y defensoras de los derechos humanos, facilitando sus visitas a la isla lo antes<\/strong><\/li>\n<li><strong>Atender la necesidad de la poblaci\u00f3n de un mayor acceso a alimentos y medicinas, y actuar para hacer efectivos los derechos econ\u00f3micos, sociales y culturales de la poblaci\u00f3n &#8211; preocupaciones en materia de derechos humanos en torno a las que han girado las protestas recientes y La UE y sus estados miembros deben pedir a las autoridades cubanas que redoblen sus esfuerzos para garantizar estos derechos y apoyar las iniciativas genuinas en este sentido.<\/strong><\/li>\n<li><strong>Ratificar el PIDCP, el PIDESC y la Convenci\u00f3n Interamericana de Derechos Humanos lo antes posible, aprovechando el pr\u00f3ximo Examen Peri\u00f3dico Universal (EPU) del historial de derechos humanos del pa\u00eds como una oportunidad para reafirmar los compromisos de Cuba con todos los<\/strong><\/li>\n<li><strong>Aprovechar la pr\u00f3xima cumbre UE-CELAC de julio para intensificar el compromiso en materia de derechos humanos con Cuba y con toda Am\u00e9rica Latina y el Caribe, en consonancia con el <a href=\"https:\/\/eulatnetwork.org\/es\/carta-abierta-a-la-ue-derechos-humanos-en-nuevas-relaciones-ue-lac\/\">llamado <\/a>de la sociedad civil de la regi\u00f3n y de la<\/strong><\/li>\n<li><strong>Asegurar que se consulta plenamente a las organizaciones independientes cubanas y europeas de derechos humanos y de la sociedad civil y se facilita proactivamente su participaci\u00f3n en todas las tomas de decisiones que les afecten, incluidos los eventos de la sociedad civil relacionados con el di\u00e1logo UE-Cuba sobre derechos humanos, la cooperaci\u00f3n bilateral y la implementaci\u00f3n del ADPC.<\/strong><\/li>\n<li><strong>Utilizar plenamente los mecanismos definidos en el ADPC para garantizar que el gobierno cubano cumpla sus compromisos de respeto de los derechos humanos.<\/strong><\/li>\n<\/ul>\n<p style=\"text-align: justify;\">Le agradecemos de antemano su acci\u00f3n para garantizar el respeto y el cumplimiento de todos los derechos humanos para todas las personas en Cuba en este momento crucial.<\/p>\n<p style=\"text-align: justify;\"><strong>Amnist\u00eda Internacional <\/strong><\/p>\n<p style=\"text-align: justify;\"><strong>Civil Rights Defenders<\/strong><\/p>\n<p style=\"text-align: justify;\"><strong>FIDH (Federaci\u00f3n Internacional por los Derechos Humanos), en el marco del Observatorio para la Protecci\u00f3n de los Defensores de Derechos Humanos<\/strong><\/p>\n<p style=\"text-align: justify;\"><strong>Front Line Defenders <\/strong><\/p>\n<p style=\"text-align: justify;\"><strong>Human Rights Watch <\/strong><\/p>\n<p style=\"text-align: justify;\"><strong>People in Need<\/strong><\/p>\n<p style=\"text-align: justify;\"><strong>Raza e Igualdad<\/strong><\/p>\n<p style=\"text-align: justify;\"><strong>Organizaci\u00f3n mundial contra la tortura (OMCT), en el marco del Observatorio para la Protecci\u00f3n de los Defensores de Derechos Humanos<\/strong><\/p>\n<p style=\"text-align: justify;\">***<\/p>\n<p style=\"text-align: justify;\">1 Amnist\u00eda Internacional, <a href=\"https:\/\/www.amnesty.org\/es\/documents\/amr25\/6779\/2023\/es\/\"><em>Cuba: Carta Abierta al presidente Miguel D\u00edaz Canel Sobre los Derechos Humanos de Personas Presas de Consciencia<\/em>, <\/a>18 de mayo de 2023; Amnist\u00eda Internacional, <a href=\"https:\/\/www.amnesty.org\/es\/documents\/amr25\/6592\/2023\/es\"><em>Cuba: Escalada de represi\u00f3n: Amnist\u00eda Internacional: Informaci\u00f3n para el 44 periodo de sesiones del<\/em><\/a> <a href=\"https:\/\/www.amnesty.org\/es\/documents\/amr25\/6592\/2023\/es\"><em>Grupo de Trabajo sobre el Examen Peri\u00f3dico Universal, 5 de noviembre de 2023<\/em>, <\/a>30 de marzo de 2023; Human Rights Watch, <a href=\"https:\/\/www.hrw.org\/es\/world-report\/2023\/country-chapters\/cuba\"><em>Informe Mundial<\/em><\/a> <a href=\"https:\/\/www.hrw.org\/es\/world-report\/2023\/country-chapters\/cuba\"><em>2023: Cuba<\/em>, <\/a>12 de enero de 2023; Human Rights Watch, <a href=\"https:\/\/www.hrw.org\/es\/report\/2022\/07\/11\/prision-o-exilio\/represion-sistematica-contra-las-protestas-de-julio-de-2021-en\"><em>Prisi\u00f3n o exilio: Represi\u00f3n sistem\u00e1tica contra las protestas de julio de 2021 en <\/em><\/a><em><u>Cuba<\/u><\/em>, informe, 11 de julio de 2022; Human Rights Watch, <a href=\"https:\/\/www.hrw.org\/es\/news\/2021\/10\/19\/cuba-detenciones-y-abusos-sistematicos-contra-manifestantes-pacificos\"><em>Cuba: Detenciones y abusos sistem\u00e1ticos contra manifestantes pac\u00edficos<\/em><\/a><em><u>, 19 de octubre de<\/u><\/em> <em><u>2021<\/u><\/em>; Raza e Igualdad, <a href=\"https:\/\/raceandequality.org\/wp-content\/uploads\/2022\/07\/CUBA_11J_15N_Espanol.pdf\"><em>\u00bfC\u00f3mo entender el 11J y 15N a la luz de los est\u00e1ndares internacionales de derechos humanos? Un enfoque intersecciona<\/em><em>l<\/em><em>,<\/em><\/a> marzo de 2022.<\/p>\n<p style=\"text-align: justify;\">2 V\u00e9ase <u>Cuba: <\/u><a href=\"https:\/\/www.eeas.europa.eu\/node\/99758_fr?page_lang=es\">Observaciones del Alto Representante\/ Vice-Presidente Josep Borrell en el Plenario del Parlamento Europeo, <\/a>8 de junio de 2021. 3 V\u00e9ase <a href=\"https:\/\/www.eeas.europa.eu\/eeas\/cuba-statement-spokesperson-case-jos%C3%A9-daniel-ferrer_en?page_lang=es\">Cuba: Declaraci\u00f3n del Portavoz sobre el caso de Jos\u00e9 Daniel Ferrer, <\/a>27 de febrero de 2020; <a href=\"https:\/\/www.europarl.europa.eu\/doceo\/document\/TA-9-2019-0073_ES.html\">Resoluci\u00f3n del Parlamento Europeo sobre<\/a> <a href=\"https:\/\/www.europarl.europa.eu\/doceo\/document\/TA-9-2019-0073_ES.html\">Cuba, en particular el caso de Jos\u00e9 Daniel Ferrer, <\/a>28 de noviembre de 2019.<\/p>\n","protected":false},"excerpt":{"rendered":"<p>Washington D.C., 23 de mayo de 2023 &#8211; Se\u00f1or Alto Representante Josep Borrell, en v\u00edsperas del pr\u00f3ximo Consejo Conjunto entre la Uni\u00f3n Europea (UE) y Cuba del 26 de mayo, [&hellip;]<\/p>\n","protected":false},"author":15,"featured_media":17005,"parent":0,"menu_order":0,"template":"","format":"standard","categories":[],"resources_country":[1193],"resources_language":[],"resources_audience":[],"resources_format":[],"resources_topic":[],"resources_year":[],"class_list":["post-17004","resources","type-resources","status-publish","format-standard","has-post-thumbnail","hentry","resources_country-cuba-es"],"acf":[],"aioseo_notices":[],"_links":{"self":[{"href":"https:\/\/raceandequality.org\/es\/wp-json\/wp\/v2\/resources\/17004","targetHints":{"allow":["GET"]}}],"collection":[{"href":"https:\/\/raceandequality.org\/es\/wp-json\/wp\/v2\/resources"}],"about":[{"href":"https:\/\/raceandequality.org\/es\/wp-json\/wp\/v2\/types\/resources"}],"author":[{"embeddable":true,"href":"https:\/\/raceandequality.org\/es\/wp-json\/wp\/v2\/users\/15"}],"wp:featuredmedia":[{"embeddable":true,"href":"https:\/\/raceandequality.org\/es\/wp-json\/wp\/v2\/media\/17005"}],"wp:attachment":[{"href":"https:\/\/raceandequality.org\/es\/wp-json\/wp\/v2\/media?parent=17004"}],"wp:term":[{"taxonomy":"category","embeddable":true,"href":"https:\/\/raceandequality.org\/es\/wp-json\/wp\/v2\/categories?post=17004"},{"taxonomy":"resources_country","embeddable":true,"href":"https:\/\/raceandequality.org\/es\/wp-json\/wp\/v2\/resources_country?post=17004"},{"taxonomy":"resources_language","embeddable":true,"href":"https:\/\/raceandequality.org\/es\/wp-json\/wp\/v2\/resources_language?post=17004"},{"taxonomy":"resources_audience","embeddable":true,"href":"https:\/\/raceandequality.org\/es\/wp-json\/wp\/v2\/resources_audience?post=17004"},{"taxonomy":"resources_format","embeddable":true,"href":"https:\/\/raceandequality.org\/es\/wp-json\/wp\/v2\/resources_format?post=17004"},{"taxonomy":"resources_topic","embeddable":true,"href":"https:\/\/raceandequality.org\/es\/wp-json\/wp\/v2\/resources_topic?post=17004"},{"taxonomy":"resources_year","embeddable":true,"href":"https:\/\/raceandequality.org\/es\/wp-json\/wp\/v2\/resources_year?post=17004"}],"curies":[{"name":"wp","href":"https:\/\/api.w.org\/{rel}","templated":true}]}}