{"id":17040,"date":"2023-05-31T21:58:07","date_gmt":"2023-05-31T21:58:07","guid":{"rendered":"https:\/\/racenadequapro.wpengine.com\/?post_type=resources&#038;p=17040"},"modified":"2023-07-30T22:03:52","modified_gmt":"2023-07-30T22:03:52","slug":"activistas-afrodescendientes-de-america-latina-y-el-caribe-se-toman-nueva-york-y-washington-d-c","status":"publish","type":"resources","link":"https:\/\/raceandequality.org\/es\/resources\/activistas-afrodescendientes-de-america-latina-y-el-caribe-se-toman-nueva-york-y-washington-d-c\/","title":{"rendered":"Activistas afrodescendientes de Am\u00e9rica Latina y el Caribe se toman Nueva York y Washington D.C."},"content":{"rendered":"<p style=\"text-align: justify;\"><strong>Washington D.C., 31 de mayo de 2023<\/strong> \u2013 En vista de la celebraci\u00f3n de la segunda sesi\u00f3n del <strong>Foro Permanente sobre los Afrodescendientes de las Naciones Unidas<\/strong> (PFPAD por sus siglas en ingles), que tendr\u00e1 lugar del 30 de mayo al 2 de junio en Nueva York (EE.UU.), organizaciones de mujeres afrodescendientes de Brasil, Colombia y Rep\u00fablica Dominicana han conformado una <strong>Delegaci\u00f3n de Justicia Racial<\/strong> para denunciar la violencia racial y de g\u00e9nero en Am\u00e9rica Latina.\u00a0 Con el apoyo del Instituto Internacional sobre Raza, Igualdad y Derechos Humanos (<strong>Raza e Igualdad<\/strong>) y la <strong>Alianza Negra para Poner Fin a la Violencia<\/strong> (Fundo Elas), la Delegaci\u00f3n de Justicia Racial tiene como objetivo resaltar la condici\u00f3n de las mujeres afrodescendientes y la urgente respuesta para obtener apoyo internacional en la construcci\u00f3n de agendas y proyectos para combatir, a trav\u00e9s de una perspectiva interseccional, las diferentes formas en que la violencia racista afecta la vida de las mujeres latinas.<\/p>\n<p style=\"text-align: justify;\">Adem\u00e1s, Raza e Igualdad junto con la Open Society Foundation est\u00e1n fomentando la participaci\u00f3n de otras 15 organizaciones representadas en su mayor\u00eda por mujeres afrodescendientes de Am\u00e9rica Latina y el Caribe en el Foro Permanente de los Afrodescendientes.\u00a0 Con esto, cerca de 30 organizaciones formar\u00e1n parte de esta Delegaci\u00f3n de Justicia Racial presente en el Foro en un llamado conjunto a la cooperaci\u00f3n internacional para poner fin a la violencia racial y de g\u00e9nero en las Am\u00e9ricas.\u00a0 El objetivo de esta delegaci\u00f3n es tambi\u00e9n preparar un informe con recomendaciones y opiniones sobre los per\u00edodos de sesiones primero y segundo del Foro Permanente, para ser presentado en el tercer per\u00edodo de sesiones, que est\u00e1 previsto que tenga lugar en Brasil en 2023.<\/p>\n<p style=\"text-align: justify;\">El Foro Permanente sobre los Afrodescendientes fue creado en 2021 gracias a la Resoluci\u00f3n 75\/314 de la Asamblea General de las Naciones Unidas, siendo un mecanismo consultivo con el prop\u00f3sito de contribuir a la lucha contra el racismo y la consolidaci\u00f3n de los derechos de la poblaci\u00f3n afrodescendiente, colaborando con el Consejo de Derechos Humanos y otros mecanismos de la ONU.\u00a0 La primera reuni\u00f3n tuvo lugar en diciembre de 2022 en Ginebra, Suiza, y durante el a\u00f1o 2023, adem\u00e1s de la pr\u00f3xima sesi\u00f3n en Nueva York, el mecanismo tiene previsto reunirse en diciembre en Brasil. El Foro Permanente sobre los Afrodescendientes se estableci\u00f3 entre las actividades de implementaci\u00f3n del Decenio Internacional de los Afrodescendientes, y est\u00e1 presidido por Epsy Campbell Bar, ex vicepresidenta de Costa Rica.<\/p>\n<p style=\"text-align: justify;\"><strong>Evento paralelo: Violencia racial y de g\u00e9nero en Am\u00e9rica Latina<\/strong><\/p>\n<p style=\"text-align: justify;\">El jueves 1 de junio, a la 1:15 p.m. (hora de Nueva York), en el Church Center de Naciones Unidas, se llevar\u00e1 a cabo el evento <strong>\u2018Violencia racial y de g\u00e9nero en Am\u00e9rica Latina\u2019<\/strong>, que har\u00e1 un llamado a los actores pol\u00edticos presentes en Nueva York, para que escuchen sobre la realidad de las mujeres negras y LBTI latinoamericanas. Con los conversatorios: &#8216;Derechos de las mujeres e interseccionalidad&#8217; y &#8216;La visi\u00f3n de la sociedad civil en la lucha contra la violencia de g\u00e9nero en Am\u00e9rica Latina&#8217;, este espacio, que se realizar\u00e1 en el marco del Foro Permanente de los Afrodescendientes, pretende contribuir a que las lideresas latinoamericanas dialoguen sobre los diferentes contextos en los que viven, lugares donde la brutalidad del racismo estructural es totalmente similar en t\u00e9rminos de discriminaci\u00f3n y violencia.<\/p>\n<p style=\"text-align: justify;\">Adem\u00e1s, la urgencia de abordar el tema de la violencia racial y de g\u00e9nero se basa en datos que apuntan a Am\u00e9rica Latina como una de las regiones m\u00e1s violentas del eje sur global, siendo la poblaci\u00f3n negra la principal afectada por la ausencia de pol\u00edticas espec\u00edficas. Por lo tanto, esta delegaci\u00f3n tiene como objetivo aportar en la construcci\u00f3n de la agenda y declaraci\u00f3n del Foro Permanente con un enfoque dirigido a combatir la violencia racial y de g\u00e9nero en Am\u00e9rica Latina. Junto con esto, establecer canales adecuados para la obtenci\u00f3n de datos desagregados para una mejor ejecuci\u00f3n y proposici\u00f3n de pol\u00edticas p\u00fablicas adecuadas a las realidades de las personas afrodescendientes, especialmente de las mujeres afrodescendientes.<\/p>\n<p style=\"text-align: justify;\"><strong>Semana de incidencia pol\u00edtica en Washington D.C.<\/strong><\/p>\n<p style=\"text-align: justify;\"><strong>\u00a0<\/strong>Con el fin de fortalecer y continuar el trabajo que se llevar\u00e1 a cabo en el Foro Permanente sobre los Afrodescendientes, del 5 al 7 de junio esta delegaci\u00f3n se dirigir\u00e1 a Washington D.C. All\u00ed, con el apoyo de organizaciones como la <em>Washington Brasil Office <\/em>(WBO) y <em>Black Women Radicals<\/em>, se reunir\u00e1n con representantes del Departamento de Estado y con organizaciones afronorteamericanas, como el <em>Black Caucus<\/em>. Tambi\u00e9n sostendr\u00e1n encuentros con misiones de la Organizaci\u00f3n de los Estados Americanos (OEA) y la Comisi\u00f3n Interamericana de Derechos Humanos (CIDH).<\/p>\n<p style=\"text-align: justify;\">Igualmente, la Delegaci\u00f3n de Justicia Racial actuar\u00e1 estrat\u00e9gicamente para la implementaci\u00f3n y fortalecimiento de tratados internacionales bilaterales entre sus pa\u00edses, como la Convenci\u00f3n Interamericana contra el Racismo, la Discriminaci\u00f3n Racial y Formas Conexas de Intolerancia (CIRDI),\u00a0 el Plan de Acci\u00f3n Conjunto para la Eliminaci\u00f3n de la Discriminaci\u00f3n Racial y \u00c9tnica y la Promoci\u00f3n de la Igualdad (JAPER), que acaba de ser reactivado entre Brasil y los Estados Unidos;\u00a0\u00a0 y el Plan de Acci\u00f3n entre los Estados Unidos\u00a0 y Colombia para la Igualdad Racial y \u00c9tnica (CAPREE).<\/p>\n<blockquote>\n<p style=\"text-align: justify;\">\u00abPara esta delegaci\u00f3n, es crucial que sean directamente las mujeres afrodescendientes quienes expongan sus realidades y recomendaciones para un cambio positivo porque ocupan un rol clave en la defensa de sus comunidades. Adem\u00e1s, el contexto de justicia racial en las Am\u00e9ricas es uno de los puntos de importancia para fomentar el intercambio entre organizaciones afrolatinoamericanas y afronorteamericanas\u201d, explica Elvia Duque, Oficial de Raza y Etnicidad de Raza e Igualdad.<\/p>\n<\/blockquote>\n<p style=\"text-align: justify;\">Para cerrar la semana de incidencia pol\u00edtica, tambi\u00e9n se llevar\u00e1 a cabo el 7 de junio, a partir de las 11 a.m. (hora Washington D.C), el evento <strong>Movimiento de Mujeres Afrolatinoamericanas en Washington D.C.<\/strong>, que se realizar\u00e1 en el centro de reuniones para mujeres afrodescendientes \u00ccP\u00c0D\u00c9. El conversatorio sobre estrategias de comunicaci\u00f3n y movilizaci\u00f3n contra el racismo y la violencia racial en las Am\u00e9ricas contar\u00e1 con las lideresas que conforman la delegaci\u00f3n.<\/p>\n<p style=\"text-align: justify;\"><strong>Agenda<\/strong><\/p>\n<p style=\"text-align: justify;\"><strong>Delegaci\u00f3n de Justicia Racial de Mujeres Afrodescendientes de Am\u00e9rica Latina y el Caribe<\/strong><\/p>\n<p style=\"text-align: justify;\"><strong>\u00a0<\/strong><strong>Foro Permanente de las Naciones Unidas sobre los Afrodescendientes \u2013 30 de mayo al 2 de junio en Nueva York<\/strong><\/p>\n<p style=\"text-align: justify;\"><em>Evento paralelo: Violencia racial y de g\u00e9nero en Am\u00e9rica Latina<\/em><\/p>\n<p style=\"text-align: justify;\">Jueves 1 de junio, 1:15 p.m. (hora de Nueva York),<\/p>\n<p style=\"text-align: justify;\">Lugar: UN Church Center &#8211; 777 United Nations Plaza, Nueva York, NY 10017.\u00a0 Situado a dos minutos a pie de la sede de la ONU.<\/p>\n<p style=\"text-align: justify;\"><strong>Semana de incidencia en Washington DC \u2013 5-7 de junio<\/strong><\/p>\n<p style=\"text-align: justify;\"><em>Evento: Movimiento de Mujeres Afrolatinoamericanas en Washington D.C.<\/em><\/p>\n<p style=\"text-align: justify;\">Mi\u00e9rcoles 7 de junio a las 11 a.m. (DC).<\/p>\n<p style=\"text-align: justify;\">Lugar: \u00ccP\u00c0D\u00c9 &#8211; 1734 20th St NW, Washington, DC 20009<\/p>\n","protected":false},"excerpt":{"rendered":"<p>Washington D.C., 31 de mayo de 2023 \u2013 En vista de la celebraci\u00f3n de la segunda sesi\u00f3n del Foro Permanente sobre los Afrodescendientes de las Naciones Unidas (PFPAD por sus [&hellip;]<\/p>\n","protected":false},"author":15,"featured_media":17046,"parent":0,"menu_order":0,"template":"","format":"standard","categories":[],"resources_country":[1189,1191,1195],"resources_language":[],"resources_audience":[],"resources_format":[],"resources_topic":[1117,1109],"resources_year":[],"class_list":["post-17040","resources","type-resources","status-publish","format-standard","has-post-thumbnail","hentry","resources_country-brasil","resources_country-colombia-es","resources_country-republica-dominicana","resources_topic-onu","resources_topic-raza-e-igualdad"],"acf":[],"aioseo_notices":[],"_links":{"self":[{"href":"https:\/\/raceandequality.org\/es\/wp-json\/wp\/v2\/resources\/17040","targetHints":{"allow":["GET"]}}],"collection":[{"href":"https:\/\/raceandequality.org\/es\/wp-json\/wp\/v2\/resources"}],"about":[{"href":"https:\/\/raceandequality.org\/es\/wp-json\/wp\/v2\/types\/resources"}],"author":[{"embeddable":true,"href":"https:\/\/raceandequality.org\/es\/wp-json\/wp\/v2\/users\/15"}],"wp:featuredmedia":[{"embeddable":true,"href":"https:\/\/raceandequality.org\/es\/wp-json\/wp\/v2\/media\/17046"}],"wp:attachment":[{"href":"https:\/\/raceandequality.org\/es\/wp-json\/wp\/v2\/media?parent=17040"}],"wp:term":[{"taxonomy":"category","embeddable":true,"href":"https:\/\/raceandequality.org\/es\/wp-json\/wp\/v2\/categories?post=17040"},{"taxonomy":"resources_country","embeddable":true,"href":"https:\/\/raceandequality.org\/es\/wp-json\/wp\/v2\/resources_country?post=17040"},{"taxonomy":"resources_language","embeddable":true,"href":"https:\/\/raceandequality.org\/es\/wp-json\/wp\/v2\/resources_language?post=17040"},{"taxonomy":"resources_audience","embeddable":true,"href":"https:\/\/raceandequality.org\/es\/wp-json\/wp\/v2\/resources_audience?post=17040"},{"taxonomy":"resources_format","embeddable":true,"href":"https:\/\/raceandequality.org\/es\/wp-json\/wp\/v2\/resources_format?post=17040"},{"taxonomy":"resources_topic","embeddable":true,"href":"https:\/\/raceandequality.org\/es\/wp-json\/wp\/v2\/resources_topic?post=17040"},{"taxonomy":"resources_year","embeddable":true,"href":"https:\/\/raceandequality.org\/es\/wp-json\/wp\/v2\/resources_year?post=17040"}],"curies":[{"name":"wp","href":"https:\/\/api.w.org\/{rel}","templated":true}]}}