{"id":17503,"date":"2023-09-21T15:56:25","date_gmt":"2023-09-21T15:56:25","guid":{"rendered":"https:\/\/raceandequality.org\/?post_type=resources&#038;p=17503"},"modified":"2023-10-04T15:37:28","modified_gmt":"2023-10-04T15:37:28","slug":"avances-investigativos-sobre-la-situacion-de-la-poblacion-afrovenezolana-en-el-contexto-migratorio-en-colombia","status":"publish","type":"resources","link":"https:\/\/raceandequality.org\/es\/resources\/avances-investigativos-sobre-la-situacion-de-la-poblacion-afrovenezolana-en-el-contexto-migratorio-en-colombia\/","title":{"rendered":"Avances investigativos sobre la situaci\u00f3n de la poblaci\u00f3n afrovenezolana en el contexto migratorio en Colombia"},"content":{"rendered":"<ul>\n<li><strong>Raza e Igualdad, el Proyecto Integra de USAID y el Observatorio Javeriano de Desigualdades, invitan a la socializaci\u00f3n y discusi\u00f3n acad\u00e9mica de la investigaci\u00f3n sobre la situaci\u00f3n de la poblaci\u00f3n afrovenezolana en contextos <\/strong><strong>migratorios en Colombia<\/strong><\/li>\n<li><strong>Se presentar\u00e1 la investigaci\u00f3n realizada por Raza e Igualdad acerca de la situaci\u00f3n de la poblaci\u00f3n afrovenezolana en contextos migratorios en Colombia.<\/strong><\/li>\n<li><strong>La actividad se llevar\u00e1 a cabo el lunes 25 de septiembre de 9:00 a.m. a 12:30 p.m. en el Auditorio Marino Troncoso, <\/strong><strong>de la Pontificia Universidad Javeriana.<\/strong><\/li>\n<\/ul>\n<p><strong>\u00a0<\/strong><\/p>\n<p><strong>Colombia, 21 de septiembre del 2023.<\/strong> Este lunes, 25 de septiembre, en el Auditorio Marino Troncoso, Edificio Fernando Bar\u00f3n, de la Pontificia Universidad Javeriana, se realizar\u00e1 la socializaci\u00f3n y discusi\u00f3n acad\u00e9mica de la investigaci\u00f3n sobre la situaci\u00f3n de la poblaci\u00f3n afrovenezolana en contextos migratorios en Colombia: an\u00e1lisis y recomendaciones para la aplicaci\u00f3n del enfoque \u00e9tnico-racial, trabajo adelantado por el Instituto sobre Raza, Igualdad y Derechos Humanos (Raza e Igualdad) en alianza con el Proyecto INTEGRA de USAID. Este espacio tiene como objetivo fomentar un intercambio multisectorial para socializar y discutir la investigaci\u00f3n realizada por Raza e Igualdad sobre la situaci\u00f3n de la poblaci\u00f3n afrovenezolana en contextos migratorios en Colombia. Adem\u00e1s, se busca analizar esta investigaci\u00f3n a la luz de otros procesos de investigaci\u00f3n e incidencia relacionados con las condiciones sociodemogr\u00e1ficas y socioecon\u00f3micas, el acceso, la promoci\u00f3n y la garant\u00eda de los derechos de las personas afrodescendientes provenientes de Venezuela en Colombia y la regi\u00f3n.<\/p>\n<p>Durante el evento se presentar\u00e1 el informe producido por Raza e Igualdad, en el marco del trabajo adelantado con el Proyecto INTEGRA de USAID, que tuvo como prop\u00f3sito generar recomendaciones para la inclusi\u00f3n del enfoque \u00e9tnico-racial en la oferta institucional migratoria y promover la garant\u00eda de sus derechos.<\/p>\n<p>Para lograr este objetivo se desarroll\u00f3 una investigaci\u00f3n cualitativa que identific\u00f3 informaci\u00f3n sociodemogr\u00e1fica, socioecon\u00f3mica y de experiencias de vida de la poblaci\u00f3n afrodescendiente venezolana que reside en Bogot\u00e1, C\u00facuta, Cali, Riohacha y Medell\u00edn.<\/p>\n<p>La investigaci\u00f3n utiliz\u00f3 la metodolog\u00eda de historias de vida para analizar c\u00f3mo, el g\u00e9nero, la pertenencia \u00e9tnico-racial y la sexualidad, afectan las trayectorias migratorias. El espacio de socializaci\u00f3n contar\u00e1 con la participaci\u00f3n de personas expertas en diferentes \u00e1reas. Entre ellas, contaremos con la intervenci\u00f3n de Margarette May Macaulay, Presidenta de la Comisi\u00f3n Interamericana de Derechos Humanos; Nadia Mosquera Muriel, Doctora en Estudios del Desarrollo, Universidad de Sussex (Reino Unido), investigadora del Centro de Estudios de G\u00e9nero y de la Mujer, Universidad de Texas en Austin (Estados Unidos); Paula Cer\u00f3n, Abogada especialista en Derecho Constitucional, Derecho Administrativo, Evaluadora de Indicadores Sociales y Master en Gesti\u00f3n P\u00fablica; Jhon Jairo Quinchua Ceballos, Profesor del Departamento de Estudios Sociales de la Escuela de Psicolog\u00eda, Intervenci\u00f3n y Comportamiento ICESI, integrante del Comit\u00e9 Administrativo del Centro de Estudios Afrodiasp\u00f3ricos\u00a0CEAF.; y Sth\u00e9panie L\u00f2pez Villamil, Doctora en Estudios Pol\u00edticos y Relaciones Internacionales y Polit\u00f3loga de la Universidad Nacional de Colombia, Mag\u00edster en Relaciones Internacionales del Instituto de Estudios Pol\u00edticos de Estrasburgo.<\/p>\n<p>Uno de los principales resultados de la investigaci\u00f3n es la escasez que hay de informaci\u00f3n sobre este grupo poblacional, lo que se deriva en su invisibilizaci\u00f3n y en la ausencia de datos para dise\u00f1ar pol\u00edticas y programas eficientes para atender sus necesidades espec\u00edficas. Adicionalmente, el estudio revel\u00f3 que las mujeres afrodescendientes, provenientes de Venezuela, sufren un continuo fen\u00f3meno de violencias basadas en g\u00e9nero que es transversal a su experiencia migratoria y se relaciona con estereotipos xen\u00f3fobos, racistas y de g\u00e9nero.<\/p>\n<p>Estas mujeres enfrentan dificultades para acceder a servicios de salud, justicia y a oportunidades laborales debido a la informalidad, feminizaci\u00f3n y racializaci\u00f3n del mercado laboral. Adem\u00e1s, la falta de confianza en las instituciones, el temor a las represalias por denunciar abusos, y la falta de recursos econ\u00f3micos impiden un adecuado acceso a justicia.<\/p>\n<p>En este contexto, se concluye que, resulta fundamental reconocer las diferencias \u00e9tnico-raciales en la producci\u00f3n de informaci\u00f3n sociodemogr\u00e1fica y socioecon\u00f3mica de las personas afrovenezolanas, considerando el contexto social, cultural y econ\u00f3mico de sus pa\u00edses de origen.<\/p>\n<p><strong>Una mirada desde el arte <\/strong><\/p>\n<p>Adicionalmente, en el evento se exhibir\u00e1 la exposici\u00f3n fotogr\u00e1fica \u201cMiradas afromigrantes: narrando desde adentro\u201d. Esta exposici\u00f3n busca dar visibilidad a la experiencia migratoria diferenciada de personas afrodescendientes venezolanas que se encuentran en Colombia, a trav\u00e9s de su propia perspectiva. El objetivo principal de esta iniciativa es fomentar y difundir la creaci\u00f3n de narrativas propias, basadas en las vivencias de las personas afrovenezolanas.<\/p>\n<p>Raza e Igualdad lleva a cabo acciones de investigaci\u00f3n, incidencia y litigio estrat\u00e9gico a nivel nacional e internacional desde las l\u00edneas de Justicia Racial y Movilidad Humana, con el objetivo de promover la protecci\u00f3n de los derechos de personas afrodescendientes, defensoras de los derechos humanos, personas en situaci\u00f3n migratoria, as\u00ed como de las v\u00edctimas de comunidades \u00e9tnicas del conflicto armado y de la violencia policial racista.<\/p>\n<p>&nbsp;<\/p>\n<p><strong>Contacto de prensa: <\/strong><\/p>\n<p>Pablo Su\u00e1rez \/ +57 3505824900 \/ <a href=\"mailto:periodista@raceandequality.org\">periodista@raceandequality.org<\/a><\/p>\n<p><strong>\u00a0<\/strong><\/p>\n<p><strong>Vocer\u00edas: <\/strong><\/p>\n<p>Sofia Mu\u00f1oz \/ +57 312 3233157<\/p>\n<p>Lina Mar\u00eda Vel\u00e1squez \/ +57 318 2598076<\/p>\n<p>&nbsp;<\/p>\n","protected":false},"excerpt":{"rendered":"<p>Raza e Igualdad, el Proyecto Integra de USAID y el Observatorio Javeriano de Desigualdades, invitan a la socializaci\u00f3n y discusi\u00f3n acad\u00e9mica de la investigaci\u00f3n sobre la situaci\u00f3n de la poblaci\u00f3n afrovenezolana en contextos migratorios en Colombia.<\/p>\n","protected":false},"author":10,"featured_media":17508,"parent":0,"menu_order":0,"template":"","format":"standard","categories":[1154,1175],"resources_country":[1191],"resources_language":[],"resources_audience":[],"resources_format":[],"resources_topic":[1096],"resources_year":[],"class_list":["post-17503","resources","type-resources","status-publish","format-standard","has-post-thumbnail","hentry","category-espanol","category-movilidad-humana","resources_country-colombia-es","resources_topic-movilidad-humana"],"acf":[],"aioseo_notices":[],"_links":{"self":[{"href":"https:\/\/raceandequality.org\/es\/wp-json\/wp\/v2\/resources\/17503","targetHints":{"allow":["GET"]}}],"collection":[{"href":"https:\/\/raceandequality.org\/es\/wp-json\/wp\/v2\/resources"}],"about":[{"href":"https:\/\/raceandequality.org\/es\/wp-json\/wp\/v2\/types\/resources"}],"author":[{"embeddable":true,"href":"https:\/\/raceandequality.org\/es\/wp-json\/wp\/v2\/users\/10"}],"wp:featuredmedia":[{"embeddable":true,"href":"https:\/\/raceandequality.org\/es\/wp-json\/wp\/v2\/media\/17508"}],"wp:attachment":[{"href":"https:\/\/raceandequality.org\/es\/wp-json\/wp\/v2\/media?parent=17503"}],"wp:term":[{"taxonomy":"category","embeddable":true,"href":"https:\/\/raceandequality.org\/es\/wp-json\/wp\/v2\/categories?post=17503"},{"taxonomy":"resources_country","embeddable":true,"href":"https:\/\/raceandequality.org\/es\/wp-json\/wp\/v2\/resources_country?post=17503"},{"taxonomy":"resources_language","embeddable":true,"href":"https:\/\/raceandequality.org\/es\/wp-json\/wp\/v2\/resources_language?post=17503"},{"taxonomy":"resources_audience","embeddable":true,"href":"https:\/\/raceandequality.org\/es\/wp-json\/wp\/v2\/resources_audience?post=17503"},{"taxonomy":"resources_format","embeddable":true,"href":"https:\/\/raceandequality.org\/es\/wp-json\/wp\/v2\/resources_format?post=17503"},{"taxonomy":"resources_topic","embeddable":true,"href":"https:\/\/raceandequality.org\/es\/wp-json\/wp\/v2\/resources_topic?post=17503"},{"taxonomy":"resources_year","embeddable":true,"href":"https:\/\/raceandequality.org\/es\/wp-json\/wp\/v2\/resources_year?post=17503"}],"curies":[{"name":"wp","href":"https:\/\/api.w.org\/{rel}","templated":true}]}}