{"id":17586,"date":"2023-10-09T15:57:25","date_gmt":"2023-10-09T15:57:25","guid":{"rendered":"https:\/\/raceandequality.org\/?post_type=resources&#038;p=17586"},"modified":"2023-10-09T15:57:25","modified_gmt":"2023-10-09T15:57:25","slug":"derechos-lgbti-en-brasil","status":"publish","type":"resources","link":"https:\/\/raceandequality.org\/es\/resources\/derechos-lgbti-en-brasil\/","title":{"rendered":"Derechos LGBTI+ en Brasil: Impresiones tras la visita de Roberta Clarke, Relatora de la CIDH"},"content":{"rendered":"<p><strong>Brasil, 09 de octubre de 2023 \u2013 <\/strong>En una visita promocional a Brasil facilitada por el Instituto sobre Raza, Igualdad y Derechos Humanos (Raza e Igualdad), <strong>Roberta Clarke, Relatora sobre los Derechos de las Personas LGBTI de la Comisi\u00f3n Interamericana de Derechos Humanos (CIDH)<\/strong>, tuvo la oportunidad de dialogar con organizaciones de la sociedad civil y activistas LGBTI+ de Brasilia, Fortaleza y R\u00edo de Janeiro. Durante la visita, que tuvo lugar del 18 al 22 de septiembre, la Relatora de la CIDH pudo seguir de cerca la realidad de la poblaci\u00f3n LGBTI+ brasile\u00f1a, que, en medio de avances y retrocesos, se mantiene unida como movimiento social y en la lucha por la preservaci\u00f3n de los derechos conquistados.<\/p>\n<p>La trayectoria de la visita de Roberta Clarke m\u00e1s all\u00e1 del eje R\u00edo-S\u00e3o Paulo fue una estrategia adoptada por Raza e Igualdad despu\u00e9s de varias audiencias de la sociedad civil, que constantemente reclam\u00f3 atenci\u00f3n a las diferentes realidades de la poblaci\u00f3n LGBTI+ en el pa\u00eds. As\u00ed, con el apoyo del Ministerio de Derechos Humanos, a trav\u00e9s de la Secretaria Nacional de Derechos de las Personas LGBTQIA+, Symmy Larrat, la ciudad de Brasilia fue crucial para los encuentros con las oficinas ministeriales y con el movimiento LGBTI+ en el Distrito Federal. Cabe mencionar que el estado de Cear\u00e1 \u2014 uno de los primeros en la lista de asesinatos de personas LGBTI+, sobre todo de personas trans, seg\u00fan el<a href=\"https:\/\/antrabrasil.org\/assassinatos\/\">\u00a0 dossier de la <\/a>\u00a0Asociaci\u00f3n Nacional de Travestis y Transexuales (ANTRA) \u2014 tambi\u00e9n form\u00f3 parte del gui\u00f3n de una escucha activa con activistas de la regi\u00f3n nordeste, y por contar con la Unidad Penitenciaria Hermana Imelda Lima Pontes,\u00a0 dirigida exclusivamente a la poblaci\u00f3n carcelaria LGBTI+.<\/p>\n<p>Reconociendo que a\u00fan es demasiado pronto para sacar opiniones y conclusiones sobre la visita de la Relatora LGBTI al pa\u00eds, Raza e Igualdad trae a su audiencia un panorama de las impresiones compartidas por Roberta Clarke despu\u00e9s de conversar con m\u00e1s de 15 organizaciones del movimiento LGBTI+ en los estados visitados. Las impresiones de la Relatora sobre la situaci\u00f3n de la poblaci\u00f3n LGBTI+ en el pa\u00eds tambi\u00e9n fueron reportadas durante el evento p\u00fablico realizado en R\u00edo de Janeiro; <em>\u00abConstruyendo puentes: los derechos de las personas LGBTI+ en una perspectiva interseccional\u00bb,<\/em> realizado por Raza e Igualdad.<\/p>\n<p>Durante la semana en la que la Comisionada estuvo en Brasil, dos agendas sobre derechos LGBTI+ \u2014 ya conquistadas \u2014 estuvieron en discusi\u00f3n a nivel nacional. Una de ellas se refiere al matrimonio civil igualitario, el cual, debido a la inserci\u00f3n del avance de pol\u00edticos de extrema derecha en el Congreso Nacional, ha vuelto a ser cuestionado en su vigencia. Desde 2011 y 2013, la Corte Suprema (STF) y el Consejo Nacional de Justicia (CNJ) equiparan <a href=\"https:\/\/www.brasildefato.com.br\/2023\/09\/29\/adiada-votacao-que-pode-proibir-casamentos-homoafetivos-e-puxada-por-intolerancia-e-desumanidade\">\u00a0las uniones civiles entre personas del mismo sexo<\/a> con las uniones civiles heteroafectivas; sin embargo, el Proyecto de Ley N.\u00ba 5.167\/2009 pretende anular este derecho. Aunque se ha pospuesto dos veces por la presi\u00f3n de los diputados LGBTI+, la votaci\u00f3n sigue suspendida, pero podr\u00eda volver al orden del d\u00eda en el Senado. La otra agenda que se discuti\u00f3 se refiere a una manipulaci\u00f3n orquestada tambi\u00e9n por la creciente ideolog\u00eda antig\u00e9nero que cre\u00f3 un movimiento para atacar el uso de ba\u00f1os unisex. El fomento de la intolerancia por parte de los actores pol\u00edticos conservadores cre\u00f3 la falsa idea de que se trataba de una agenda urgente que deb\u00eda ser votada.<\/p>\n<p>Estos hechos, para la Comisionada, reflejaron otra realidad brasile\u00f1a, ya que entre los pa\u00edses de la regi\u00f3n, Brasil se destaca entre los que m\u00e1s han avanzado en materia de derechos LGBTI+. Al respecto, Roberta Clarke expres\u00f3 su preocupaci\u00f3n por lo que est\u00e1 ocurriendo en el pa\u00eds y, en particular, por el tema de la violencia pol\u00edtica basada en g\u00e9nero, tema que ha sido denunciado reiteradamente ante la CIDH. Para ella, la propagaci\u00f3n de los discursos de odio y el crecimiento del movimiento antig\u00e9nero lleva a la necesidad de reflexionar y trabajar juntos entre el movimiento social y los l\u00edderes LGBTI+. Es decir, organizarse estrat\u00e9gicamente para entender cu\u00e1ndo vale la pena dedicar esfuerzos a los ataques de los conservadores que solo pretenden difundir noticias falsas para desmantelar la sociedad civil e interrumpir el avance de la agenda pol\u00edtica LGBTI+.<\/p>\n<p>Ante estos retrocesos, la Comisionada mostr\u00f3 su solidaridad y destac\u00f3 que la posibilidad de haber vivido diferentes contextos a lo largo del pa\u00eds le hizo comprender, de manera interseccional, los diversos tipos de violencia que afectan de manera diferenciada a la comunidad LGBTI+. Si bien se reconoce el progreso logrado a trav\u00e9s de la lucha hist\u00f3rica por la visibilidad y los derechos, escuchar atentamente a los activistas revel\u00f3 que a\u00fan queda mucho por hacer. El momento actual en el pa\u00eds ha demostrado la existencia de una fuerte presi\u00f3n por parte de la extrema derecha para destruir los avances alcanzados a trav\u00e9s de las pol\u00edticas de igualdad de g\u00e9nero y el reconocimiento de los derechos LGBTI+, y c\u00f3mo a trav\u00e9s de la difusi\u00f3n de discursos de odio, las personas trans se sienten cada vez m\u00e1s amenazadas y sin acceso a derechos b\u00e1sicos.<\/p>\n<p>As\u00ed, Roberta reafirm\u00f3 el compromiso de la CIDH de estar atentos a lo que suceder\u00e1 en el pa\u00eds en los pr\u00f3ximos meses, dado que Brasil es un pa\u00eds de dimensi\u00f3n continental y lo que sucede en su territorio tiene una incidencia pol\u00edtica en toda la regi\u00f3n.<\/p>\n<p>En medio de su di\u00e1logo con el movimiento social, la Relatora expres\u00f3 su preocupaci\u00f3n por las dificultades reportadas en la documentaci\u00f3n requerida para el proceso de rectificaci\u00f3n civil de nombre y g\u00e9nero; las diversas formas de violencia contra las mujeres lesbianas y la brecha en la provisi\u00f3n de pol\u00edticas p\u00fablicas que respondan a sus especificidades, desde la falta de recolecci\u00f3n de datos hasta la ausencia de pol\u00edticas de salud. Adem\u00e1s, las mujeres lesbianas denunciaron con fuerza la exclusi\u00f3n social que experimentan cuando muestran afecto en p\u00fablico, pr\u00e1cticas \u201ccorrectivas\u201d de violaci\u00f3n y \u201cterapias\u201d de conversi\u00f3n, adem\u00e1s de ser expulsadas de sus hogares cuando asumen su orientaci\u00f3n sexual.<\/p>\n<p>Desde la conversaci\u00f3n con transmasculinos y transmasculines, la Comisionada pudo percibir c\u00f3mo la violencia a la que se enfrentan entre ellos\/elles est\u00e1 atravesada principalmente por cuestiones de raza, clase y territorio, especialmente en lo que respecta a la violencia policial. En Cear\u00e1, el tema de la educaci\u00f3n fue un lema importante entre les activistas LGBTI+, destacando la necesidad de pol\u00edticas de inclusi\u00f3n escolar, ya que muchos estudiantes LGBTI+ abandonan sus instituciones educativas, ya sea por LGBTIfobia, bullying, falta de respeto a la identidad de g\u00e9nero, entre otras formas de discriminaci\u00f3n, y ni siquiera completan la escuela primaria. En este contexto, el 19 de septiembre, el Consejo Nacional por los Derechos de la Poblaci\u00f3n LGBTQIA+ public\u00f3 una <a href=\"https:\/\/g1.globo.com\/politica\/noticia\/2023\/09\/22\/resolucao-do-governo-federal-propoe-diretrizes-para-adocao-de-nome-social-em-escolas.ghtml\">resoluci\u00f3n<\/a> que establece lineamientos para garantizar la inclusi\u00f3n y el respeto a la identidad de g\u00e9nero en las instituciones educativas.<\/p>\n<p>En Brasilia, adem\u00e1s de la agenda con las oficinas ministeriales, Roberta Clarke se reuni\u00f3 con la junta directiva del Consejo Nacional LGBTQIA+ y tuvo la oportunidad de conocer las demandas actuales de la agenda pol\u00edtica LGBTI+, con vistas al nuevo momento de la democracia en el pa\u00eds. El encuentro con activistas de la regi\u00f3n se llev\u00f3 a cabo en el Distrito Drag con una mesa redonda en la que se trataron temas como la necesidad de pol\u00edticas de asistencia social para la poblaci\u00f3n LGBTI+, como la promoci\u00f3n de albergues y el acceso a la salud para la poblaci\u00f3n trans en el tema hospitalario.<\/p>\n<p>Durante su visita a R\u00edo de Janeiro, la Comisionada recibi\u00f3 un informe de la Articulaci\u00f3n L\u00e9sbica Brasile\u00f1a (ABL) sobre la situaci\u00f3n de las mujeres lesbianas en el pa\u00eds; y recibi\u00f3 el &#8216;Dossier sobre el Lesbocidio&#8217;, despu\u00e9s de hablar con una de las autoras. Adem\u00e1s, se le entregaron los dosieres sobre asesinatos y violencia contra travestis y transexuales brasile\u00f1os en 2022; y el dossier &#8216;Trans Brasil&#8217;, sobre su situaci\u00f3n en el sistema penitenciario, ambos documentos producidos por ANTRA.<\/p>\n<p>Finalmente, Raza e Igualdad agradece profundamente al movimiento LGBTI+ brasile\u00f1o que moviliz\u00f3 a activistas de diferentes regiones del pa\u00eds para que pudieran transmitir a la Relatora de la CIDH sus experiencias de vida y sus trayectorias de luchas por derechos en un pa\u00eds donde ser y existir como persona LGBTI+ es un acto de valent\u00eda. Asimismo, agradecemos a la CIDH por aceptar nuestra invitaci\u00f3n y dialogar con el movimiento civil LGBTI brasile\u00f1o. En vista de nuestra misi\u00f3n, alentar la llegada de relatores y expertos de los mecanismos internacionales es un paso m\u00e1s para garantizar la visibilidad, la no discriminaci\u00f3n y la plena realizaci\u00f3n de los derechos humanos. Por lo tanto, solicitamos a la CIDH que considere las siguientes recomendaciones al Estado brasile\u00f1o:<\/p>\n<p>1 \u2013 Creaci\u00f3n de un Consejo Nacional para enfrentar los discursos de odio y la difusi\u00f3n de noticias falsas con un sesgo interseccional, ante la violencia y los ataques que sufre la poblaci\u00f3n LGBTI+ en el pa\u00eds;<\/p>\n<p>2 \u2013 Establecimiento de pol\u00edticas y proyectos de ley que garanticen constitucionalmente el matrimonio igualitario entre personas del mismo sexo, adem\u00e1s de garantizar la seguridad de las personas trans en los ba\u00f1os p\u00fablicos de acuerdo con sus identidades de g\u00e9nero y la pluralidad de ba\u00f1os unisex;<\/p>\n<p>3 \u2013 Recolecci\u00f3n de datos desagregados sobre la poblaci\u00f3n LGBTI+, ya sea a trav\u00e9s del Censo Nacional o a trav\u00e9s de encuestas que promuevan la creaci\u00f3n de pol\u00edticas p\u00fablicas espec\u00edficas para esta poblaci\u00f3n.<\/p>\n<p>4 \u2013 Pol\u00edticas de capacitaci\u00f3n y educaci\u00f3n dirigidas a las fuerzas de seguridad p\u00fablica para que puedan garantizar la seguridad de las personas LGBTI+ brasile\u00f1as.<\/p>\n<p>5 &#8211; Construcci\u00f3n de una pol\u00edtica para enfrentar la violencia pol\u00edtica basada en g\u00e9nero, con la provisi\u00f3n de medidas para proteger a las parlamentarias LGBTI+.<\/p>\n<p>&nbsp;<\/p>\n","protected":false},"excerpt":{"rendered":"<p>Brasil, 09 de octubre de 2023 \u2013 En una visita promocional a Brasil facilitada por el Instituto sobre Raza, Igualdad y Derechos Humanos (Raza e Igualdad), Roberta Clarke, Relatora sobre [&hellip;]<\/p>\n","protected":false},"author":9,"featured_media":17587,"parent":0,"menu_order":0,"template":"","format":"standard","categories":[1165,1160,1162,1154,1172],"resources_country":[1189],"resources_language":[],"resources_audience":[],"resources_format":[],"resources_topic":[1091,1100,1097,1111,1104,1115,1113,1109],"resources_year":[],"class_list":["post-17586","resources","type-resources","status-publish","format-standard","has-post-thumbnail","hentry","category-blog-es","category-brazil-es","category-cidh","category-espanol","category-lgbti","resources_country-brasil","resources_topic-afrodescendientes","resources_topic-cidh","resources_topic-derechos-humanos","resources_topic-discriminacion-racial","resources_topic-lgbti-es","resources_topic-personas-trans","resources_topic-racismo","resources_topic-raza-e-igualdad"],"acf":[],"aioseo_notices":[],"_links":{"self":[{"href":"https:\/\/raceandequality.org\/es\/wp-json\/wp\/v2\/resources\/17586","targetHints":{"allow":["GET"]}}],"collection":[{"href":"https:\/\/raceandequality.org\/es\/wp-json\/wp\/v2\/resources"}],"about":[{"href":"https:\/\/raceandequality.org\/es\/wp-json\/wp\/v2\/types\/resources"}],"author":[{"embeddable":true,"href":"https:\/\/raceandequality.org\/es\/wp-json\/wp\/v2\/users\/9"}],"wp:featuredmedia":[{"embeddable":true,"href":"https:\/\/raceandequality.org\/es\/wp-json\/wp\/v2\/media\/17587"}],"wp:attachment":[{"href":"https:\/\/raceandequality.org\/es\/wp-json\/wp\/v2\/media?parent=17586"}],"wp:term":[{"taxonomy":"category","embeddable":true,"href":"https:\/\/raceandequality.org\/es\/wp-json\/wp\/v2\/categories?post=17586"},{"taxonomy":"resources_country","embeddable":true,"href":"https:\/\/raceandequality.org\/es\/wp-json\/wp\/v2\/resources_country?post=17586"},{"taxonomy":"resources_language","embeddable":true,"href":"https:\/\/raceandequality.org\/es\/wp-json\/wp\/v2\/resources_language?post=17586"},{"taxonomy":"resources_audience","embeddable":true,"href":"https:\/\/raceandequality.org\/es\/wp-json\/wp\/v2\/resources_audience?post=17586"},{"taxonomy":"resources_format","embeddable":true,"href":"https:\/\/raceandequality.org\/es\/wp-json\/wp\/v2\/resources_format?post=17586"},{"taxonomy":"resources_topic","embeddable":true,"href":"https:\/\/raceandequality.org\/es\/wp-json\/wp\/v2\/resources_topic?post=17586"},{"taxonomy":"resources_year","embeddable":true,"href":"https:\/\/raceandequality.org\/es\/wp-json\/wp\/v2\/resources_year?post=17586"}],"curies":[{"name":"wp","href":"https:\/\/api.w.org\/{rel}","templated":true}]}}