{"id":17795,"date":"2023-11-20T16:26:15","date_gmt":"2023-11-20T16:26:15","guid":{"rendered":"https:\/\/raceandequality.org\/?post_type=resources&#038;p=17795"},"modified":"2023-11-20T16:26:15","modified_gmt":"2023-11-20T16:26:15","slug":"memoria-trans-el-colonialismo-y-la-resistencia-trans","status":"publish","type":"resources","link":"https:\/\/raceandequality.org\/es\/resources\/memoria-trans-el-colonialismo-y-la-resistencia-trans\/","title":{"rendered":"Memoria Trans: el colonialismo y la resistencia trans"},"content":{"rendered":"<p><strong>Washington D.C., 20 de noviembre de 2022.\u2013<\/strong> Hoy, en el D\u00eda de la Memoria Trans, es importante reflexionar sobre la memoria de las personas trans y de g\u00e9nero diverso, su proceso de construcci\u00f3n y la lucha por recuperar sus historias y memoria que fueron borradas por el colonialismo. Por ello, el Instituto sobre Raza, Igualdad y Derechos Humanos (Raza e Igualdad) se suma a la conmemoraci\u00f3n de esta fecha y le preguntamos a varias personas trans y de g\u00e9nero diverso de Latinoam\u00e9rica sobre qu\u00e9 representa el colonialismo en la memoria trans y c\u00f3mo rescata su historia.<\/p>\n<p>El Experto Independiente, Victor Madrigal-Borloz, present\u00f3 hace poco el \u00faltimo informe de su mandato enfocado sobre sobre el impacto del colonialismo como una de las causas fundamentales de la violencia y la discriminaci\u00f3n basada en la orientaci\u00f3n sexual y la identidad de g\u00e9nero (<a href=\"https:\/\/documents-dds-ny.un.org\/doc\/UNDOC\/GEN\/N23\/218\/50\/PDF\/N2321850.pdf?OpenElement\">A\/78\/227<\/a>), y c\u00f3mo ello ha llevado a generar una memoria estigmatizada y binaria de las poblaciones trans en Latinoam\u00e9rica.<\/p>\n<p>La historia latinoamericana est\u00e1 llena de ejemplos de c\u00f3mo en la regi\u00f3n siempre rescata sus memorias y busca nuevas formas de hacer memoria. En los \u00faltimos a\u00f1os, tambi\u00e9n las personas trans y LGBTI+ en general luchan para recuperar, resignificar y recordar su historia. A\u00fan m\u00e1s, despu\u00e9s de los despu\u00e9s de los conflictos armados y las dictaduras que produjeron el borramiento de las violaciones de derechos humanos contra la poblaci\u00f3n LGBTI+. Sin embargo, cumplir con esta tarea de recuperar la memoria nos remonta al inicio de los procesos violentos que arrebataron las identidades a muchos pueblos durante la ocupaci\u00f3n colonizadora.<\/p>\n<p>Como el informe indica, la colonizaci\u00f3n fue un proceso de imposici\u00f3n de sistemas de diferenciaci\u00f3n, jerarquizaci\u00f3n y dominaci\u00f3n de parte de una potencia colonizadora hacia pueblos ind\u00edgenas. Adem\u00e1s, sugiere que, tras el proceso de descolonizaci\u00f3n, se mantiene una especie de continuaci\u00f3n del proyecto colonial que sigue discriminando y violentando a personas trans, cuando antes de la colonizaci\u00f3n, muchos pueblos no utilizaban un enfoque binario del g\u00e9nero ni correlacionaban la anatom\u00eda con la identidad de g\u00e9nero, que las jerarqu\u00edas sociales no depend\u00edan del g\u00e9nero, en determinados pueblos las personas eran de g\u00e9nero fluido y alternaban roles masculinos y femeninos, hab\u00edan numerosas conductas sexuales y de la fluidez de la expresi\u00f3n de g\u00e9nero, que abarcan desde las relaciones homosexuales hasta las identidades transg\u00e9nero y el travestismo<a href=\"#_ftn1\" name=\"_ftnref1\">[1]<\/a>.<\/p>\n<p>Como consecuencia del colonialismo que propag\u00f3 estrictos est\u00e1ndares binarios, la violencia por raz\u00f3n de identidad de g\u00e9nero plaga la regi\u00f3n, hoy vemos cifras alarmantes del Observatorio de Personas Trans Asesinadas (TMM, por sus siglas en ingl\u00e9s) de TGEU, el cual indica que entre el 1 de octubre de 2022 y el 30 de septiembre de 2023, hubo\u00a0320 asesinatos en todo el mundo, de los cuales 235 ocurrieron en Latinoam\u00e9rica y el Caribe<a href=\"#_ftn2\" name=\"_ftnref2\">[2]<\/a>.<\/p>\n<p>Bicky Boh\u00f3rquez, desde su experiencia como mujer trans negra y activista de Fundaci\u00f3n Afrodescendiente por las Diversidades Sociales y Sexuales \u2013 Somos Identidad menciona que la imposici\u00f3n de la religiosidad cisheteronormada es una de las manifestaciones coloniales que se mantienen hasta la fecha en Colombia.<\/p>\n<p>\u201cLa conversi\u00f3n religiosa, la imposici\u00f3n de un binarismo de g\u00e9nero r\u00edgido a los pueblos colonizados y la criminalizaci\u00f3n de la diversidad sexual y de g\u00e9nero fueron estrategias de control de la opresi\u00f3n colonial\u201d, como se\u00f1ala el informe en l\u00ednea con lo dicho por Athiany Larios, mujer trans feminista y activista de derechos humanos de Nicaragua: \u201cEl colonialismo sigue tan vigente como en un principio. Mucho disque expertos y sicolog\u00eda descalifican el sentir y nos califican de locos aberrantes con ideas oscuras cuasi demon\u00edacas. Se nos ha educado y ense\u00f1ado bajo un esquema mis\u00f3gino machista patriarcal sobre lo que es ser hombre y mujer\u201d, se\u00f1ala.<\/p>\n<p>En el caso de Per\u00fa, aunque en las artesan\u00edas de las culturas mochica y chim\u00fa ya representaban comportamientos sexuales y afectivas homosexuales como parte de su cotidianidad, hoy en d\u00eda en Per\u00fa las relaciones de personas con el mismo g\u00e9nero son discriminadas.<\/p>\n<p>Algo revelador es que parte de las repercusiones que dej\u00f3 el colonialismo \u2013como se\u00f1ala el informe del Experto Independiente- son las siglas LGBTI, las cuales no pueden captar por completo la diversidad de sexualidades y g\u00e9neros que experimentan las personas de la diversidad sexual. Adem\u00e1s, en algunos pa\u00edses siguen vigentes las leyes parecidas a las que potencias coloniales utilizaron para imponer normas binarias de g\u00e9nero.<\/p>\n<p>\u201cNo somos nada, siempre nos censuran y cuando vamos a buscar empleo nos dicen que no hay, y si nos aceptan hay que ir vestidos como dicen ellos que dios nos trajo al mundo. Yo en lo personal no estoy de acuerdo con las leyes y las cosas que pasan en este pa\u00eds con respeto a las personas trans.\u00a0 Nosotros como las dem\u00e1s personas, somos seres humanos, pensamos, tenemos sue\u00f1os, y deseos de que se nos escuche\u201d, Carlos Hern\u00e1ndez, un hombre trans cubano que coordina el proyecto social e independiente Por siempre Trans.<\/p>\n<p>En ese sentido, Raza e Igualdad realiza las siguientes recomendaciones a los Estados a fin de respetar y garantizar los derechos de todas las personas\u00a0trans:<\/p>\n<ul>\n<li>Adoptar las leyes y pol\u00edticas necesarias para modificar el nombre y g\u00e9nero de los documentos oficiales de identificaci\u00f3n a fin de garantizar el\u00a0reconocimiento, respeto e inclusi\u00f3n de las personas trans y de g\u00e9nero diverso en l\u00ednea a los est\u00e1ndares de la Opini\u00f3n Consultiva 24\/17.<\/li>\n<li>Recolectar datos\u00a0de forma sistem\u00e1tica sobre hechos de violencia y asesinatos contra personas trans y de g\u00e9nero diverso, desagregados por identidad de g\u00e9nero, orientaci\u00f3n sexual, identidad \u00e9tnico-racial y edad.<\/li>\n<li>Contar con una pol\u00edtica p\u00fablica de enfoque de g\u00e9nero en las investigaciones sobre violencia y asesinatos contra personas trans y de g\u00e9nero diverso, el respeto el nombre social, la identidad de la persona, as\u00ed como al establecimiento de garant\u00edas de no repetici\u00f3n.<\/li>\n<li>Monitorear y sancionar p\u00fablicamente los discursos transf\u00f3bicos\u00a0reproducidos en las instituciones p\u00fablicas, privadas y en medios de comunicaci\u00f3n que incurren en llamados a la discriminaci\u00f3n y violencia contra la poblaci\u00f3n trans y de g\u00e9nero diverso.<\/li>\n<li>Promover a trav\u00e9s de la institucionalidad y canales oficiales una\u00a0campa\u00f1a para\u00a0educar y sensibilizar\u00a0sobre la orientaci\u00f3n sexual e identidad de g\u00e9nero a la poblaci\u00f3n en general, funcionarios p\u00fablicos\u00a0y personal de servicios p\u00fablicos, con miras a generar un contexto de reconocimiento y respeto de la integridad y vida de las personas trans y de g\u00e9nero diverso.<\/li>\n<\/ul>\n<p><a href=\"#_ftnref1\" name=\"_ftn1\">[1]<\/a> ONU (2023). Informe <a href=\"https:\/\/documents-dds-ny.un.org\/doc\/UNDOC\/GEN\/N23\/218\/50\/PDF\/N2321850.pdf?OpenElement\">A\/78\/227<\/a>. Disponible en <a href=\"https:\/\/documents-dds-ny.un.org\/doc\/UNDOC\/GEN\/N23\/218\/50\/pdf\/N2321850.pdf?OpenElement\">https:\/\/documents-dds-ny.un.org\/doc\/UNDOC\/GEN\/N23\/218\/50\/pdf\/N2321850.pdf?OpenElement<\/a><\/p>\n<p><a href=\"#_ftnref2\" name=\"_ftn2\">[2]<\/a> Observatorio de Personas Trans Asesinadas (TMM) 2023 de Transgender Europe (TGEU). Disponible en <a href=\"https:\/\/transrespect.org\/es\/trans-murder-monitoring-2023\/\">https:\/\/transrespect.org\/es\/trans-murder-monitoring-2023\/<\/a><\/p>\n","protected":false},"excerpt":{"rendered":"<p>Washington D.C., 20 de noviembre de 2022.\u2013 Hoy, en el D\u00eda de la Memoria Trans, es importante reflexionar sobre la memoria de las personas trans y de g\u00e9nero diverso, su [&hellip;]<\/p>\n","protected":false},"author":13,"featured_media":17799,"parent":0,"menu_order":0,"template":"","format":"standard","categories":[],"resources_country":[],"resources_language":[],"resources_audience":[],"resources_format":[],"resources_topic":[1104,1115],"resources_year":[],"class_list":["post-17795","resources","type-resources","status-publish","format-standard","has-post-thumbnail","hentry","resources_topic-lgbti-es","resources_topic-personas-trans"],"acf":[],"aioseo_notices":[],"_links":{"self":[{"href":"https:\/\/raceandequality.org\/es\/wp-json\/wp\/v2\/resources\/17795","targetHints":{"allow":["GET"]}}],"collection":[{"href":"https:\/\/raceandequality.org\/es\/wp-json\/wp\/v2\/resources"}],"about":[{"href":"https:\/\/raceandequality.org\/es\/wp-json\/wp\/v2\/types\/resources"}],"author":[{"embeddable":true,"href":"https:\/\/raceandequality.org\/es\/wp-json\/wp\/v2\/users\/13"}],"wp:featuredmedia":[{"embeddable":true,"href":"https:\/\/raceandequality.org\/es\/wp-json\/wp\/v2\/media\/17799"}],"wp:attachment":[{"href":"https:\/\/raceandequality.org\/es\/wp-json\/wp\/v2\/media?parent=17795"}],"wp:term":[{"taxonomy":"category","embeddable":true,"href":"https:\/\/raceandequality.org\/es\/wp-json\/wp\/v2\/categories?post=17795"},{"taxonomy":"resources_country","embeddable":true,"href":"https:\/\/raceandequality.org\/es\/wp-json\/wp\/v2\/resources_country?post=17795"},{"taxonomy":"resources_language","embeddable":true,"href":"https:\/\/raceandequality.org\/es\/wp-json\/wp\/v2\/resources_language?post=17795"},{"taxonomy":"resources_audience","embeddable":true,"href":"https:\/\/raceandequality.org\/es\/wp-json\/wp\/v2\/resources_audience?post=17795"},{"taxonomy":"resources_format","embeddable":true,"href":"https:\/\/raceandequality.org\/es\/wp-json\/wp\/v2\/resources_format?post=17795"},{"taxonomy":"resources_topic","embeddable":true,"href":"https:\/\/raceandequality.org\/es\/wp-json\/wp\/v2\/resources_topic?post=17795"},{"taxonomy":"resources_year","embeddable":true,"href":"https:\/\/raceandequality.org\/es\/wp-json\/wp\/v2\/resources_year?post=17795"}],"curies":[{"name":"wp","href":"https:\/\/api.w.org\/{rel}","templated":true}]}}