{"id":17920,"date":"2023-12-12T20:53:42","date_gmt":"2023-12-12T20:53:42","guid":{"rendered":"https:\/\/raceandequality.org\/?post_type=resources&#038;p=17920"},"modified":"2023-12-12T21:13:32","modified_gmt":"2023-12-12T21:13:32","slug":"mexico-raza-e-igualdad-lanza-informe-sobre-racismo-y-discriminacion-racial-en-el-sistema-de-justicia","status":"publish","type":"resources","link":"https:\/\/raceandequality.org\/es\/resources\/mexico-raza-e-igualdad-lanza-informe-sobre-racismo-y-discriminacion-racial-en-el-sistema-de-justicia\/","title":{"rendered":"M\u00e9xico: Raza e Igualdad lanza informe sobre racismo y discriminaci\u00f3n racial en el Sistema de Justicia"},"content":{"rendered":"<p><strong>Washington, D.C., 12 de diciembre de 2023.<\/strong>&#8211; El Instituto sobre Raza, Igualdad y Derechos Humanos (Raza e Igualdad) realiz\u00f3 el lanzamiento del <strong><em><a href=\"https:\/\/bit.ly\/3uYSfTd\">Informe sobre Racismo Y Discriminaci\u00f3n Racial en el Sistema de Justicia de M\u00e9xico. Experiencia Ciudad de M\u00e9xico, Chiapas, Oaxaca y Yucat\u00e1n<\/a>, <\/em><\/strong>en el marco del proyecto \u201cPromoci\u00f3n de una agenda antirracista para fortalecer el trabajo de las organizaciones de la sociedad civil en la lucha contra el racismo y la discriminaci\u00f3n racial en M\u00e9xico\u201d, el cual es ejecutado con apoyo de la Fundaci\u00f3n W.K Kellogg, M\u00e9xico. El informe fue realizado por el Centro Profesional Ind\u00edgena de Asesor\u00eda, Defensa y Traducci\u00f3n A.C (CEPIADET) con el aporte de Asistencia Legal por los Derechos Humanos A.C (ASILEGAL). El lanzamiento del informe se realiz\u00f3 el 30 de noviembre en Ciudad de M\u00e9xico, el 1 de diciembre en M\u00e9rida, Yucat\u00e1n, y el 4 de diciembre en San Crist\u00f3bal de las Casas, Chiapas.<\/p>\n<p>En estos tres espacios se cont\u00f3 con la participaci\u00f3n virtual de la presidenta del Consejo Nacional para Prevenir la Discriminaci\u00f3n (CONAPRED), Claudia Morales, quien en sus palabras destac\u00f3 que \u201ces central conocer en d\u00f3nde est\u00e1n las debilidades del sistema judicial y hacer todo lo posible para que desde todos los frentes se aseguren procesos de procuraci\u00f3n de justicia libre de discriminaci\u00f3n\u201d. En tanto, Abel Villanueva, Subdirector de Vinculaci\u00f3n Social de CONAPRED, se\u00f1al\u00f3 como uno de los principales desaf\u00edos la globalizaci\u00f3n de soluciones desconociendo las diferentes contextos que existe entre la poblaci\u00f3n ind\u00edgena y afrodescendiente. En ese sentido, puso como ejemplo lo que llam\u00f3<strong> \u201cla <em>Oaxacacizaci\u00f3n<\/em> de la problem\u00e1tica y soluciones a la realidad ind\u00edgena en M\u00e9xico\u201d<\/strong>; por lo tanto, celebr\u00f3 que el estudio incluya a Yucat\u00e1n, espacio del cual poco se discute al momento de generar di\u00e1logos respecto a temas \u00e9tnicos y discriminaci\u00f3n racial.<\/p>\n<p>De parte de <strong>CEPIADET<\/strong>, participaron Judith Bautista en Ciudad de M\u00e9xico, Tomas L\u00f3pez en M\u00e9rida, y Monivet L\u00f3pez en San Crist\u00f3bal de las Casas. En sus intervenciones, resaltaron c\u00f3mo el discurso del mestizaje y la no existencia del racismo en M\u00e9xico est\u00e1 fuertemente arraigado en las instancias gubernamentales, por lo que el sistema de justicia no es ajeno a esta realidad. Como organizaci\u00f3n encargada de elaborar el informe, se refirieron a los principales desaf\u00edos que enfrentaron al momento de realizar este trabajo, especialmente: 1) la falta de datos respecto a estas poblaciones, especialmente sobre la poblaci\u00f3n afrodescendiente en el \u00e1rea de justicia, y 2) la falta de acceso a servicios de interpretaci\u00f3n para personas ind\u00edgenas durante los procesos judiciales, siendo esta una de las principales quejas identificadas por parte de las organizaciones, activistas y personas ind\u00edgenas.<\/p>\n<p>Jos\u00e9 Luis Guti\u00e9rrez, de <strong>ASILEGAL<\/strong>, se refiri\u00f3 que actualmente\u2014seg\u00fan datos oficiales\u2014existen m\u00e1s de 7,000 personas privadas de la libertad que pertenecen a pueblos o comunidades ind\u00edgenas, de las cuales m\u00e1s de 3,000 se encuentran en prisi\u00f3n preventiva, destacando que su organizaci\u00f3n ha acompa\u00f1ado casos de personas que han estado hasta por 20 a\u00f1os esperando por una sentencia, \u201clo cual evidencia el uso y abuso de la prisi\u00f3n preventiva, especialmente con poblaciones \u00e9tnicas\u201d, dijo Guti\u00e9rrez. El especialista tambi\u00e9n apunt\u00f3 que las personas ind\u00edgenas que se encuentra en prisi\u00f3n tambi\u00e9n ven violentados sus derechos desconocen porque no les permiten hablar su lengua materna y no les garantizan el acceso a medicina tradicional de acuerdo a su cosmovisi\u00f3n.<\/p>\n<p>Miguel Alanis, de la Direcci\u00f3n de Justicia Intercultural de la Suprema Corte de Justicia (SCJ), quien al momento de realizarse este informe particip\u00f3 como consultor de Raza e Igualdad, resalt\u00f3 la importancia de hacer uso de las instancias regionales, tales como la <a href=\"https:\/\/www.cirdi2024.org\/es\/\"><strong>Convenci\u00f3n Interamericana sobre el Racismo, la Discriminaci\u00f3n Racial y Formas Conexas de Intolerancia (CIRDI)<\/strong><\/a>, aportando a los est\u00e1ndares normativos antirracistas y al accionar dentro del sistema judicial. Asimismo, destac\u00f3 la importancia de las recomendaciones que se hacen en el informe, especialmente la referida a promover una <a href=\"https:\/\/raceandequality.org\/es\/resources\/raza-e-igualdad-lanza-proyecto-para-la-construccion-e-implementacion-de-una-agenda-antirracista-en-mexico\/\"><strong>agenda antirracista<\/strong><\/a> de manera transversal en todas las instituciones estatales, con \u00e9nfasis en el sistema judicial.<\/p>\n<p>La <strong>Direcci\u00f3n de Justicia Intercultural es un departamento nuevo en la SCJ<\/strong>, con apenas tres meses de haberse creado. Su Directora, Elizabeth Olvera, dijo en Chiapas que tienen grandes expectativas de trabajar con los diferentes operadores de justicia, no solamente haciendo uso de las herramientas que se han creado recientemente al interior de la misma instancia, sino haciendo uso de los conocimientos y experiencias de las organizaciones de la sociedad civil y activistas \u00e9tnicos en el \u00e1rea de justicia.<\/p>\n<p>Adem\u00e1s, las panelistas Flor May, de la Red Nacional de Juventudes Afromexicana y de Afropoderosas de Yucat\u00e1n, y la acad\u00e9mica Mar\u00eda Guadalupe Ruiz, de Chiapas, se\u00f1alaron que el Estado ha dejado por fuera de di\u00e1logos a estas zonas por considerarlas no afrodescendientes, lo cual refuerza estereotipos e invisibiliza a esta poblaci\u00f3n. El activista Freddy Castillo, quien se identific\u00f3 en el espacio realizado en San Crist\u00f3bal de las Casas (Chiapas) como <em>Afro<\/em><em>Chiapaneco<\/em>, afirm\u00f3 que existe una gran falencia de auto-reconocimiento como afrodescendiente en sus comunidades, por lo que es necesario apoyar el trabajo que \u00e9l y otros activistas hacen en ese sentido y acercar a estas poblaciones a programas y pol\u00edticas p\u00fablicas que contribuyan al ejercicio y protecci\u00f3n de sus derechos.<\/p>\n<p>Elvia Duque, Oficial Senior sobre Raza y Etnicidad de Raza e Igualdad, expres\u00f3 que conf\u00eda en que este informe sea un primer paso que permitir\u00e1 generar un di\u00e1logo y monitoreo de las entidades y actores claves para alcanzar cambios en beneficio de las poblaciones ind\u00edgenas y afromexicanas. Apunt\u00f3 que es necesario continuar con este tipo de estudios y trabajar directamente con los operadores de justicia y de los sistemas penitenciarios para mejorar su formaci\u00f3n y la recolecci\u00f3n de datos, ya que actualmente se realizan sin tener en cuenta la auto-inscripci\u00f3n sino con base a estereotipos respecto de lo que es ser una persona ind\u00edgena o afrodescendiente.<\/p>\n<p>Raza e Igualdad agradece a todos los participantes de este lanzamiento en las diversas comunidades, tambi\u00e9n al Centro Prodh, la Comisi\u00f3n de Derechos Humanos de Yucat\u00e1n, especialmente a su presidente Miguel Sabido, y al Centro Estatal de Lenguas, Arte y Literatura Ind\u00edgenas por abrirnos sus puertas. Raza e Igualdad continuar\u00e1 trabajando para generar acciones que permitan avanzar en la protecci\u00f3n y promoci\u00f3n de los derechos de los pueblos y comunidades ind\u00edgenas y negros, afromexicanos y afrodescendientes en el \u00e1rea de justicia en M\u00e9xico.<\/p>\n","protected":false},"excerpt":{"rendered":"<p>Washington, D.C., 12 de diciembre de 2023.&#8211; El Instituto sobre Raza, Igualdad y Derechos Humanos (Raza e Igualdad) realiz\u00f3 el lanzamiento del Informe sobre Racismo Y Discriminaci\u00f3n Racial en el [&hellip;]<\/p>\n","protected":false},"author":8,"featured_media":17921,"parent":0,"menu_order":0,"template":"","format":"standard","categories":[],"resources_country":[1197],"resources_language":[],"resources_audience":[],"resources_format":[],"resources_topic":[1091,1111,1102,1113],"resources_year":[],"class_list":["post-17920","resources","type-resources","status-publish","format-standard","has-post-thumbnail","hentry","resources_country-mexico-es","resources_topic-afrodescendientes","resources_topic-discriminacion-racial","resources_topic-pueblos-indigenas","resources_topic-racismo"],"acf":[],"aioseo_notices":[],"_links":{"self":[{"href":"https:\/\/raceandequality.org\/es\/wp-json\/wp\/v2\/resources\/17920","targetHints":{"allow":["GET"]}}],"collection":[{"href":"https:\/\/raceandequality.org\/es\/wp-json\/wp\/v2\/resources"}],"about":[{"href":"https:\/\/raceandequality.org\/es\/wp-json\/wp\/v2\/types\/resources"}],"author":[{"embeddable":true,"href":"https:\/\/raceandequality.org\/es\/wp-json\/wp\/v2\/users\/8"}],"wp:featuredmedia":[{"embeddable":true,"href":"https:\/\/raceandequality.org\/es\/wp-json\/wp\/v2\/media\/17921"}],"wp:attachment":[{"href":"https:\/\/raceandequality.org\/es\/wp-json\/wp\/v2\/media?parent=17920"}],"wp:term":[{"taxonomy":"category","embeddable":true,"href":"https:\/\/raceandequality.org\/es\/wp-json\/wp\/v2\/categories?post=17920"},{"taxonomy":"resources_country","embeddable":true,"href":"https:\/\/raceandequality.org\/es\/wp-json\/wp\/v2\/resources_country?post=17920"},{"taxonomy":"resources_language","embeddable":true,"href":"https:\/\/raceandequality.org\/es\/wp-json\/wp\/v2\/resources_language?post=17920"},{"taxonomy":"resources_audience","embeddable":true,"href":"https:\/\/raceandequality.org\/es\/wp-json\/wp\/v2\/resources_audience?post=17920"},{"taxonomy":"resources_format","embeddable":true,"href":"https:\/\/raceandequality.org\/es\/wp-json\/wp\/v2\/resources_format?post=17920"},{"taxonomy":"resources_topic","embeddable":true,"href":"https:\/\/raceandequality.org\/es\/wp-json\/wp\/v2\/resources_topic?post=17920"},{"taxonomy":"resources_year","embeddable":true,"href":"https:\/\/raceandequality.org\/es\/wp-json\/wp\/v2\/resources_year?post=17920"}],"curies":[{"name":"wp","href":"https:\/\/api.w.org\/{rel}","templated":true}]}}