{"id":18003,"date":"2024-01-08T17:37:03","date_gmt":"2024-01-08T17:37:03","guid":{"rendered":"https:\/\/raceandequality.org\/?post_type=resources&#038;p=18003"},"modified":"2024-02-02T21:55:30","modified_gmt":"2024-02-02T21:55:30","slug":"cidh-notifico-al-estado-peruano-sobre-la-peticion-de-mamas-lesbianas","status":"publish","type":"resources","link":"https:\/\/raceandequality.org\/es\/resources\/cidh-notifico-al-estado-peruano-sobre-la-peticion-de-mamas-lesbianas\/","title":{"rendered":"CIDH notific\u00f3 al Estado peruano sobre la petici\u00f3n de mam\u00e1s lesbianas"},"content":{"rendered":"<p><strong>Lima, 8 de enero de 2024.-<\/strong> Jenny y Darling, una pareja de ciudadanas peruanas, ingresaron una petici\u00f3n a la Comisi\u00f3n Interamericana de Derechos Humanos (CIDH) en marzo 2022 debido a las violaciones de los derechos humanos de su hijo Daki y de ellas. La CIDH ha notificado al Estado peruano y le ha otorgado tres meses para responder.<\/p>\n<p>Ambas, por medio de la campa\u00f1a <a href=\"https:\/\/www.instagram.com\/tengodosmamis\/\">Tengo dos mam\u00e1s<\/a>, hicieron llegar su petici\u00f3n luego de que el Registro Nacional de Identificaci\u00f3n y Estado Civil (RENIEC) se negara a registrar a una de las madres en el Documento Nacional de Identidad (DNI) de su hijo, pese a que, en primera instancia, el Poder Judicial le orden\u00f3 hacerlo.<\/p>\n<p>Jenny Trujillo y Darling Delf\u00edn acudieron a la CIDH con <strong>una petici\u00f3n<\/strong> y<strong> solicitud de medida cautelar<\/strong> para garantizar una vida sin discriminaci\u00f3n, el inter\u00e9s superior del ni\u00f1o, el libre desarrollo de la personalidad, la libertad personal, entre otros derechos humanos, como lo explica Carlos J. Zelada, abogado consultor de <a href=\"https:\/\/www.demus.org.pe\/\">DEMUS<\/a> para el caso.<\/p>\n<p>Regularmente, la petici\u00f3n que realizaron ante la CIDH se presenta cuando los procesos judiciales nacionales se encuentran agotados. sin embargo, en este caso, la demanda de amparo contra RENIEC sigue vigente y en curso. En ese sentido, tras haber transcurrido m\u00e1s de 6 a\u00f1os, se ha configurado el llamado <strong>\u2018retardo injustificado\u2019<\/strong>, previsto en la Convenci\u00f3n Americana sobre Derechos Humanos. <strong>\u00abAsimismo, un amparo que tarda tanto en resolver sobre los derechos fundamentales de un ni\u00f1o no es un recurso efectivo\u00bb<\/strong>, declar\u00f3 Cynthia Silva directora de DEMUS.<\/p>\n<p>En un contexto, en el que el Tribunal Constitucional del Per\u00fa, instancia que tiene el caso sin resolver por m\u00e1s de un a\u00f1o, ha mostrado ser abiertamente antiderechos y ha favorecido al criminal Alberto Fujimori, las copeticionarias <strong>DEMUS, <a href=\"https:\/\/lifs.org.pe\/\">LIFS<\/a>, <a href=\"https:\/\/www.masigualdad.pe\/\">M\u00e1s Igualdad Per\u00fa<\/a> y Raza e Igualdad han logrado se notifique al Estado peruano de la petici\u00f3n para que se agilice el tr\u00e1mite de admisibilidad y la resoluci\u00f3n del fondo de manera prioritaria y diligente<\/strong>, seg\u00fan inform\u00f3 Mar\u00eda Ysabel Cedano, coordinadora del equipo de litigio estrat\u00e9gico.<\/p>\n<p>Gissy Cedamanos, coordinadora de LIFS, nos record\u00f3 que, en el 2024, Daki cumplir\u00e1 10 a\u00f1os sin un DNI que lo identifique plenamente. Asimismo, inform\u00f3 que Daki ha ejercido su derecho del ni\u00f1o a ser escuchado. \u00c9l se ha dirigido al Tribunal Constitucional y a la CIDH para recibir protecci\u00f3n.<\/p>\n<p>\u00abEl Estado peruano tiene 3 meses para responder y una pr\u00f3rroga m\u00e1xima de 4 meses. <strong>El Estado deber\u00e1 responder en abril o m\u00e1ximo agosto 2024<\/strong>\u00ab, declar\u00f3 Zuleika Rivera, Oficial Senior del Programa LGBTI de Raza e Igualdad.<\/p>\n<p>\u00abEn esta pr\u00f3xima etapa, le pediremos a la CIDH unir el proceso de admisibilidad y fondo considerando el inter\u00e9s superior del ni\u00f1o y el derecho de Daki de acceder a la justicia\u00bb, concluy\u00f3 Gabriela Zavaleta, responsable de incidencia de M\u00e1s Igualdad Per\u00fa.<\/p>\n","protected":false},"excerpt":{"rendered":"<p>Lima, 8 de enero de 2024.- Jenny y Darling, una pareja de ciudadanas peruanas, ingresaron la petici\u00f3n a la CIDH en marzo 2022 por las violaciones a sus derechos humanos y los de su hijo Daki. La CIDH ha notificado al Estado peruano y le ha otorgado tres meses para responder.<\/p>\n","protected":false},"author":13,"featured_media":17999,"parent":0,"menu_order":0,"template":"","format":"standard","categories":[],"resources_country":[1201],"resources_language":[],"resources_audience":[],"resources_format":[],"resources_topic":[1100,1104],"resources_year":[],"class_list":["post-18003","resources","type-resources","status-publish","format-standard","has-post-thumbnail","hentry","resources_country-peru-es","resources_topic-cidh","resources_topic-lgbti-es"],"acf":[],"aioseo_notices":[],"_links":{"self":[{"href":"https:\/\/raceandequality.org\/es\/wp-json\/wp\/v2\/resources\/18003","targetHints":{"allow":["GET"]}}],"collection":[{"href":"https:\/\/raceandequality.org\/es\/wp-json\/wp\/v2\/resources"}],"about":[{"href":"https:\/\/raceandequality.org\/es\/wp-json\/wp\/v2\/types\/resources"}],"author":[{"embeddable":true,"href":"https:\/\/raceandequality.org\/es\/wp-json\/wp\/v2\/users\/13"}],"wp:featuredmedia":[{"embeddable":true,"href":"https:\/\/raceandequality.org\/es\/wp-json\/wp\/v2\/media\/17999"}],"wp:attachment":[{"href":"https:\/\/raceandequality.org\/es\/wp-json\/wp\/v2\/media?parent=18003"}],"wp:term":[{"taxonomy":"category","embeddable":true,"href":"https:\/\/raceandequality.org\/es\/wp-json\/wp\/v2\/categories?post=18003"},{"taxonomy":"resources_country","embeddable":true,"href":"https:\/\/raceandequality.org\/es\/wp-json\/wp\/v2\/resources_country?post=18003"},{"taxonomy":"resources_language","embeddable":true,"href":"https:\/\/raceandequality.org\/es\/wp-json\/wp\/v2\/resources_language?post=18003"},{"taxonomy":"resources_audience","embeddable":true,"href":"https:\/\/raceandequality.org\/es\/wp-json\/wp\/v2\/resources_audience?post=18003"},{"taxonomy":"resources_format","embeddable":true,"href":"https:\/\/raceandequality.org\/es\/wp-json\/wp\/v2\/resources_format?post=18003"},{"taxonomy":"resources_topic","embeddable":true,"href":"https:\/\/raceandequality.org\/es\/wp-json\/wp\/v2\/resources_topic?post=18003"},{"taxonomy":"resources_year","embeddable":true,"href":"https:\/\/raceandequality.org\/es\/wp-json\/wp\/v2\/resources_year?post=18003"}],"curies":[{"name":"wp","href":"https:\/\/api.w.org\/{rel}","templated":true}]}}