{"id":18116,"date":"2024-02-29T21:09:34","date_gmt":"2024-02-29T21:09:34","guid":{"rendered":"https:\/\/raceandequality.org\/?post_type=resources&#038;p=18116"},"modified":"2024-02-29T22:20:53","modified_gmt":"2024-02-29T22:20:53","slug":"sociedad-civil-independiente-de-cuba-denuncia-ante-la-cidh-mas-de-2700-ataques-estatales-entre-2022-y-2023","status":"publish","type":"resources","link":"https:\/\/raceandequality.org\/es\/resources\/sociedad-civil-independiente-de-cuba-denuncia-ante-la-cidh-mas-de-2700-ataques-estatales-entre-2022-y-2023\/","title":{"rendered":"Sociedad civil independiente de Cuba denuncia ante la CIDH m\u00e1s de 2,700 ataques estatales entre 2022 y 2023"},"content":{"rendered":"<p><b>Washington D.C., 29 de febrero de 2024 \u2013 <\/b><span style=\"font-weight: 400;\">En el marco de una audiencia tem\u00e1tica celebrada el 29 de febrero ante la Comisi\u00f3n Interamericana de Derechos Humanos (CIDH)<\/span><b>, <\/b><span style=\"font-weight: 400;\">una coalici\u00f3n de 13 organizaciones internacionales y de la sociedad civil independiente de Cuba presentaron el <a href=\"https:\/\/justicia11j.org\/derecho-a-la-libertad-de-asociacion\/\">informe \u201cDerecho a la libertad de asociaci\u00f3n\u201d<\/a> en el que denunciaron el <\/span><b>recrudecimiento de la represi\u00f3n estatal contra las organizaciones de derechos humanos dentro de la Isla durante 2022 y 2023.<\/b><span style=\"font-weight: 400;\">\u00a0<\/span><\/p>\n<p><span style=\"font-weight: 400;\">En la audiencia se inform\u00f3 que durante el periodo de estudio se presentaron 5.685 actos de represi\u00f3n estatal contra la poblaci\u00f3n. De estos, <\/span><b>2.713 afectaron a uno o varios miembros asociados o que forman parte de organizaciones de la sociedad civil independiente, y representaron el 47.72% de las agresiones<\/b><span style=\"font-weight: 400;\">. Las acciones contra las organizaciones de derechos humanos dejaron, seg\u00fan se indic\u00f3, 3.732 v\u00edctimas.\u00a0<\/span><\/p>\n<p><span style=\"font-weight: 400;\">Adem\u00e1s, el informe presentado ante CIDH determin\u00f3 que, en los 24 meses analizados, <\/span><b>en<\/b> <b>una sola persona defensora de derechos humanos en Cuba recayeron al menos 6 agresiones estatales<\/b><span style=\"font-weight: 400;\">.\u00a0\u00a0\u00a0<\/span><\/p>\n<p><span style=\"font-weight: 400;\">Estos ataques fueron direccionados contra varias organizaciones espec\u00edficas. El documento presentado tambi\u00e9n revela que, <\/span><b>durante 2022 y 2023, 102 organizaciones fueron blanco de la represi\u00f3n<\/b><span style=\"font-weight: 400;\">, y que las m\u00e1s afectadas fueron movimientos de activistas y opositores como \u201cla Uni\u00f3n Patri\u00f3tica de Cuba, con 100 eventos represivos; el Movimiento Opositores por una Nueva Rep\u00fablica, con 63; las Damas de Blanco, con 50\u201d, entre otras.\u00a0<\/span><\/p>\n<p><span style=\"font-weight: 400;\">Con especial preocupaci\u00f3n, se evidenci\u00f3 <\/span><b>la situaci\u00f3n de las mujeres que forman parte de organizaciones o participaron en protestas<\/b><span style=\"font-weight: 400;\"> y manifestaciones sociales, y que el Estado las reprimi\u00f3. La organizaci\u00f3n Justicia 11J, parte de la coalici\u00f3n, document\u00f3 289 protestas p\u00fablicas entre el inicio de 2022 y finales de 2023, y la detenci\u00f3n de al menos 311 mujeres en relaci\u00f3n con protestas, desde el 11 de julio de 2021. De ellas, 72 permanecen detenidas en condiciones deplorables y con sus derechos vulnerados.<\/span><\/p>\n<p><span style=\"font-weight: 400;\">La audiencia tambi\u00e9n llam\u00f3 la atenci\u00f3n sobre el hecho de que <\/span><b>los patrones de violencia no son nuevos, y que se convierten cada vez m\u00e1s en una marca registrada del Estado<\/b> <b>cubano <\/b><span style=\"font-weight: 400;\">para reprimir a sus ciudadanos y ciudadanas. Dentro de estas modalidades est\u00e1n las detenciones arbitrarias y citaciones a interrogatorios, la vigilancia, las amenazas y el acoso, la negaci\u00f3n de derechos b\u00e1sicos y atenci\u00f3n m\u00e9dica en prisi\u00f3n; el maltrato f\u00edsico, la manipulaci\u00f3n del sistema judicial, las restricciones a la comunicaci\u00f3n y la censura; y la represi\u00f3n de la libertad religiosa y de movimiento.\u00a0<\/span><\/p>\n<p><span style=\"font-weight: 400;\">La dram\u00e1tica situaci\u00f3n que viven las personas defensoras de derechos humanos en Cuba tiene <\/span><b>consecuencias<\/b><span style=\"font-weight: 400;\"> devastadoras. En primer lugar, <\/span><b>varias organizaciones se han visto disminuidas radicalmente por la persecuci\u00f3n estata<\/b><span style=\"font-weight: 400;\">l. Por ejemplo, la membres\u00eda de las Damas de Blanco se ha reducido de 243 mujeres en 2013 a 50 en la actualidad. En segundo lugar, el acoso constante por parte de la seguridad del Estado <\/span><b>ha obligado a decenas de activistas a sufrir\u00a0 exilio forzado;<\/b><span style=\"font-weight: 400;\"> y finalmente, ha existido un <\/span><b>aumento dr\u00e1stico de los feminicidios en la Isla<\/b><span style=\"font-weight: 400;\">. Solo en 2023 se han verificado <\/span><b>89 feminicidios,\u202fel doble de los 36 casos contabilizados en 2022<\/b><span style=\"font-weight: 400;\">,\u202fseg\u00fan datos del Observatorio de G\u00e9nero Alas Tensas y de la organizaci\u00f3n Yo S\u00ed te Creo en Cuba.\u00a0<\/span><\/p>\n<p><span style=\"font-weight: 400;\">Durante la audiencia las organizaciones solicitaron a la CIDH que se pronuncie a favor del derecho a la libertad de asociaci\u00f3n en Cuba y exija al Estado cubano el respeto, protecci\u00f3n y garant\u00eda de los derechos humanos de todos sus habitantes sin discriminaci\u00f3n de ning\u00fan tipo.\u00a0<\/span><\/p>\n<p><span style=\"font-weight: 400;\">La Coalici\u00f3n de organizaciones hace, adem\u00e1s, un llamado urgente al Estado para que <\/span><b>cese de manera inmediata la represi\u00f3n y persecuci\u00f3n<\/b><span style=\"font-weight: 400;\"> contra la sociedad civil independiente, las organizaciones de derechos humanos y las mujeres en la Isla. Tambi\u00e9n a que <\/span><b>proteja y garantice el ejercicio pleno de los derechos de todas las personas en Cuba<\/b><span style=\"font-weight: 400;\">,\u202fincluyendo la libertad de expresi\u00f3n,\u202fasociaci\u00f3n y reuni\u00f3n; y a que <\/span><b>investigue de manera imparcial y efectiva todos los actos de represi\u00f3n<\/b><span style=\"font-weight: 400;\"> y violaciones de derechos humanos,\u202fpara sancionar a los responsables.\u00a0\u00a0\u00a0\u00a0<\/span><\/p>\n<p><b>Organizaciones autoras del informe:<\/b><span style=\"font-weight: 400;\">\u00a0<\/span><\/p>\n<ul>\n<li><span style=\"font-weight: 400;\">Cubalex <\/span><\/li>\n<li>Civil Rights Defenders<\/li>\n<li>Centro de Documentaci\u00f3n de Prisiones Cubanas<\/li>\n<li>Damas de Blanco<\/li>\n<li>Instituto sobre Raza, Igualdad y Derechos Humanos (Raza e Igualdad)<\/li>\n<li>Justicia 11J<\/li>\n<li>Mesa de Di\u00e1logo de la Juventud Cubana<\/li>\n<li>Movimiento San Isidro<\/li>\n<li>Museo Virtual de la Memoria contra la Violencia Basada en G\u00e9nero (Museo V)<\/li>\n<li>Museo de la Disidencia<\/li>\n<li>Observatorio de G\u00e9nero de Alas Tensas<\/li>\n<li>Robert F. Kennedy Human Rights<\/li>\n<li>Uni\u00f3n Patri\u00f3tica de Cuba (UNPACU)<\/li>\n<\/ul>\n","protected":false},"excerpt":{"rendered":"<p>En el marco de una audiencia tem\u00e1tica celebrada el 29 de febrero ante la Comisi\u00f3n Interamericana de Derechos Humanos (CIDH), organizaciones internacionales y de la sociedad civil independiente de Cuba presentaron el informe \u201cDerecho a la libertad de asociaci\u00f3n\u201d.<\/p>\n","protected":false},"author":12,"featured_media":18117,"parent":0,"menu_order":0,"template":"","format":"standard","categories":[],"resources_country":[1193],"resources_language":[],"resources_audience":[],"resources_format":[],"resources_topic":[1100,1097],"resources_year":[],"class_list":["post-18116","resources","type-resources","status-publish","format-standard","has-post-thumbnail","hentry","resources_country-cuba-es","resources_topic-cidh","resources_topic-derechos-humanos"],"acf":[],"aioseo_notices":[],"_links":{"self":[{"href":"https:\/\/raceandequality.org\/es\/wp-json\/wp\/v2\/resources\/18116","targetHints":{"allow":["GET"]}}],"collection":[{"href":"https:\/\/raceandequality.org\/es\/wp-json\/wp\/v2\/resources"}],"about":[{"href":"https:\/\/raceandequality.org\/es\/wp-json\/wp\/v2\/types\/resources"}],"author":[{"embeddable":true,"href":"https:\/\/raceandequality.org\/es\/wp-json\/wp\/v2\/users\/12"}],"wp:featuredmedia":[{"embeddable":true,"href":"https:\/\/raceandequality.org\/es\/wp-json\/wp\/v2\/media\/18117"}],"wp:attachment":[{"href":"https:\/\/raceandequality.org\/es\/wp-json\/wp\/v2\/media?parent=18116"}],"wp:term":[{"taxonomy":"category","embeddable":true,"href":"https:\/\/raceandequality.org\/es\/wp-json\/wp\/v2\/categories?post=18116"},{"taxonomy":"resources_country","embeddable":true,"href":"https:\/\/raceandequality.org\/es\/wp-json\/wp\/v2\/resources_country?post=18116"},{"taxonomy":"resources_language","embeddable":true,"href":"https:\/\/raceandequality.org\/es\/wp-json\/wp\/v2\/resources_language?post=18116"},{"taxonomy":"resources_audience","embeddable":true,"href":"https:\/\/raceandequality.org\/es\/wp-json\/wp\/v2\/resources_audience?post=18116"},{"taxonomy":"resources_format","embeddable":true,"href":"https:\/\/raceandequality.org\/es\/wp-json\/wp\/v2\/resources_format?post=18116"},{"taxonomy":"resources_topic","embeddable":true,"href":"https:\/\/raceandequality.org\/es\/wp-json\/wp\/v2\/resources_topic?post=18116"},{"taxonomy":"resources_year","embeddable":true,"href":"https:\/\/raceandequality.org\/es\/wp-json\/wp\/v2\/resources_year?post=18116"}],"curies":[{"name":"wp","href":"https:\/\/api.w.org\/{rel}","templated":true}]}}