{"id":18253,"date":"2024-04-05T13:45:07","date_gmt":"2024-04-05T13:45:07","guid":{"rendered":"https:\/\/raceandequality.org\/?post_type=resources&#038;p=18253"},"modified":"2024-04-05T13:45:07","modified_gmt":"2024-04-05T13:45:07","slug":"grupo-de-trabajo-sobre-la-detencion-arbitraria-solicita-libertad-plena-para-el-activista-cubano-yandier-garcia-labrada","status":"publish","type":"resources","link":"https:\/\/raceandequality.org\/es\/resources\/grupo-de-trabajo-sobre-la-detencion-arbitraria-solicita-libertad-plena-para-el-activista-cubano-yandier-garcia-labrada\/","title":{"rendered":"Grupo de Trabajo sobre la Detenci\u00f3n Arbitraria solicita \u201clibertad plena\u201d para el activista cubano Yandier Garc\u00eda Labrada"},"content":{"rendered":"<p><strong>Washington D.C., 5 de abril de 2024<\/strong> \u2013 \u201cEl d\u00eda 27 de febrero (de 2024) fue la \u00faltima vez que vi a mi hermano. Estaba muy delgadito\u201d, dice Ir\u00e1n Almaguer Labrada, hermano del activista cubano Yandier Garc\u00eda Labrada (39 a\u00f1os), quien aparece en la <a href=\"https:\/\/www.ohchr.org\/sites\/default\/files\/documents\/issues\/detention-wg\/opinions\/session98\/a-hcr-wgad-68-2023-cuba-aev.pdf\">Opini\u00f3n n\u00famero 68\/2023<\/a><a href=\"#_ftn1\" name=\"_ftnref1\">[1]<\/a> del Grupo de Trabajo sobre la Detenci\u00f3n Arbitraria, que se hizo p\u00fablica a mediados del pasado mes de marzo. <strong>En el documento, este mecanismo de las Naciones Unidas solicita la \u201clibertad plena\u201d del defensor de derechos humanos, que tambi\u00e9n forma parte del Movimiento Cristiano Liberaci\u00f3n (MCL).<\/strong><\/p>\n<p><strong>En la Opini\u00f3n, adoptada en el marco del 98 periodo de sesiones de este Grupo de Trabajo, tambi\u00e9n se le pide al Estado de Cuba que indemnice y repare a Garc\u00eda Labrada; investigue y castigue a los responsables de su detenci\u00f3n, y entregue informaci\u00f3n sobre el cumplimiento de esta \u201cdecisi\u00f3n\u201d en un periodo de seis meses posterior a su publicaci\u00f3n, el cual se cumple en octubre de 2024. <\/strong><\/p>\n<p>\u201cEl 6 de octubre de 2020 detuvieron a mi hermano por reclamar sus derechos en una cola (fila para obtener alimentos e insumos de primera necesidad). Un represor lo empuj\u00f3 y lo agredi\u00f3, y luego llegaron m\u00e1s agentes de la Seguridad del Estado y llamaron a la polic\u00eda. \u00c9l gritaba \u2018Abajo la dictadura\u2019\u201d, cuenta Almaguer.<\/p>\n<p>Yandier Garc\u00eda Labrada cumple una pena de cinco a\u00f1os por los delitos de desacato, atentado a la autoridad y propagaci\u00f3n de epidemias. Desde el inicio de su encarcelamiento ha sido trasladado a diversos centros carcelarios y sufrido reg\u00edmenes de aislamiento, traslados a celdas de castigo, denegaci\u00f3n de la atenci\u00f3n m\u00e9dica y restricciones a la comunicaci\u00f3n con sus familiares. Desde el 19 de enero de 2023 se encuentra recluido en el centro de trabajo correccional Guabiney\u00f3n 8, en la provincia Las Tunas. Las autoridades penitenciarias le han negado los beneficios de visitas al domicilio y libertad condicional, a pesar de cumplir con los requisitos reglamentarios.<\/p>\n<p>Su hermano Ir\u00e1n Almaguer, quien sufre de una enfermedad llamada retinitis pigmentaria que lo ha llevado a la ceguera, cuenta que Yandier Garc\u00eda viv\u00eda con su mam\u00e1 en el municipio de Manat\u00ed, en Las Tunas; y desde que \u00e9l permanece privado de la libertad, ella ha presentado graves quebrantos de salud. \u201cEs hipertensa y tiene Alzheimer\u201d.<\/p>\n<p>Desde el Instituto sobre Raza, Igualdad y Derechos Humanos (Raza e Igualdad), organizaci\u00f3n que remiti\u00f3 el caso de Garc\u00eda Labrada al Grupo de Trabajo sobre la Detenci\u00f3n Arbitraria, exigimos que el Estado de Cuba cumpla con la solicitud que hace este mecanismo de las Naciones Unidas, en su Opini\u00f3n n\u00famero 68\/2023. <strong>Pedimos la liberaci\u00f3n inmediata de este activista cubano, quien injustamente lleva m\u00e1s de tres a\u00f1os privado de la libertad, as\u00ed como de todas las personas que permanecen encarceladas por exigir sus derechos en este pa\u00eds.<\/strong> Exigimos que Cuba respete, proteja y garantice los derechos humanos de todos sus habitantes, sin discriminaci\u00f3n de ning\u00fan tipo.<\/p>\n<p>Tambi\u00e9n hacemos un llamado a la comunidad internacional para que d\u00e9 seguimiento al cumplimiento de esta Opini\u00f3n, y contin\u00fae condenando las violaciones a los derechos humanos que se registran en la Isla.<\/p>\n<p><a href=\"#_ftnref1\" name=\"_ftn1\">[1]<\/a> <a href=\"https:\/\/www.ohchr.org\/sites\/default\/files\/documents\/issues\/detention-wg\/opinions\/session98\/a-hcr-wgad-68-2023-cuba-aev.pdf\">A\/HRC\/WGAD\/2023\/68<\/a><\/p>\n","protected":false},"excerpt":{"rendered":"<p>Adem\u00e1s de solicitar su liberaci\u00f3n, este mecanismo de Naciones Unidas ha pedido al Estado cubano que lo indemnice y repare. <\/p>\n","protected":false},"author":12,"featured_media":18254,"parent":0,"menu_order":0,"template":"","format":"standard","categories":[],"resources_country":[1193],"resources_language":[],"resources_audience":[],"resources_format":[],"resources_topic":[1117],"resources_year":[],"class_list":["post-18253","resources","type-resources","status-publish","format-standard","has-post-thumbnail","hentry","resources_country-cuba-es","resources_topic-onu"],"acf":[],"aioseo_notices":[],"_links":{"self":[{"href":"https:\/\/raceandequality.org\/es\/wp-json\/wp\/v2\/resources\/18253","targetHints":{"allow":["GET"]}}],"collection":[{"href":"https:\/\/raceandequality.org\/es\/wp-json\/wp\/v2\/resources"}],"about":[{"href":"https:\/\/raceandequality.org\/es\/wp-json\/wp\/v2\/types\/resources"}],"author":[{"embeddable":true,"href":"https:\/\/raceandequality.org\/es\/wp-json\/wp\/v2\/users\/12"}],"wp:featuredmedia":[{"embeddable":true,"href":"https:\/\/raceandequality.org\/es\/wp-json\/wp\/v2\/media\/18254"}],"wp:attachment":[{"href":"https:\/\/raceandequality.org\/es\/wp-json\/wp\/v2\/media?parent=18253"}],"wp:term":[{"taxonomy":"category","embeddable":true,"href":"https:\/\/raceandequality.org\/es\/wp-json\/wp\/v2\/categories?post=18253"},{"taxonomy":"resources_country","embeddable":true,"href":"https:\/\/raceandequality.org\/es\/wp-json\/wp\/v2\/resources_country?post=18253"},{"taxonomy":"resources_language","embeddable":true,"href":"https:\/\/raceandequality.org\/es\/wp-json\/wp\/v2\/resources_language?post=18253"},{"taxonomy":"resources_audience","embeddable":true,"href":"https:\/\/raceandequality.org\/es\/wp-json\/wp\/v2\/resources_audience?post=18253"},{"taxonomy":"resources_format","embeddable":true,"href":"https:\/\/raceandequality.org\/es\/wp-json\/wp\/v2\/resources_format?post=18253"},{"taxonomy":"resources_topic","embeddable":true,"href":"https:\/\/raceandequality.org\/es\/wp-json\/wp\/v2\/resources_topic?post=18253"},{"taxonomy":"resources_year","embeddable":true,"href":"https:\/\/raceandequality.org\/es\/wp-json\/wp\/v2\/resources_year?post=18253"}],"curies":[{"name":"wp","href":"https:\/\/api.w.org\/{rel}","templated":true}]}}