{"id":18327,"date":"2024-05-03T10:16:33","date_gmt":"2024-05-03T10:16:33","guid":{"rendered":"https:\/\/raceandequality.org\/?post_type=resources&#038;p=18327"},"modified":"2024-05-03T15:36:56","modified_gmt":"2024-05-03T15:36:56","slug":"cuba-y-nicaragua-paises-donde-el-periodismo-independiente-es-un-crimen","status":"publish","type":"resources","link":"https:\/\/raceandequality.org\/es\/resources\/cuba-y-nicaragua-paises-donde-el-periodismo-independiente-es-un-crimen\/","title":{"rendered":"Cuba y Nicaragua: pa\u00edses donde el periodismo independiente es un crimen"},"content":{"rendered":"<p><strong>Washington D.C., 3 de mayo de 2024.-<\/strong> En los reg\u00edmenes autoritarios\u00a0 de Cuba y Nicaragua el periodismo independiente es castigado con c\u00e1rcel, exilio, despojo arbitrario de la nacionalidad, confiscaciones de propiedades personales y medios de comunicaci\u00f3n. A prop\u00f3sito del D\u00eda de la Libertad de Prensa, que se conmemora hoy en todo el mundo, y reconociendo que la libertad es un pilar esencial para la rendici\u00f3n de cuentas y el funcionamiento adecuado de las instituciones p\u00fablicas, el Instituto sobre Raza, Igualdad y Derechos Humanos (Raza e Igualdad) destaca la labor de las y los periodistas cubanos y nicarag\u00fcenses, que trabajan incansablemente por visibilizar las crisis democr\u00e1ticas y de derechos humanos de sus pa\u00edses, y luchan por el derecho de sus pueblos a acceder a informaci\u00f3n veraz y diversa.<\/p>\n<p><strong>Cuba: detenciones arbitrarias y represi\u00f3n<\/strong><\/p>\n<p>En Cuba \u201clos arrestos domiciliarios, las citaciones y detenciones de periodistas y comunicadores contin\u00faan siendo una de las principales t\u00e1cticas utilizadas por el gobierno para intimidarlos o como forma de inhibir el ejercicio period\u00edstico independiente y cr\u00edtico\u201d, de acuerdo con el Cap\u00edtulo IV.B del informe anual 2023 de la Comisi\u00f3n Interamericana de Derechos Humanos (CIDH)<a href=\"#_ftn1\" name=\"_ftnref1\"><sup>[1]<\/sup><\/a>.<\/p>\n<blockquote><p><strong>Seg\u00fan el informe \u2018Cuba: la resistencia frente a la censura\u2019, elaborado por la organizaci\u00f3n Art\u00edculo 19, el a\u00f1o pasado se registraron un total de 274 agresiones contra periodistas y activistas en la Isla<a href=\"#_ftn2\" name=\"_ftnref2\"><sup>[2]<\/sup><\/a>. Al menos cinco comunicadores y reporteros permanecen privados de libertad por motivos pol\u00edticos, enfrentando cargos injustos por ejercer su derecho a la libertad de expresi\u00f3n. Estas personas son: L\u00e1zaro Yuri Valle Roca, Jorge Armando Bello, Jos\u00e9 Antonio L\u00f3pez Pi\u00f1a, Jorge Fern\u00e1ndez Era y Luis \u00c1ngel Cuza<a href=\"#_ftn3\" name=\"_ftnref3\"><sup>[3]<\/sup><\/a>.<\/strong><\/p><\/blockquote>\n<p>El r\u00e9gimen autoritario cubano tambi\u00e9n ha incrementado las restricciones y obst\u00e1culos para el ingreso y salida del territorio de periodistas independientes. Hasta abril de 2024, las y los periodistas Reinaldo Escobar, Camila Acosta, Anais Rem\u00f3n y Henry Constant\u00edn ten\u00edan prohibici\u00f3n para salir del pa\u00eds<a href=\"#_ftn4\" name=\"_ftnref4\"><sup>[4]<\/sup><\/a>.<\/p>\n<p>Adem\u00e1s, las autoridades cubanas han impuesto una serie de regulaciones que coartan severamente el ejercicio de la libertad de prensa y la labor period\u00edstica en Cuba. Entre estas medidas se encuentran el servicio militar obligatorio para las mujeres que deseen estudiar periodismo, el Decreto 370 que reprime la libre expresi\u00f3n en Internet<a href=\"#_ftn5\" name=\"_ftnref5\"><sup>[5]<\/sup><\/a>; y la Ley de Comunicaci\u00f3n Social<a href=\"#_ftn6\" name=\"_ftnref6\"><sup>[6]<\/sup><\/a>, que regula los contenidos de los medios en la Isla y desconoce a la prensa independiente como figura jur\u00eddica.<\/p>\n<p>Este panorama sombr\u00edo de Cuba obliga a que las y los periodistas independientes trabajen en condiciones precarias, enfrentando constantes amenazas y represalias; sin embargo, su determinaci\u00f3n por visibilizar las injusticias y defender los derechos humanos de este pa\u00eds, es inquebrantable.<\/p>\n<p><strong>Nicaragua: entre la clandestinidad, el exilio\u00a0 y la autocensura<\/strong><\/p>\n<p>En el Informe Anual 2023 de la CIDH, este organismo y su Relator\u00eda Especial para la Libertad de Expresi\u00f3n (RELE) tambi\u00e9n advirtieron que \u201cla censura y la represi\u00f3n alcanzaron niveles alarmantes\u201d en Nicaragua<a href=\"#_ftn7\" name=\"_ftnref7\"><sup>[7]<\/sup><\/a>.<\/p>\n<blockquote><p><strong>Desde el inicio de la crisis sociopol\u00edtica y de derechos humanos en abril del a\u00f1o 2018, m\u00e1s de 250 periodistas han sido obligados al exilio<a href=\"#_ftn8\" name=\"_ftnref8\"><sup>[8]<\/sup><\/a>, 56 medios de comunicaci\u00f3n han sido cerrados y sus edificios confiscados, 22 periodistas han sido despojados de su nacionalidad y sus propiedades confiscadas; y el asesinato del periodista Angel Gahona, quien hace 6 a\u00f1os cubr\u00eda el inicio de las manifestaciones pac\u00edficas, sigue en la impunidad.<\/strong><\/p><\/blockquote>\n<p>En el \u00faltimo a\u00f1o, el r\u00e9gimen Ortega Murillo ha extendido la detenci\u00f3n arbitraria por motivos pol\u00edticos a periodistas que ni siquiera realizaban coberturas de temas pol\u00edticos. Tal es el caso de V\u00edctor Ticay<a href=\"#_ftn9\" name=\"_ftnref9\"><sup>[9]<\/sup><\/a>, arrestado mientras cubr\u00eda una procesi\u00f3n religiosa y condenado a 8 a\u00f1os de c\u00e1rcel por los delitos no probados de \u201cpropagaci\u00f3n de noticias falsas y conspiraci\u00f3n y menoscabo a la integridad nacional\u201d.<\/p>\n<p>Tambi\u00e9n se conoce de los casos de cinco personas periodistas que fueron\u00a0 acusadas por los mismos falsos delitos y apresadas durante unas horas; adem\u00e1s de los casos de 22 mujeres periodistas v\u00edctimas de acoso sexual por parte de las fuerzas policiales.<\/p>\n<p>Cabe destacar que agentes de la Polic\u00eda Nacional, uniformados y vestidos de civil, son los principales agresores de la libertad de prensa en el pa\u00eds. Adem\u00e1s, el r\u00e9gimen utiliza la Direcci\u00f3n de Migraci\u00f3n y Extranjer\u00eda, y el Instituto Nicarag\u00fcense de Telecomunicaciones con fines coercitivos. La aprobaci\u00f3n de leyes represivas, como la Ley Especial de Ciberdelitos y la Ley de Soberan\u00eda, ha exacerbado la situaci\u00f3n al otorgar al r\u00e9gimen poderes para perseguir y castigar a cualquier persona que critique al gobierno.<\/p>\n<p>Todo este contexto represivo ha causado que en 5 de los 17 departamentos de Nicaragua, el periodismo independiente haya sido completamente silenciado<a href=\"#_ftn10\" name=\"_ftnref10\"><sup>[10]<\/sup><\/a>. Sin embargo, las y los periodistas nicarag\u00fcenses trabajan desde la clandestinidad y el exilio, venciendo la censura y divulgando la verdad de los cr\u00edmenes de lesa humanidad cometidos en Nicaragua.<\/p>\n<p>Para Raza e Igualdad, el D\u00eda de la Libertad de Prensa recuerda la importancia de los derechos\u00a0 a la libertad de prensa y expresi\u00f3n en el funcionamiento de una sociedad democr\u00e1tica. Aprovechamos esta oportunidad para hacer un llamado a\u00a0 la comunidad internacional a defender estos derechos, y trabajar coordinadamente\u00a0 para garantizar que las voces de periodistas independientes no sean m\u00e1s silenciadas por los reg\u00edmenes autoritarios de Cuba y Nicaragua. <strong>Exigimos que las autoridades de ambos Estados garanticen este derecho, y permitan el desarrollo del ejercicio period\u00edstico independiente, sin violentar y reprimir a quienes ejercen esta profesi\u00f3n.<\/strong><\/p>\n<p>&nbsp;<\/p>\n<p>***<\/p>\n<p>&nbsp;<\/p>\n<p><a href=\"#_ftnref1\" name=\"_ftn1\"><sup>[1]<\/sup><\/a> Cap\u00edtulo IV.B Cuba. Informe anual 2023 de la CIDH. Publicado el 25 de abril de 2024. Disponible: <a href=\"https:\/\/www.oas.org\/es\/cidh\/docs\/anual\/2023\/capitulos\/IA2023_Cap_4B_Cuba_SPA.PDF\">https:\/\/www.oas.org\/es\/cidh\/docs\/anual\/2023\/capitulos\/IA2023_Cap_4B_Cuba_SPA.PDF<\/a><\/p>\n<p><a href=\"#_ftnref2\" name=\"_ftn2\"><sup>[2]<\/sup><\/a> Informe Cuba: la resistencia frente a la censura. Publicado el 19 de marzo de 2024. Disponible en: <a href=\"https:\/\/articulo19.org\/cuba-la-resistencia-frente-a-la-censura\/\">https:\/\/articulo19.org\/cuba-la-resistencia-frente-a-la-censura\/<\/a><\/p>\n<p><a href=\"#_ftnref3\" name=\"_ftn3\"><sup>[3]<\/sup><\/a> Balance parcial 2023. Hechos violatorios a la libertad de expresi\u00f3n y prensa en Cuba, recopilados por el Instituto Cubano por la Libertad de Expresi\u00f3n y Prensa (ICLEP). Disponible en: <a href=\"https:\/\/iclep.org\/informes-por-indicador\/6\/2023\/\">https:\/\/iclep.org\/informes-por-indicador\/6\/2023\/<\/a><\/p>\n<p><a href=\"#_ftnref4\" name=\"_ftn4\"><sup>[4]<\/sup><\/a> Resoluci\u00f3n &#8211; Reuni\u00f3n de Medio A\u00f1o de la Sociedad Interamericana de Prensa. Publicado el 19 de abril de 2024. Disponible en: <a href=\"https:\/\/www.sipiapa.org\/notas\/1216479-cuba\">https:\/\/www.sipiapa.org\/notas\/1216479-cuba<\/a><\/p>\n<p><a href=\"#_ftnref5\" name=\"_ftn5\"><sup>[5]<\/sup><\/a>\u00a0 Resoluci\u00f3n &#8211; Reuni\u00f3n de Medio A\u00f1o de la Sociedad Interamericana de Prensa. Publicado el 19 de abril de 2024. Disponible en: <a href=\"https:\/\/www.sipiapa.org\/notas\/1216479-cuba\">https:\/\/www.sipiapa.org\/notas\/1216479-cuba<\/a><\/p>\n<p><a href=\"#_ftnref6\" name=\"_ftn6\"><sup>[6]<\/sup><\/a> La RELE manifiesta su preocupaci\u00f3n por nueva ley de Comunicaci\u00f3n Social en Cuba. Publicado el 16 de junio de 2023. Disponible en: <a href=\"https:\/\/www.oas.org\/es\/cidh\/expresion\/showarticle.asp?lID=2&amp;artID=1278\">https:\/\/www.oas.org\/es\/cidh\/expresion\/showarticle.asp?lID=2&amp;artID=1278<\/a><\/p>\n<p><a href=\"#_ftnref7\" name=\"_ftn7\"><sup>[7]<\/sup><\/a> Cap\u00edtulo IV.B Nicaragua. Informe anual 2023 de la CIDH. Disponible en: <a href=\"https:\/\/www.oas.org\/es\/cidh\/docs\/anual\/2023\/capitulos\/IA2023_Cap_4B_Nicaragua_SPA.PDF\">https:\/\/www.oas.org\/es\/cidh\/docs\/anual\/2023\/capitulos\/IA2023_Cap_4B_Nicaragua_SPA.PDF<\/a><\/p>\n<p><a href=\"#_ftnref8\" name=\"_ftn8\"><sup>[8]<\/sup><\/a> Al menos 253 periodistas dejaron Nicaragua por persecuci\u00f3n de Daniel Ortega. Publicado el 21 de abril de 2024. Disponible en: <a href=\"https:\/\/efectococuyo.com\/internacionales\/al-menos-253-periodistas-dejaron-nicaragua-por-persecucion-de-daniel-ortega\/\">https:\/\/efectococuyo.com\/internacionales\/al-menos-253-periodistas-dejaron-nicaragua-por-persecucion-de-daniel-ortega\/<\/a><\/p>\n<p><a href=\"#_ftnref9\" name=\"_ftn9\"><sup>[9]<\/sup><\/a> V\u00edctor Ticay: detenido por transmitir un evento religioso durante Semana Santa. Disponible en: <a href=\"https:\/\/nicaslibresya.org\/perfiles_pp\/victor-ticay\/\">https:\/\/nicaslibresya.org\/perfiles_pp\/victor-ticay\/<\/a><\/p>\n<p><a href=\"#_ftnref10\" name=\"_ftn10\"><sup>[10]<\/sup><\/a> Represi\u00f3n y problemas financieros provocan el abandono del periodismo en Nicaragua. Publicado el 10 de abril de 2024. Disponible en: <a href=\"https:\/\/fled.ong\/represion-y-problemas-financieros-provocan-el-abandono-del-periodismo-en-nicaragua\/\">https:\/\/fled.ong\/represion-y-problemas-financieros-provocan-el-abandono-del-periodismo-en-nicaragua\/<\/a><\/p>\n","protected":false},"excerpt":{"rendered":"<p>En el marco del D\u00eda de la Libertad de Prensa exigimos que las autoridades cubanas y nicarag\u00fcenses respeten el ejercicio period\u00edstico independiente, sin violentar y reprimir a quienes ejercen esta profesi\u00f3n. <\/p>\n","protected":false},"author":12,"featured_media":18328,"parent":0,"menu_order":0,"template":"","format":"standard","categories":[],"resources_country":[1193,1199],"resources_language":[],"resources_audience":[],"resources_format":[],"resources_topic":[1097],"resources_year":[],"class_list":["post-18327","resources","type-resources","status-publish","format-standard","has-post-thumbnail","hentry","resources_country-cuba-es","resources_country-nicaragua-es","resources_topic-derechos-humanos"],"acf":[],"aioseo_notices":[],"_links":{"self":[{"href":"https:\/\/raceandequality.org\/es\/wp-json\/wp\/v2\/resources\/18327","targetHints":{"allow":["GET"]}}],"collection":[{"href":"https:\/\/raceandequality.org\/es\/wp-json\/wp\/v2\/resources"}],"about":[{"href":"https:\/\/raceandequality.org\/es\/wp-json\/wp\/v2\/types\/resources"}],"author":[{"embeddable":true,"href":"https:\/\/raceandequality.org\/es\/wp-json\/wp\/v2\/users\/12"}],"wp:featuredmedia":[{"embeddable":true,"href":"https:\/\/raceandequality.org\/es\/wp-json\/wp\/v2\/media\/18328"}],"wp:attachment":[{"href":"https:\/\/raceandequality.org\/es\/wp-json\/wp\/v2\/media?parent=18327"}],"wp:term":[{"taxonomy":"category","embeddable":true,"href":"https:\/\/raceandequality.org\/es\/wp-json\/wp\/v2\/categories?post=18327"},{"taxonomy":"resources_country","embeddable":true,"href":"https:\/\/raceandequality.org\/es\/wp-json\/wp\/v2\/resources_country?post=18327"},{"taxonomy":"resources_language","embeddable":true,"href":"https:\/\/raceandequality.org\/es\/wp-json\/wp\/v2\/resources_language?post=18327"},{"taxonomy":"resources_audience","embeddable":true,"href":"https:\/\/raceandequality.org\/es\/wp-json\/wp\/v2\/resources_audience?post=18327"},{"taxonomy":"resources_format","embeddable":true,"href":"https:\/\/raceandequality.org\/es\/wp-json\/wp\/v2\/resources_format?post=18327"},{"taxonomy":"resources_topic","embeddable":true,"href":"https:\/\/raceandequality.org\/es\/wp-json\/wp\/v2\/resources_topic?post=18327"},{"taxonomy":"resources_year","embeddable":true,"href":"https:\/\/raceandequality.org\/es\/wp-json\/wp\/v2\/resources_year?post=18327"}],"curies":[{"name":"wp","href":"https:\/\/api.w.org\/{rel}","templated":true}]}}