{"id":18699,"date":"2024-07-10T11:11:55","date_gmt":"2024-07-10T11:11:55","guid":{"rendered":"https:\/\/raceandequality.org\/?post_type=resources&#038;p=18699"},"modified":"2024-07-10T11:11:55","modified_gmt":"2024-07-10T11:11:55","slug":"en-los-tres-anos-del-11j-diez-activistas-de-cuba-denuncian-violaciones-de-ddhh-en-este-pais","status":"publish","type":"resources","link":"https:\/\/raceandequality.org\/es\/resources\/en-los-tres-anos-del-11j-diez-activistas-de-cuba-denuncian-violaciones-de-ddhh-en-este-pais\/","title":{"rendered":"En los tres a\u00f1os del 11J, diez activistas de Cuba denuncian violaciones de DDHH en este pa\u00eds"},"content":{"rendered":"<p><strong>Washington D.C., 10 de julio de 2024<\/strong> \u2013 En Cuba, este jueves se conmemoran tres a\u00f1os de las hist\u00f3ricas y multitudinarias protestas del 11 y 12 de julio de 2021, tambi\u00e9n conocidas como 11J. Miles de personas se tomaron las calles y m\u00e1s de 1400 habitantes de este pa\u00eds, fueron detenidos de forma arbitraria, de acuerdo con cifras de <a href=\"https:\/\/justicia11j.org\/otro-sin-justicia-2023\/\">Justicia 11J<\/a>, organizaci\u00f3n que ha documentado que actualmente hay m\u00e1s de 600 personas condenadas por haber participado en estas manifestaciones.<\/p>\n<p>Marcharon para denunciar la crisis social, pol\u00edtica y econ\u00f3mica que se registra en la Isla, donde escasean alimentos y medicamentos. Como resultado de esto, existe una cifra superior a 340 mil personas, que migraron fuera de Cuba en 2022, seg\u00fan el <a href=\"https:\/\/publications.iom.int\/books\/world-migration-report-2024\">informe 2024<\/a> sobre Migraci\u00f3n Mundial de la Organizaci\u00f3n Internacional para las Migraciones (OIM).<\/p>\n<p><strong>A ra\u00edz de los tres a\u00f1os de estas manifestaciones, dialogamos con 10 activistas de la Isla, dos residiendo en este pa\u00eds, una desterrada y siete viviendo en el exilio, quienes denunciaron que las violaciones de derechos humanos registradas en 2021 contin\u00faan ocurriendo, y han empeorado.\u00a0 <\/strong><\/p>\n<p>Los apagones, las detenciones de forma arbitraria, las condenas injustas, la violencia de g\u00e9nero, y la imposibilidad de expresarse libremente y cuestionar las acciones del r\u00e9gimen autoritario de este pa\u00eds, son parte de las denuncias que hizo el grupo de personas que, desde Cuba, Espa\u00f1a, Estados Unidos, M\u00e9xico y Panam\u00e1, confirmaron la grave crisis social, pol\u00edtica y econ\u00f3mica en este pa\u00eds.<\/p>\n\n\t\t<style type=\"text\/css\">\n\t\t\t#gallery-1 {\n\t\t\t\tmargin: auto;\n\t\t\t}\n\t\t\t#gallery-1 .gallery-item {\n\t\t\t\tfloat: left;\n\t\t\t\tmargin-top: 10px;\n\t\t\t\ttext-align: center;\n\t\t\t\twidth: 20%;\n\t\t\t}\n\t\t\t#gallery-1 img {\n\t\t\t\tborder: 2px solid #cfcfcf;\n\t\t\t}\n\t\t\t#gallery-1 .gallery-caption {\n\t\t\t\tmargin-left: 0;\n\t\t\t}\n\t\t\t\/* see gallery_shortcode() in wp-includes\/media.php *\/\n\t\t<\/style>\n\t\t<div id='gallery-1' class='gallery galleryid-18699 gallery-columns-5 gallery-size-medium'><dl class='gallery-item'>\n\t\t\t<dt class='gallery-icon landscape'>\n\t\t\t\t<a href='https:\/\/raceandequality.org\/es\/1-21\/'><img decoding=\"async\" width=\"300\" height=\"300\" data-src=\"https:\/\/raceandequality.org\/wp-content\/uploads\/2024\/07\/1-300x300.png\" class=\"attachment-medium size-medium lazyload\" alt=\"\" data-srcset=\"https:\/\/raceandequality.org\/wp-content\/uploads\/2024\/07\/1-300x300.png 300w, https:\/\/raceandequality.org\/wp-content\/uploads\/2024\/07\/1-1024x1024.png 1024w, https:\/\/raceandequality.org\/wp-content\/uploads\/2024\/07\/1-150x150.png 150w, https:\/\/raceandequality.org\/wp-content\/uploads\/2024\/07\/1-768x768.png 768w, https:\/\/raceandequality.org\/wp-content\/uploads\/2024\/07\/1-600x600.png 600w, https:\/\/raceandequality.org\/wp-content\/uploads\/2024\/07\/1-400x400.png 400w, https:\/\/raceandequality.org\/wp-content\/uploads\/2024\/07\/1.png 1080w\" data-sizes=\"(max-width: 300px) 100vw, 300px\" src=\"data:image\/svg+xml;base64,PHN2ZyB3aWR0aD0iMSIgaGVpZ2h0PSIxIiB4bWxucz0iaHR0cDovL3d3dy53My5vcmcvMjAwMC9zdmciPjwvc3ZnPg==\" style=\"--smush-placeholder-width: 300px; --smush-placeholder-aspect-ratio: 300\/300;\" \/><\/a>\n\t\t\t<\/dt><\/dl><dl class='gallery-item'>\n\t\t\t<dt class='gallery-icon landscape'>\n\t\t\t\t<a href='https:\/\/raceandequality.org\/es\/2-14\/'><img decoding=\"async\" width=\"300\" height=\"300\" data-src=\"https:\/\/raceandequality.org\/wp-content\/uploads\/2024\/07\/2-300x300.png\" class=\"attachment-medium size-medium lazyload\" alt=\"\" data-srcset=\"https:\/\/raceandequality.org\/wp-content\/uploads\/2024\/07\/2-300x300.png 300w, https:\/\/raceandequality.org\/wp-content\/uploads\/2024\/07\/2-1024x1024.png 1024w, https:\/\/raceandequality.org\/wp-content\/uploads\/2024\/07\/2-150x150.png 150w, https:\/\/raceandequality.org\/wp-content\/uploads\/2024\/07\/2-768x768.png 768w, https:\/\/raceandequality.org\/wp-content\/uploads\/2024\/07\/2-600x600.png 600w, https:\/\/raceandequality.org\/wp-content\/uploads\/2024\/07\/2-400x400.png 400w, https:\/\/raceandequality.org\/wp-content\/uploads\/2024\/07\/2.png 1080w\" data-sizes=\"(max-width: 300px) 100vw, 300px\" src=\"data:image\/svg+xml;base64,PHN2ZyB3aWR0aD0iMSIgaGVpZ2h0PSIxIiB4bWxucz0iaHR0cDovL3d3dy53My5vcmcvMjAwMC9zdmciPjwvc3ZnPg==\" style=\"--smush-placeholder-width: 300px; --smush-placeholder-aspect-ratio: 300\/300;\" \/><\/a>\n\t\t\t<\/dt><\/dl><dl class='gallery-item'>\n\t\t\t<dt class='gallery-icon landscape'>\n\t\t\t\t<a href='https:\/\/raceandequality.org\/es\/3-8\/'><img decoding=\"async\" width=\"300\" height=\"300\" data-src=\"https:\/\/raceandequality.org\/wp-content\/uploads\/2024\/07\/3-300x300.png\" class=\"attachment-medium size-medium lazyload\" alt=\"\" data-srcset=\"https:\/\/raceandequality.org\/wp-content\/uploads\/2024\/07\/3-300x300.png 300w, https:\/\/raceandequality.org\/wp-content\/uploads\/2024\/07\/3-1024x1024.png 1024w, https:\/\/raceandequality.org\/wp-content\/uploads\/2024\/07\/3-150x150.png 150w, https:\/\/raceandequality.org\/wp-content\/uploads\/2024\/07\/3-768x768.png 768w, https:\/\/raceandequality.org\/wp-content\/uploads\/2024\/07\/3-600x600.png 600w, https:\/\/raceandequality.org\/wp-content\/uploads\/2024\/07\/3-400x400.png 400w, https:\/\/raceandequality.org\/wp-content\/uploads\/2024\/07\/3.png 1080w\" data-sizes=\"(max-width: 300px) 100vw, 300px\" src=\"data:image\/svg+xml;base64,PHN2ZyB3aWR0aD0iMSIgaGVpZ2h0PSIxIiB4bWxucz0iaHR0cDovL3d3dy53My5vcmcvMjAwMC9zdmciPjwvc3ZnPg==\" style=\"--smush-placeholder-width: 300px; --smush-placeholder-aspect-ratio: 300\/300;\" \/><\/a>\n\t\t\t<\/dt><\/dl><dl class='gallery-item'>\n\t\t\t<dt class='gallery-icon landscape'>\n\t\t\t\t<a href='https:\/\/raceandequality.org\/es\/4-11\/'><img decoding=\"async\" width=\"300\" height=\"300\" data-src=\"https:\/\/raceandequality.org\/wp-content\/uploads\/2024\/07\/4-300x300.png\" class=\"attachment-medium size-medium lazyload\" alt=\"\" data-srcset=\"https:\/\/raceandequality.org\/wp-content\/uploads\/2024\/07\/4-300x300.png 300w, https:\/\/raceandequality.org\/wp-content\/uploads\/2024\/07\/4-1024x1024.png 1024w, https:\/\/raceandequality.org\/wp-content\/uploads\/2024\/07\/4-150x150.png 150w, https:\/\/raceandequality.org\/wp-content\/uploads\/2024\/07\/4-768x768.png 768w, https:\/\/raceandequality.org\/wp-content\/uploads\/2024\/07\/4-600x600.png 600w, https:\/\/raceandequality.org\/wp-content\/uploads\/2024\/07\/4-400x400.png 400w, https:\/\/raceandequality.org\/wp-content\/uploads\/2024\/07\/4.png 1080w\" data-sizes=\"(max-width: 300px) 100vw, 300px\" src=\"data:image\/svg+xml;base64,PHN2ZyB3aWR0aD0iMSIgaGVpZ2h0PSIxIiB4bWxucz0iaHR0cDovL3d3dy53My5vcmcvMjAwMC9zdmciPjwvc3ZnPg==\" style=\"--smush-placeholder-width: 300px; --smush-placeholder-aspect-ratio: 300\/300;\" \/><\/a>\n\t\t\t<\/dt><\/dl><dl class='gallery-item'>\n\t\t\t<dt class='gallery-icon landscape'>\n\t\t\t\t<a href='https:\/\/raceandequality.org\/es\/5-5\/'><img decoding=\"async\" width=\"300\" height=\"300\" data-src=\"https:\/\/raceandequality.org\/wp-content\/uploads\/2024\/07\/5-300x300.png\" class=\"attachment-medium size-medium lazyload\" alt=\"\" data-srcset=\"https:\/\/raceandequality.org\/wp-content\/uploads\/2024\/07\/5-300x300.png 300w, https:\/\/raceandequality.org\/wp-content\/uploads\/2024\/07\/5-1024x1024.png 1024w, https:\/\/raceandequality.org\/wp-content\/uploads\/2024\/07\/5-150x150.png 150w, https:\/\/raceandequality.org\/wp-content\/uploads\/2024\/07\/5-768x768.png 768w, https:\/\/raceandequality.org\/wp-content\/uploads\/2024\/07\/5-600x600.png 600w, https:\/\/raceandequality.org\/wp-content\/uploads\/2024\/07\/5-400x400.png 400w, https:\/\/raceandequality.org\/wp-content\/uploads\/2024\/07\/5.png 1080w\" data-sizes=\"(max-width: 300px) 100vw, 300px\" src=\"data:image\/svg+xml;base64,PHN2ZyB3aWR0aD0iMSIgaGVpZ2h0PSIxIiB4bWxucz0iaHR0cDovL3d3dy53My5vcmcvMjAwMC9zdmciPjwvc3ZnPg==\" style=\"--smush-placeholder-width: 300px; --smush-placeholder-aspect-ratio: 300\/300;\" \/><\/a>\n\t\t\t<\/dt><\/dl><br style=\"clear: both\" \/><dl class='gallery-item'>\n\t\t\t<dt class='gallery-icon landscape'>\n\t\t\t\t<a href='https:\/\/raceandequality.org\/es\/6-5\/'><img decoding=\"async\" width=\"300\" height=\"300\" data-src=\"https:\/\/raceandequality.org\/wp-content\/uploads\/2024\/07\/6-300x300.png\" class=\"attachment-medium size-medium lazyload\" alt=\"\" data-srcset=\"https:\/\/raceandequality.org\/wp-content\/uploads\/2024\/07\/6-300x300.png 300w, https:\/\/raceandequality.org\/wp-content\/uploads\/2024\/07\/6-1024x1024.png 1024w, https:\/\/raceandequality.org\/wp-content\/uploads\/2024\/07\/6-150x150.png 150w, https:\/\/raceandequality.org\/wp-content\/uploads\/2024\/07\/6-768x768.png 768w, https:\/\/raceandequality.org\/wp-content\/uploads\/2024\/07\/6-600x600.png 600w, https:\/\/raceandequality.org\/wp-content\/uploads\/2024\/07\/6-400x400.png 400w, https:\/\/raceandequality.org\/wp-content\/uploads\/2024\/07\/6.png 1080w\" data-sizes=\"(max-width: 300px) 100vw, 300px\" src=\"data:image\/svg+xml;base64,PHN2ZyB3aWR0aD0iMSIgaGVpZ2h0PSIxIiB4bWxucz0iaHR0cDovL3d3dy53My5vcmcvMjAwMC9zdmciPjwvc3ZnPg==\" style=\"--smush-placeholder-width: 300px; --smush-placeholder-aspect-ratio: 300\/300;\" \/><\/a>\n\t\t\t<\/dt><\/dl><dl class='gallery-item'>\n\t\t\t<dt class='gallery-icon landscape'>\n\t\t\t\t<a href='https:\/\/raceandequality.org\/es\/7-4\/'><img decoding=\"async\" width=\"300\" height=\"300\" data-src=\"https:\/\/raceandequality.org\/wp-content\/uploads\/2024\/07\/7-300x300.png\" class=\"attachment-medium size-medium lazyload\" alt=\"\" data-srcset=\"https:\/\/raceandequality.org\/wp-content\/uploads\/2024\/07\/7-300x300.png 300w, https:\/\/raceandequality.org\/wp-content\/uploads\/2024\/07\/7-1024x1024.png 1024w, https:\/\/raceandequality.org\/wp-content\/uploads\/2024\/07\/7-150x150.png 150w, https:\/\/raceandequality.org\/wp-content\/uploads\/2024\/07\/7-768x768.png 768w, https:\/\/raceandequality.org\/wp-content\/uploads\/2024\/07\/7-600x600.png 600w, https:\/\/raceandequality.org\/wp-content\/uploads\/2024\/07\/7-400x400.png 400w, https:\/\/raceandequality.org\/wp-content\/uploads\/2024\/07\/7.png 1080w\" data-sizes=\"(max-width: 300px) 100vw, 300px\" src=\"data:image\/svg+xml;base64,PHN2ZyB3aWR0aD0iMSIgaGVpZ2h0PSIxIiB4bWxucz0iaHR0cDovL3d3dy53My5vcmcvMjAwMC9zdmciPjwvc3ZnPg==\" style=\"--smush-placeholder-width: 300px; --smush-placeholder-aspect-ratio: 300\/300;\" \/><\/a>\n\t\t\t<\/dt><\/dl><dl class='gallery-item'>\n\t\t\t<dt class='gallery-icon landscape'>\n\t\t\t\t<a href='https:\/\/raceandequality.org\/es\/8-2\/'><img decoding=\"async\" width=\"300\" height=\"300\" data-src=\"https:\/\/raceandequality.org\/wp-content\/uploads\/2024\/07\/8-300x300.png\" class=\"attachment-medium size-medium lazyload\" alt=\"\" data-srcset=\"https:\/\/raceandequality.org\/wp-content\/uploads\/2024\/07\/8-300x300.png 300w, https:\/\/raceandequality.org\/wp-content\/uploads\/2024\/07\/8-1024x1024.png 1024w, https:\/\/raceandequality.org\/wp-content\/uploads\/2024\/07\/8-150x150.png 150w, https:\/\/raceandequality.org\/wp-content\/uploads\/2024\/07\/8-768x768.png 768w, https:\/\/raceandequality.org\/wp-content\/uploads\/2024\/07\/8-600x600.png 600w, https:\/\/raceandequality.org\/wp-content\/uploads\/2024\/07\/8-400x400.png 400w, https:\/\/raceandequality.org\/wp-content\/uploads\/2024\/07\/8.png 1080w\" data-sizes=\"(max-width: 300px) 100vw, 300px\" src=\"data:image\/svg+xml;base64,PHN2ZyB3aWR0aD0iMSIgaGVpZ2h0PSIxIiB4bWxucz0iaHR0cDovL3d3dy53My5vcmcvMjAwMC9zdmciPjwvc3ZnPg==\" style=\"--smush-placeholder-width: 300px; --smush-placeholder-aspect-ratio: 300\/300;\" \/><\/a>\n\t\t\t<\/dt><\/dl><dl class='gallery-item'>\n\t\t\t<dt class='gallery-icon landscape'>\n\t\t\t\t<a href='https:\/\/raceandequality.org\/es\/9\/'><img decoding=\"async\" width=\"300\" height=\"300\" data-src=\"https:\/\/raceandequality.org\/wp-content\/uploads\/2024\/07\/9-300x300.png\" class=\"attachment-medium size-medium lazyload\" alt=\"\" data-srcset=\"https:\/\/raceandequality.org\/wp-content\/uploads\/2024\/07\/9-300x300.png 300w, https:\/\/raceandequality.org\/wp-content\/uploads\/2024\/07\/9-1024x1024.png 1024w, https:\/\/raceandequality.org\/wp-content\/uploads\/2024\/07\/9-150x150.png 150w, https:\/\/raceandequality.org\/wp-content\/uploads\/2024\/07\/9-768x768.png 768w, https:\/\/raceandequality.org\/wp-content\/uploads\/2024\/07\/9-600x600.png 600w, https:\/\/raceandequality.org\/wp-content\/uploads\/2024\/07\/9-400x400.png 400w, https:\/\/raceandequality.org\/wp-content\/uploads\/2024\/07\/9.png 1080w\" data-sizes=\"(max-width: 300px) 100vw, 300px\" src=\"data:image\/svg+xml;base64,PHN2ZyB3aWR0aD0iMSIgaGVpZ2h0PSIxIiB4bWxucz0iaHR0cDovL3d3dy53My5vcmcvMjAwMC9zdmciPjwvc3ZnPg==\" style=\"--smush-placeholder-width: 300px; --smush-placeholder-aspect-ratio: 300\/300;\" \/><\/a>\n\t\t\t<\/dt><\/dl><dl class='gallery-item'>\n\t\t\t<dt class='gallery-icon landscape'>\n\t\t\t\t<a href='https:\/\/raceandequality.org\/es\/10-4\/'><img decoding=\"async\" width=\"300\" height=\"300\" data-src=\"https:\/\/raceandequality.org\/wp-content\/uploads\/2024\/07\/10-300x300.png\" class=\"attachment-medium size-medium lazyload\" alt=\"\" data-srcset=\"https:\/\/raceandequality.org\/wp-content\/uploads\/2024\/07\/10-300x300.png 300w, https:\/\/raceandequality.org\/wp-content\/uploads\/2024\/07\/10-1024x1024.png 1024w, https:\/\/raceandequality.org\/wp-content\/uploads\/2024\/07\/10-150x150.png 150w, https:\/\/raceandequality.org\/wp-content\/uploads\/2024\/07\/10-768x768.png 768w, https:\/\/raceandequality.org\/wp-content\/uploads\/2024\/07\/10-600x600.png 600w, https:\/\/raceandequality.org\/wp-content\/uploads\/2024\/07\/10-400x400.png 400w, https:\/\/raceandequality.org\/wp-content\/uploads\/2024\/07\/10.png 1080w\" data-sizes=\"(max-width: 300px) 100vw, 300px\" src=\"data:image\/svg+xml;base64,PHN2ZyB3aWR0aD0iMSIgaGVpZ2h0PSIxIiB4bWxucz0iaHR0cDovL3d3dy53My5vcmcvMjAwMC9zdmciPjwvc3ZnPg==\" style=\"--smush-placeholder-width: 300px; --smush-placeholder-aspect-ratio: 300\/300;\" \/><\/a>\n\t\t\t<\/dt><\/dl><br style=\"clear: both\" \/>\n\t\t<\/div>\n\n<p><strong>Dunia Medina, Dairon Hern\u00e1ndez, Anamely Ramos, Manuel Cuesta, Yanelys N\u00fa\u00f1ez, Ra\u00fal Soublett, Camila Rodr\u00edguez, Mario Luis Reyes, Alicia Fern\u00e1ndez y Carolina Barrero, son los nombres de las 10 personas activistas que, a punta de un papel y marcadores, hicieron estas denuncias en forma de protesta pac\u00edfica a trav\u00e9s de las redes sociales. <\/strong><\/p>\n<p>Con esta iniciativa, el Instituto sobre Raza, Igualdad y Derechos Humanos (Raza e Igualdad) recuerda el estallido social de 2021 en Cuba, condena la represi\u00f3n, y exige que sean liberadas las m\u00e1s de 600 personas que todav\u00eda permanecen privadas de libertad por haber participado en las marchas del 11J. Tambi\u00e9n recuerda que contin\u00faan vigentes los reclamos que hizo la sociedad civil independiente en aquel entonces, los cuales han ocasionado nuevas protestas, como las ocurridas en agosto de 2022 en Nuevitas (provincia de Camag\u00fcey), en mayo de 2023 en La Caimanera (Guant\u00e1namo), y en marzo de este a\u00f1o en Santiago de Cuba, Granma y Matanzas.<\/p>\n<p><strong>Audiencia ante la CIDH<\/strong><\/p>\n<p>Este jueves 11 de julio, a partir de las 11:00 a.m. (hora Washington D.C.), se realizar\u00e1 la audiencia tem\u00e1tica \u2018Violaciones a los derechos humanos en el contexto de la violencia institucional en Cuba\u2019. Este espacio, que se har\u00e1 en el marco del 190 per\u00edodo de sesiones de la Comisi\u00f3n Interamericana de Derechos Humanos (CIDH), se llevar\u00e1 a cabo el mismo d\u00eda en que se conmemoran tres a\u00f1os de las multitudinarias protestas del 11 de julio de 2021. Para ver y escuchar la audiencia, es necesario registrarse en este <a href=\"https:\/\/www.zoomgov.com\/webinar\/register\/WN_jCtKeoy4Rc2J7alTjB-H3g#\/registration\">enlace<\/a>.<\/p>\n<p>Durante este espacio que otorga la CIDH a la sociedad civil independiente, se abordar\u00e1n varios temas como las muertes en custodia, la represi\u00f3n de las protestas pac\u00edficas, y la violencia contra personas afrodescendientes, defensoras de derechos humanos, mujeres y personas LGBTI+.<\/p>\n<p>En esta audiencia intervendr\u00e1n <strong>La Coalici\u00f3n<\/strong> que est\u00e1 compuesta por las organizaciones Cubalex, Iniciativa para la Investigaci\u00f3n y la Incidencia, la Mesa de Di\u00e1logo de la Juventud Cubana (MDJC), el Museo Virtual de la Memoria contra la Violencia Basada en G\u00e9nero (Museo V) y el Museo de la Disidencia en Cuba, en conjunto con Raza e Igualdad, el Centro de Estudio Liderazgo y Desarrollo (CELIDE), el Observatorio de G\u00e9nero de Alas Tensas y las Damas de Blanco.<\/p>\n","protected":false},"excerpt":{"rendered":"<p>El grupo de personas, dos residiendo en la Isla y ocho viviendo en el exilio, confirma la crisis social, pol\u00edtica y econ\u00f3mica, que desde 2021 ha llevado a miles de cubanos y cubanas a protestar en las calles. <\/p>\n","protected":false},"author":12,"featured_media":18692,"parent":0,"menu_order":0,"template":"","format":"standard","categories":[],"resources_country":[1193],"resources_language":[],"resources_audience":[],"resources_format":[],"resources_topic":[1100,1097],"resources_year":[],"class_list":["post-18699","resources","type-resources","status-publish","format-standard","has-post-thumbnail","hentry","resources_country-cuba-es","resources_topic-cidh","resources_topic-derechos-humanos"],"acf":[],"aioseo_notices":[],"_links":{"self":[{"href":"https:\/\/raceandequality.org\/es\/wp-json\/wp\/v2\/resources\/18699","targetHints":{"allow":["GET"]}}],"collection":[{"href":"https:\/\/raceandequality.org\/es\/wp-json\/wp\/v2\/resources"}],"about":[{"href":"https:\/\/raceandequality.org\/es\/wp-json\/wp\/v2\/types\/resources"}],"author":[{"embeddable":true,"href":"https:\/\/raceandequality.org\/es\/wp-json\/wp\/v2\/users\/12"}],"wp:featuredmedia":[{"embeddable":true,"href":"https:\/\/raceandequality.org\/es\/wp-json\/wp\/v2\/media\/18692"}],"wp:attachment":[{"href":"https:\/\/raceandequality.org\/es\/wp-json\/wp\/v2\/media?parent=18699"}],"wp:term":[{"taxonomy":"category","embeddable":true,"href":"https:\/\/raceandequality.org\/es\/wp-json\/wp\/v2\/categories?post=18699"},{"taxonomy":"resources_country","embeddable":true,"href":"https:\/\/raceandequality.org\/es\/wp-json\/wp\/v2\/resources_country?post=18699"},{"taxonomy":"resources_language","embeddable":true,"href":"https:\/\/raceandequality.org\/es\/wp-json\/wp\/v2\/resources_language?post=18699"},{"taxonomy":"resources_audience","embeddable":true,"href":"https:\/\/raceandequality.org\/es\/wp-json\/wp\/v2\/resources_audience?post=18699"},{"taxonomy":"resources_format","embeddable":true,"href":"https:\/\/raceandequality.org\/es\/wp-json\/wp\/v2\/resources_format?post=18699"},{"taxonomy":"resources_topic","embeddable":true,"href":"https:\/\/raceandequality.org\/es\/wp-json\/wp\/v2\/resources_topic?post=18699"},{"taxonomy":"resources_year","embeddable":true,"href":"https:\/\/raceandequality.org\/es\/wp-json\/wp\/v2\/resources_year?post=18699"}],"curies":[{"name":"wp","href":"https:\/\/api.w.org\/{rel}","templated":true}]}}