{"id":18863,"date":"2024-08-09T17:34:17","date_gmt":"2024-08-09T17:34:17","guid":{"rendered":"https:\/\/raceandequality.org\/?post_type=resources&#038;p=18863"},"modified":"2024-08-12T14:33:46","modified_gmt":"2024-08-12T14:33:46","slug":"dia-internacional-pueblos-indigenas-espacios-promocion-y-proteccion-derechos","status":"publish","type":"resources","link":"https:\/\/raceandequality.org\/es\/resources\/dia-internacional-pueblos-indigenas-espacios-promocion-y-proteccion-derechos\/","title":{"rendered":"D\u00eda Internacional de los Pueblos Ind\u00edgenas: Elevando la voz de organizaciones y activistas ind\u00edgenas en espacios de promoci\u00f3n y protecci\u00f3n de sus derechos"},"content":{"rendered":"<p><b>Washington DC, 9 de agosto de 2024.<\/b><span style=\"font-weight: 400;\">&#8211; En el \u00faltimo a\u00f1o, el Instituto sobre Raza, Igualdad y Derechos Humanos (Raza e Igualdad) ha reforzado su trabajo de <\/span><b>acompa\u00f1amiento y capacitaci\u00f3n<\/b><span style=\"font-weight: 400;\"> a organizaciones y activistas por los derechos de los pueblos ind\u00edgenas en las Am\u00e9ricas, de cara a potenciar su participaci\u00f3n e incidencia en espacios de promoci\u00f3n y protecci\u00f3n de sus derechos.<\/span><\/p>\n<p><span style=\"font-weight: 400;\">Al conmemorar este 9 de agosto el <\/span><b>D\u00eda Internacional de los Pueblos Ind\u00edgenas<\/b><span style=\"font-weight: 400;\">, hacemos un recuento de estas acciones para resaltar una vez m\u00e1s los planteamientos y recomendaciones que organizaciones y activistas ind\u00edgenas han hecho en torno a diversos temas cruciales, como la desigualdad socio-econ\u00f3mica, la discriminaci\u00f3n interseccional, la participaci\u00f3n pol\u00edtica y las violaciones de derechos humanos que afectan a sus territorios y comunidades.<\/span><\/p>\n<p><span style=\"font-weight: 400;\">\u201cLa participaci\u00f3n de nuestras contrapartes en estos foros internacionales y en diversas plataformas nacionales es fundamental, no solo porque les permite asumir <\/span><b>roles de liderazgo en \u00e1mbitos pol\u00edticos y sociales<\/b><span style=\"font-weight: 400;\">, sino tambi\u00e9n porque fortalece su voz y visibilidad a nivel global, facilitando la incidencia en agendas de desarrollo\u201d, valora Luc\u00eda Chib\u00e1n, oficial del Programa Legal para Am\u00e9rica Latina de Raza e Igualdad.\u00a0<\/span><\/p>\n<p><span style=\"font-weight: 400;\">La participaci\u00f3n e incidencia se ha realizado a nivel <\/span><b>Sistema Universal<\/b><span style=\"font-weight: 400;\"> (Naciones Unidas) y del <\/span><b>Sistema Interamericano<\/b><span style=\"font-weight: 400;\"> (Organizaci\u00f3n de Estados Americanos y Comisi\u00f3n Interamericana de Derechos Humanos) de Derechos Humanos. De forma simult\u00e1nea, desde el Programa de Justicia Racial de Raza e Igualdad, se han llevado a cabo procesos de capacitaci\u00f3n sobre los mecanismos existentes en ambos espacios para la promoci\u00f3n y protecci\u00f3n de los derechos de pueblos ind\u00edgenas.\u00a0<\/span><\/p>\n<p><b>Denunciando situaci\u00f3n en Nicaragua en diversos espacios<\/b><\/p>\n<p><span style=\"font-weight: 400;\">En enero pasado, Raza e Igualdad y otras organizaciones realizaron un taller de capacitaci\u00f3n para la preparaci\u00f3n de <\/span><b>informes al Examen Peri\u00f3dico Universal (EPU)<\/b><span style=\"font-weight: 400;\">, de cara al Cuarto Ciclo de dicho Examen para Nicaragua ante Naciones Unidas, lo cual result\u00f3 en que\u00a0tres organizaciones ind\u00edgenas y comunitarias elaboraron y presentaron sus informes al EPU.<\/span><\/p>\n<p><span style=\"font-weight: 400;\">En el marco del 23 periodo de sesiones del Foro Permanente sobre Cuestiones Ind\u00edgenas, realizado en abril de este a\u00f1o, Raza e Igualdad organiz\u00f3 actividades para denunciar la situaci\u00f3n de los pueblos ind\u00edgenas en Nicaragua, y brind\u00f3 acompa\u00f1amiento a Tininiska Rivera, hija del <\/span><b>l\u00edder ind\u00edgena miskitu Brooklyn Rivera<\/b><span style=\"font-weight: 400;\">, exdiputado del partido Yatama y actual preso pol\u00edtico del r\u00e9gimen de Daniel Ortega.\u00a0<\/span><\/p>\n<p><span style=\"font-weight: 400;\">En su intervenci\u00f3n en el Foro, Rivera denunci\u00f3 que su familia est\u00e1 siendo amenazada por buscar informaci\u00f3n sobre su padre,\u00a0quien est\u00e1 en situaci\u00f3n de desaparici\u00f3n forzada desde septiembre 2023.<\/span><\/p>\n<p><span style=\"font-weight: 400;\">Entre el 6 y 11 de noviembre de 2023, Raza e Igualdad organiz\u00f3 una <\/span><b>gira de incidencia en Washington DC<\/b><span style=\"font-weight: 400;\"> en la que particip\u00f3 el defensor de derechos humanos Amaru Ruiz, quien brind\u00f3 informaci\u00f3n de relevancia a la Comisi\u00f3n Interamericana de Derechos Humanos (CIDH), con \u00e9nfasis en las violaciones diferenciadas en contra de los pueblos ind\u00edgenas y comunidades afrodescendientes del Caribe Norte de Nicaragua.\u00a0<\/span><\/p>\n<p><span style=\"font-weight: 400;\">En una audiencia tem\u00e1tica en el marco del 188 periodo de sesiones de la CIDH\u2014en diciembre de 2023\u2014Raza e Igualdad en conjunto con organizaciones de Nicaragua y otros pa\u00edses de la regi\u00f3n, present\u00f3 informaci\u00f3n relevante sobre <\/span><b>miner\u00eda ilegal y sus impactos<\/b><span style=\"font-weight: 400;\"> negativos en derechos humanos y el ambiente, con especial \u00e9nfasis en los pueblos ind\u00edgenas y comunidades afrodescendientes.<\/span><\/p>\n<p><span style=\"font-weight: 400;\">Durante el 190 periodo de sesiones de la CIDH, en julio de 2024, Raza e Igualdad y otras organizaciones participaron en una audiencia tem\u00e1tica sobre la situaci\u00f3n de los pueblos ind\u00edgenas en la Costa Caribe Norte de Nicaragua, denunciando las violaciones a derechos humanos que ocurren con la aquiescencia del Estado, a trav\u00e9s de <\/span><b>patrones sistem\u00e1ticos de violencia y discriminaci\u00f3n<\/b><span style=\"font-weight: 400;\"> hacia las comunidades para despojarlas de sus territorios.\u00a0<\/span><\/p>\n<p><b>Mujeres ind\u00edgenas de Brasil Incidiendo ante CEDAW\u00a0<\/b><\/p>\n<p><span style=\"font-weight: 400;\">Con el apoyo de Raza e Igualdad, la Asociaci\u00f3n de Mujeres Ind\u00edgenas en Mutir\u00e3o (AMIM) prepar\u00f3 y present\u00f3 un <\/span><b>informe tem\u00e1tico alternativo<\/b><span style=\"font-weight: 400;\"> al Comit\u00e9 para la Eliminaci\u00f3n de la Discriminaci\u00f3n contra la Mujer (CEDAW) antes de su examen a Brasil, que tuvo lugar el 23 de mayo de 2024. El informe recoge diversas cuestiones que afectan a mujeres y ni\u00f1as ind\u00edgenas de las comunidades Karipuna, Galibi Marworno, Galibi Kali&#8217;na y Palikur, en la frontera con la Guayana Francesa. Entre las principales preocupaciones figuran la violencia de g\u00e9nero, los problemas de salud y las repercusiones de los proyectos de desarrollo y el cambio clim\u00e1tico.\u00a0<\/span><\/p>\n<p><span style=\"font-weight: 400;\">Claudia Renata Lod Moraes, de AMIM, asisti\u00f3 a la sesi\u00f3n y particip\u00f3 en iniciativas de promoci\u00f3n m\u00e1s all\u00e1 de la revisi\u00f3n, como una reuni\u00f3n con la Oficial del Alto Comisionado para Brasil, Liliana Trillo Diaz, y conversaciones con diversos mandatos de los Procedimientos Especiales. Adem\u00e1s, particip\u00f3 como panelista en un evento presencial en Ginebra el 23 de mayo, con el tema \u00abMujeres plurales en di\u00e1logos interseccionales\u00bb. En este evento, <\/span><b>mujeres LBT (Lesbianas, Bisexuales y Transg\u00e9nero)<\/b><span style=\"font-weight: 400;\">, junto con mujeres ind\u00edgenas, negras y quilombolas, compartieron estrategias de defensa destinadas a garantizar que sus recomendaciones al CEDAW conduzcan a transformaciones pol\u00edticas y sociales a trav\u00e9s de un enfoque interseccional.<\/span><\/p>\n<p><span style=\"font-weight: 400;\">En las <\/span><b>observaciones finales sobre los informes peri\u00f3dicos octavo y noveno de Brasil<\/b><span style=\"font-weight: 400;\">, el Comit\u00e9 expres\u00f3 su preocupaci\u00f3n por las formas interseccionales de discriminaci\u00f3n y las desventajas econ\u00f3micas y sociales a las que se enfrentan las mujeres ind\u00edgenas y quilombolas, as\u00ed como las mujeres afrodescendientes del pa\u00eds.<\/span><\/p>\n<p><b>Denunciando miner\u00eda ilegal y amenanzas a los territorios ante el EMRIP<\/b><\/p>\n<p><span style=\"font-weight: 400;\">El mes pasado, durante el Mecanismo de Expertos sobre los Derechos de los Pueblos Ind\u00edgenas (EMRIP), tuvimos el honor de acompa\u00f1ar oficialmente al Instituto Iep\u00e9 y colaborar con organizaciones ind\u00edgenas a trav\u00e9s de la Red de Cooperaci\u00f3n Amaz\u00f3nica de Brasil, de la cual Iep\u00e9 es parte. En este marco, acompa\u00f1amos a dos l\u00edderes de la \u201cAlian\u00e7a em Defesa dos Territ\u00f3rios\u201d, que representa a los pueblos ind\u00edgenas Kayap\u00f3 (Instituto Kabu \u2013 Doto Tatak Ire), Munduruku (sin presencia f\u00edsica) y Yanomami (Hutukara Associa\u00e7\u00e3o Yanomami \u2013 Julio Ye\u2019kwana).\u00a0Durante su participaci\u00f3n, los l\u00edderes denunciaron de manera contundente la miner\u00eda ilegal de oro en sus terrritorios, la contaminaci\u00f3n por mercurio y las violaciones sist\u00e9micas que afectan sus tierras, vidas y derechos. En este contexto, presentaron dos declaraciones orales, participaron en un evento paralelo y sostuvieron reuniones bilaterales con procedimientos especiales de la ONU y representantes de la oficina del Alto Comisionado para los Derechos Humanos.\u00a0<\/span><\/p>\n<p><b>Representaci\u00f3n de lideresas ind\u00edgenas en la CSW68 y en la Asamblea General de la OEA<\/b><\/p>\n<p><span style=\"font-weight: 400;\">En marzo de 2024, Raza e Igualdad particip\u00f3 y apoy\u00f3 la participaci\u00f3n del Enlace Continental de Mujeres Ind\u00edgenas de las Am\u00e9ricas (ECMIA) en la 68\u00aa sesi\u00f3n de la Comisi\u00f3n de la Condici\u00f3n Jur\u00eddica y Social de la Mujer (CSW68), lo cual incluy\u00f3 un amplio cronograma de actividades oficiales y eventos paralelos. Sus debates se centraron en <\/span><b>la econom\u00eda y el impacto de la pobreza en la vida de las mujeres ind\u00edgenas<\/b><span style=\"font-weight: 400;\">, abordados desde una perspectiva intergeneracional, intercultural, de igualdad de g\u00e9nero y de derechos individuales y colectivos.\u00a0<\/span><\/p>\n<p><span style=\"font-weight: 400;\">Patricia Torres Sandoval, del ECMIA, tambi\u00e9n particip\u00f3 en el <\/span><b>54\u00ba Per\u00edodo Ordinario de Sesiones de la Asamblea General<\/b><span style=\"font-weight: 400;\">, que tuvo lugar del 26 al 28 de junio en Paraguay, donde se encarg\u00f3 de leer y presentar la Declaraci\u00f3n Ind\u00edgena ante la 54 Asamblea General de la OEA.<\/span><\/p>\n<p><span style=\"font-weight: 400;\">En su intervenci\u00f3n, abog\u00f3 por que se respeten los derechos de los pueblos ind\u00edgenas, que se proh\u00edban las concesiones mineras en sus tierras, especialmente de litio, que se establezcan mecanismos para erradicar la criminalizaci\u00f3n de los defensores de la tierra y los desplazamientos forzosos debidos al cambio clim\u00e1tico y la inseguridad, y que se agilice la resoluci\u00f3n de casos de violaciones contra mujeres ind\u00edgenas.<\/span><\/p>\n<p><b>Empoderando a liderazgos ind\u00edgenas j\u00f3venes<\/b><\/p>\n<p><span style=\"font-weight: 400;\">En Colombia, resaltamos el importante rol que tienen los <\/span><b>liderazgos juveniles<\/b><span style=\"font-weight: 400;\"> para avanzar en la promoci\u00f3n y garant\u00eda de los derechos de los pueblos ind\u00edgenas. En ese sentido, Raza e Igualdad y la Organizaci\u00f3n Nacional de los Pueblos Ind\u00edgenas (ONIC) se encuentran desarrollando el proyecto \u201cEmpoderar las voces de las y los j\u00f3venes ind\u00edgenas y afrodescendientes: construir comunidades m\u00e1s fuertes para la equidad y la inclusi\u00f3n en Brasil y Colombia\u201d.<\/span><\/p>\n<p><span style=\"font-weight: 400;\">En el marco de las actividades que hemos desarrollado en conjunto, uno de los objetivos principales es visibilizar el <\/span><b>Plan de Acci\u00f3n para la Igualdad \u00c9tnica y Racial (CAPREE, por sus siglas en ingl\u00e9s)<\/b><span style=\"font-weight: 400;\">. Asimismo, la importancia de la incidencia a trav\u00e9s del uso de los est\u00e1ndares internacionales para pueblos ind\u00edgenas en el Sistema Interamericano de Derechos Humanos y el Sistema Universal de Protecci\u00f3n de los Derechos Humanos.\u00a0<\/span><\/p>\n<p><span style=\"font-weight: 400;\">En Raza e Igualdad tenemos el firme <\/span><b>compromiso <\/b><span style=\"font-weight: 400;\">de apoyar la participaci\u00f3n contrapartes ind\u00edgenas en espacios internacionales, pues de esta forma contribuyen a la denuncia de la marginalizaci\u00f3n estructural y las m\u00faltiples formas de discriminaci\u00f3n que enfrentan las comunidades ind\u00edgenas. A trav\u00e9s de documentos pol\u00edticos de gran impacto, nuestras contrapartes han presentado propuestas desarrolladas que reflejan su dedicaci\u00f3n, resiliencia y esp\u00edritu colaborativo en la defensa de sus derechos.<\/span><\/p>\n","protected":false},"excerpt":{"rendered":"<p>Washington DC, 9 de agosto de 2024.&#8211; En el \u00faltimo a\u00f1o, el Instituto sobre Raza, Igualdad y Derechos Humanos (Raza e Igualdad) ha reforzado su trabajo de acompa\u00f1amiento y capacitaci\u00f3n [&hellip;]<\/p>\n","protected":false},"author":11,"featured_media":18877,"parent":0,"menu_order":0,"template":"","format":"standard","categories":[],"resources_country":[],"resources_language":[],"resources_audience":[],"resources_format":[],"resources_topic":[1102],"resources_year":[],"class_list":["post-18863","resources","type-resources","status-publish","format-standard","has-post-thumbnail","hentry","resources_topic-pueblos-indigenas"],"acf":[],"aioseo_notices":[],"_links":{"self":[{"href":"https:\/\/raceandequality.org\/es\/wp-json\/wp\/v2\/resources\/18863","targetHints":{"allow":["GET"]}}],"collection":[{"href":"https:\/\/raceandequality.org\/es\/wp-json\/wp\/v2\/resources"}],"about":[{"href":"https:\/\/raceandequality.org\/es\/wp-json\/wp\/v2\/types\/resources"}],"author":[{"embeddable":true,"href":"https:\/\/raceandequality.org\/es\/wp-json\/wp\/v2\/users\/11"}],"wp:featuredmedia":[{"embeddable":true,"href":"https:\/\/raceandequality.org\/es\/wp-json\/wp\/v2\/media\/18877"}],"wp:attachment":[{"href":"https:\/\/raceandequality.org\/es\/wp-json\/wp\/v2\/media?parent=18863"}],"wp:term":[{"taxonomy":"category","embeddable":true,"href":"https:\/\/raceandequality.org\/es\/wp-json\/wp\/v2\/categories?post=18863"},{"taxonomy":"resources_country","embeddable":true,"href":"https:\/\/raceandequality.org\/es\/wp-json\/wp\/v2\/resources_country?post=18863"},{"taxonomy":"resources_language","embeddable":true,"href":"https:\/\/raceandequality.org\/es\/wp-json\/wp\/v2\/resources_language?post=18863"},{"taxonomy":"resources_audience","embeddable":true,"href":"https:\/\/raceandequality.org\/es\/wp-json\/wp\/v2\/resources_audience?post=18863"},{"taxonomy":"resources_format","embeddable":true,"href":"https:\/\/raceandequality.org\/es\/wp-json\/wp\/v2\/resources_format?post=18863"},{"taxonomy":"resources_topic","embeddable":true,"href":"https:\/\/raceandequality.org\/es\/wp-json\/wp\/v2\/resources_topic?post=18863"},{"taxonomy":"resources_year","embeddable":true,"href":"https:\/\/raceandequality.org\/es\/wp-json\/wp\/v2\/resources_year?post=18863"}],"curies":[{"name":"wp","href":"https:\/\/api.w.org\/{rel}","templated":true}]}}