{"id":19159,"date":"2024-10-29T16:16:00","date_gmt":"2024-10-29T16:16:00","guid":{"rendered":"https:\/\/raceandequality.org\/?post_type=resources&#038;p=19159"},"modified":"2024-10-29T16:26:46","modified_gmt":"2024-10-29T16:26:46","slug":"en-cuba-la-pobreza-extrema-afecta-principalmente-a-las-personas-afrodescendientes-de-la-isla","status":"publish","type":"resources","link":"https:\/\/raceandequality.org\/es\/resources\/en-cuba-la-pobreza-extrema-afecta-principalmente-a-las-personas-afrodescendientes-de-la-isla\/","title":{"rendered":"En Cuba, la pobreza extrema afecta principalmente a las personas afrodescendientes de la Isla"},"content":{"rendered":"<p style=\"font-weight: 400;\">Bogot\u00e1, 29 de octubre de 2024 &#8211; <strong>\u201cCuba no es como te la cuentan\u201d<\/strong>, advierte Yaxys Cires, director de Estrategia del Observatorio Cubano de Derechos Humanos (OCDH), la organizaci\u00f3n de la sociedad civil independiente cubana, que public\u00f3 en julio de 2024 el s\u00e9ptimo <a href=\"https:\/\/observacuba.org\/informe-crece-extrema-pobreza-cuba-desaprobacion-gobierno-sube-cinco-puntos\/\">informe<\/a> sobre los derechos sociales en este pa\u00eds, en el que se revel\u00f3 que la pobreza extrema en la Isla\u00a0 hab\u00eda escalado al 89%.<\/p>\n<p style=\"font-weight: 400;\">El abogado oriundo de la provincia cubana de Pinar del R\u00edo explica cada uno de los hallazgos que evidencian c\u00f3mo la falta de recursos afecta principalmente a las personas afrodescendientes de Cuba. \u201cDel total de la muestra (1,148 encuestas), el 61% dijo tener problemas para comprar lo m\u00e1s esencial para sobrevivir, mientras que en la poblaci\u00f3n afrocubana la cifra se ubica en el 68%\u201d, dice.<\/p>\n<p style=\"font-weight: 400;\">El 12% asegur\u00f3 que estaba en situaci\u00f3n de desempleo, una realidad que afecta al 15% de las personas afrocubanas encuestadas. Tambi\u00e9n se conoci\u00f3 que ocho de cada 10 afrodescendientes que hicieron parte de este estudio, afirmaron que hab\u00edan dejado de desayunar, almorzar o cenar, situaci\u00f3n que afect\u00f3 a siete de cada 10 personas blancas o mestizas de este informe.<\/p>\n<p style=\"font-weight: 400;\">Por otro lado, el 92% de las personas afrocubanas desaprobaron el servicio de salud p\u00fablica; y el 81% dijo que no recib\u00eda remesas, una cifra mayor al 71% de las personas blancas que se\u00f1al\u00f3 que tampoco obten\u00eda este tipo de ingresos de familiares viviendo fuera de la Isla. \u201cSin duda, tienen menos apoyo para enfrentar la dura realidad que se vive en Cuba\u201d, agrega Cires.<\/p>\n<p style=\"font-weight: 400;\"><strong>Los hallazgos que evidencian c\u00f3mo la pobreza extrema afecta principalmente a las personas afrodescendientes de Cuba, ya se hab\u00edan registrado en 2023, en el sexto <a href=\"https:\/\/derechossocialescuba.com\/el-estado-de-los-derechos-sociales-en-cuba-informe-6-2023\/\">informe<\/a> del OCDH sobre los derechos sociales en este pa\u00eds.<\/strong> En aquel entonces, el 21% de las personas afrocubanas dijo que resid\u00eda en viviendas en peligro de derrumbe, una cifra que contrasta con el 15% del total de las personas consultadas (1,353), que afirm\u00f3 que estaba en igual situaci\u00f3n.<\/p>\n<p style=\"font-weight: 400;\">Esta encuesta tambi\u00e9n revel\u00f3 que el 23% de las personas afrodescendientes carec\u00eda permanentemente del servicio de agua potable, una realidad que afect\u00f3 al 17% del total de quienes participaron en el estudio del a\u00f1o pasado.<\/p>\n<p style=\"font-weight: 400;\"><strong>Los hallazgos del Observatorio Cubano de Derechos Humanos demuestran que las personas afro en Cuba tienen mayores dificultades para encontrar un empleo, alimentarse, acceder a agua potable, y poseer una vivienda digna, en comparaci\u00f3n con otros grupos poblacionales de este mismo pa\u00eds.<\/strong> \u201cLa situaci\u00f3n de las personas afrocubanas es muy precaria, viven en zonas insalubres, tienen los salarios m\u00e1s bajos, y poca escolaridad\u201d, dice Eroises Gonz\u00e1lez, una mujer afro de La Habana que coordina la organizaci\u00f3n Plataforma Femenina.<\/p>\n<p style=\"font-weight: 400;\">Otra habanera afrodescendiente de Cuba, Laritza Diversent, quien dirige la ONG Cubalex, afirma que estas violaciones a los derechos humanos son, la gran mayor\u00eda de ocasiones, naturalizadas por la misma sociedad civil. \u201cLa discriminaci\u00f3n racial, por ejemplo, no es un tema prioritario, por tanto, no se entra ah\u00ed a hacer estos estudios, a identificar estos comportamientos\u201d, agrega.<\/p>\n<h5><em>Censo poblacional<\/em><\/h5>\n<p style=\"font-weight: 400;\">De acuerdo con la experta en los derechos de las personas afrodescendientes, la afrouruguaya Noelia Maciel, las cifras del OCDH evidencian el racismo sist\u00e9mico que existe en Cuba, \u201cy ha estado presente en todo el proceso socialista\u201d.<\/p>\n<p style=\"font-weight: 400;\">\u201cEsas desigualdades se ven reflejadas en la falta de acceso al empleo, las inequidades en los niveles educativos, la no recepci\u00f3n de remesas, que es lo que permite sostener la vida cotidiana en la Isla; y tambi\u00e9n en los procesos migratorios. Las poblaciones afro son las que tienen m\u00e1s barreras para salir del pa\u00eds\u201d, dice Maciel, quien afirma adem\u00e1s que en el \u00faltimo <strong><a href=\"https:\/\/raceandequality.org\/wp-content\/uploads\/2024\/10\/publicacion_completa_color_de_la_piel__0.pdf\">censo poblacional<\/a> <\/strong>de la Isla (en 2012), no se evidenciaban estas inequidades porque se desconoc\u00eda la existencia de ascendencias \u00e9tnico-raciales diferenciadas, \u201cnegando de alguna forma como el componente racial es un factor de vulnerabilidad y de obst\u00e1culos para el ejercicio de los derechos\u201d.<\/p>\n<p style=\"font-weight: 400;\">En 2022, el Estado de Cuba debi\u00f3 realizar un nuevo censo de poblaci\u00f3n y vivienda, sin embargo, este proceso<strong> <a href=\"https:\/\/efe.com\/economia\/2024-06-06\/cuba-retrasa-hasta-2025-la-realizacion-del-censo-de-poblacion-por-la-crisis\/\">fue aplazado para el a\u00f1o 2025<\/a><\/strong>. De acuerdo con la Oficina Nacional de Estad\u00edstica e Informaci\u00f3n (ONEI), el retraso se origin\u00f3 por la grave crisis econ\u00f3mica que sufre este pa\u00eds.<\/p>\n<p style=\"font-weight: 400;\">\u201cCuba por autodefinici\u00f3n est\u00e1 en un momento de <strong><a href=\"https:\/\/www.france24.com\/es\/programas\/econom%C3%ADa\/20240806-qu%C3%A9-es-la-econom%C3%ADa-de-guerra-que-proclam%C3%B3-el-gobierno-cubano\">econom\u00eda de guerra<\/a><\/strong>, y realizar censos es muy costoso, y m\u00e1s en este momento donde hay ciertos est\u00e1ndares que se imponen a nivel regional, como hacer estos procesos en formatos m\u00e1s electr\u00f3nicos. Pero igualmente por parte del Estado cubano no hay inter\u00e9s de que se pueda realizar un censo y se empiecen a visibilizar estas desigualdades, sobre todo incorporando las recomendaciones que los organismos internacionales hacen, como la incorporaci\u00f3n del t\u00e9rmino afrodescendiente (que representa a las personas pertenecientes a diversas culturas descendientes de poblaci\u00f3n africana que sobrevivi\u00f3 al sistema esclavista, de acuerdo con la<strong> <a href=\"https:\/\/igualdad.cepal.org\/es\/eje-de-desigualdad\/personas-afrodescendientes\">Comisi\u00f3n Econ\u00f3mica para Am\u00e9rica Latina y el Caribe<\/a><\/strong> de Naciones Unidas)\u201d, afirma Maciel.<\/p>\n<p style=\"font-weight: 400;\"><strong>En el \u00faltimo censo poblacional de la Isla se conoci\u00f3 que en 2012 este pa\u00eds ten\u00eda 11,167,325 habitantes, entre personas blancas, negras y mestizas. Sin embargo, en este recuento estad\u00edstico no se hizo una distinci\u00f3n entre quienes eran negras, mestizas y mulatas, por lo que no se pudo establecer qui\u00e9nes eran los y las afrodescendientes de Cuba, ni cu\u00e1les eran sus condiciones reales de vivienda.<\/strong><\/p>\n<h5 style=\"font-weight: 400;\"><em><strong>Perfilamiento racial<\/strong><\/em><\/h5>\n<p style=\"font-weight: 400;\">Los hallazgos de los dos \u00faltimos informes sobre los derechos sociales en Cuba evidencian c\u00f3mo la pobreza extrema afecta a la mayor\u00eda de la poblaci\u00f3n cubana, principalmente a las personas afrodescendientes de este pa\u00eds, que adem\u00e1s de no contar con lo esencial para sobrevivir, tambi\u00e9n son v\u00edctimas de prejuicios por parte de las autoridades cubanas, que los y las persiguen, reprimen, hostigan y detienen, \u201cpor el simple hecho de ser personas negras\u201d, de acuerdo con Diversent.<\/p>\n<p style=\"font-weight: 400;\"><strong>\u201cLa represi\u00f3n tambi\u00e9n est\u00e1 vinculada a la persecuci\u00f3n de las personas afrodescendientes por lo que se conoce como perfilamiento racial\u201d, agrega Diversent, quien sostiene que un <a href=\"https:\/\/cubalex.org\/2024\/09\/05\/11j-analisis-del-sesgo-racial-en-las-sentencias-por-sedicion-en-cuba\/\">an\u00e1lisis<\/a> de la organizaci\u00f3n Cubalex, revel\u00f3 que los y las afrocubanas condenadas por haber participado en las hist\u00f3ricas y multitudinarias protestas del 11 de julio de 2021, hab\u00edan recibido sentencias m\u00e1s severas en comparaci\u00f3n con las personas blancas que aquel d\u00eda salieron a las calles a exigir sus derechos.<\/strong><\/p>\n<p style=\"font-weight: 400;\">De acuerdo con este documento, las personas negras \u201cque el Estado clasifica con una \u2018conducta desfavorable\u2019 reciben sanciones con una duraci\u00f3n promedio de 13.02 a\u00f1os, mientras que las personas no afrodescendientes, bajo la misma clasificaci\u00f3n, tienen sanciones promedio de 12.0 a\u00f1os\u201d. Este hallazgo se suma a las cifras antes mencionadas, evidenciando c\u00f3mo esta poblaci\u00f3n sobrevive en la Isla.<\/p>\n<p style=\"font-weight: 400;\">\u201cEn 2009, yo fui v\u00edctima del perfilamiento racial. En una ocasi\u00f3n trabajaba en un centro de turismo y unos hu\u00e9spedes canadienses quer\u00edan conocer donde ver y disfrutar jazz cubano, entonces yo les indiqu\u00e9 \u2018La zorra y el cuervo\u2019 (club ubicado en El Vedado, zona comercial de La Habana), pero ellos me pidieron que los acompa\u00f1ara. Pasamos por el malec\u00f3n, seguimos caminando y luego llegaron unos polic\u00edas a pedirme mi identificaci\u00f3n. Ah\u00ed mismo me cargaron, me subieron a una patrulla, y me llevaron a una estaci\u00f3n hasta que les dio la gana. No pude acompa\u00f1ar a los turistas\u201d, cuenta Norberto Mesa, un activista afrocubano que fund\u00f3 en 1998 la organizaci\u00f3n Cofrad\u00eda de la Negritud, un proyecto ciudadano que surgi\u00f3 con el prop\u00f3sito de luchar contra la discriminaci\u00f3n y el racismo estructural en este pa\u00eds.<\/p>\n<p style=\"font-weight: 400;\">El pinare\u00f1o (de la provincia de Pinar del R\u00edo) y defensor de los derechos humanos afirma que este tipo de situaciones siguen ocurriendo en Cuba, y agrega que la poblaci\u00f3n afrocubana en los centros penitenciarios es mucho mayor en comparaci\u00f3n con otros grupos poblacionales. Tambi\u00e9n dice que hay discriminaci\u00f3n racial en los espacios laborales, y muy poca representaci\u00f3n de personas negras en las micro, peque\u00f1as y medianas empresas (Mipymes).<\/p>\n<h5 style=\"font-weight: 400;\"><em><strong>Recomendaciones incumplidas <\/strong><\/em><\/h5>\n<p style=\"font-weight: 400;\">En 2018, el Comit\u00e9 para la Eliminaci\u00f3n de la Discriminaci\u00f3n Racial de Naciones Unidas (CERD o el Comit\u00e9), aprob\u00f3 sus <strong><a href=\"https:\/\/www.ohchr.org\/es\/documents\/concluding-observations\/cerdccubco19-21-concluding-observations-combined-nineteenth\">observaciones<\/a><a href=\"https:\/\/www.ohchr.org\/es\/documents\/concluding-observations\/cerdccubco19-21-concluding-observations-combined-nineteenth\"> finales<\/a><\/strong> luego de examinar el informe nacional que entreg\u00f3 en aquel entonces el Estado de Cuba, sobre las personas afrocubanas. El Comit\u00e9 se\u00f1al\u00f3, entre otras cosas, que la poblaci\u00f3n afrodescendiente continuaba \u201csiendo v\u00edctima de racismo y discriminaci\u00f3n estructural, como producto del legado hist\u00f3rico de la esclavitud\u201d, lo cual se manifestaba \u201cen la brecha de desigualdad\u201d relacionada con los derechos econ\u00f3micos, sociales y culturales de esta poblaci\u00f3n, en comparaci\u00f3n con el resto.<\/p>\n<p style=\"font-weight: 400;\">El CERD registr\u00f3 varias preocupaciones acerca del censo, la situaci\u00f3n de las personas defensoras de los derechos de la poblaci\u00f3n afrocubana, la discriminaci\u00f3n racial, el acceso a la justicia, el uso excesivo de la fuerza, los estereotipos raciales, y el no reconocimiento de este tipo de violencias por parte del Estado. Estas problem\u00e1ticas a\u00fan siguen latentes en Cuba, y se ven reflejadas en los hallazgos divulgados por el OCDH, y en el an\u00e1lisis realizado por Cubalex.<\/p>\n<p style=\"font-weight: 400;\"><strong>El \u00f3rgano de expertos independientes que supervisa la aplicaci\u00f3n de la Convenci\u00f3n sobre la Eliminaci\u00f3n de todas las Formas de Discriminaci\u00f3n Racial, tambi\u00e9n hizo\u00a0 una serie de recomendaciones al Estado que apuntan a que m\u00e1s personas puedan autorreconocerse como afrodescendientes, que permiten conocer c\u00f3mo realmente viven las personas negras en la Isla, y que combaten la desigualdad, que, tras seis a\u00f1os de este documento, sigue imperante.<\/strong><\/p>\n<p style=\"font-weight: 400;\">De acuerdo con Maciel, el Estado de Cuba deber\u00eda presentar un informe oficial sobre la implementaci\u00f3n de las recomendaciones del CERD en 2025, debido al retraso del calendario de revisi\u00f3n por pa\u00edses, que caus\u00f3 la pandemia del Covid-19.<\/p>\n<p style=\"font-weight: 400;\"><strong>Los hallazgos encontrados por el Observatorio Cubano de Derechos Humanos y el an\u00e1lisis realizado por Cubalex, tambi\u00e9n evidencian que las autoridades de este pa\u00eds no han cumplido los objetivos del <a href=\"https:\/\/www.un.org\/es\/observances\/decade-people-african-descent\/programme-activities\">Decenio Internacional de los Afrodescendientes<\/a> (2015-2024), que se centran en el reconocimiento, la justicia y el desarrollo de esta poblaci\u00f3n.<\/strong><\/p>\n<p style=\"font-weight: 400;\">\u201cCuba, al igual que la mayor\u00eda de los pa\u00edses de Am\u00e9rica Latina, los pa\u00edses de la di\u00e1spora, han hecho muy poco durante el decenio. No han habido planes que permitan crear pol\u00edticas p\u00fablicas diferenciadas. En el caso de la Isla, hay un problema particular, y es que ellos niegan la discriminaci\u00f3n racial. Entonces el gobierno al negar la discriminaci\u00f3n racial, evidentemente no plantea la necesidad de tener pol\u00edticas p\u00fablicas diferenciadas\u201d, dice Carlos Quesada, director del Instituto sobre Raza, Igualdad y Derechos Humanos (Raza e Igualdad), quien agrega que el decenio proclamado por la Asamblea General de las Naciones Unidas, terminar\u00e1 el pr\u00f3ximo 31 de diciembre de 2024.<\/p>\n<p style=\"font-weight: 400;\">Las cifras de los dos \u00faltimos informes del OCDH tambi\u00e9n revelan, de acuerdo con Quesada, c\u00f3mo el racismo estructural en este pa\u00eds ha impedido que la poblaci\u00f3n afrocubana pueda ascender o acceder a una escala social un poco m\u00e1s alta, incluyendo, por ejemplo, el motor de la econom\u00eda nacional, que es el turismo. \u201cCuba, en materia de lucha contra la discriminaci\u00f3n racial se encuentra por lo menos 70 a\u00f1os atr\u00e1s de todos los pa\u00edses de Am\u00e9rica Latina, incluyendo Estados Unidos\u201d, agrega el abogado y periodista costarricense.<\/p>\n<p style=\"font-weight: 400;\">Como lo mencion\u00f3 Cires al inicio de este art\u00edculo, la realidad de las personas afrodescencientes en Cuba no es como lo cuentan las autoridades cubanas; en su d\u00eda a d\u00eda ellas enfrentan discriminaci\u00f3n y violencia en diversas formas.<\/p>\n<p style=\"font-weight: 400;\"><strong>El \u00faltimo censo no reconoce a las personas afrodescendientes en su totalidad, y como est\u00e1 documentado en las recomendaciones del CERD, en la Isla se niega la existencia de discriminaci\u00f3n racial; aun cuando hay activistas y personas defensoras de los derechos humanos denunciando las condiciones precarias en las que vive la poblaci\u00f3n afrocubana, y pese a que se publiquen informes, como los del OCDH, y an\u00e1lisis, como el realizado por Cubalex, que evidencian una realidad opuesta a la descrita por el Estado.\u00a0<\/strong><\/p>\n<p style=\"font-weight: 400;\"><strong>Desde Raza e Igualdad hacemos eco a los hallazgos que revelan el racismo y la discriminaci\u00f3n estructural en Cuba, y solicitamos que el Estado cubano reconozca estas desigualdades, impulse acciones que permitan el autorreconocimiento de las personas afrodescendientes, y cree pol\u00edticas p\u00fablicas encaminadas a mejorar las condiciones de vida de esta poblaci\u00f3n, y a combatir la pobreza, la exclusi\u00f3n social y la marginaci\u00f3n, que afectan de manera desproporcionada a las personas afrocubanas.<\/strong><\/p>\n<p style=\"font-weight: 400;\">\n","protected":false},"excerpt":{"rendered":"<p>Cifras de un informe del OCDH revelan c\u00f3mo las personas afrocubanas encabezan los datos de desigualdad en este pa\u00eds. <\/p>\n","protected":false},"author":12,"featured_media":19172,"parent":0,"menu_order":0,"template":"","format":"standard","categories":[],"resources_country":[1193],"resources_language":[],"resources_audience":[],"resources_format":[],"resources_topic":[1091,1097],"resources_year":[],"class_list":["post-19159","resources","type-resources","status-publish","format-standard","has-post-thumbnail","hentry","resources_country-cuba-es","resources_topic-afrodescendientes","resources_topic-derechos-humanos"],"acf":[],"aioseo_notices":[],"_links":{"self":[{"href":"https:\/\/raceandequality.org\/es\/wp-json\/wp\/v2\/resources\/19159","targetHints":{"allow":["GET"]}}],"collection":[{"href":"https:\/\/raceandequality.org\/es\/wp-json\/wp\/v2\/resources"}],"about":[{"href":"https:\/\/raceandequality.org\/es\/wp-json\/wp\/v2\/types\/resources"}],"author":[{"embeddable":true,"href":"https:\/\/raceandequality.org\/es\/wp-json\/wp\/v2\/users\/12"}],"wp:featuredmedia":[{"embeddable":true,"href":"https:\/\/raceandequality.org\/es\/wp-json\/wp\/v2\/media\/19172"}],"wp:attachment":[{"href":"https:\/\/raceandequality.org\/es\/wp-json\/wp\/v2\/media?parent=19159"}],"wp:term":[{"taxonomy":"category","embeddable":true,"href":"https:\/\/raceandequality.org\/es\/wp-json\/wp\/v2\/categories?post=19159"},{"taxonomy":"resources_country","embeddable":true,"href":"https:\/\/raceandequality.org\/es\/wp-json\/wp\/v2\/resources_country?post=19159"},{"taxonomy":"resources_language","embeddable":true,"href":"https:\/\/raceandequality.org\/es\/wp-json\/wp\/v2\/resources_language?post=19159"},{"taxonomy":"resources_audience","embeddable":true,"href":"https:\/\/raceandequality.org\/es\/wp-json\/wp\/v2\/resources_audience?post=19159"},{"taxonomy":"resources_format","embeddable":true,"href":"https:\/\/raceandequality.org\/es\/wp-json\/wp\/v2\/resources_format?post=19159"},{"taxonomy":"resources_topic","embeddable":true,"href":"https:\/\/raceandequality.org\/es\/wp-json\/wp\/v2\/resources_topic?post=19159"},{"taxonomy":"resources_year","embeddable":true,"href":"https:\/\/raceandequality.org\/es\/wp-json\/wp\/v2\/resources_year?post=19159"}],"curies":[{"name":"wp","href":"https:\/\/api.w.org\/{rel}","templated":true}]}}