{"id":19310,"date":"2024-11-15T18:10:49","date_gmt":"2024-11-15T18:10:49","guid":{"rendered":"https:\/\/raceandequality.org\/?post_type=resources&#038;p=19310"},"modified":"2024-11-15T18:10:49","modified_gmt":"2024-11-15T18:10:49","slug":"ante-el-epu-nicaragua-niega-violaciones-a-los-derechos-humanos-en-nombre-de-la-soberania","status":"publish","type":"resources","link":"https:\/\/raceandequality.org\/es\/resources\/ante-el-epu-nicaragua-niega-violaciones-a-los-derechos-humanos-en-nombre-de-la-soberania\/","title":{"rendered":"Ante el EPU: Nicaragua niega violaciones a los derechos humanos en nombre de la soberan\u00eda"},"content":{"rendered":"<p><b><i>Ginebra, 15 de noviembre.- <\/i><\/b><span style=\"font-weight: 400;\">El Instituto sobre Raza, Igualdad y Derechos Humanos (Raza e Igualdad) expresa su<\/span><b> profunda preocupaci\u00f3n por la posici\u00f3n del Estado de Nicaragua ante el Examen Peri\u00f3dico Universal <\/b><span style=\"font-weight: 400;\">(EPU) del Consejo de Derechos Humanos de las Naciones Unidas, celebrado este mi\u00e9rcoles 13 de noviembre. Su discurso, <\/span><b>lejos de reflejar alg\u00fan nivel de compromiso con los derechos humanos, omite las denuncias internacionales sobre el hostigamiento hacia personas consideradas opositoras pol\u00edticas,<\/b><span style=\"font-weight: 400;\"> activistas y periodistas. Raza e Igualdad llama al Estado nicarag\u00fcense a aceptar las recomendaciones de los Estados y a tomar medidas concretas para garantizar la protecci\u00f3n y el respeto de los derechos humanos en el pa\u00eds.<\/span><\/p>\n<p><span style=\"font-weight: 400;\">En su presentaci\u00f3n ante el EPU, la Procuradora General de la Rep\u00fablica de Nicaragua, Wendy Morales Urbina, afirm\u00f3 que promueve y protege los derechos humanos y el bienestar de la ciudadan\u00eda nicarag\u00fcense, destacando \u00ab<\/span><i><span style=\"font-weight: 400;\">la reducci\u00f3n de la pobreza, el fortalecimiento de la igualdad de g\u00e9nero y la ampliaci\u00f3n del acceso a la educaci\u00f3n y la salud\u00bb<\/span><\/i><span style=\"font-weight: 400;\">. Adem\u00e1s, la delegaci\u00f3n insisti\u00f3 en un supuesto compromiso del Estado de Nicaragua con el derecho internacional y con los principios de la Carta de las Naciones Unidas, enfatizando su apego a la <\/span><i><span style=\"font-weight: 400;\">\u00abigualdad soberana de los Estados y la no injerencia en los asuntos internos\u00bb.<\/span><\/i><\/p>\n<p><span style=\"font-weight: 400;\">En contraste con la posici\u00f3n del Estado, de los 88 Estados que tomaron la palabra durante la 47a sesi\u00f3n del Grupo de Trabajo del EPU, <\/span><b>al menos 51 Estados expresaron una amplia gama de preocupaciones por la grave situaci\u00f3n de derechos humanos en el pa\u00eds<\/b><span style=\"font-weight: 400;\">, as\u00ed como recomendaciones para abordarlas. Entre las preocupaciones m\u00e1s destacadas se encuentran: la reducci\u00f3n del espacio c\u00edvico, que ha sido ampliamente condenada por pa\u00edses como Alemania, Espa\u00f1a, Estados Unidos y Canad\u00e1; y las detenciones arbitrarias por motivos pol\u00edticos y la privaci\u00f3n arbitraria de la nacionalidad nicarag\u00fcense, pr\u00e1cticas contrarias al Derecho Internacional a las que ha recurrido el Estado, que fueron se\u00f1aladas por varios pa\u00edses, como Argentina, Costa Rica, Colombia y Chile.<\/span><\/p>\n<p><span style=\"font-weight: 400;\">En respuesta a estas preocupaciones planteadas, los Estados miembros del Consejo expresaron recomendaciones claras y urgentes para abordar la crisis de derechos humanos en Nicaragua. Entre las recomendaciones m\u00e1s destacadas se encuentra la liberaci\u00f3n inmediata y sin condiciones de las personas presos pol\u00edticos, el fin de las detenciones arbitrarias, el restablecimiento del espacio c\u00edvico y la cooperaci\u00f3n con mecanismos internacionales de Derechos Humanos. Canad\u00e1 por ejemplo, recomend\u00f3 al Estado respetar los derechos constitucionales de la ciudadan\u00eda, la libertad personal, y protecci\u00f3n de la detenci\u00f3n arbitraria y tortura <\/span><i><span style=\"font-weight: 400;\">\u201cponiendo en libertad inmediatamente a todos los presos pol\u00edticos dejando de detener arbitrariamente y respetando las normas de la ONU para el tratamiento de personas prisioneras\u201d.<\/span><\/i><\/p>\n<p><span style=\"font-weight: 400;\">Chile recomend\u00f3 \u201c<\/span><i><span style=\"font-weight: 400;\">poner fin a la pr\u00e1ctica de privaci\u00f3n de nacionalidad como medida punitiva\u201d<\/span><\/i><span style=\"font-weight: 400;\"> y restituir la nacionalidad a las personas que han sido despojadas de ella. El Reino Unido recomend\u00f3 a Nicaragua modificar la Ley Especial 1145, relacionada con la nacionalidad nicarag\u00fcense, y abordar las preocupaciones sobre la reciente reforma al C\u00f3digo Penal que permite la persecuci\u00f3n y confiscaci\u00f3n de los bienes de nicarag\u00fcenses exiliados o extranjeros acusados de \u201ccr\u00edmenes contra el Estado\u201d.<\/span><\/p>\n<p><span style=\"font-weight: 400;\">Otros Estados expresaron recomendaciones espec\u00edficas sobre el respeto de los derechos humanos de poblaciones hist\u00f3ricamente vulnerabilizadas. Brasil, por ejemplo, destac\u00f3 la \u201c<\/span><i><span style=\"font-weight: 400;\">necesidad de investigar y sancionar a los responsables por todos los actos de violencia y atentados a la vida contra minor\u00edas, en particular, pueblos ind\u00edgenas y afrodescendientes<\/span><\/i><span style=\"font-weight: 400;\">\u201d. Noruega, entre otras cosas, recomend\u00f3 adoptar medidas inmediatas para evitar la discriminaci\u00f3n a los pueblos ind\u00edgenas afrodescendientes y personas LGBTI, y prevenir la violencia de g\u00e9nero.<\/span><\/p>\n<p><span style=\"font-weight: 400;\">Para Raza e Igualdad <\/span><b>resulta especialmente alarmante la falta de informaci\u00f3n sobre los l\u00edderes ind\u00edgenas Brooklyn Rivera,<\/b><span style=\"font-weight: 400;\"> exdiputado en condici\u00f3n de desaparici\u00f3n forzada desde septiembre de 2023,<\/span><b> y su suplente Nancy Elizabeth Henr\u00edquez<\/b><span style=\"font-weight: 400;\">, detenida arbitrariamente en condiciones desconocidas. Cabe destacar que, esta es la primera ocasi\u00f3n que el Estado se pronuncia sobre estos casos afirmando que Rivera fue destituido \u201cpor su abandono de las labores parlamentarias por m\u00e1s de 60 d\u00edas continuos sin causa justificada\u201d y que ambos fueron despojados de sus inmunidades \u201cpara ser sometidos a investigaci\u00f3n por la comisi\u00f3n de delitos graves\u2026por los delitos de traici\u00f3n, menoscabo a la integridad nacional\u2026Asimismo por la propagaci\u00f3n de noticias falsas\u201d<\/span><\/p>\n<p><span style=\"font-weight: 400;\">Desde Raza e Igualdad,<\/span><b> observamos con preocupaci\u00f3n la opacidad y falta de informaci\u00f3n sobre el paradero de Brooklyn Rivera, de quien no se ha presentado prueba de vida.<\/b><span style=\"font-weight: 400;\"> Sus casos revelan un patr\u00f3n de hostigamiento sistem\u00e1tico hacia personas defensoras de derechos humanos bajo una legislaci\u00f3n que criminaliza la disidencia, particularmente aquellas que representan a comunidades vulnerabilizadas.\u00a0<\/span><\/p>\n<p><span style=\"font-weight: 400;\">Tambi\u00e9n <\/span><b>nos inquieta la declaraci\u00f3n del Estado de Nicaragua de que no firmar\u00e1 el Estatuto de Roma, <\/b><span style=\"font-weight: 400;\">postura que fue expresada en respuesta a las preguntas de otros Estados. Nicaragua argument\u00f3 que esta decisi\u00f3n se debe a la amenaza que representa para su soberan\u00eda, se\u00f1alando que la protecci\u00f3n de los derechos humanos es un asunto de \u201cjurisdicci\u00f3n exclusiva\u201d, y que el fortalecimiento de su sistema judicial nacional es el mecanismo adecuado para asegurar la justicia y el respeto a los derechos de su ciudadan\u00eda. Este rechazo a la <\/span><i><span style=\"font-weight: 400;\">\u201cimposici\u00f3n de jurisdicciones extranjeras en detrimento de su autonom\u00eda interna\u201d<\/span><\/i><span style=\"font-weight: 400;\"> refleja una postura que limita la cooperaci\u00f3n con los sistemas internacionales de justicia y socava el acceso a la justicia para las v\u00edctimas de violaciones de derechos humanos, especialmente en un sistema judicial local se\u00f1alado por su falta de independencia.<\/span><\/p>\n<p><span style=\"font-weight: 400;\">Lamentamos, adem\u00e1s, que el Estado tambi\u00e9n contin\u00fae su postura de rechazo hacia la labor del Grupo de Expertos en Derechos Humanos sobre Nicaragua (GHREN), conformado por personas expertas independientes. En la sesi\u00f3n, el Estado expres\u00f3 que sus reportes y actualizaciones <\/span><i><span style=\"font-weight: 400;\">\u201ccarecen de valor y credibilidad reflejando falsedades, hechos desvirtuados unilaterales, parcializados y sin ninguna base objetiva\u201d,<\/span><\/i><span style=\"font-weight: 400;\"> razones por las cuales no aceptan sus recomendaciones <\/span><i><span style=\"font-weight: 400;\">\u201ccon las que pretenden inmiscuirse en los asuntos internos de Nicaragua\u201d<\/span><\/i><span style=\"font-weight: 400;\">.<\/span><\/p>\n<p><span style=\"font-weight: 400;\">Finalmente, <\/span><b>instamos al Estado de Nicaragua que, como muestra de buena voluntad, acepte e implemente las recomendaciones brindadas por los Estados durante el Examen.<\/b><\/p>\n<p><span style=\"font-weight: 400;\">Hacemos un <\/span><b>llamado a la comunidad internacional para que est\u00e9 atenta al cumplimiento de las recomendaciones<\/b><span style=\"font-weight: 400;\">. Urge que Nicaragua libere a todas las personas presas pol\u00edticas, garantice el respeto a las libertades de expresi\u00f3n y asociaci\u00f3n, y coopere con los organismos internacionales para asegurar la rendici\u00f3n de cuentas por las violaciones de derechos humanos cometidas.<\/span><\/p>\n<p><b>Raza e Igualdad reitera su compromiso de seguir monitoreando la situaci\u00f3n en Nicaragua y de apoyar los esfuerzos de la comunidad internacional para garantizar verdad, justicia, reparaci\u00f3n y no repetici\u00f3n para las v\u00edctimas<\/b><span style=\"font-weight: 400;\"> de violaciones a los derechos humanos cometidas desde el a\u00f1o 2018 hasta la fecha, y que se tomen las medidas necesarias para restablecer la Democracia y el respeto de los derechos humanos en Nicaragua.<\/span><\/p>\n","protected":false},"excerpt":{"rendered":"<p>Ginebra, 15 de noviembre.- El Instituto sobre Raza, Igualdad y Derechos Humanos (Raza e Igualdad) expresa su profunda preocupaci\u00f3n por la posici\u00f3n del Estado de Nicaragua ante el Examen Peri\u00f3dico [&hellip;]<\/p>\n","protected":false},"author":11,"featured_media":19312,"parent":0,"menu_order":0,"template":"","format":"standard","categories":[],"resources_country":[1199],"resources_language":[],"resources_audience":[],"resources_format":[],"resources_topic":[1117],"resources_year":[],"class_list":["post-19310","resources","type-resources","status-publish","format-standard","has-post-thumbnail","hentry","resources_country-nicaragua-es","resources_topic-onu"],"acf":[],"aioseo_notices":[],"_links":{"self":[{"href":"https:\/\/raceandequality.org\/es\/wp-json\/wp\/v2\/resources\/19310","targetHints":{"allow":["GET"]}}],"collection":[{"href":"https:\/\/raceandequality.org\/es\/wp-json\/wp\/v2\/resources"}],"about":[{"href":"https:\/\/raceandequality.org\/es\/wp-json\/wp\/v2\/types\/resources"}],"author":[{"embeddable":true,"href":"https:\/\/raceandequality.org\/es\/wp-json\/wp\/v2\/users\/11"}],"wp:featuredmedia":[{"embeddable":true,"href":"https:\/\/raceandequality.org\/es\/wp-json\/wp\/v2\/media\/19312"}],"wp:attachment":[{"href":"https:\/\/raceandequality.org\/es\/wp-json\/wp\/v2\/media?parent=19310"}],"wp:term":[{"taxonomy":"category","embeddable":true,"href":"https:\/\/raceandequality.org\/es\/wp-json\/wp\/v2\/categories?post=19310"},{"taxonomy":"resources_country","embeddable":true,"href":"https:\/\/raceandequality.org\/es\/wp-json\/wp\/v2\/resources_country?post=19310"},{"taxonomy":"resources_language","embeddable":true,"href":"https:\/\/raceandequality.org\/es\/wp-json\/wp\/v2\/resources_language?post=19310"},{"taxonomy":"resources_audience","embeddable":true,"href":"https:\/\/raceandequality.org\/es\/wp-json\/wp\/v2\/resources_audience?post=19310"},{"taxonomy":"resources_format","embeddable":true,"href":"https:\/\/raceandequality.org\/es\/wp-json\/wp\/v2\/resources_format?post=19310"},{"taxonomy":"resources_topic","embeddable":true,"href":"https:\/\/raceandequality.org\/es\/wp-json\/wp\/v2\/resources_topic?post=19310"},{"taxonomy":"resources_year","embeddable":true,"href":"https:\/\/raceandequality.org\/es\/wp-json\/wp\/v2\/resources_year?post=19310"}],"curies":[{"name":"wp","href":"https:\/\/api.w.org\/{rel}","templated":true}]}}