{"id":19478,"date":"2024-12-10T16:31:20","date_gmt":"2024-12-10T16:31:20","guid":{"rendered":"https:\/\/raceandequality.org\/?post_type=resources&#038;p=19478"},"modified":"2024-12-10T18:15:56","modified_gmt":"2024-12-10T18:15:56","slug":"los-derechos-humanos-y-el-litigio-estrategico","status":"publish","type":"resources","link":"https:\/\/raceandequality.org\/es\/resources\/los-derechos-humanos-y-el-litigio-estrategico\/","title":{"rendered":"Los derechos humanos y el litigio estrat\u00e9gico: Hacia una transformaci\u00f3n de los est\u00e1ndares internacionales"},"content":{"rendered":"<ul>\n<li>\n<h6><em>En conmemoraci\u00f3n del D\u00eda de los Derechos Humanos, Raza e Igualdad ofrece una mirada comprensiva de cuatro casos que litiga actualmente ante el Sistema Interamericano de Derechos Humanos.<\/em><\/h6>\n<\/li>\n<\/ul>\n<p><strong>Washington, DC; 10 de diciembre, 2024.<\/strong>&#8211; En el proceso de promover y defender derechos humanos, el <strong>litigio estrat\u00e9gico representa<\/strong> una frente de lucha clave. Por ello, para el Instituto sobre Raza, Igualdad y Derechos Humanos (Raza e Igualdad) es uno de sus cuatro pilares de trabajo.<\/p>\n<p>Con la visi\u00f3n de que el acceso a la justicia es fundamental para garantizar y proteger los derechos humanos, Raza e Igualdad litiga al lado de v\u00edctimas y organizaciones aliadas, ante <strong>mecanismos de derechos humanos<\/strong> a nivel interamericano y universal, llevando a cabo esta labor en dos v\u00edas.<\/p>\n<p>Por un lado, est\u00e1 la respuesta legal de emergencia, la cual se activa cuando contrapartes se enfrentan a riesgos de violaci\u00f3n de sus derechos humanos y el <strong>Equipo Legal de Raza e Igualdad<\/strong> les apoya en la documentaci\u00f3n y presentaci\u00f3n oportuna de solicitudes de protecci\u00f3n e intervenci\u00f3n ante el Sistema Interamericano y\/o el Sistema Universal.<\/p>\n<p><strong>Litigando ante el SIDH<\/strong><\/p>\n<p>Por otro lado, con miras a lograr justicia integral para las v\u00edctimas y a impulsar<strong> cambios a largo plazo, sostenibles y estructurales<\/strong> para una mayor protecci\u00f3n de los derechos humanos, Raza e Igualdad realiza litigio estrat\u00e9gico por medio de una coordinaci\u00f3n constante con contrapartes de la sociedad civil.<\/p>\n<p>Es sobre ese segundo punto que, en conmemoraci\u00f3n del <strong>D\u00eda de los Derechos Humanos<\/strong>, Raza e Igualdad presenta cuatro casos que actualmente litiga ante el Sistema Interamericano de Derechos Humanos (SIDH), ofreciendo una mirada comprensiva sobre los hechos que abarca cada uno, su estado procesal y, en colaboraci\u00f3n con v\u00edctimas, familiares y organizaciones aliadas, qu\u00e9 busca en t\u00e9rminos de jurisprudencia y transformaci\u00f3n de est\u00e1ndares internacionales.<\/p>\n<p>Cabe destacar que en la actualidad Raza e Igualdad <strong>litiga ante el SIDH 10 asuntos en total <\/strong>(3 vs. Nicaragua, 2 vs. Colombia, 3 vs. Cuba, 1 vs. Per\u00fa y 1 vs. M\u00e9xico), por violaci\u00f3n de derechos humanos de 157 v\u00edctimas individuales y tres v\u00edctimas colectivas), cada uno en diferentes estados procesales, y en 31 asuntos busca protecci\u00f3n ante el Sistema Universal y el SIDH (13 de Nicaragua, 3 de Colombia, 14 de Cuba y 1 de Brasil), a favor de 401 beneficiarias\u00a0 individuales y dos colectivas. Las personas y colectivos representados pertenecen a las poblaciones con quienes la organizaci\u00f3n trabaja desde sus inicios: Afrodescendientes, ind\u00edgenas, personas LGBTI+, mujeres lideresas comunitarias, personas defensoras de derechos humanos y v\u00edctimas de represi\u00f3n pol\u00edtica.<\/p>\n<p>Adem\u00e1s, en cumplimiento de la visi\u00f3n institucional de Raza e Igualdad, los casos se abordan desde una <strong>perspectiva interseccional<\/strong>.<\/p>\n<p>Es importante mencionar que el trabajo de litigio estrat\u00e9gico se entrelaza y es reforzado por los otros pilares de trabajo de Raza e Igualdad, que son la <strong>incidencia<\/strong>, la <strong>documentaci\u00f3n<\/strong> y el <strong>fortalecimiento de capacidades de contrapartes<\/strong>. Conoce m\u00e1s <a href=\"https:\/\/raceandequality.org\/wp-content\/uploads\/2024\/12\/Pilares_ESP.pdf\"><strong>aqu\u00ed<\/strong><\/a>.<\/p>\n<ul>\n<li><strong>Petici\u00f3n de Damas de Blanco (Cuba): Protecci\u00f3n integral al derecho a defender derechos humanos<\/strong><\/li>\n<\/ul>\n<p>Por sus labores de defensa y promoci\u00f3n de los derechos humanos en Cuba, las Damas de Blanco est\u00e1n continuamente amenazadas, hostigadas, perseguidas y reprimidas por agentes estatales y son detenidas cada semana durante horas o d\u00edas, encontr\u00e1ndose algunas de ellas en prisi\u00f3n arbitraria de libertad por motivos pol\u00edticos. Durante las \u00faltimas semanas su Presidenta, la se\u00f1ora Berta Soler, ha sido <a href=\"https:\/\/raceandequality.org\/es\/resources\/activista-cubana-berta-soler-victima-de-desapariciones-forzadas-por-mas-de-60-horas\/\"><strong>detenida y desaparecida forzadamente en tres ocasiones hasta por casi 3 d\u00edas<\/strong><\/a>.\u00a0 En 2013 la Comisi\u00f3n Interamericana de Derechos Humanos (CIDH) otorg\u00f3 medidas cautelares a favor de todas las integrantes de la organizaci\u00f3n, las cuales se encuentran vigentes; y en 2022 Raza e Igualdad present\u00f3 una <a href=\"https:\/\/raceandequality.org\/es\/resources\/cuba-raza-e-igualdad-presenta-peticion-a-la-cidh-sobre-las-violaciones-de-derechos-humanos-contra-la-organizacion-damas-de-blanco-y-cada-una-de-las-mujeres-que-la-integran\/\"><strong>petici\u00f3n por las violaciones de derechos humanos<\/strong><\/a> ocasionadas a las mujeres que integran Damas de Blanco y a la propia organizaci\u00f3n.<\/p>\n<p>Actualmente, se encuentra corriendo el plazo para que el Estado presente sus observaciones sobre admisibilidad y fondo, y posteriormente la CIDH se encontrar\u00e1 en facultad de pronunciarse sobre la responsabilidad internacional del Estado en este caso.<\/p>\n<p>A trav\u00e9s de las medidas cautelares, una carta de alegaci\u00f3n ante los Procedimientos especiales del Consejo de Derechos Humanos y acciones ante otros \u00f3rganos de Naciones Unidas, Raza e Igualdad busca garantizar la protecci\u00f3n de los derechos a la vida, la integridad personal, la libertad personal, la libertad de pensamiento y expresi\u00f3n, y a asociarse para ejercer el derecho a defender derechos humanos y la libertad de expresi\u00f3n.<\/p>\n<p>En la petici\u00f3n se alega que el Estado de Cuba es internacionalmente responsable de la violaci\u00f3n de los derechos a la vida, la libertad, la seguridad e integridad de la persona, la igualdad ante la ley, la protecci\u00f3n de la honra, la constituci\u00f3n y a la protecci\u00f3n de la familia, la preservaci\u00f3n de la salud y al bienestar, y la protecci\u00f3n contra la detenci\u00f3n arbitraria por motivos pol\u00edticos en perjuicio de las v\u00edctimas.<\/p>\n<ul>\n<li><strong>Petici\u00f3n de Kevin Sol\u00eds (Nicaragua): Protecci\u00f3n de personas defensoras de derechos humanos como actores clave para el fortalecimiento de la democracia<\/strong><\/li>\n<\/ul>\n<p>El caso de Kevin Sol\u00eds es muestra del patr\u00f3n de la represi\u00f3n sufrida por estudiantes que denunciaron las violaciones de derechos humanos en medio del estallido social de 2018 en Nicaragua. Entre 2018 y 2020 fue privado de su libertad en dos ocasiones, siendo v\u00edctima de tortura y r\u00e9gimen de castigo en prisi\u00f3n, adem\u00e1s que fueron cancelados sus expedientes acad\u00e9micos de la universidad p\u00fablica. El 9 de febrero de 2023 Kevin Sol\u00eds fue <a href=\"https:\/\/raceandequality.org\/es\/resources\/raza-e-igualdad-y-nicaslibresya-celebran-la-excarcelacion-de-135-personas-presas-politicas-y-exigen-al-regimen-ortega-murillo-cesar-las-detenciones-arbitrarias-y-la-prision-por-motivos-politicos\/\"><strong>excarcelado y desterrado a Estados Unidos<\/strong><\/a>, y fue despojado de su nacionalidad.<\/p>\n<p>Ante la situaci\u00f3n de riesgo que enfrent\u00f3 el Sol\u00eds, la CIDH le otorg\u00f3 medidas cautelares y despu\u00e9s fue beneficiario de medidas provisionales ordenadas por la Corte Interamericana de Derechos Humanos (Corte IDH). En agosto de 2023 Raza e Igualdad present\u00f3 una petici\u00f3n ante la CIDH denunciando las violaciones de derechos humanos cometidas por el Estado en su contra. Las medidas provisionales se encuentran vigentes, mientras que la petici\u00f3n se encuentra en espera de apertura a tr\u00e1mite por parte de la CIDH.<\/p>\n<p>Con la estrategia empleada en este caso, buscamos proteger a personas defensoras de derechos humanos, como actoras clave para el fortalecimiento de la democracia, as\u00ed como denunciar las detenciones arbitrarias mediante la utilizaci\u00f3n de legislaci\u00f3n contraria a est\u00e1ndares internacionales para criminalizar la libertad de expresi\u00f3n. Este caso contribuir\u00e1 tambi\u00e9n a la documentaci\u00f3n de las violaciones a los derechos humanos ocurridas desde el inicio de la crisis para a) presi\u00f3n de la comunidad internacional y b) posterior rendici\u00f3n de cuentas, reparaci\u00f3n y establecimiento de garant\u00edas de no repetici\u00f3n.<\/p>\n<ul>\n<li><strong>Medidas Cautelares de Benny Briolly\u00a0(Brasil): Garant\u00eda para la participaci\u00f3n pol\u00edtica de las personas negras con identidades de g\u00e9nero diversas<\/strong><\/li>\n<\/ul>\n<p>Benny Briolly Rosa da Silva Santos es una concejala negra travesti elegida en la Ciudad de Niter\u00f3i, cuyo mandato fue renovado en 2024 y que, desde el a\u00f1o 2017 hasta la fecha, enfrenta un contexto grave de ataques direccionados a su identidad de g\u00e9nero y raza, afectando tambi\u00e9n a su equipo asesor. Tales ataques, que se manifiestan por medio de contenidos discriminatorios y amenazas de muerte en su contra, fueron frecuentemente utilizados para provocar miedo e inseguridad en su actuaci\u00f3n pol\u00edtica de defensa de los derechos humanos. Ante esa situaci\u00f3n las organizaciones Criola, Terra de Direitos, Justi\u00e7a Global, Instituto Marielle Franco, Instituto de Defesa da Popula\u00e7\u00e3o Negra y Raza e Igualdad, solicitaron <a href=\"https:\/\/raceandequality.org\/pt-br\/resources\/cidh-concede-medidas-cautelares-a-vereadora-travesti-negra-benny-briolly-rosa-da-silva-santos\/\"><strong>medidas cautelares ante la CIDH<\/strong><\/a>, las cuales fueron otorgadas el 11 de junio de 2022.<\/p>\n<p>Las organizaciones representantes de la beneficiaria han buscado de manera permanente la implementaci\u00f3n de las medidas cautelares y poner alto a los hechos de riesgo, sin conseguirlo totalmente hasta el momento, ya que el Estado no ha llevado a cabo las acciones id\u00f3neas y oportunas para ello.<\/p>\n<p>Con las dem\u00e1s organizaciones representantes buscamos la protecci\u00f3n eficaz de la Concejala y que el Estado de Brasil garantice la participaci\u00f3n pol\u00edtica de las personas negras con identidades de g\u00e9nero diversas.<\/p>\n<ul>\n<li><strong>La COMADRE (Colombia): Derecho a la reparaci\u00f3n colectiva a mujeres lideresas \u00e9tnicas<\/strong><\/li>\n<\/ul>\n<p>Lideresas comunitarias de la Coordinaci\u00f3n de Mujeres Afrocolombianas Desplazadas en Resistencia (La COMADRE), una organizaci\u00f3n aut\u00f3noma de mujeres v\u00edctimas del conflicto armado que han sido v\u00edctimas de violencia sexual y desplazamiento forzado, contin\u00faan enfrentando m\u00faltiples formas de violencia debido a su liderazgo. Se trata principalmente de personas que pertenecen a comunidades \u00e9tnicas rurales, las cuales se han desplazado forzadamente en contextos urbanos ante el conflicto armado y la violencia que persiste en los territorios ancestrales.<\/p>\n<p>En ese contexto, La COMADRE reclam\u00f3 al Estado de Colombia ser reconocidas como sujeto colectivo \u00e9tnico con derecho a reparaci\u00f3n colectiva mediante consulta libre, previa e informada. A pesar de haber logrado el reconocimiento de tal car\u00e1cter, no le ha sido otorgada dicha reparaci\u00f3n, por lo que en conjunto la Asociaci\u00f3n de Afrocolombianos Desplazados (AFRODES), ILEX Acci\u00f3n Jur\u00eddica y Raza e Igualdad, presentamos en el a\u00f1o 2022 una <a href=\"https:\/\/raceandequality.org\/es\/resources\/cidh-tramite-peticion-la-comadre-colombia\/\"><strong>petici\u00f3n ante la CIDH<\/strong><\/a> por las violaciones perpetradas en su contra por el Estado y las violencias y riesgos que contin\u00faan enfrentado las mujeres lideresas que integran la organizaci\u00f3n. La petici\u00f3n fue abierta a tr\u00e1mite y se encuentra en espera de que la CIDH avance en las etapas de admisibilidad y fondo.<\/p>\n<p>Con este caso se busca en primer lugar que se otorgue la reparaci\u00f3n colectiva a La COMADRE como sujeto colectivo \u00e9tnico, previo ejercicio del derecho a la consulta para determinar dicha reparaci\u00f3n; garant\u00edas para el cese de la violencia y riesgos que enfrentan las mujeres lideresas afrocolombianas v\u00edctimas del conflicto armado, as\u00ed como identificaci\u00f3n y sanci\u00f3n de los responsables y cambios estructurales para garantizar que las mujeres afrocolombianas puedan defender los derechos humanos ejerciendo sus liderazgos \u00e9tnicos en condiciones de seguridad para s\u00ed mismas, sus familias y su organizaci\u00f3n.<\/p>\n","protected":false},"excerpt":{"rendered":"<p>En conmemoraci\u00f3n del D\u00eda de los Derechos Humanos, Raza e Igualdad ofrece una mirada comprensiva de cuatro casos que litiga actualmente ante el Sistema Interamericano de Derechos Humanos. Washington, DC; [&hellip;]<\/p>\n","protected":false},"author":8,"featured_media":19482,"parent":0,"menu_order":0,"template":"","format":"standard","categories":[],"resources_country":[],"resources_language":[],"resources_audience":[],"resources_format":[],"resources_topic":[1097,1109],"resources_year":[],"class_list":["post-19478","resources","type-resources","status-publish","format-standard","has-post-thumbnail","hentry","resources_topic-derechos-humanos","resources_topic-raza-e-igualdad"],"acf":[],"aioseo_notices":[],"_links":{"self":[{"href":"https:\/\/raceandequality.org\/es\/wp-json\/wp\/v2\/resources\/19478","targetHints":{"allow":["GET"]}}],"collection":[{"href":"https:\/\/raceandequality.org\/es\/wp-json\/wp\/v2\/resources"}],"about":[{"href":"https:\/\/raceandequality.org\/es\/wp-json\/wp\/v2\/types\/resources"}],"author":[{"embeddable":true,"href":"https:\/\/raceandequality.org\/es\/wp-json\/wp\/v2\/users\/8"}],"wp:featuredmedia":[{"embeddable":true,"href":"https:\/\/raceandequality.org\/es\/wp-json\/wp\/v2\/media\/19482"}],"wp:attachment":[{"href":"https:\/\/raceandequality.org\/es\/wp-json\/wp\/v2\/media?parent=19478"}],"wp:term":[{"taxonomy":"category","embeddable":true,"href":"https:\/\/raceandequality.org\/es\/wp-json\/wp\/v2\/categories?post=19478"},{"taxonomy":"resources_country","embeddable":true,"href":"https:\/\/raceandequality.org\/es\/wp-json\/wp\/v2\/resources_country?post=19478"},{"taxonomy":"resources_language","embeddable":true,"href":"https:\/\/raceandequality.org\/es\/wp-json\/wp\/v2\/resources_language?post=19478"},{"taxonomy":"resources_audience","embeddable":true,"href":"https:\/\/raceandequality.org\/es\/wp-json\/wp\/v2\/resources_audience?post=19478"},{"taxonomy":"resources_format","embeddable":true,"href":"https:\/\/raceandequality.org\/es\/wp-json\/wp\/v2\/resources_format?post=19478"},{"taxonomy":"resources_topic","embeddable":true,"href":"https:\/\/raceandequality.org\/es\/wp-json\/wp\/v2\/resources_topic?post=19478"},{"taxonomy":"resources_year","embeddable":true,"href":"https:\/\/raceandequality.org\/es\/wp-json\/wp\/v2\/resources_year?post=19478"}],"curies":[{"name":"wp","href":"https:\/\/api.w.org\/{rel}","templated":true}]}}