{"id":19643,"date":"2024-11-20T09:04:19","date_gmt":"2024-11-20T09:04:19","guid":{"rendered":"https:\/\/raceandequality.org\/?post_type=resources&#038;p=19643"},"modified":"2024-12-20T14:55:27","modified_gmt":"2024-12-20T14:55:27","slug":"transmasculinidades-ante-la-cidh-llamado-urgente-por-el-derecho-a-la-salud-en-america-latina","status":"publish","type":"resources","link":"https:\/\/raceandequality.org\/es\/resources\/transmasculinidades-ante-la-cidh-llamado-urgente-por-el-derecho-a-la-salud-en-america-latina\/","title":{"rendered":"Transmasculinidades ante la CIDH: Llamado urgente por el derecho a la salud en Am\u00e9rica Latina"},"content":{"rendered":"<p style=\"text-align: center;\"><em><strong>El pasado 12 de noviembre, la coalici\u00f3n de organizaciones transmasculinas expusieron ante la CIDH sobre las diversas realidades del acceso al derecho a la salud de las personas transmasculinas en la regi\u00f3n.<\/strong><\/em><\/p>\n<p><strong>Washington, D.C., 20 de noviembre de 2024.-<\/strong> En el marco de 191\u00ba Per\u00edodo Ordinario de Sesiones de la Comisi\u00f3n Interamericana de Derechos Humanos (CIDH), representantes de organizaciones transmasculinas de Am\u00e9rica Latina y el Instituto sobre Raza, Igualdad y Derechos Humanos (Raza e Igualdad) expusieron las m\u00faltiples vulneraciones al acceso al derecho a la salud de las personas transmasculinas en la regi\u00f3n.<\/p>\n<p>Las intervenciones de Per\u00fa, Brasil, Ecuador y Bolivia destacaron la urgente necesidad de que los Estados cuenten con pol\u00edticas p\u00fablicas e implementen sistemas de salud afirmativos que respeten la identidad de g\u00e9nero y atienda integralmente las necesidades espec\u00edficas de la poblaci\u00f3n transmasculina.<\/p>\n<p>\u201cLa situaci\u00f3n de las transmasculinidades se caracteriza por una profunda disparidad en cuanto al ejercicio de derechos y todas han encontrado que una dificultad en torno al sistema de salud y el acceso a servicios de salud y tratamientos o cirug\u00edas para aquellas personas que as\u00ed lo requieran\u201d, se\u00f1al\u00f3 Carlos Quesada, Director Ejecutivo de Raza e Igualdad, organizaci\u00f3n que trabaja junto a esta coalici\u00f3n.<\/p>\n<p><strong>El sistema de salud debe responder a las experiencias diversas<\/strong><\/p>\n<p>Bruno Montenegro, representante de Fraternidad Trans Masculina Per\u00fa, enfatiz\u00f3 que un hombre trans o una persona transmasculina representan experiencias diversas y aut\u00e9nticas, que implica enfrentar desaf\u00edos particulares en el acceso al derecho a la salud: \u201cnosotros fuimos asignados con el g\u00e9nero femenino, y hemos realizado una transici\u00f3n social y\/o hormonal hacia el g\u00e9nero masculino, con el cual realizamos nuestra vida en todos los aspectos\u201d, se\u00f1al\u00f3.<\/p>\n<p>Seg\u00fan Montenegro, el personal de salud suele carecer de formaci\u00f3n adecuada, lo que deriva en una atenci\u00f3n humillante y violenta hacia las personas transmasculinas que, por tanto, evitan acudir a servicios m\u00e9dicos, exponi\u00e9ndose a riesgos para su salud.<\/p>\n<p>\u201cEn Per\u00fa, la Norma T\u00e9cnica en Salud para personas trans que brinda apoyo en hormonizaci\u00f3n, no incluye a los hombres trans. De manera similar, en Bolivia, el modelo de atenci\u00f3n integral para personas LGBTI no garantiza una atenci\u00f3n digna y adecuada para transmasculinidades, y carece de una estrategia de difusi\u00f3n efectiva que permita su implementaci\u00f3n. En Brasil y Ecuador, la situaci\u00f3n no es muy diferente; a pesar de algunos avances, la ausencia de pol\u00edticas p\u00fablicas espec\u00edficas y la falta de presupuesto en salud para procesos de sensibilizaci\u00f3n y capacitaci\u00f3n agrava la exclusi\u00f3n de nuestra poblaci\u00f3n transmasculina\u201d, inform\u00f3.<\/p>\n<p><strong>Patologizaci\u00f3n y sus efectos nocivos<\/strong><\/p>\n<p>Dom Erick, del Instituto Brasile\u00f1o de Transmasculinidades &#8211; IBRAT, denunci\u00f3 la patologizaci\u00f3n de las identidades transmasculinas como un factor clave en la perpetuaci\u00f3n del estigma y la violencia. Cit\u00f3 el caso de Per\u00fa, donde en 2024 se mantuvo la clasificaci\u00f3n de la identidad de g\u00e9nero como un \u201ctrastorno mental\u201d seg\u00fan la CIE-10, en contradicci\u00f3n con la decisi\u00f3n de la Organizaci\u00f3n Mundial de la Salud de 2019. Esta patologizaci\u00f3n dificulta el acceso a atenci\u00f3n sanitaria al requerir evaluaciones psiqui\u00e1tricas para recibir apoyo m\u00e9dico.<\/p>\n<p>Dom Erick tambi\u00e9n alert\u00f3 sobre los impactos negativos en la salud mental de las personas transmasculinas. Seg\u00fan el informe \u00abHombres transexuales: invisibilidad social y salud mental\u00bb (2018), el 94,5% de los hombres trans encuestados reportaron sentir depresi\u00f3n, mientras que el 66,4% experimentaron ideas suicidas. La falta de datos y estad\u00edsticas sobre las vidas transmasculinas contribuye a su invisibilizaci\u00f3n y a la omisi\u00f3n de pol\u00edticas que aborden estas problem\u00e1ticas.<\/p>\n<p>\u201cEn Brasil, Bolivia, Ecuador y Per\u00fa, experimentamos un subregistro cr\u00edtico de datos y estad\u00edsticas sobre vidas transmasculinas. La invisibilidad y negligencia del Estado mantiene a nuestra comunidad al margen. Las experiencias estresantes y violentas sufridas en espacios p\u00fablicos, sociales y familiares impactan negativamente en la salud mental de nuestra poblaci\u00f3n, generando fobias sociales, sentimientos de aislamiento, depresi\u00f3n, ansiedad y conductas suicidas que pueden conducir al autoexterminio\u201d, se\u00f1al\u00f3.<\/p>\n<p><strong>Derechos sexuales y reproductivos: un vac\u00edo legal y social<\/strong><\/p>\n<p>Javier Mor\u00f3n, de Hombres Trans Diversos Bolivia, expuso la vulneraci\u00f3n sistem\u00e1tica de los derechos sexuales y reproductivos de los hombres trans. Desde violencia obst\u00e9trica hasta el uso de pronombres incorrectos, las experiencias de discriminaci\u00f3n en contextos ginecol\u00f3gicos y obst\u00e9tricos son comunes. Adem\u00e1s, los vac\u00edos legales en el registro civil dificultan la inscripci\u00f3n de hijos, obligando a los hombres trans a figurar como \u201cmadres\u201d en los documentos legales, una pr\u00e1ctica que ignora y deslegitima su identidad de g\u00e9nero.<\/p>\n<p>\u201cMuchos se encuentran con un sistema de salud desensibilizado, falto de conocimientos y sobre todo guiado por ideolog\u00edas religiosas, neg\u00e1ndonos el acceso a controles pre y postnatales adecuados. Esta negativa no solo compromete la salud f\u00edsica del padre y el beb\u00e9, sino que tambi\u00e9n perpet\u00faa un ambiente propenso a la violencia obst\u00e9trica durante el parto. El embarazo y el parto deben dejar de asociarse a la condici\u00f3n de mujeres cisg\u00e9nero y comenzar a reconocerse que otras identidades como las nuestras, tienen la capacidad de gestar o necesitan someterse a la interrupci\u00f3n legal del embarazo\u201d, enfatiz\u00f3.<\/p>\n<p><strong>Automedicaci\u00f3n y desabastecimiento: riesgos para la salud<\/strong><\/p>\n<p>Gabriel de Prada, de Fraternidad Transmasculina Ecuador, describi\u00f3 los peligros asociados con la automedicaci\u00f3n en ausencia de recursos accesibles para la transici\u00f3n hormonal. La falta de disponibilidad de testosterona en las farmacias y la disparidad de precios fuerzan a muchos hombres trans a recurrir a anab\u00f3licos de origen dudoso, con graves riesgos para la salud.<\/p>\n<p>A pesar de estos desaf\u00edos, De Prada se\u00f1al\u00f3 ejemplos positivos, como las pol\u00edticas inclusivas implementadas en Brasil. En octubre de 2024, el Sistema \u00danico de Salud elimin\u00f3 la necesidad de vincular consultas y ex\u00e1menes al \u201csexo biol\u00f3gico\u201d, permitiendo un acceso m\u00e1s integral y respetuoso a servicios ginecol\u00f3gicos y urol\u00f3gicos.<\/p>\n<p><strong>Un llamado urgente a la acci\u00f3n<\/strong><\/p>\n<p>Las intervenciones en esta audiencia tem\u00e1tica ante la CIDH concluyeron con Ot\u00e1vio Zanardi de Raza e Igualdad, quien respetuosamente llam\u00f3 a la Comisi\u00f3n a que:<\/p>\n<p>1) Inste a los Estados produzcan informaci\u00f3n integral y datos desagregados sobres las personas transmasculinas.<\/p>\n<p>2) Que realice monitoreo y observe si los Estados est\u00e1n cumpliendo con las recomendaciones del informe producido por REDESCA a respecto de personas trans y de g\u00e9nero-diverso y sus derechos econ\u00f3micos, sociales, culturales, ambientales, principalmente se cumple las recomendaciones sobre el derecho a la salud. Asimismo, actualice el informe publicado en 2015 sobre Violencia contra personas LGBTI, a fin de reevaluar la violencia que enfrentan las personas transmasculinas.<\/p>\n<p>3) Realice una declaraci\u00f3n p\u00fablica sobre los desaf\u00edos que enfrentan las personas transmasculinas en el acceso a la salud, a fin de crear conciencia entre diversas partes interesadas, incluidos gobiernos y organizaciones de la sociedad civil.<\/p>\n<p>4) Recomendamos tambi\u00e9n a realizar una visita in loco a Per\u00fa, pa\u00eds que han enfrentado impugnaciones legales, como la clasificaci\u00f3n de las identidades trans como enfermedad mental y otras normas anti-trans.<\/p>\n<p>5) En observaci\u00f3n o a lo establecido en la Resoluci\u00f3n 04\/2023 en la Pol\u00edtica de Priorizaci\u00f3n de las peticiones y casos ante la Comisi\u00f3n, llamamos a una atenci\u00f3n prioritaria de transversalidad de g\u00e9nero e interseccionalidad especialmente relacionada con la salud de las personas transmasculinas.<\/p>\n","protected":false},"excerpt":{"rendered":"<p>El pasado 12 de noviembre, la coalici\u00f3n de organizaciones transmasculinas expusieron ante la CIDH sobre las diversas realidades del acceso al derecho a la salud de las personas transmasculinas en la regi\u00f3n.<\/p>\n","protected":false},"author":13,"featured_media":19642,"parent":0,"menu_order":0,"template":"","format":"standard","categories":[],"resources_country":[1333],"resources_language":[],"resources_audience":[],"resources_format":[],"resources_topic":[1100,1115],"resources_year":[],"class_list":["post-19643","resources","type-resources","status-publish","format-standard","has-post-thumbnail","hentry","resources_country-lac","resources_topic-cidh","resources_topic-personas-trans"],"acf":[],"aioseo_notices":[],"_links":{"self":[{"href":"https:\/\/raceandequality.org\/es\/wp-json\/wp\/v2\/resources\/19643","targetHints":{"allow":["GET"]}}],"collection":[{"href":"https:\/\/raceandequality.org\/es\/wp-json\/wp\/v2\/resources"}],"about":[{"href":"https:\/\/raceandequality.org\/es\/wp-json\/wp\/v2\/types\/resources"}],"author":[{"embeddable":true,"href":"https:\/\/raceandequality.org\/es\/wp-json\/wp\/v2\/users\/13"}],"wp:featuredmedia":[{"embeddable":true,"href":"https:\/\/raceandequality.org\/es\/wp-json\/wp\/v2\/media\/19642"}],"wp:attachment":[{"href":"https:\/\/raceandequality.org\/es\/wp-json\/wp\/v2\/media?parent=19643"}],"wp:term":[{"taxonomy":"category","embeddable":true,"href":"https:\/\/raceandequality.org\/es\/wp-json\/wp\/v2\/categories?post=19643"},{"taxonomy":"resources_country","embeddable":true,"href":"https:\/\/raceandequality.org\/es\/wp-json\/wp\/v2\/resources_country?post=19643"},{"taxonomy":"resources_language","embeddable":true,"href":"https:\/\/raceandequality.org\/es\/wp-json\/wp\/v2\/resources_language?post=19643"},{"taxonomy":"resources_audience","embeddable":true,"href":"https:\/\/raceandequality.org\/es\/wp-json\/wp\/v2\/resources_audience?post=19643"},{"taxonomy":"resources_format","embeddable":true,"href":"https:\/\/raceandequality.org\/es\/wp-json\/wp\/v2\/resources_format?post=19643"},{"taxonomy":"resources_topic","embeddable":true,"href":"https:\/\/raceandequality.org\/es\/wp-json\/wp\/v2\/resources_topic?post=19643"},{"taxonomy":"resources_year","embeddable":true,"href":"https:\/\/raceandequality.org\/es\/wp-json\/wp\/v2\/resources_year?post=19643"}],"curies":[{"name":"wp","href":"https:\/\/api.w.org\/{rel}","templated":true}]}}