{"id":19825,"date":"2025-04-24T17:53:19","date_gmt":"2025-04-24T17:53:19","guid":{"rendered":"https:\/\/raceandequality.org\/?post_type=resources&#038;p=19825"},"modified":"2025-04-24T17:53:19","modified_gmt":"2025-04-24T17:53:19","slug":"ley-apci-peru-grave-amenaza-derechos-humanos","status":"publish","type":"resources","link":"https:\/\/raceandequality.org\/es\/resources\/ley-apci-peru-grave-amenaza-derechos-humanos\/","title":{"rendered":"Grave amenaza al espacio c\u00edvico en Per\u00fa: organizaciones condenan ley que restringe la labor de la sociedad civil y vulnera los derechos de las v\u00edctimas"},"content":{"rendered":"<p><span data-contrast=\"auto\"><strong>24 de abril de 2025.<\/strong> \u2013 Las organizaciones firmantes expresamos nuestra m\u00e1s en\u00e9rgica condena ante la promulgaci\u00f3n el pasado 14 de abril del 2025, sin observaciones por parte del Poder Ejecutivo del Per\u00fa, de la ley aprobada en el Congreso el 12 de marzo, que representa <strong>una seria amenaza para la defensa de derechos humanos<\/strong>. Asimismo, la aprobaci\u00f3n de esta norma incumple con la obligaci\u00f3n del Estado de Per\u00fa de garantizar los derechos de reuni\u00f3n, asociaci\u00f3n, expresi\u00f3n, defender derechos humanos de las personas integrantes de organizaciones de sociedad civil, as\u00ed como el derecho de acceso a la justicia y peticionar ante un \u00f3rgano internacional de las v\u00edctimas.<\/span><span data-ccp-props=\"{&quot;335551550&quot;:6,&quot;335551620&quot;:6,&quot;335559739&quot;:240}\">\u00a0<\/span><\/p>\n<p><span data-contrast=\"auto\">Esta norma, que otorga amplias facultades de control a la <strong>Agencia Peruana de Cooperaci\u00f3n Internacional (APCI)<\/strong>, impone un sistema de autorizaci\u00f3n previa sobre las actividades de las organizaciones de la sociedad civil que reciben financiamiento internacional. A partir de ahora, estas organizaciones deber\u00e1n obtener la \u201cconformidad previa\u201d del Estado para implementar proyectos y actividades, lo que subordina su labor a la autorizaci\u00f3n estatal y atenta directamente contra su autonom\u00eda e independencia.<\/span><span data-ccp-props=\"{&quot;335551550&quot;:6,&quot;335551620&quot;:6,&quot;335559739&quot;:240}\">\u00a0<\/span><\/p>\n<p><span data-contrast=\"auto\">Adem\u00e1s, la ley califica como \u201cinfracci\u00f3n muy grave\u201d el supuesto \u201cuso indebido\u201d de fondos de cooperaci\u00f3n cuando estos se destinen a brindar asesor\u00eda, asistencia o financiamiento a acciones administrativas, judiciales o de otra naturaleza, en instancias nacionales o internacionales, que cuestionen al Estado peruano. Es decir, cualquier organizaci\u00f3n que represente o apoye legalmente a personas o comunidades afectadas por violaciones de derechos humanos podr\u00eda ser sancionada. En caso de cometer una infracci\u00f3n grave, <strong>la APCI podr\u00e1 imponer sanciones econ\u00f3micas desproporcionadas<\/strong>, de hasta 500 Unidades Impositivas Tributarias (aproximadamente US$720,000), y suspender o cancelar el registro de dichas organizaciones.<\/span><span data-ccp-props=\"{&quot;335551550&quot;:6,&quot;335551620&quot;:6,&quot;335559739&quot;:240}\">\u00a0<\/span><\/p>\n<p><span data-contrast=\"auto\">La promulgaci\u00f3n de esta norma <strong>se enmarca en una preocupante tendencia regional de cierre del espacio c\u00edvico<\/strong>, en el que varios gobiernos han impulsado normativas que imponen requisitos administrativos y financieros desproporcionados, dificultando el acceso al financiamiento, adem\u00e1s de otorgar amplios poderes de control a entes estatales. Estas medidas, lejos de fomentar la transparencia, han sido utilizadas como instrumentos de censura y represi\u00f3n. Casos emblem\u00e1ticos como los de Nicaragua, donde miles de organizaciones han sido ilegalizadas desde 2018; Venezuela, con la reciente aprobaci\u00f3n de una ley que otorga al gobierno amplias facultades para disolver organizaciones; y Paraguay, con la Ley N.\u00ba 7.363 de 2024, que impone restricciones arbitrarias a las entidades sin fines de lucro, son ejemplos de esta tendencia. En este contexto, la ley recientemente promulgada en Per\u00fa se suma a una peligrosa deriva regional que debe ser enfrentada con urgencia.<\/span><span data-ccp-props=\"{&quot;335551550&quot;:6,&quot;335551620&quot;:6,&quot;335559739&quot;:240}\">\u00a0<\/span><\/p>\n<p><span data-contrast=\"auto\">Reiteramos nuestra solidaridad con las organizaciones peruanas que hoy ven amenazada su existencia y su importante labor. <strong>Hacemos un llamado firme a la comunidad internacional<\/strong>, a los \u00f3rganos del sistema interamericano y de Naciones Unidas, y a los gobiernos de la regi\u00f3n a continuar pronunci\u00e1ndose y actuando ante esta grave regresi\u00f3n. Proteger el espacio c\u00edvico es esencial para garantizar los derechos fundamentales de todas las personas en Am\u00e9rica Latina.<\/span><span data-ccp-props=\"{&quot;335551550&quot;:6,&quot;335551620&quot;:6,&quot;335559739&quot;:240}\">\u00a0<\/span><\/p>\n<p><strong>Firman:<\/strong><\/p>\n<ul>\n<li><span data-contrast=\"auto\">Aireana, grupo por los derechos de las lesbianas \u2013 Paraguay\u00a0\u00a0<\/span><span data-ccp-props=\"{&quot;335551550&quot;:6,&quot;335551620&quot;:6,&quot;335559739&quot;:240}\">\u00a0<\/span><\/li>\n<li><span data-contrast=\"auto\">Akahata \u2013 Equipo de trabajo en sexualidades y g\u00e9neros \u2013 Argentina\u00a0\u00a0<\/span><span data-ccp-props=\"{&quot;335551550&quot;:6,&quot;335551620&quot;:6,&quot;335559739&quot;:240}\">\u00a0<\/span><\/li>\n<li><span data-contrast=\"auto\">Am\u00e9rica Diversa Inc \u2013 Estados Unidos\u00a0\u00a0<\/span><span data-ccp-props=\"{&quot;335551550&quot;:6,&quot;335551620&quot;:6,&quot;335559739&quot;:240}\">\u00a0<\/span><\/li>\n<li><span data-contrast=\"auto\">Amnist\u00eda Internacional \u2013 Global\u00a0\u00a0<\/span><span data-ccp-props=\"{&quot;335551550&quot;:6,&quot;335551620&quot;:6,&quot;335559739&quot;:240}\">\u00a0<\/span><\/li>\n<li><span data-contrast=\"auto\">Apuesta Solidaria AC \u2013 M\u00e9xico\u00a0\u00a0<\/span><span data-ccp-props=\"{&quot;335551550&quot;:6,&quot;335551620&quot;:6,&quot;335559739&quot;:240}\">\u00a0<\/span><\/li>\n<li><span data-contrast=\"auto\">Asistencia Legal por los Derechos Humanos A.C. (ASILEGAL) \u2013 M\u00e9xico\u00a0\u00a0<\/span><span data-ccp-props=\"{&quot;335551550&quot;:6,&quot;335551620&quot;:6,&quot;335559739&quot;:240}\">\u00a0<\/span><\/li>\n<li><span data-contrast=\"auto\">Asociaci\u00f3n ALFIL \u2013 Ecuador\u00a0\u00a0<\/span><span data-ccp-props=\"{&quot;335551550&quot;:6,&quot;335551620&quot;:6,&quot;335559739&quot;:240}\">\u00a0<\/span><\/li>\n<li><span data-contrast=\"auto\">Asociaci\u00f3n comunitaria v\u00edctimas defensa derecho de productores Agropecuario de Corozal Sucre \u2013 Colombia\u00a0\u00a0<\/span><span data-ccp-props=\"{&quot;335551550&quot;:6,&quot;335551620&quot;:6,&quot;335559739&quot;:240}\">\u00a0<\/span><\/li>\n<li><span data-contrast=\"auto\">Asociaci\u00f3n Nomadesc \u2013 Colombia\u00a0\u00a0<\/span><span data-ccp-props=\"{&quot;335551550&quot;:6,&quot;335551620&quot;:6,&quot;335559739&quot;:240}\">\u00a0<\/span><\/li>\n<li><span data-contrast=\"auto\">Asociaci\u00f3n Otras Voces \u2013 Colombia\u00a0\u00a0<\/span><span data-ccp-props=\"{&quot;335551550&quot;:6,&quot;335551620&quot;:6,&quot;335559739&quot;:240}\">\u00a0<\/span><\/li>\n<li><span data-contrast=\"auto\">Asociaci\u00f3n Panambi \u2013 Paraguay\u00a0\u00a0<\/span><span data-ccp-props=\"{&quot;335551550&quot;:6,&quot;335551620&quot;:6,&quot;335559739&quot;:240}\">\u00a0<\/span><\/li>\n<li><span data-contrast=\"auto\">Asociaci\u00f3n Paname\u00f1a de personas Trans (APPT) \u2013 Panam\u00e1\u00a0\u00a0<\/span><span data-ccp-props=\"{&quot;335551550&quot;:6,&quot;335551620&quot;:6,&quot;335559739&quot;:240}\">\u00a0<\/span><\/li>\n<li><span data-contrast=\"auto\">Asociaci\u00f3n Pro-B\u00fasqueda de Ni\u00f1as y Ni\u00f1os Desaparecidos \u2013 El Salvador\u00a0\u00a0<\/span><span data-ccp-props=\"{&quot;335551550&quot;:6,&quot;335551620&quot;:6,&quot;335559739&quot;:240}\">\u00a0<\/span><\/li>\n<li><span data-contrast=\"auto\">ASPIDH \u2013 El Salvador\u00a0\u00a0<\/span><span data-ccp-props=\"{&quot;335551550&quot;:6,&quot;335551620&quot;:6,&quot;335559739&quot;:240}\">\u00a0<\/span><\/li>\n<li><span data-contrast=\"auto\">ATTTA Red Nacional \u2013 Argentina\u00a0\u00a0<\/span><span data-ccp-props=\"{&quot;335551550&quot;:6,&quot;335551620&quot;:6,&quot;335559739&quot;:240}\">\u00a0<\/span><\/li>\n<li><span data-contrast=\"auto\">Centro de Derechos Humanos de las Mujeres A.C. \u2013 M\u00e9xico\u00a0\u00a0<\/span><span data-ccp-props=\"{&quot;335551550&quot;:6,&quot;335551620&quot;:6,&quot;335559739&quot;:240}\">\u00a0<\/span><\/li>\n<li><span data-contrast=\"auto\">Centro de Derechos Reproductivos \u2013 Am\u00e9rica Latina y el Caribe\u00a0\u00a0<\/span><span data-ccp-props=\"{&quot;335551550&quot;:6,&quot;335551620&quot;:6,&quot;335559739&quot;:240}\">\u00a0<\/span><\/li>\n<li><span data-contrast=\"auto\">Centro de Documentaci\u00f3n en Derechos Humanos \u00abSegundo Montes Mozo SJ\u00bb (CSMM) \u2013 Ecuador\u00a0\u00a0<\/span><span data-ccp-props=\"{&quot;335551550&quot;:6,&quot;335551620&quot;:6,&quot;335559739&quot;:240}\">\u00a0<\/span><\/li>\n<li><span data-contrast=\"auto\">Centro de Estudios Legales y Sociales (CELS) \u2013 Argentina\u00a0\u00a0<\/span><span data-ccp-props=\"{&quot;335551550&quot;:6,&quot;335551620&quot;:6,&quot;335559739&quot;:240}\">\u00a0<\/span><\/li>\n<li><span data-contrast=\"auto\">Centro de Promoci\u00f3n y Defesa de los Derechos Sexuales y Reproductivos (Promsex) \u2013 Per\u00fa\u00a0\u00a0<\/span><span data-ccp-props=\"{&quot;335551550&quot;:6,&quot;335551620&quot;:6,&quot;335559739&quot;:240}\">\u00a0<\/span><\/li>\n<li><span data-contrast=\"auto\">Centro por la Justicia y el Derecho Internacional (CEJIL) \u2013 Regional<\/span><span data-ccp-props=\"{&quot;335551550&quot;:6,&quot;335551620&quot;:6,&quot;335559739&quot;:240}\">\u00a0<\/span><\/li>\n<li><span data-contrast=\"auto\">CLADEM \u2013 Regional\u00a0\u00a0<\/span><span data-ccp-props=\"{&quot;335551550&quot;:6,&quot;335551620&quot;:6,&quot;335559739&quot;:240}\">\u00a0<\/span><\/li>\n<li><span data-contrast=\"auto\">CMP Flora Trist\u00e1n \u2013 Per\u00fa\u00a0\u00a0<\/span><span data-ccp-props=\"{&quot;335551550&quot;:6,&quot;335551620&quot;:6,&quot;335559739&quot;:240}\">\u00a0<\/span><\/li>\n<li><span data-contrast=\"auto\">CODHES \u2013 Colombia\u00a0\u00a0<\/span><span data-ccp-props=\"{&quot;335551550&quot;:6,&quot;335551620&quot;:6,&quot;335559739&quot;:240}\">\u00a0<\/span><\/li>\n<li><span data-contrast=\"auto\">Colectivo de Abogados y Abogadas \u201cJos\u00e9 Alvear Restrepo\u201d (CAJAR) \u2013 Colombia\u00a0\u00a0<\/span><span data-ccp-props=\"{&quot;335551550&quot;:6,&quot;335551620&quot;:6,&quot;335559739&quot;:240}\">\u00a0<\/span><\/li>\n<li><span data-contrast=\"auto\">Colectivo por la Igualdad de G\u00e9nero \u2013 Piura \u2013 Per\u00fa\u00a0\u00a0<\/span><span data-ccp-props=\"{&quot;335551550&quot;:6,&quot;335551620&quot;:6,&quot;335559739&quot;:240}\">\u00a0<\/span><\/li>\n<li><span data-contrast=\"auto\">Colectivo Unidad Color Rosa \u2013 Honduras\u00a0\u00a0<\/span><span data-ccp-props=\"{&quot;335551550&quot;:6,&quot;335551620&quot;:6,&quot;335559739&quot;:240}\">\u00a0<\/span><\/li>\n<li><span data-contrast=\"auto\">Colombia Diversa \u2013 Colombia\u00a0\u00a0<\/span><span data-ccp-props=\"{&quot;335551550&quot;:6,&quot;335551620&quot;:6,&quot;335559739&quot;:240}\">\u00a0<\/span><\/li>\n<li><span data-contrast=\"auto\">Comit\u00e9 de Familiares de las V\u00edctimas de los Sucesos de Febrero-Marzo de 1989 (COFAVIC) \u2013 Venezuela\u00a0\u00a0<\/span><span data-ccp-props=\"{&quot;335551550&quot;:6,&quot;335551620&quot;:6,&quot;335559739&quot;:240}\">\u00a0<\/span><\/li>\n<li><span data-contrast=\"auto\">Comit\u00e9 de Solidaridad con los Presos Pol\u00edticos \u2013 Colombia\u00a0\u00a0<\/span><span data-ccp-props=\"{&quot;335551550&quot;:6,&quot;335551620&quot;:6,&quot;335559739&quot;:240}\">\u00a0<\/span><\/li>\n<li><span data-contrast=\"auto\">Convergencia por los Derechos Humanos de Guatemala \u2013 Guatemala\u00a0\u00a0<\/span><span data-ccp-props=\"{&quot;335551550&quot;:6,&quot;335551620&quot;:6,&quot;335559739&quot;:240}\">\u00a0<\/span><\/li>\n<li><span data-contrast=\"auto\">Coordinaci\u00f3n Colombia -Europa \u2013 Estados Unidos \u2013 Colombia\u00a0\u00a0<\/span><span data-ccp-props=\"{&quot;335551550&quot;:6,&quot;335551620&quot;:6,&quot;335559739&quot;:240}\">\u00a0<\/span><\/li>\n<li><span data-contrast=\"auto\">Coordinadora Nacional de Derechos Humanos \u2013 Per\u00fa\u00a0\u00a0<\/span><span data-ccp-props=\"{&quot;335551550&quot;:6,&quot;335551620&quot;:6,&quot;335559739&quot;:240}\">\u00a0<\/span><\/li>\n<li><span data-contrast=\"auto\">Coordinadora por los Derechos de la Infancia y Adolescencia \u2013 Paraguay\u00a0\u00a0<\/span><span data-ccp-props=\"{&quot;335551550&quot;:6,&quot;335551620&quot;:6,&quot;335559739&quot;:240}\">\u00a0<\/span><\/li>\n<li><span data-contrast=\"auto\">Corporaci\u00f3n Humanas \u2013 Chile\u00a0\u00a0<\/span><span data-ccp-props=\"{&quot;335551550&quot;:6,&quot;335551620&quot;:6,&quot;335559739&quot;:240}\">\u00a0<\/span><\/li>\n<li><span data-contrast=\"auto\">COTRAVETD \u2013 Rep\u00fablica Dominicana\u00a0\u00a0<\/span><span data-ccp-props=\"{&quot;335551550&quot;:6,&quot;335551620&quot;:6,&quot;335559739&quot;:240}\">\u00a0<\/span><\/li>\n<li><span data-contrast=\"auto\">DEMUS \u2013 Per\u00fa\u00a0\u00a0<\/span><span data-ccp-props=\"{&quot;335551550&quot;:6,&quot;335551620&quot;:6,&quot;335559739&quot;:240}\">\u00a0<\/span><\/li>\n<li><span data-contrast=\"auto\">Equipo de Reflexi\u00f3n, Investigaci\u00f3n y Comunicaci\u00f3n (ERIC-SJ) \u2013 Honduras\u00a0\u00a0<\/span><span data-ccp-props=\"{&quot;335551550&quot;:6,&quot;335551620&quot;:6,&quot;335559739&quot;:240}\">\u00a0<\/span><\/li>\n<li><span data-contrast=\"auto\">Equipo Jur\u00eddico por los Derechos Humanos \u2013 Honduras\u00a0\u00a0<\/span><span data-ccp-props=\"{&quot;335551550&quot;:6,&quot;335551620&quot;:6,&quot;335559739&quot;:240}\">\u00a0<\/span><\/li>\n<li><span data-contrast=\"auto\">Espacio P\u00fablico \u2013 Venezuela\u00a0\u00a0<\/span><span data-ccp-props=\"{&quot;335551550&quot;:6,&quot;335551620&quot;:6,&quot;335559739&quot;:240}\">\u00a0<\/span><\/li>\n<li><span data-contrast=\"auto\">Federaci\u00f3n Internacional por los Derechos Humanos (FIDH) \u2013 Internacional\u00a0\u00a0<\/span><span data-ccp-props=\"{&quot;335551550&quot;:6,&quot;335551620&quot;:6,&quot;335559739&quot;:240}\">\u00a0<\/span><\/li>\n<li><span data-contrast=\"auto\">F\u00e9minas Per\u00fa \u2013 Per\u00fa\u00a0\u00a0<\/span><span data-ccp-props=\"{&quot;335551550&quot;:6,&quot;335551620&quot;:6,&quot;335559739&quot;:240}\">\u00a0<\/span><\/li>\n<li><span data-contrast=\"auto\">Fundaci\u00f3n Arcoiris \u2013 M\u00e9xico\u00a0\u00a0<\/span><span data-ccp-props=\"{&quot;335551550&quot;:6,&quot;335551620&quot;:6,&quot;335559739&quot;:240}\">\u00a0<\/span><\/li>\n<li><span data-contrast=\"auto\">Fundaci\u00f3n Ecum\u00e9nica para el Desarrollo y la Paz (FEDEPAZ) \u2013 Per\u00fa\u00a0\u00a0<\/span><span data-ccp-props=\"{&quot;335551550&quot;:6,&quot;335551620&quot;:6,&quot;335559739&quot;:240}\">\u00a0<\/span><\/li>\n<li><span data-contrast=\"auto\">Fundaci\u00f3n para el Debido Proceso (DPLF) \u2013 Regional\u00a0\u00a0<\/span><span data-ccp-props=\"{&quot;335551550&quot;:6,&quot;335551620&quot;:6,&quot;335559739&quot;:240}\">\u00a0<\/span><\/li>\n<li><span data-contrast=\"auto\">Fundaci\u00f3n para la Justicia \u2013 M\u00e9xico\u00a0\u00a0<\/span><span data-ccp-props=\"{&quot;335551550&quot;:6,&quot;335551620&quot;:6,&quot;335559739&quot;:240}\">\u00a0<\/span><\/li>\n<li><span data-contrast=\"auto\">Generaci\u00f3n Orgullo Asociaci\u00f3n por la Diversidad Sexual y de G\u00e9nero \u2013 Per\u00fa\u00a0\u00a0<\/span><span data-ccp-props=\"{&quot;335551550&quot;:6,&quot;335551620&quot;:6,&quot;335559739&quot;:240}\">\u00a0<\/span><\/li>\n<li><span data-contrast=\"auto\">GRUFIDES \u2013 Per\u00fa\u00a0\u00a0<\/span><span data-ccp-props=\"{&quot;335551550&quot;:6,&quot;335551620&quot;:6,&quot;335559739&quot;:240}\">\u00a0<\/span><\/li>\n<li><span data-contrast=\"auto\">Grupo Interdisciplinario GIDH \u2013 Colombia\u00a0\u00a0<\/span><span data-ccp-props=\"{&quot;335551550&quot;:6,&quot;335551620&quot;:6,&quot;335559739&quot;:240}\">\u00a0<\/span><\/li>\n<li><span data-contrast=\"auto\">Humanidad Vigente Corporaci\u00f3n Jur\u00eddica \u2013 Colombia\u00a0\u00a0<\/span><span data-ccp-props=\"{&quot;335551550&quot;:6,&quot;335551620&quot;:6,&quot;335559739&quot;:240}\">\u00a0<\/span><\/li>\n<li><span data-contrast=\"auto\">IFEX-ALC \u2013 Regional\u00a0\u00a0<\/span><span data-ccp-props=\"{&quot;335551550&quot;:6,&quot;335551620&quot;:6,&quot;335559739&quot;:240}\">\u00a0<\/span><\/li>\n<li><span data-contrast=\"auto\">Instituto Internacional sobre Raza, Igualdad y Derechos Humanos \u2013 Regional\u00a0\u00a0<\/span><span data-ccp-props=\"{&quot;335551550&quot;:6,&quot;335551620&quot;:6,&quot;335559739&quot;:240}\">\u00a0<\/span><\/li>\n<li><span data-contrast=\"auto\">Las Karahuayllas \u2013 Asoc. Mujeres Transformando Vidas \u2013 Per\u00fa\u00a0\u00a0<\/span><span data-ccp-props=\"{&quot;335551550&quot;:6,&quot;335551620&quot;:6,&quot;335559739&quot;:240}\">\u00a0<\/span><\/li>\n<li><span data-contrast=\"auto\">Lesbianas Independientes Feministas Soc-LIFS \u2013 Per\u00fa\u00a0\u00a0<\/span><span data-ccp-props=\"{&quot;335551550&quot;:6,&quot;335551620&quot;:6,&quot;335559739&quot;:240}\">\u00a0<\/span><\/li>\n<li><span data-contrast=\"auto\">Movimiento Aut\u00f3nomo de Mujeres \u2013 Nicaragua\u00a0\u00a0<\/span><span data-ccp-props=\"{&quot;335551550&quot;:6,&quot;335551620&quot;:6,&quot;335559739&quot;:240}\">\u00a0<\/span><\/li>\n<li><span data-contrast=\"auto\">Movimiento Homosexual de Lima \u2013 Per\u00fa\u00a0\u00a0<\/span><span data-ccp-props=\"{&quot;335551550&quot;:6,&quot;335551620&quot;:6,&quot;335559739&quot;:240}\">\u00a0<\/span><\/li>\n<li><span data-contrast=\"auto\">Movimiento Homosexual de Lima \u2013 Unidad de Lesbianas y Bisexuales \u2013 Per\u00fa\u00a0\u00a0<\/span><span data-ccp-props=\"{&quot;335551550&quot;:6,&quot;335551620&quot;:6,&quot;335559739&quot;:240}\">\u00a0<\/span><\/li>\n<li><span data-contrast=\"auto\">Mujeres Libres COLEM, AC \u2013 M\u00e9xico\u00a0\u00a0<\/span><span data-ccp-props=\"{&quot;335551550&quot;:6,&quot;335551620&quot;:6,&quot;335559739&quot;:240}\">\u00a0<\/span><\/li>\n<li><span data-contrast=\"auto\">OTRANS-RN \u2013 Guatemala\u00a0\u00a0<\/span><span data-ccp-props=\"{&quot;335551550&quot;:6,&quot;335551620&quot;:6,&quot;335559739&quot;:240}\">\u00a0<\/span><\/li>\n<li><span data-contrast=\"auto\">Programa Venezolano de Educaci\u00f3n Acci\u00f3n en Derechos Humanos (Provea) \u2013 Venezuela\u00a0\u00a0<\/span><span data-ccp-props=\"{&quot;335551550&quot;:6,&quot;335551620&quot;:6,&quot;335559739&quot;:240}\">\u00a0<\/span><\/li>\n<li><span data-contrast=\"auto\">Proyecto sobre Organizaci\u00f3n, Desarrollo, Educaci\u00f3n e Investigaci\u00f3n (PODER) \u2013 M\u00e9xico\u00a0\u00a0<\/span><span data-ccp-props=\"{&quot;335551550&quot;:6,&quot;335551620&quot;:6,&quot;335559739&quot;:240}\">\u00a0<\/span><\/li>\n<li><span data-contrast=\"auto\">Red de mujeres organizada del distrito de Carabayllo \u2013 Per\u00fa\u00a0\u00a0<\/span><span data-ccp-props=\"{&quot;335551550&quot;:6,&quot;335551620&quot;:6,&quot;335559739&quot;:240}\">\u00a0<\/span><\/li>\n<li><span data-contrast=\"auto\">Red Mexicana de Mujeres Trans A.C. \u2013 M\u00e9xico\u00a0\u00a0<\/span><span data-ccp-props=\"{&quot;335551550&quot;:6,&quot;335551620&quot;:6,&quot;335559739&quot;:240}\">\u00a0<\/span><\/li>\n<li><span data-contrast=\"auto\">Rosa Rabiosa \u2013 Per\u00fa\u00a0\u00a0<\/span><span data-ccp-props=\"{&quot;335551550&quot;:6,&quot;335551620&quot;:6,&quot;335559739&quot;:240}\">\u00a0<\/span><\/li>\n<li><span data-contrast=\"auto\">Secretaria Ejecutiva del Sipinna Estado de Aguascalientes \u2013 M\u00e9xico\u00a0\u00a0<\/span><span data-ccp-props=\"{&quot;335551550&quot;:6,&quot;335551620&quot;:6,&quot;335559739&quot;:240}\">\u00a0<\/span><\/li>\n<li><span data-contrast=\"auto\">Servicio Internacional para los Derechos Humanos \u2013 Estados Unidos\u00a0\u00a0<\/span><span data-ccp-props=\"{&quot;335551550&quot;:6,&quot;335551620&quot;:6,&quot;335559739&quot;:240}\">\u00a0<\/span><\/li>\n<li><span data-contrast=\"auto\">Sindicato Amanda Jofre \u2013 Chile\u00a0\u00a0<\/span><span data-ccp-props=\"{&quot;335551550&quot;:6,&quot;335551620&quot;:6,&quot;335559739&quot;:240}\">\u00a0<\/span><\/li>\n<li><span data-contrast=\"auto\">Synerg\u00eda \u2013 Iniciativas por los Derechos Humanos \u2013 Regional\u00a0\u00a0<\/span><span data-ccp-props=\"{&quot;335551550&quot;:6,&quot;335551620&quot;:6,&quot;335559739&quot;:240}\">\u00a0<\/span><\/li>\n<li><span data-contrast=\"auto\">Tejiendo Redes Infancia en Am\u00e9rica Latina y el Caribe \u2013 Am\u00e9rica Latina y el Caribe\u00a0\u00a0<\/span><span data-ccp-props=\"{&quot;335551550&quot;:6,&quot;335551620&quot;:6,&quot;335559739&quot;:240}\">\u00a0<\/span><\/li>\n<li><span data-contrast=\"auto\">Transvida \u2013 Costa Rica<\/span><span data-ccp-props=\"{&quot;335551550&quot;:6,&quot;335551620&quot;:6,&quot;335559739&quot;:240}\">\u00a0<\/span><\/li>\n<\/ul>\n","protected":false},"excerpt":{"rendered":"<p>24 de abril de 2025. \u2013 Las organizaciones firmantes expresamos nuestra m\u00e1s en\u00e9rgica condena ante la promulgaci\u00f3n el pasado 14 de abril del 2025, sin observaciones por parte del Poder [&hellip;]<\/p>\n","protected":false},"author":8,"featured_media":19826,"parent":0,"menu_order":0,"template":"","format":"standard","categories":[],"resources_country":[1201],"resources_language":[],"resources_audience":[],"resources_format":[],"resources_topic":[1097],"resources_year":[],"class_list":["post-19825","resources","type-resources","status-publish","format-standard","has-post-thumbnail","hentry","resources_country-peru-es","resources_topic-derechos-humanos"],"acf":[],"aioseo_notices":[],"_links":{"self":[{"href":"https:\/\/raceandequality.org\/es\/wp-json\/wp\/v2\/resources\/19825","targetHints":{"allow":["GET"]}}],"collection":[{"href":"https:\/\/raceandequality.org\/es\/wp-json\/wp\/v2\/resources"}],"about":[{"href":"https:\/\/raceandequality.org\/es\/wp-json\/wp\/v2\/types\/resources"}],"author":[{"embeddable":true,"href":"https:\/\/raceandequality.org\/es\/wp-json\/wp\/v2\/users\/8"}],"wp:featuredmedia":[{"embeddable":true,"href":"https:\/\/raceandequality.org\/es\/wp-json\/wp\/v2\/media\/19826"}],"wp:attachment":[{"href":"https:\/\/raceandequality.org\/es\/wp-json\/wp\/v2\/media?parent=19825"}],"wp:term":[{"taxonomy":"category","embeddable":true,"href":"https:\/\/raceandequality.org\/es\/wp-json\/wp\/v2\/categories?post=19825"},{"taxonomy":"resources_country","embeddable":true,"href":"https:\/\/raceandequality.org\/es\/wp-json\/wp\/v2\/resources_country?post=19825"},{"taxonomy":"resources_language","embeddable":true,"href":"https:\/\/raceandequality.org\/es\/wp-json\/wp\/v2\/resources_language?post=19825"},{"taxonomy":"resources_audience","embeddable":true,"href":"https:\/\/raceandequality.org\/es\/wp-json\/wp\/v2\/resources_audience?post=19825"},{"taxonomy":"resources_format","embeddable":true,"href":"https:\/\/raceandequality.org\/es\/wp-json\/wp\/v2\/resources_format?post=19825"},{"taxonomy":"resources_topic","embeddable":true,"href":"https:\/\/raceandequality.org\/es\/wp-json\/wp\/v2\/resources_topic?post=19825"},{"taxonomy":"resources_year","embeddable":true,"href":"https:\/\/raceandequality.org\/es\/wp-json\/wp\/v2\/resources_year?post=19825"}],"curies":[{"name":"wp","href":"https:\/\/api.w.org\/{rel}","templated":true}]}}