{"id":20166,"date":"2025-10-16T17:01:27","date_gmt":"2025-10-16T17:01:27","guid":{"rendered":"https:\/\/raceandequality.org\/?post_type=resources&#038;p=20166"},"modified":"2025-10-16T17:03:12","modified_gmt":"2025-10-16T17:03:12","slug":"la-lucha-continua-dentro-y-fuera-de-cuba-jose-daniel-ferrer-tras-su-exilio-forzado-en-eeuu","status":"publish","type":"resources","link":"https:\/\/raceandequality.org\/es\/resources\/la-lucha-continua-dentro-y-fuera-de-cuba-jose-daniel-ferrer-tras-su-exilio-forzado-en-eeuu\/","title":{"rendered":"\u201cLa lucha contin\u00faa dentro y fuera de Cuba\u201d: Jos\u00e9 Daniel Ferrer, tras su exilio forzado en EEUU"},"content":{"rendered":"<p><b>Washington D.C., 16 de octubre de 2025<\/b><span style=\"font-weight: 400;\"> \u2013 Esa fue una de las afirmaciones de Jos\u00e9 Daniel Ferrer, l\u00edder de la Uni\u00f3n Patri\u00f3tica de Cuba (UNPACU), tras llegar a Miami, Estados Unidos, junto con su esposa, la doctora y activista Nelva Ortega, y tres de sus hijos, luego de acogerse al exilio forzado. La salida de Ferrer fue notificada oficialmente por la Canciller\u00eda cubana, que precis\u00f3 que su traslado, junto a su familia, fue resultado de una \u201csolicitud formal\u201d del gobierno estadounidense y de la \u201caceptaci\u00f3n expresa\u201d del activista cubano.\u00a0<\/span><\/p>\n<p><span style=\"font-weight: 400;\">El defensor de derechos humanos, quien recuper\u00f3 su libertad el pasado lunes 13 de octubre, expres\u00f3 tener \u201cemociones encontradas\u201d, al celebrar el reencuentro con parte de su familia, pero lamenta la situaci\u00f3n de decenas de activistas que a\u00fan permanecen encarcelados en Cuba. \u201cEs un momento muy duro y triste porque hay otros hermanos en Cuba que sobreviven en condiciones terribles en las peores c\u00e1rceles del hemisferio occidental: F\u00e9lix Navarro, Sayl\u00ed Navarro, Sissi Abascal, Luis Manuel Otero, Maykel Castillo, Lisandra G\u00f3ngora; son much\u00edsimos a lo largo del pa\u00eds\u201d, se\u00f1al\u00f3.<\/span><\/p>\n<p><b>Ferrer, de 55 a\u00f1os, es uno de los activistas m\u00e1s reconocidos de Cuba. Integr\u00f3 el grupo de los 75 prisioneros de conciencia condenados durante la Primavera Negra de 2003 y, desde entonces, ha sido objeto de reiteradas detenciones, torturas y procesos judiciales arbitrarios. Particip\u00f3 en las manifestaciones del 11 de julio de 2021, tras las cuales fue detenido arbitrariamente y, en enero de este a\u00f1o, puesto en libertad condicional. Sin embargo, el 29 de abril de 2025 volvi\u00f3 a ser encarcelado en la prisi\u00f3n de Mar Verde, donde denunci\u00f3 golpizas, torturas y amenazas contra su familia.<\/b><\/p>\n<p><span style=\"font-weight: 400;\">En una carta escrita desde esa prisi\u00f3n y divulgada el 3 de octubre, Ferrer hab\u00eda advertido que se encontraba al l\u00edmite de lo que pod\u00eda resistir y que estaba dispuesto a aceptar el exilio forzado para proteger su vida y la de los suyos. Desde Raza e Igualdad hemos denunciado reiteradamente ante la Comisi\u00f3n Interamericana de Derechos Humanos (CIDH) las graves violaciones a sus derechos humanos y las condiciones inhumanas de su reclusi\u00f3n, en nuestro papel como sus representantes legales, raz\u00f3n por la cual es beneficiario de medidas cautelares.<\/span><\/p>\n<p><span style=\"font-weight: 400;\">Celebramos que Jos\u00e9 Daniel Ferrer y su familia est\u00e9n hoy a salvo, pero condenamos que su libertad haya dependido del destierro forzado, una pr\u00e1ctica que vulnera derechos fundamentales y que el Estado cubano ha utilizado para silenciar voces cr\u00edticas. Esta misma estrategia fue impuesta recientemente a la activista Aymara Nieto, integrante de las Damas de Blanco, liberada en agosto de 2025 bajo la condici\u00f3n de abandonar la Isla. Desde Raza e Igualdad reiteramos nuestro compromiso con la defensa de las personas perseguidas por motivos pol\u00edticos en Cuba y hacemos un llamado a la comunidad internacional a exigir el fin de la represi\u00f3n, el encarcelamiento arbitrario y el exilio forzado de la disidencia cubana.<\/span><\/p>\n<p><br style=\"font-weight: 400;\" \/><br style=\"font-weight: 400;\" \/><\/p>\n","protected":false},"excerpt":{"rendered":"<p>El l\u00edder de la Uni\u00f3n Patri\u00f3tica de Cuba (UNPACU) lleg\u00f3 a Miami el pasado lunes 13 de octubre. <\/p>\n","protected":false},"author":8,"featured_media":20167,"parent":0,"menu_order":0,"template":"","format":"standard","categories":[],"resources_country":[1193],"resources_language":[],"resources_audience":[],"resources_format":[],"resources_topic":[1097,1096],"resources_year":[],"class_list":["post-20166","resources","type-resources","status-publish","format-standard","has-post-thumbnail","hentry","resources_country-cuba-es","resources_topic-derechos-humanos","resources_topic-movilidad-humana"],"acf":[],"aioseo_notices":[],"_links":{"self":[{"href":"https:\/\/raceandequality.org\/es\/wp-json\/wp\/v2\/resources\/20166","targetHints":{"allow":["GET"]}}],"collection":[{"href":"https:\/\/raceandequality.org\/es\/wp-json\/wp\/v2\/resources"}],"about":[{"href":"https:\/\/raceandequality.org\/es\/wp-json\/wp\/v2\/types\/resources"}],"author":[{"embeddable":true,"href":"https:\/\/raceandequality.org\/es\/wp-json\/wp\/v2\/users\/8"}],"wp:featuredmedia":[{"embeddable":true,"href":"https:\/\/raceandequality.org\/es\/wp-json\/wp\/v2\/media\/20167"}],"wp:attachment":[{"href":"https:\/\/raceandequality.org\/es\/wp-json\/wp\/v2\/media?parent=20166"}],"wp:term":[{"taxonomy":"category","embeddable":true,"href":"https:\/\/raceandequality.org\/es\/wp-json\/wp\/v2\/categories?post=20166"},{"taxonomy":"resources_country","embeddable":true,"href":"https:\/\/raceandequality.org\/es\/wp-json\/wp\/v2\/resources_country?post=20166"},{"taxonomy":"resources_language","embeddable":true,"href":"https:\/\/raceandequality.org\/es\/wp-json\/wp\/v2\/resources_language?post=20166"},{"taxonomy":"resources_audience","embeddable":true,"href":"https:\/\/raceandequality.org\/es\/wp-json\/wp\/v2\/resources_audience?post=20166"},{"taxonomy":"resources_format","embeddable":true,"href":"https:\/\/raceandequality.org\/es\/wp-json\/wp\/v2\/resources_format?post=20166"},{"taxonomy":"resources_topic","embeddable":true,"href":"https:\/\/raceandequality.org\/es\/wp-json\/wp\/v2\/resources_topic?post=20166"},{"taxonomy":"resources_year","embeddable":true,"href":"https:\/\/raceandequality.org\/es\/wp-json\/wp\/v2\/resources_year?post=20166"}],"curies":[{"name":"wp","href":"https:\/\/api.w.org\/{rel}","templated":true}]}}