{"id":20342,"date":"2026-01-08T16:29:38","date_gmt":"2026-01-08T16:29:38","guid":{"rendered":"https:\/\/raceandequality.org\/?post_type=resources&#038;p=20342"},"modified":"2026-01-08T16:29:38","modified_gmt":"2026-01-08T16:29:38","slug":"raza-e-igualdad-alerta-sobre-incremento-de-vigilancia-y-criminalizacion-de-opiniones-en-nicaragua-tras-captura-de-nicolas-maduro-en-venezuela","status":"publish","type":"resources","link":"https:\/\/raceandequality.org\/es\/resources\/raza-e-igualdad-alerta-sobre-incremento-de-vigilancia-y-criminalizacion-de-opiniones-en-nicaragua-tras-captura-de-nicolas-maduro-en-venezuela\/","title":{"rendered":"Raza e Igualdad alerta sobre incremento de vigilancia y criminalizaci\u00f3n de opiniones en Nicaragua tras captura de Nicol\u00e1s Maduro en Venezuela"},"content":{"rendered":"<p><strong>Washington, D.C., 8 de enero de 2026.<\/strong>&#8211; El Instituto sobre Raza, Igualdad y Derechos Humanos (Raza e Igualdad) expresa su profunda preocupaci\u00f3n por los reportes de un aumento significativo de la vigilancia en barrios y redes sociales en Nicaragua, tras la detenci\u00f3n del dictador Nicol\u00e1s Maduro en Venezuela, lo cual incluir\u00eda arrestos de personas que han compartido p\u00fablicamente su postura sobre la noticia.<\/p>\n<p>Seg\u00fan reportes de la prensa independiente, que citan a fuentes vinculadas al r\u00e9gimen Ortega-Murillo, la co-presidenta Rosario Murillo, convoc\u00f3 el s\u00e1bado 3 de enero a una reuni\u00f3n, sin la presencia de Daniel Ortega, en la cual orden\u00f3 \u201cestado de alerta\u201d y detenci\u00f3n inmediata de quienes \u201camenacen la paz\u201d.<\/p>\n<p>En este contexto, medios de comunicaci\u00f3n y la organizaci\u00f3n Urnas Abiertas se\u00f1alan que durante el fin de semana varias personas fueron detenidas por expresarse sobre la detenci\u00f3n de Nicol\u00e1s Maduro. Tales detenciones se llevaron a cabo en Managua, Matagalpa y R\u00edo Blanco, refieren.<\/p>\n<p>Una de las personas reportadas como detenidas es Denis de Jes\u00fas Zeled\u00f3n Castro, taxista de Matagalpa, quien el lunes 5 de enero habr\u00eda sido trasladado al complejo judicial de esa ciudad a una audiencia preliminar donde se le acus\u00f3 por \u201cciberdelitos\u201d, de acuerdo con informaci\u00f3n recibida por el Diario La Prensa.<\/p>\n<p><strong>Amenaza y manipulaci\u00f3n en espacios digitales<\/strong><\/p>\n<p>Preocupa tambi\u00e9n la circulaci\u00f3n, en redes sociales y grupos afines al r\u00e9gimen Ortega-Murillo, de mensajes y afiches que califican de \u201ctraidor\u201d a quien no condene la acci\u00f3n militar estadounidense que llev\u00f3 a la captura de Nicol\u00e1s Maduro, y afirman \u00a0que \u201c\u2026quienes dicen: Ahora le toca a Nicaragua\u201d, refiri\u00e9ndose a la captura de Nicol\u00e1s Maduro, son los mismos que aprovechan los \u201cbeneficios del gobierno Sandinista\u201d. Este tipo de mensajes constituyen formas de presi\u00f3n, estigmatizaci\u00f3n y manipulaci\u00f3n social que intentan coartar a\u00fan m\u00e1s la ya restringida libertad de expresi\u00f3n en el pa\u00eds.<\/p>\n<p>Recordamos que la libertad de expresi\u00f3n, la libertad de opini\u00f3n y la protesta pac\u00edfica son derechos humanos fundamentales, consagrados en instrumentos internacionales de derechos humanos de los cuales Nicaragua es parte. El uso de mecanismos de vigilancia estatal para intimidar, perseguir o sancionar a personas por sus opiniones o publicaciones \u2014en barrios o en plataformas digitales\u2014 es una forma de represi\u00f3n indirecta que estrecha el espacio c\u00edvico y democr\u00e1tico.<\/p>\n<p>Hacemos un llamado a la comunidad internacional a monitorear la situaci\u00f3n y exigir que ninguna persona sea objeto de persecuci\u00f3n o represalias por manifestar su postura sobre acontecimientos de inter\u00e9s p\u00fablico. Raza e Igualdad exige el cese de la represi\u00f3n y demanda que todas las personas que est\u00e1n arbitrariamente en prision por motivos pol\u00edticos sean inmediatamente puestas en libertad.<\/p>\n","protected":false},"excerpt":{"rendered":"<p>Washington, D.C., 8 de enero de 2026.&#8211; El Instituto sobre Raza, Igualdad y Derechos Humanos (Raza e Igualdad) expresa su profunda preocupaci\u00f3n por los reportes de un aumento significativo de [&hellip;]<\/p>\n","protected":false},"author":8,"featured_media":20343,"parent":0,"menu_order":0,"template":"","format":"standard","categories":[],"resources_country":[1199],"resources_language":[],"resources_audience":[],"resources_format":[],"resources_topic":[],"resources_year":[],"class_list":["post-20342","resources","type-resources","status-publish","format-standard","has-post-thumbnail","hentry","resources_country-nicaragua-es"],"acf":[],"aioseo_notices":[],"_links":{"self":[{"href":"https:\/\/raceandequality.org\/es\/wp-json\/wp\/v2\/resources\/20342","targetHints":{"allow":["GET"]}}],"collection":[{"href":"https:\/\/raceandequality.org\/es\/wp-json\/wp\/v2\/resources"}],"about":[{"href":"https:\/\/raceandequality.org\/es\/wp-json\/wp\/v2\/types\/resources"}],"author":[{"embeddable":true,"href":"https:\/\/raceandequality.org\/es\/wp-json\/wp\/v2\/users\/8"}],"wp:featuredmedia":[{"embeddable":true,"href":"https:\/\/raceandequality.org\/es\/wp-json\/wp\/v2\/media\/20343"}],"wp:attachment":[{"href":"https:\/\/raceandequality.org\/es\/wp-json\/wp\/v2\/media?parent=20342"}],"wp:term":[{"taxonomy":"category","embeddable":true,"href":"https:\/\/raceandequality.org\/es\/wp-json\/wp\/v2\/categories?post=20342"},{"taxonomy":"resources_country","embeddable":true,"href":"https:\/\/raceandequality.org\/es\/wp-json\/wp\/v2\/resources_country?post=20342"},{"taxonomy":"resources_language","embeddable":true,"href":"https:\/\/raceandequality.org\/es\/wp-json\/wp\/v2\/resources_language?post=20342"},{"taxonomy":"resources_audience","embeddable":true,"href":"https:\/\/raceandequality.org\/es\/wp-json\/wp\/v2\/resources_audience?post=20342"},{"taxonomy":"resources_format","embeddable":true,"href":"https:\/\/raceandequality.org\/es\/wp-json\/wp\/v2\/resources_format?post=20342"},{"taxonomy":"resources_topic","embeddable":true,"href":"https:\/\/raceandequality.org\/es\/wp-json\/wp\/v2\/resources_topic?post=20342"},{"taxonomy":"resources_year","embeddable":true,"href":"https:\/\/raceandequality.org\/es\/wp-json\/wp\/v2\/resources_year?post=20342"}],"curies":[{"name":"wp","href":"https:\/\/api.w.org\/{rel}","templated":true}]}}