{"id":20464,"date":"2026-03-12T16:02:34","date_gmt":"2026-03-12T16:02:34","guid":{"rendered":"https:\/\/raceandequality.org\/?post_type=resources&#038;p=20464"},"modified":"2026-03-12T16:26:58","modified_gmt":"2026-03-12T16:26:58","slug":"poblacion-roma-gitana-audiencia-cidh-discriminacion-estructural","status":"publish","type":"resources","link":"https:\/\/raceandequality.org\/es\/resources\/poblacion-roma-gitana-audiencia-cidh-discriminacion-estructural\/","title":{"rendered":"Organizaciones denuncian invisibilidad y discriminaci\u00f3n estructural contra pueblos Roma en la regi\u00f3n en hist\u00f3rica audiencia ante la CIDH"},"content":{"rendered":"<p><strong>Ciudad de Guatemala, 12 de marzo de 2026.<\/strong>\u2013 Organizaciones que promueven y defienden los derechos de la poblaci\u00f3n Roma en las Am\u00e9ricas, especialmente en Argentina, Brasil, Colombia y Estados Unidos, comparecieron ante la Comisi\u00f3n Interamericana de Derechos Humanos en el marco de su <strong>195 Per\u00edodo de Sesiones<\/strong>, realizado del 9 al 12 de marzo en Ciudad de Guatemala, para exponer la situaci\u00f3n de derechos humanos que enfrenta esta poblaci\u00f3n en la regi\u00f3n.<\/p>\n<p>La <a href=\"https:\/\/www.oas.org\/es\/cidh\/sesiones\/?S=195\"><strong>audiencia<\/strong><\/a> \u2014que fue convocada de oficio y cont\u00f3 con la participaci\u00f3n de 13 organizaciones de la sociedad civil, incluido el Instituto sobre Raza, Igualdad y Derechos Humanos (Raza e\u00a0Igualdad)\u2014 fue hist\u00f3rica por ser <strong>la primera en toda la historia de la CIDH<\/strong> dedicada exclusivamente a abordar la situaci\u00f3n de los derechos humanos de los pueblos y comunidades Roma, tambi\u00e9n conocidos como gitanos, roman\u00edes o Rom.<\/p>\n<p>Durante la sesi\u00f3n, representantes de organizaciones de Brasil, Argentina, Colombia, Canad\u00e1 y Estados Unidos alertaron sobre la persistente <strong>invisibilidad, el racismo estructural, la violencia y las barreras<\/strong> <strong>que enfrentan las personas Roma<\/strong> para acceder a derechos fundamentales como la salud, la educaci\u00f3n y la justicia. Asimismo, denunciaron la ausencia de datos oficiales, de pol\u00edticas p\u00fablicas espec\u00edficas y de medidas estatales para combatir el antigitanismo en la regi\u00f3n.<\/p>\n<p>Entre las intervenciones destacadas estuvo la de <strong>Elisa Costa, de la Asociaci\u00f3n Internacional Mayl\u00ea Sara Kal\u00ed (AMSK) de Brasil<\/strong>, quien advirti\u00f3 sobre el impacto desproporcionado de la discriminaci\u00f3n y la violencia en las mujeres roman\u00edes.<\/p>\n<p>\u201cParto de un principio innegociable: los derechos humanos son indivisibles. La violencia afecta de manera desproporcionada al pueblo roman\u00ed, especialmente a las mujeres, los ni\u00f1os y las personas mayores\u201d, se\u00f1al\u00f3 Costa.<\/p>\n<p>La activista explic\u00f3 que, ante la falta de estad\u00edsticas oficiales completas, su organizaci\u00f3n ha trabajado con microdatos provenientes de pol\u00edticas p\u00fablicas para dimensionar la situaci\u00f3n de vulnerabilidad que enfrentan estas comunidades. Seg\u00fan indic\u00f3, hasta 2025 se han registrado al menos 3,417 ni\u00f1os roman\u00edes de entre 0 y 4 a\u00f1os en situaci\u00f3n de extrema vulnerabilidad social en Brasil, una situaci\u00f3n que tambi\u00e9n refleja la precariedad que enfrentan sus madres y familias.<\/p>\n<p>Costa explic\u00f3 que los datos disponibles revelan una <strong>concentraci\u00f3n cr\u00edtica de esta poblaci\u00f3n en condiciones de vulnerabilidad<\/strong> en pocos estados del pa\u00eds y advirti\u00f3 que las mujeres roman\u00edes resultan particularmente afectadas a lo largo de todo el ciclo de vida. Asimismo, se\u00f1al\u00f3 que muchas denuncias de violencia ocurren en contextos familiares ampliados, lo que requiere respuestas estatales culturalmente adecuadas que actualmente no existen.<\/p>\n<p>En ese contexto, subray\u00f3 que la <strong>romafobia<\/strong> y el <strong>antigitanismo<\/strong> deben ser reconocidos como expresiones del racismo estructural en Brasil y en la regi\u00f3n, e inst\u00f3 a los Estados a adoptar medidas para combatir estas formas de discriminaci\u00f3n.<\/p>\n<p>Entre sus recomendaciones ante la CIDH, Costa llam\u00f3 a <strong>reconocer el 2 de agosto como el D\u00eda del Holocausto Rom<\/strong>, promover campa\u00f1as de acci\u00f3n afirmativa contra el antigitanismo y apoyar iniciativas de memoria hist\u00f3rica como el Mapa de la Memoria Romani en las Am\u00e9ricas.<\/p>\n<p>Por su parte, <strong>Dami\u00e1n Cristo, de la Asociaci\u00f3n por los Derechos del Pueblo Gitano\/Roman\u00ed (ZOR) de Argentina<\/strong>, alert\u00f3 sobre los m\u00faltiples obst\u00e1culos que enfrenta esta poblaci\u00f3n para ejercer plenamente sus derechos. \u201cEl acceso a la salud para nuestras familias es casi imposible\u201d, afirm\u00f3 durante su intervenci\u00f3n.<\/p>\n<p>Cristo explic\u00f3 que la situaci\u00f3n de las comunidades roman\u00edes en Argentina est\u00e1 marcada por la <strong>invisibilizaci\u00f3n estad\u00edstica<\/strong>, las dificultades para acceder a servicios de salud, barreras en la justicia, deserci\u00f3n escolar y falta de pol\u00edticas p\u00fablicas con enfoque espec\u00edfico.<\/p>\n<p>En materia educativa, advirti\u00f3 que el sistema escolar argentino no ha logrado integrar plenamente a ni\u00f1as, ni\u00f1os y j\u00f3venes gitanos, quienes enfrentan altos niveles de abandono escolar, en muchos casos vinculados a la falta de contenidos que respeten su identidad cultural y a situaciones de acoso basadas en su origen \u00e9tnico.<\/p>\n<p>Asimismo, subray\u00f3 la importancia del derecho a la memoria y tamb\u00e9n llam\u00f3 al Estado argentino a reconocer oficialmente el 2 de agosto como el D\u00eda de la Memoria del Holocausto Gitano, as\u00ed como a <strong>promover el reconocimiento del 8 de abril como el D\u00eda Internacional del Pueblo Gitano<\/strong>.<\/p>\n<style id=\"bwg-style-0\">  #bwg_container1_0 {    display: table;\t\/*visibility: hidden;*\/  }  #bwg_container1_0 * {\t  -moz-user-select: none;\t  -khtml-user-select: none;\t  -webkit-user-select: none;\t  -ms-user-select: none;\t  user-select: none;  }  #bwg_container1_0 #bwg_container2_0 .bwg_slideshow_image_wrap_0 {\t  background-color: #F2F2F2;\t  width: 800px;\t  height: 500px;  }  #bwg_container1_0 #bwg_container2_0 .bwg_slideshow_image_0 {\t  max-width: 800px;\t  max-height: 410px;  }  #bwg_container1_0 #bwg_container2_0 .bwg_slideshow_embed_0 {    width: 800px;    height: 410px;  }  #bwg_container1_0 #bwg_container2_0 #bwg_slideshow_play_pause_0 {\t  background: transparent url(\"https:\/\/raceandequality.org\/wp-content\/plugins\/photo-gallery\/images\/blank.gif\") repeat scroll 0 0;  }  #bwg_container1_0 #bwg_container2_0 #bwg_slideshow_play_pause-ico_0 {    color: #D6D6D6;    font-size: 35px;  }  #bwg_container1_0 #bwg_container2_0 #bwg_slideshow_play_pause-ico_0:hover {\t  color: #BABABA;  }  #bwg_container1_0 #bwg_container2_0 #spider_slideshow_left_0,  #bwg_container1_0 #bwg_container2_0 #spider_slideshow_right_0 {\t  background: transparent url(\"https:\/\/raceandequality.org\/wp-content\/plugins\/photo-gallery\/images\/blank.gif\") repeat scroll 0 0;  }  #bwg_container1_0 #bwg_container2_0 #spider_slideshow_left-ico_0,  #bwg_container1_0 #bwg_container2_0 #spider_slideshow_right-ico_0 {\t  background-color: #FFFFFF;\t  border-radius: 20px;\t  border: 0px none #FFFFFF;\t  box-shadow: ;\t  color: #D6D6D6;\t  height: 37px;\t  font-size: 12px;\t  width: 37px;\t  opacity: 1.00;  }  #bwg_container1_0 #bwg_container2_0 #spider_slideshow_left-ico_0:hover,  #bwg_container1_0 #bwg_container2_0 #spider_slideshow_right-ico_0:hover {\t  color: #BABABA;  }      #spider_slideshow_left-ico_0{      left: -9999px;    }    #spider_slideshow_right-ico_0{      left: -9999px;    }      #bwg_container1_0 #bwg_container2_0 .bwg_slideshow_image_container_0 {\t  bottom: 90px;\t  width: 800px;\t  height: 500px;\t}\t#bwg_container1_0 #bwg_container2_0 .bwg_slideshow_filmstrip_container_0 {\t  display: table;\t  height: 90px;\t  width: 800px;\t  bottom: 0;  }  \/* Filmstrip dimension *\/  #bwg_container1_0 #bwg_container2_0 .bwg_slideshow_filmstrip_0 {\t  left: 20px;\t  width: 760px;\t  \/*z-index: 10106;*\/  }  #bwg_container1_0 #bwg_container2_0 .bwg_slideshow_filmstrip_thumbnails_0 {    left: 0px;    width: 1141px;    height: 90px;  }  #bwg_container1_0 #bwg_container2_0 .bwg_slideshow_filmstrip_thumbnail_0 {    width: 161px;    height: 90px;    margin: 0px 2px 0 0 ;    border: 0px none #000000;    border-radius: 0;  }  #bwg_container1_0 #bwg_container2_0 .bwg_slideshow_thumb_active_0 {\t  border: 0px solid #FFFFFF;  }  #bwg_container1_0 #bwg_container2_0 .bwg_slideshow_thumb_deactive_0 {    opacity: 1.00;  }  #bwg_container1_0 #bwg_container2_0 .bwg_slideshow_filmstrip_left_0,  #bwg_container1_0 #bwg_container2_0 .bwg_slideshow_filmstrip_left_disabled_0 {\t  background-color: #F2F2F2;\t  display: table-cell;\t  width: 20px;\t  left: 0;\t  \t    }  #bwg_container1_0 #bwg_container2_0 .bwg_slideshow_filmstrip_right_0,  #bwg_container1_0 #bwg_container2_0 .bwg_slideshow_filmstrip_right_disabled_0 {\t  background-color: #F2F2F2;    display: table-cell;    right: 0;\t  width: 20px;\t  \t    }  #bwg_container1_0 #bwg_container2_0 .bwg_slideshow_filmstrip_left_0 i,  #bwg_container1_0 #bwg_container2_0 .bwg_slideshow_filmstrip_right_0 i,  #bwg_container1_0 #bwg_container2_0 .bwg_slideshow_filmstrip_left_disabled_0 i,  #bwg_container1_0 #bwg_container2_0 .bwg_slideshow_filmstrip_right_disabled_0 i {\t  color: #BABABA;\t  font-size: 20px;  }  #bwg_container1_0 #bwg_container2_0 .bwg_slideshow_filmstrip_left_0 {    display: none;  }  #bwg_container1_0 #bwg_container2_0 .bwg_slideshow_filmstrip_left_disabled_0,  #bwg_container1_0 #bwg_container2_0 .bwg_slideshow_filmstrip_right_disabled_0 {    display: none;    opacity: 0.3;  }  #bwg_container1_0 #bwg_container2_0 .bwg_slideshow_filmstrip_left_disabled_0 {    display: table-cell;  }  #bwg_container1_0 #bwg_container2_0 .bwg_slideshow_watermark_spun_0 {\t  text-align: left;\t  vertical-align: bottom;  }  #bwg_container1_0 #bwg_container2_0 .bwg_slideshow_title_spun_0 {\t  text-align: right;\t  vertical-align: top;  }  #bwg_container1_0 #bwg_container2_0 .bwg_slideshow_description_spun_0 {\t  text-align: right;\t  vertical-align: bottom;  }  #bwg_container1_0 #bwg_container2_0 .bwg_slideshow_watermark_image_0 {\t  max-height: 90px;\t  max-width: 90px;\t  opacity: 0.30;  }  #bwg_container1_0 #bwg_container2_0 .bwg_slideshow_watermark_text_0,  #bwg_container1_0 #bwg_container2_0 .bwg_slideshow_watermark_text_0:hover {\t  text-decoration: none;\t  margin: 4px;\t  position: relative;\t  z-index: 15;  }  #bwg_container1_0 #bwg_container2_0 .bwg_slideshow_title_text_0 {\t  font-size: 16px;\t  font-family: Ubuntu;\t  color: #FFFFFF !important;\t  opacity: 0.70;    border-radius: 5px;\t  background-color: #000000;\t  padding: 0 0 0 0;\t  \t\tmargin: 5px;\t  \t    }  #bwg_container1_0 #bwg_container2_0 .bwg_slideshow_description_text_0 {\t  font-size: 14px;\t  font-family: Ubuntu;\t  color: #FFFFFF !important;\t  opacity: 0.70;    border-radius: 0;\t  background-color: #000000;\t  padding: 5px 10px 5px 10px;\t    }  #bwg_container1_0 #bwg_container2_0 .bwg_slideshow_description_text_0 * {\ttext-decoration: none;\tcolor: #FFFFFF !important;  }  #bwg_container1_0 #bwg_container2_0 .bwg_slideshow_dots_0 {\t  width: 12px;\t  height: 12px;\t  border-radius: 5px;\t  background: #F2D22E;\t  margin: 3px;  }  #bwg_container1_0 #bwg_container2_0 .bwg_slideshow_dots_container_0 {\t  width: 800px;\t  bottom: 0;  }  #bwg_container1_0 #bwg_container2_0 .bwg_slideshow_dots_thumbnails_0 {\t  height: 18px;\t  width: 126px;  }  #bwg_container1_0 #bwg_container2_0 .bwg_slideshow_dots_active_0 {\t  background: #FFFFFF;\t  border: 1px solid #000000;  }  <\/style>    <div id=\"bwg_container1_0\"         class=\"bwg_container bwg_thumbnail bwg_slideshow \"         data-right-click-protection=\"0\"         data-bwg=\"0\"         data-scroll=\"0\"         data-gallery-type=\"slideshow\"         data-gallery-view-type=\"slideshow\"         data-current-url=\"\/es\/wp-json\/wp\/v2\/resources\/20464\"         data-lightbox-url=\"https:\/\/raceandequality.org\/wp-admin\/admin-ajax.php?action=GalleryBox&#038;current_view=0&#038;gallery_id=12&#038;tag=0&#038;theme_id=1&#038;shortcode_id=35&#038;sort_by=order&#038;order_by=asc&#038;current_url=%2Fes%2Fwp-json%2Fwp%2Fv2%2Fresources%2F20464\"         data-gallery-id=\"12\"         data-popup-width=\"800\"         data-popup-height=\"500\"         data-is-album=\"gallery\"         data-buttons-position=\"bottom\">      <div id=\"bwg_container2_0\">             <div id=\"ajax_loading_0\" class=\"bwg_loading_div_1\">      <div class=\"bwg_loading_div_2\">        <div class=\"bwg_loading_div_3\">          <div id=\"loading_div_0\" class=\"bwg_spider_ajax_loading\">          <\/div>        <\/div>      <\/div>    <\/div>            <form id=\"gal_front_form_0\"              class=\"bwg-hidden\"              method=\"post\"              action=\"#\"              data-current=\"0\"              data-shortcode-id=\"35\"              data-gallery-type=\"slideshow\"              data-gallery-id=\"12\"              data-tag=\"0\"              data-album-id=\"0\"              data-theme-id=\"1\"              data-ajax-url=\"https:\/\/raceandequality.org\/wp-admin\/admin-ajax.php?action=bwg_frontend_data\">          <div id=\"bwg_container3_0\" class=\"bwg-background bwg-background-0\">              <div class=\"bwg_slideshow_image_wrap_0 bwg-slideshow-images-wrapper bwg-container\"       data-bwg=\"0\"       data-lightbox-url=\"https:\/\/raceandequality.org\/wp-admin\/admin-ajax.php?action=GalleryBox&#038;current_view=0&#038;gallery_id=12&#038;tag=0&#038;theme_id=1&#038;shortcode_id=35&#038;sort_by=order&#038;order_by=asc&#038;current_url=%2Fes%2Fwp-json%2Fwp%2Fv2%2Fresources%2F20464\">          <div class=\"bwg_slideshow_filmstrip_container_0\">        <div class=\"bwg_slideshow_filmstrip_left_0\">          <i class=\"bwg-icon-angle-left\"><\/i>        <\/div>        <div class=\"bwg_slideshow_filmstrip_left_disabled_0\">          <i class=\"bwg-icon-angle-left\"><\/i>        <\/div>        <div class=\"bwg_slideshow_filmstrip_0 bwg_slideshow_filmstrip\">          <div class=\"bwg_slideshow_filmstrip_thumbnails_0\">                          <div id=\"bwg_filmstrip_thumbnail_0_0\"                class=\"bwg_slideshow_filmstrip_thumbnail_0 bwg_slideshow_thumb_active_0\"                data-style=\"width:161px; height:90px;\">                <img decoding=\"async\" class=\"bwg_filmstrip_thumbnail_img bwg_slideshow_filmstrip_thumbnail_img_0\"                  style=\"width:161px; height:120.75px; margin-left: 0px; margin-top: -15.375px;\"                  data-style=\"width:161px; height:120.75px; margin-left: 0px; margin-top: -15.375px;\"                  src=\"https:\/\/raceandequality.org\/wp-content\/uploads\/photo-gallery\/thumb\/audiencia-pueblos-roma-cidh00003.jpeg?bwg=1773330909\"                  data-src=\"https:\/\/raceandequality.org\/wp-content\/uploads\/photo-gallery\/thumb\/audiencia-pueblos-roma-cidh00003.jpeg?bwg=1773330909\"                  onclick=\"bwg_change_image(parseInt(jQuery('#bwg_current_image_key_0').val()), '0', '', '', '0')\"                  image_id=\"65\"                  image_key=\"0\"                  alt=\"audiencia-pueblos-roma-cidh00003\"                  title=\"audiencia-pueblos-roma-cidh00003\" \/>              <\/div>                            <div id=\"bwg_filmstrip_thumbnail_1_0\"                class=\"bwg_slideshow_filmstrip_thumbnail_0 bwg_slideshow_thumb_deactive_0\"                data-style=\"width:161px; height:90px;\">                <img decoding=\"async\" class=\"bwg_filmstrip_thumbnail_img bwg_slideshow_filmstrip_thumbnail_img_0\"                  style=\"width:161px; height:122.682px; margin-left: 0px; margin-top: -16.341px;\"                  data-style=\"width:161px; height:122.682px; margin-left: 0px; margin-top: -16.341px;\"                  src=\"https:\/\/raceandequality.org\/wp-content\/uploads\/photo-gallery\/thumb\/audiencia-pueblos-roma-cidh00001.jpeg?bwg=1773330909\"                  data-src=\"https:\/\/raceandequality.org\/wp-content\/uploads\/photo-gallery\/thumb\/audiencia-pueblos-roma-cidh00001.jpeg?bwg=1773330909\"                  onclick=\"bwg_change_image(parseInt(jQuery('#bwg_current_image_key_0').val()), '1', '', '', '0')\"                  image_id=\"67\"                  image_key=\"1\"                  alt=\"audiencia-pueblos-roma-cidh00001\"                  title=\"audiencia-pueblos-roma-cidh00001\" \/>              <\/div>                            <div id=\"bwg_filmstrip_thumbnail_2_0\"                class=\"bwg_slideshow_filmstrip_thumbnail_0 bwg_slideshow_thumb_deactive_0\"                data-style=\"width:161px; height:90px;\">                <img decoding=\"async\" class=\"bwg_filmstrip_thumbnail_img bwg_slideshow_filmstrip_thumbnail_img_0\"                  style=\"width:161px; height:214.666666667px; margin-left: 0px; margin-top: -62.3333333333px;\"                  data-style=\"width:161px; height:214.666666667px; margin-left: 0px; margin-top: -62.3333333333px;\"                  src=\"https:\/\/raceandequality.org\/wp-content\/uploads\/photo-gallery\/thumb\/audiencia-pueblos-roma-cidh00002.jpeg?bwg=1773330909\"                  data-src=\"https:\/\/raceandequality.org\/wp-content\/uploads\/photo-gallery\/thumb\/audiencia-pueblos-roma-cidh00002.jpeg?bwg=1773330909\"                  onclick=\"bwg_change_image(parseInt(jQuery('#bwg_current_image_key_0').val()), '2', '', '', '0')\"                  image_id=\"68\"                  image_key=\"2\"                  alt=\"audiencia-pueblos-roma-cidh00002\"                  title=\"audiencia-pueblos-roma-cidh00002\" \/>              <\/div>                            <div id=\"bwg_filmstrip_thumbnail_3_0\"                class=\"bwg_slideshow_filmstrip_thumbnail_0 bwg_slideshow_thumb_deactive_0\"                data-style=\"width:161px; height:90px;\">                <img decoding=\"async\" class=\"bwg_filmstrip_thumbnail_img bwg_slideshow_filmstrip_thumbnail_img_0\"                  style=\"width:161px; height:107.548px; margin-left: 0px; margin-top: -8.774px;\"                  data-style=\"width:161px; height:107.548px; margin-left: 0px; margin-top: -8.774px;\"                  src=\"https:\/\/raceandequality.org\/wp-content\/uploads\/photo-gallery\/thumb\/audiencia-pueblos-roma-cidh00008.jpeg?bwg=1773330909\"                  data-src=\"https:\/\/raceandequality.org\/wp-content\/uploads\/photo-gallery\/thumb\/audiencia-pueblos-roma-cidh00008.jpeg?bwg=1773330909\"                  onclick=\"bwg_change_image(parseInt(jQuery('#bwg_current_image_key_0').val()), '3', '', '', '0')\"                  image_id=\"69\"                  image_key=\"3\"                  alt=\"audiencia-pueblos-roma-cidh00008\"                  title=\"audiencia-pueblos-roma-cidh00008\" \/>              <\/div>                            <div id=\"bwg_filmstrip_thumbnail_4_0\"                class=\"bwg_slideshow_filmstrip_thumbnail_0 bwg_slideshow_thumb_deactive_0\"                data-style=\"width:161px; height:90px;\">                <img decoding=\"async\" class=\"bwg_filmstrip_thumbnail_img bwg_slideshow_filmstrip_thumbnail_img_0\"                  style=\"width:161px; height:120.75px; margin-left: 0px; margin-top: -15.375px;\"                  data-style=\"width:161px; height:120.75px; margin-left: 0px; margin-top: -15.375px;\"                  src=\"https:\/\/raceandequality.org\/wp-content\/uploads\/photo-gallery\/thumb\/audiencia-pueblos-roma-cidh00006.jpeg?bwg=1773330909\"                  data-src=\"https:\/\/raceandequality.org\/wp-content\/uploads\/photo-gallery\/thumb\/audiencia-pueblos-roma-cidh00006.jpeg?bwg=1773330909\"                  onclick=\"bwg_change_image(parseInt(jQuery('#bwg_current_image_key_0').val()), '4', '', '', '0')\"                  image_id=\"70\"                  image_key=\"4\"                  alt=\"audiencia-pueblos-roma-cidh00006\"                  title=\"audiencia-pueblos-roma-cidh00006\" \/>              <\/div>                            <div id=\"bwg_filmstrip_thumbnail_5_0\"                class=\"bwg_slideshow_filmstrip_thumbnail_0 bwg_slideshow_thumb_deactive_0\"                data-style=\"width:161px; height:90px;\">                <img decoding=\"async\" class=\"bwg_filmstrip_thumbnail_img bwg_slideshow_filmstrip_thumbnail_img_0\"                  style=\"width:161px; height:120.75px; margin-left: 0px; margin-top: -15.375px;\"                  data-style=\"width:161px; height:120.75px; margin-left: 0px; margin-top: -15.375px;\"                  src=\"https:\/\/raceandequality.org\/wp-content\/uploads\/photo-gallery\/thumb\/audiencia-pueblos-roma-cidh00010.jpeg?bwg=1773330909\"                  data-src=\"https:\/\/raceandequality.org\/wp-content\/uploads\/photo-gallery\/thumb\/audiencia-pueblos-roma-cidh00010.jpeg?bwg=1773330909\"                  onclick=\"bwg_change_image(parseInt(jQuery('#bwg_current_image_key_0').val()), '5', '', '', '0')\"                  image_id=\"71\"                  image_key=\"5\"                  alt=\"audiencia-pueblos-roma-cidh00010\"                  title=\"audiencia-pueblos-roma-cidh00010\" \/>              <\/div>                            <div id=\"bwg_filmstrip_thumbnail_6_0\"                class=\"bwg_slideshow_filmstrip_thumbnail_0 bwg_slideshow_thumb_deactive_0\"                data-style=\"width:161px; height:90px;\">                <img decoding=\"async\" class=\"bwg_filmstrip_thumbnail_img bwg_slideshow_filmstrip_thumbnail_img_0\"                  style=\"width:161px; height:214.666666667px; margin-left: 0px; margin-top: -62.3333333333px;\"                  data-style=\"width:161px; height:214.666666667px; margin-left: 0px; margin-top: -62.3333333333px;\"                  src=\"https:\/\/raceandequality.org\/wp-content\/uploads\/photo-gallery\/thumb\/audiencia-pueblos-roma-cidh00011.jpeg?bwg=1773330909\"                  data-src=\"https:\/\/raceandequality.org\/wp-content\/uploads\/photo-gallery\/thumb\/audiencia-pueblos-roma-cidh00011.jpeg?bwg=1773330909\"                  onclick=\"bwg_change_image(parseInt(jQuery('#bwg_current_image_key_0').val()), '6', '', '', '0')\"                  image_id=\"74\"                  image_key=\"6\"                  alt=\"audiencia-pueblos-roma-cidh00011\"                  title=\"audiencia-pueblos-roma-cidh00011\" \/>              <\/div>                        <\/div>        <\/div>        <div class=\"bwg_slideshow_filmstrip_right_0\">          <i class=\"bwg-icon-angle-right\"><\/i>        <\/div>        <div class=\"bwg_slideshow_filmstrip_right_disabled_0\">          <i class=\"bwg-icon-angle-right\"><\/i>        <\/div>      <\/div>          <div id=\"bwg_slideshow_image_container_0\"         class=\"bwg_slideshow_image_container_0\"         data-params='{&quot;bwg_source&quot;:&quot;slider&quot;,&quot;bwg_current_key&quot;:&quot;&quot;,&quot;bwg_transition_duration&quot;:100,&quot;bwg_trans_in_progress&quot;:false,&quot;data&quot;:[{&quot;id&quot;:&quot;65&quot;,&quot;alt&quot;:&quot;audiencia-pueblos-roma-cidh00003&quot;,&quot;description&quot;:&quot;&quot;,&quot;filetype&quot;:&quot;JPEG&quot;,&quot;filename&quot;:&quot;audiencia-pueblos-roma-cidh00003&quot;,&quot;image_url&quot;:&quot;\\\/audiencia-pueblos-roma-cidh00003.jpeg?bwg=1773330909&quot;,&quot;thumb_url&quot;:&quot;\\\/thumb\\\/audiencia-pueblos-roma-cidh00003.jpeg?bwg=1773330909&quot;,&quot;redirect_url&quot;:&quot;&quot;,&quot;date&quot;:&quot;2026-03-12 15:54:35&quot;,&quot;is_embed&quot;:false,&quot;is_embed_video&quot;:false,&quot;image_width&quot;:&quot;1200&quot;,&quot;image_height&quot;:&quot;900&quot;,&quot;thumb_width&quot;:&quot;500.00&quot;,&quot;thumb_height&quot;:&quot;375.00&quot;},{&quot;id&quot;:&quot;67&quot;,&quot;alt&quot;:&quot;audiencia-pueblos-roma-cidh00001&quot;,&quot;description&quot;:&quot;&quot;,&quot;filetype&quot;:&quot;JPEG&quot;,&quot;filename&quot;:&quot;audiencia-pueblos-roma-cidh00001&quot;,&quot;image_url&quot;:&quot;\\\/audiencia-pueblos-roma-cidh00001.jpeg?bwg=1773330909&quot;,&quot;thumb_url&quot;:&quot;\\\/thumb\\\/audiencia-pueblos-roma-cidh00001.jpeg?bwg=1773330909&quot;,&quot;redirect_url&quot;:&quot;&quot;,&quot;date&quot;:&quot;2026-03-12 15:54:34&quot;,&quot;is_embed&quot;:false,&quot;is_embed_video&quot;:false,&quot;image_width&quot;:&quot;1200&quot;,&quot;image_height&quot;:&quot;915&quot;,&quot;thumb_width&quot;:&quot;500.00&quot;,&quot;thumb_height&quot;:&quot;381.00&quot;},{&quot;id&quot;:&quot;68&quot;,&quot;alt&quot;:&quot;audiencia-pueblos-roma-cidh00002&quot;,&quot;description&quot;:&quot;&quot;,&quot;filetype&quot;:&quot;JPEG&quot;,&quot;filename&quot;:&quot;audiencia-pueblos-roma-cidh00002&quot;,&quot;image_url&quot;:&quot;\\\/audiencia-pueblos-roma-cidh00002.jpeg?bwg=1773330909&quot;,&quot;thumb_url&quot;:&quot;\\\/thumb\\\/audiencia-pueblos-roma-cidh00002.jpeg?bwg=1773330909&quot;,&quot;redirect_url&quot;:&quot;&quot;,&quot;date&quot;:&quot;2026-03-12 15:54:35&quot;,&quot;is_embed&quot;:false,&quot;is_embed_video&quot;:false,&quot;image_width&quot;:&quot;900&quot;,&quot;image_height&quot;:&quot;1200&quot;,&quot;thumb_width&quot;:&quot;375.00&quot;,&quot;thumb_height&quot;:&quot;500.00&quot;},{&quot;id&quot;:&quot;69&quot;,&quot;alt&quot;:&quot;audiencia-pueblos-roma-cidh00008&quot;,&quot;description&quot;:&quot;&quot;,&quot;filetype&quot;:&quot;JPEG&quot;,&quot;filename&quot;:&quot;audiencia-pueblos-roma-cidh00008&quot;,&quot;image_url&quot;:&quot;\\\/audiencia-pueblos-roma-cidh00008.jpeg?bwg=1773330909&quot;,&quot;thumb_url&quot;:&quot;\\\/thumb\\\/audiencia-pueblos-roma-cidh00008.jpeg?bwg=1773330909&quot;,&quot;redirect_url&quot;:&quot;&quot;,&quot;date&quot;:&quot;2026-03-12 15:54:41&quot;,&quot;is_embed&quot;:false,&quot;is_embed_video&quot;:false,&quot;image_width&quot;:&quot;1200&quot;,&quot;image_height&quot;:&quot;801&quot;,&quot;thumb_width&quot;:&quot;500.00&quot;,&quot;thumb_height&quot;:&quot;334.00&quot;},{&quot;id&quot;:&quot;70&quot;,&quot;alt&quot;:&quot;audiencia-pueblos-roma-cidh00006&quot;,&quot;description&quot;:&quot;&quot;,&quot;filetype&quot;:&quot;JPEG&quot;,&quot;filename&quot;:&quot;audiencia-pueblos-roma-cidh00006&quot;,&quot;image_url&quot;:&quot;\\\/audiencia-pueblos-roma-cidh00006.jpeg?bwg=1773330909&quot;,&quot;thumb_url&quot;:&quot;\\\/thumb\\\/audiencia-pueblos-roma-cidh00006.jpeg?bwg=1773330909&quot;,&quot;redirect_url&quot;:&quot;&quot;,&quot;date&quot;:&quot;2026-03-12 15:54:41&quot;,&quot;is_embed&quot;:false,&quot;is_embed_video&quot;:false,&quot;image_width&quot;:&quot;1200&quot;,&quot;image_height&quot;:&quot;900&quot;,&quot;thumb_width&quot;:&quot;500.00&quot;,&quot;thumb_height&quot;:&quot;375.00&quot;},{&quot;id&quot;:&quot;71&quot;,&quot;alt&quot;:&quot;audiencia-pueblos-roma-cidh00010&quot;,&quot;description&quot;:&quot;&quot;,&quot;filetype&quot;:&quot;JPEG&quot;,&quot;filename&quot;:&quot;audiencia-pueblos-roma-cidh00010&quot;,&quot;image_url&quot;:&quot;\\\/audiencia-pueblos-roma-cidh00010.jpeg?bwg=1773330909&quot;,&quot;thumb_url&quot;:&quot;\\\/thumb\\\/audiencia-pueblos-roma-cidh00010.jpeg?bwg=1773330909&quot;,&quot;redirect_url&quot;:&quot;&quot;,&quot;date&quot;:&quot;2026-03-12 15:54:42&quot;,&quot;is_embed&quot;:false,&quot;is_embed_video&quot;:false,&quot;image_width&quot;:&quot;1200&quot;,&quot;image_height&quot;:&quot;900&quot;,&quot;thumb_width&quot;:&quot;500.00&quot;,&quot;thumb_height&quot;:&quot;375.00&quot;},{&quot;id&quot;:&quot;74&quot;,&quot;alt&quot;:&quot;audiencia-pueblos-roma-cidh00011&quot;,&quot;description&quot;:&quot;&quot;,&quot;filetype&quot;:&quot;JPEG&quot;,&quot;filename&quot;:&quot;audiencia-pueblos-roma-cidh00011&quot;,&quot;image_url&quot;:&quot;\\\/audiencia-pueblos-roma-cidh00011.jpeg?bwg=1773330909&quot;,&quot;thumb_url&quot;:&quot;\\\/thumb\\\/audiencia-pueblos-roma-cidh00011.jpeg?bwg=1773330909&quot;,&quot;redirect_url&quot;:&quot;&quot;,&quot;date&quot;:&quot;2026-03-12 15:54:43&quot;,&quot;is_embed&quot;:false,&quot;is_embed_video&quot;:false,&quot;image_width&quot;:&quot;900&quot;,&quot;image_height&quot;:&quot;1200&quot;,&quot;thumb_width&quot;:&quot;375.00&quot;,&quot;thumb_height&quot;:&quot;500.00&quot;}],&quot;width_or_height&quot;:&quot;width&quot;,&quot;filmstrip_thumb_margin_hor&quot;:2,&quot;left_or_top&quot;:&quot;left&quot;,&quot;outerWidth_or_outerHeight&quot;:&quot;outerWidth&quot;,&quot;enable_slideshow_shuffle&quot;:&quot;0&quot;,&quot;lightbox_filmstrip_thumb_border_width&quot;:&quot;1&quot;,&quot;thumb_click_action&quot;:&quot;open_lightbox&quot;,&quot;thumb_link_target&quot;:&quot;1&quot;,&quot;upload_url&quot;:&quot;https:\\\/\\\/raceandequality.org\\\/wp-content\\\/uploads\\\/photo-gallery&quot;,&quot;preload_images&quot;:&quot;1&quot;,&quot;slideshow_effect&quot;:&quot;fade&quot;,&quot;event_stack&quot;:&quot;&quot;,&quot;preload_images_count&quot;:10,&quot;image_width&quot;:&quot;800&quot;,&quot;image_height&quot;:&quot;500&quot;,&quot;thumb_width&quot;:&quot;250&quot;,&quot;thumb_height&quot;:&quot;140&quot;,&quot;filmstrip_direction&quot;:&quot;horizontal&quot;,&quot;slideshow_filmstrip_type&quot;:1,&quot;slideshow_thumbnails_count&quot;:&quot;5&quot;,&quot;slideshow_filmstrip_width&quot;:161,&quot;slideshow_filmstrip_height&quot;:&quot;90&quot;,&quot;slideshow_filmstrip_rl_btn_size&quot;:&quot;20&quot;,&quot;slideshow_play_pause_btn_size&quot;:&quot;35&quot;,&quot;watermark_type&quot;:&quot;90&quot;,&quot;watermark_height&quot;:&quot;90&quot;,&quot;watermark_font_size&quot;:&quot;20&quot;,&quot;slideshow_title_font_size&quot;:&quot;16&quot;,&quot;slideshow_description_font_size&quot;:&quot;14&quot;,&quot;bwg_playInterval&quot;:&quot;&quot;,&quot;slideshow_interval&quot;:5,&quot;image_right_click&quot;:&quot;0&quot;,&quot;enable_slideshow_autoplay&quot;:&quot;0&quot;,&quot;enable_slideshow_music&quot;:&quot;0&quot;,&quot;bwg_current_filmstrip_pos&quot;:0}'         data-filmstrip-position=\"bottom\"         data-filmstrip-size=\"90\">      <div class=\"bwg_slide_container_0\">        <div class=\"bwg_slide_bg_0\">          <div class=\"bwg_slider_0\">                            <span class=\"bwg_slideshow_image_spun_0\" id=\"image_id_0_65\">                    <span class=\"bwg_slideshow_image_spun1_0\">                      <span class=\"bwg_slideshow_image_spun2_0\">                                                  <a  class=\"bwg-a bwg_lightbox\" href=\"https:\/\/raceandequality.org\/wp-content\/uploads\/photo-gallery\/audiencia-pueblos-roma-cidh00003.jpeg?bwg=1773330909\" data-image-id=\"65\" data-elementor-open-lightbox=\"no\">                          <img decoding=\"async\" id=\"bwg_slideshow_image_0\"                               class=\"skip-lazy bwg_slide bwg_slideshow_image_0 \"                               src=\"https:\/\/raceandequality.org\/wp-content\/uploads\/photo-gallery\/audiencia-pueblos-roma-cidh00003.jpeg?bwg=1773330909\"                               data-src=\"https:\/\/raceandequality.org\/wp-content\/uploads\/photo-gallery\/audiencia-pueblos-roma-cidh00003.jpeg?bwg=1773330909\"                               image_id=\"65\"                               alt=\"audiencia-pueblos-roma-cidh00003\" \/>                          <\/a>                                                <\/span>                    <\/span>                  <\/span>                <span class=\"bwg_slideshow_image_second_spun_0\">                  <\/span>                <input type=\"hidden\" id=\"bwg_current_image_key_0\" value=\"0\" \/>                          <\/div>        <\/div>      <\/div>              <a class=\"bwg-a\" id=\"spider_slideshow_left_0\" onclick=\"bwg_change_image(parseInt(jQuery('#bwg_current_image_key_0').val()), (parseInt(jQuery('#bwg_current_image_key_0').val()) + 7 - bwg_iterator(0)) % 7, '', '', 0); return false;\"><span id=\"spider_slideshow_left-ico_0\"><span><i class=\"bwg-icon-angle-left bwg_slideshow_prev_btn_0\"><\/i><\/span><\/span><\/a>        <span id=\"bwg_slideshow_play_pause_0\" class=\"bwg_slideshow_play_pause\" style=\"display: ;\"><span><span id=\"bwg_slideshow_play_pause-ico_0\"><i class=\"bwg-icon-play bwg_ctrl_btn_0 bwg_slideshow_play_pause_0\"><\/i><\/span><\/span><\/span>        <a class=\"bwg-a\" id=\"spider_slideshow_right_0\" onclick=\"bwg_change_image(parseInt(jQuery('#bwg_current_image_key_0').val()), (parseInt(jQuery('#bwg_current_image_key_0').val()) + bwg_iterator(0)) % 7, '', '', 0); return false;\"><span id=\"spider_slideshow_right-ico_0\"><span><i class=\"bwg-icon-angle-right bwg_slideshow_next_btn_0\"><\/i><\/span><\/span><\/a>            <\/div>      <\/div>            <\/div>        <\/form>        <style>          #bwg_container1_0 #bwg_container2_0 #spider_popup_overlay_0 {          background-color: #EEEEEE;          opacity: 0.60;          }          <\/style>        <div id=\"bwg_spider_popup_loading_0\" class=\"bwg_spider_popup_loading\"><\/div>        <div id=\"spider_popup_overlay_0\" class=\"spider_popup_overlay\" onclick=\"spider_destroypopup(1000)\"><\/div>        <input type=\"hidden\" id=\"bwg_random_seed_0\" value=\"209622114\">                <\/div>    <\/div>    <script>      if (document.readyState === 'complete') {        if( typeof bwg_main_ready == 'function' ) {          if ( jQuery(\"#bwg_container1_0\").height() ) {            bwg_main_ready(jQuery(\"#bwg_container1_0\"));          }        }      } else {        document.addEventListener('DOMContentLoaded', function() {          if( typeof bwg_main_ready == 'function' ) {            if ( jQuery(\"#bwg_container1_0\").height() ) {             bwg_main_ready(jQuery(\"#bwg_container1_0\"));            }          }        });      }    <\/script>    \n<p>Durante la audiencia tambi\u00e9n intervinieron representantes de diversas organizaciones de la regi\u00f3n. <strong>Rog\u00e9rio Ribeiro, de la Rede Brasileira de Povos Ciganos<\/strong>, se refiri\u00f3 a casos recientes de violencia que han afectado a comunidades roman\u00edes en el nordeste de Brasil. Por su parte, <strong>Daiane Rocha, de la Associa\u00e7\u00e3o Nacional das Etnias Ciganas do Brasil (ANEC)<\/strong>, agradeci\u00f3 la realizaci\u00f3n de este espacio de di\u00e1logo para visibilizar las dificultades que enfrentan estas comunidades en Am\u00e9rica Latina y el Caribe.<\/p>\n<p>Desde Colombia, <strong>Ana Dalila G\u00f3mez Baos, de la organizaci\u00f3n Kumpania Rrom de Bogot\u00e1<\/strong>, destac\u00f3 algunos avances en el reconocimiento de los derechos del pueblo Rrom en el pa\u00eds, aunque se\u00f1al\u00f3 que todav\u00eda son necesarias m\u00e1s acciones para combatir la discriminaci\u00f3n y garantizar el ejercicio pleno de sus derechos.<\/p>\n<p>Asimismo, <strong>Deny Dobobrov, Director de Relaciones Internacionales de la World Roma Federation<\/strong>, advirti\u00f3 que las comunidades roman\u00edes tambi\u00e9n enfrentan discriminaci\u00f3n estructural en Estados Unidos, la cual suele permanecer oculta debido a que muchas personas roman\u00edes optan por ocultar su identidad para evitar el estigma y los estereotipos. Seg\u00fan explic\u00f3, el limitado reconocimiento p\u00fablico de los roman\u00edes como minor\u00eda \u00e9tnica en ese pa\u00eds contribuye a perpetuar narrativas antirroman\u00edes que influyen en la percepci\u00f3n social y en las instituciones.<\/p>\n<p>Dobrov tambi\u00e9n expres\u00f3 preocupaci\u00f3n por la persistencia de <strong>estereotipos antirroman\u00edes<\/strong> en algunos materiales de formaci\u00f3n de las fuerzas del orden y en contextos de investigaci\u00f3n, lo que podr\u00eda favorecer pr\u00e1cticas de perfilamiento \u00e9tnico. En ese contexto, inst\u00f3 a los Estados a reconocer expl\u00edcitamente a las comunidades roman\u00edes en las pol\u00edticas contra el racismo, fortalecer la colaboraci\u00f3n con organizaciones lideradas por roman\u00edes y promover mecanismos seguros de autoidentificaci\u00f3n que permitan dise\u00f1ar pol\u00edticas p\u00fablicas m\u00e1s efectivas.<\/p>\n<p>Durante la sesi\u00f3n tambi\u00e9n participaron representantes del sistema internacional de derechos humanos. <strong>Claude Cahn, oficial de Derechos Humanos de la Oficina del Alto Comisionado de las Naciones Unidas para los Derechos Humanos (ACNUDH)<\/strong>, se refiri\u00f3 a las dificultades existentes para documentar adecuadamente las violencias que afectan a esta poblaci\u00f3n.<\/p>\n<p>Al cierre de la audiencia, las comisionadas de la CIDH reconocieron la importancia hist\u00f3rica de este espacio. La comisionada <strong>Gloria de Mees<\/strong>, relatora sobre los derechos de las personas afrodescendientes y contra la discriminaci\u00f3n racial, se\u00f1al\u00f3 que el pueblo roman\u00ed ha permanecido invisibilizado a pesar de sus aportes a la sociedad, mientras que la comisionada <strong>Marion Bethel<\/strong>, relatora sobre los derechos de las mujeres, manifest\u00f3 preocupaci\u00f3n por las formas de violencia de g\u00e9nero que afectan particularmente a las mujeres roman\u00edes.<\/p>\n<p>Tras la audiencia, la CIDH agradeci\u00f3 la participaci\u00f3n de las organizaciones y reafirm\u00f3 su compromiso de escuchar y visibilizar las voces de los pueblos Roma en la regi\u00f3n, destacando que estas comunidades han enfrentado <strong>discriminaci\u00f3n hist\u00f3rica e intergeneracional<\/strong>. Asimismo, subray\u00f3 la importancia de que los Estados incluyan a esta poblaci\u00f3n en los censos nacionales y utilicen los datos recopilados para desarrollar pol\u00edticas p\u00fablicas que respondan a sus necesidades y garanticen sus derechos.<\/p>\n<p>La audiencia marc\u00f3 un paso significativo para visibilizar la situaci\u00f3n de los pueblos Roma en las Am\u00e9ricas y avanzar hacia el reconocimiento de sus derechos en el sistema interamericano de derechos humanos. Desde Raza e Igualdad destacamos la importancia de este espacio hist\u00f3rico y reiteramos nuestro <strong>compromiso de seguir acompa\u00f1ando a las comunidades y organizaciones Roma en la regi\u00f3n<\/strong> en sus esfuerzos por visibilizar la discriminaci\u00f3n estructural que enfrentan y promover el reconocimiento y la protecci\u00f3n efectiva de sus derechos humanos.<\/p>\n","protected":false},"excerpt":{"rendered":"<p>Ciudad de Guatemala, 12 de marzo de 2026.\u2013 Organizaciones que promueven y defienden los derechos de la poblaci\u00f3n Roma en las Am\u00e9ricas, especialmente en Argentina, Brasil, Colombia y Estados Unidos, [&hellip;]<\/p>\n","protected":false},"author":8,"featured_media":20466,"parent":0,"menu_order":0,"template":"","format":"standard","categories":[],"resources_country":[],"resources_language":[],"resources_audience":[],"resources_format":[],"resources_topic":[1100,1097,1113],"resources_year":[],"class_list":["post-20464","resources","type-resources","status-publish","format-standard","has-post-thumbnail","hentry","resources_topic-cidh","resources_topic-derechos-humanos","resources_topic-racismo"],"acf":[],"aioseo_notices":[],"_links":{"self":[{"href":"https:\/\/raceandequality.org\/es\/wp-json\/wp\/v2\/resources\/20464","targetHints":{"allow":["GET"]}}],"collection":[{"href":"https:\/\/raceandequality.org\/es\/wp-json\/wp\/v2\/resources"}],"about":[{"href":"https:\/\/raceandequality.org\/es\/wp-json\/wp\/v2\/types\/resources"}],"author":[{"embeddable":true,"href":"https:\/\/raceandequality.org\/es\/wp-json\/wp\/v2\/users\/8"}],"wp:featuredmedia":[{"embeddable":true,"href":"https:\/\/raceandequality.org\/es\/wp-json\/wp\/v2\/media\/20466"}],"wp:attachment":[{"href":"https:\/\/raceandequality.org\/es\/wp-json\/wp\/v2\/media?parent=20464"}],"wp:term":[{"taxonomy":"category","embeddable":true,"href":"https:\/\/raceandequality.org\/es\/wp-json\/wp\/v2\/categories?post=20464"},{"taxonomy":"resources_country","embeddable":true,"href":"https:\/\/raceandequality.org\/es\/wp-json\/wp\/v2\/resources_country?post=20464"},{"taxonomy":"resources_language","embeddable":true,"href":"https:\/\/raceandequality.org\/es\/wp-json\/wp\/v2\/resources_language?post=20464"},{"taxonomy":"resources_audience","embeddable":true,"href":"https:\/\/raceandequality.org\/es\/wp-json\/wp\/v2\/resources_audience?post=20464"},{"taxonomy":"resources_format","embeddable":true,"href":"https:\/\/raceandequality.org\/es\/wp-json\/wp\/v2\/resources_format?post=20464"},{"taxonomy":"resources_topic","embeddable":true,"href":"https:\/\/raceandequality.org\/es\/wp-json\/wp\/v2\/resources_topic?post=20464"},{"taxonomy":"resources_year","embeddable":true,"href":"https:\/\/raceandequality.org\/es\/wp-json\/wp\/v2\/resources_year?post=20464"}],"curies":[{"name":"wp","href":"https:\/\/api.w.org\/{rel}","templated":true}]}}