{"id":15380,"date":"2022-05-12T18:30:51","date_gmt":"2022-05-12T18:30:51","guid":{"rendered":"https:\/\/racenadequapro.wpengine.com\/team\/christina-m-fetterhoff\/"},"modified":"2025-04-01T15:15:50","modified_gmt":"2025-04-01T15:15:50","slug":"christina-m-fetterhoff","status":"publish","type":"team","link":"https:\/\/raceandequality.org\/es\/team\/christina-m-fetterhoff\/","title":{"rendered":"Christina M. Fetterhoff"},"content":{"rendered":"\r\n<p>Christina supervisa la implementaci\u00f3n de los programas de Raza e Igualdad, y dise\u00f1a estrategias para avanzar las metas organizacionales en colaboraci\u00f3n con contrapartes de la sociedad civil.<\/p>\r\n<p>Anteriormente, Christina fue Becaria en Robert F. Kennedy Human Rights. Su inter\u00e9s por los temas de la justicia social en Am\u00e9rica Latina le ha llevado a estudiar la justicia transicional en Argentina, hacer una pasant\u00eda con una organizaci\u00f3n de derechos de los pueblos ind\u00edgenas en el Ecuador y finalmente ser Voluntaria del Cuerpo de Paz en Paraguay. En este \u00faltimo pa\u00eds, Christina trabaj\u00f3 con l\u00edderes comunitarios para ampliar los servicios del gobierno municipal, especialmente para mujeres y ni\u00f1os.<\/p>\r\n<p>Christina es tambi\u00e9n Profesora Auxiliar en la Facultad de Derecho de George Washington University. Recibi\u00f3 su t\u00edtulo de abogada de American University Washington College of Law, donde se especializ\u00f3 en derecho internacional de los derechos humanos y temas de g\u00e9nero, y tambi\u00e9n cuenta con una Maestr\u00eda en Estudios Latinoamericanos de Georgetown University y un bachiller universitario en Ciencias Pol\u00edticas de Bryn Mawr College. Est\u00e1 acreditada para ejercer el derecho en el estado de Nueva York.<\/p>\r\n\r\n\r\n\r\n<p><a href=\"mailto:fetterhoff@raceandequality.org\" target=\"_blank\" rel=\"noreferrer noopener\">fetterhoff@raceandequality.org<\/a><\/p>\r\n","protected":false},"featured_media":20538,"parent":0,"menu_order":10,"template":"","team_catergory":[1305],"class_list":["post-15380","team","type-team","status-publish","has-post-thumbnail","hentry","team_catergory-staff-es"],"acf":[],"aioseo_notices":[],"_links":{"self":[{"href":"https:\/\/raceandequality.org\/es\/wp-json\/wp\/v2\/team\/15380","targetHints":{"allow":["GET"]}}],"collection":[{"href":"https:\/\/raceandequality.org\/es\/wp-json\/wp\/v2\/team"}],"about":[{"href":"https:\/\/raceandequality.org\/es\/wp-json\/wp\/v2\/types\/team"}],"wp:featuredmedia":[{"embeddable":true,"href":"https:\/\/raceandequality.org\/es\/wp-json\/wp\/v2\/media\/20538"}],"wp:attachment":[{"href":"https:\/\/raceandequality.org\/es\/wp-json\/wp\/v2\/media?parent=15380"}],"wp:term":[{"taxonomy":"team_catergory","embeddable":true,"href":"https:\/\/raceandequality.org\/es\/wp-json\/wp\/v2\/team_catergory?post=15380"}],"curies":[{"name":"wp","href":"https:\/\/api.w.org\/{rel}","templated":true}]}}