{"id":12949,"date":"2020-04-30T15:06:33","date_gmt":"2020-04-30T15:06:33","guid":{"rendered":"http:\/\/race01.wp\/resources\/raca-e-igualdade-organizou-um-webinar-para-ativistas-compartilharem-os-efeitos-do-covid-19-na-populacao-lgbti-na-america-latina-com-o-especialista-independente-da-onu-em-orientacao-sexual-e-identidade\/"},"modified":"2023-08-04T18:11:45","modified_gmt":"2023-08-04T18:11:45","slug":"raca-e-igualdade-organizou-um-webinar-para-ativistas-compartilharem-os-efeitos-do-covid-19-na-populacao-lgbti-na-america-latina-com-o-especialista-independente-da-onu-em-orientacao-sexual-e-identidade","status":"publish","type":"resources","link":"https:\/\/raceandequality.org\/pt-br\/resources\/raca-e-igualdade-organizou-um-webinar-para-ativistas-compartilharem-os-efeitos-do-covid-19-na-populacao-lgbti-na-america-latina-com-o-especialista-independente-da-onu-em-orientacao-sexual-e-identidade\/","title":{"rendered":"Ra\u00e7a e Igualdade organizou um webinar para ativistas compartilharem os efeitos do COVID-19 na popula\u00e7\u00e3o LGBTI na Am\u00e9rica Latina com o especialista independente da ONU em Orienta\u00e7\u00e3o Sexual e Identidade de G\u00eanero"},"content":{"rendered":"<div class=\"wpb-content-wrapper\"><p style=\"text-align: justify;\">O Instituto Internacional sobre Ra\u00e7a, Igualdade e Direitos Humanos (Ra\u00e7a e Igualdade) realizou um webinar com o Especialista Independente da ONU sobre Prote\u00e7\u00e3o contra a Viol\u00eancia e Discrimina\u00e7\u00e3o com base na Orienta\u00e7\u00e3o sexual e Identidade de G\u00eanero, Victor Madrigal e l\u00edderes, ativistas e membros de grupos da sociedade civil LGBTI de diferentes pa\u00edses da Am\u00e9rica Latina para discutir e entender melhor as condi\u00e7\u00f5es atuais em meio \u00e0 pandemia de coronav\u00edrus.<\/p>\n<p style=\"text-align: justify;\">O evento, intitulado <em>\u201cA realidade das popula\u00e7\u00f5es afro-LGBI e trans durante a atual crise de sa\u00fade causada pelo COVID-19 na Am\u00e9rica Latina\u201d<\/em>, realizado na quinta-feira, 23 de abril, come\u00e7ou com a abertura de observa\u00e7\u00f5es do Sr. Madrigal, falando a respeito\u00a0 da declara\u00e7\u00e3o sobre COVID-19 divulgada pelo Especialista da ONU em 26 de mar\u00e7o e as motiva\u00e7\u00f5es por tr\u00e1s disso. \u201cPrecisamos ter um entendimento claro de quanto essas medidas t\u00eam um impacto diferenciado em nossas comunidades e popula\u00e7\u00f5es\u201d, afirma, explicando a necessidade de entender os impactos desproporcionais e desiguais da pandemia, bem como a import\u00e2ncia de compartilhar experi\u00eancias em todas as comunidades para um apoio m\u00fatuo e a import\u00e2ncia de os Estados inclu\u00edrem essas comunidades, ao planejarem quais medidas devem ser tomadas.<\/p>\n<p>[vc_row][vc_column width=&#8221;1\/4&#8243;][vc_icon icon_fontawesome=&#8221;fa fa-file-text-o&#8221; color=&#8221;juicy_pink&#8221; background_style=&#8221;rounded&#8221; size=&#8221;xl&#8221; align=&#8221;center&#8221; link=&#8221;url:http%3A%2F%2Foldrace.wp%2Fwp-content%2Fuploads%2F2020%2F04%2FSituaci%C3%B3n-de-POBLACI%C3%93N-TRANS-PER%C3%9A-CONTEXTO-COVID19.pdf||target:%20_blank|&#8221;][\/vc_column][vc_column width=&#8221;3\/4&#8243;][vc_column_text]<\/p>\n<p style=\"text-align: justify;\">O ativista trans Santiago Balv\u00edn, do <strong>Peru<\/strong>, citou os numerosos casos de viol\u00eancia contra mulheres trans que surgiram devido \u00e0 medida &#8220;pico e g\u00eanero&#8221; que foi implementada para restringir o movimento da popula\u00e7\u00e3o com base em seu g\u00eanero. \u201cDesde o in\u00edcio da quarentena at\u00e9 10 de abril, quando essa pol\u00edtica terminou, em cerca de 25 dias, mais de 15 casos transf\u00f3bicos ocorreram por parte da pol\u00edcia ou das for\u00e7as armadas\u201d, afirmou Balv\u00edn, destacando tamb\u00e9m que, embora a pol\u00edtica fosse revogada, dizia-se na comunica\u00e7\u00e3o oficial que essa medida se devia \u00e0s altas aglomera\u00e7\u00f5es de mulheres e n\u00e3o \u00e0s queixas de viol\u00eancia e discrimina\u00e7\u00e3o contra a popula\u00e7\u00e3o trans.<\/p>\n<p>[\/vc_column_text][\/vc_column][\/vc_row][vc_row][vc_column][vc_column_text]<\/p>\n<p style=\"text-align: justify;\">usando o \u201cpico e g\u00eanero\u201d e deixando o movimento de pessoas nas m\u00e3os da pol\u00edcia. Como detalha a ativista Victoria Daza, da Mesa de Trabalho LGBTI de Cartagena, isso coloca em risco o direito \u00e0 alimenta\u00e7\u00e3o e \u00e0 sa\u00fade, dificultando o acesso da popula\u00e7\u00e3o trans a essas necessidades. O Minist\u00e9rio do Interior prometeu prestar ajuda \u00e0s organiza\u00e7\u00f5es LGBTI em uma campanha chamada \u201cA Col\u00f4mbia est\u00e1 com voc\u00ea\u201d, mas at\u00e9 agora, nenhum alimento ou suprimento foi recebido.<\/p>\n<p style=\"text-align: justify;\">Em outras regi\u00f5es do pa\u00eds, como o Pac\u00edfico Sul da Col\u00f4mbia, as preocupa\u00e7\u00f5es s\u00e3o ainda maiores, pois esta regi\u00e3o se encontra empobrecida e sem a infraestrutura necess\u00e1ria para lidar com uma crise dessa escala. Sandra Arizabaleta, da organiza\u00e7\u00e3o Somos Identidad, em Cali, afirma que &#8220;a viol\u00eancia e o abandono hist\u00f3rico do Estado deixaram suas marcas nesta parte do pa\u00eds&#8221;. Ela d\u00e1 o exemplo de Tumaco, onde &#8220;atualmente n\u00e3o h\u00e1 servi\u00e7os de sa\u00fade para atender pessoas que contraem COVID-19&#8221;. A dura\u00e7\u00e3o projetada da pandemia e o atraso na prote\u00e7\u00e3o das popula\u00e7\u00f5es mais vulner\u00e1veis, como as pessoas LGBTI, \u00e9 extremamente preocupante para ativistas nesta regi\u00e3o.<\/p>\n<p style=\"text-align: justify;\">Christian King, diretor executivo da TRANSSA, uma organiza\u00e7\u00e3o trans na <strong>Rep\u00fablica Dominicana<\/strong>, tamb\u00e9m expressou sua preocupa\u00e7\u00e3o com a falta de informa\u00e7\u00f5es ou a\u00e7\u00f5es espec\u00edficas que est\u00e3o sendo tomadas nas condi\u00e7\u00f5es atuais. \u201cEm nosso pa\u00eds, eles est\u00e3o apenas compartilhando os n\u00fameros. Eles n\u00e3o compartilham nenhuma informa\u00e7\u00e3o sobre a popula\u00e7\u00e3o ou setores espec\u00edficos de onde essas pessoas s\u00e3o.\u201d A falta de conhecimento e legisla\u00e7\u00e3o espec\u00edfica para proteger as pessoas trans na Rep\u00fablica Dominicana \u00e9 ainda mais cr\u00edtica em \u00e9pocas como essa. Nenhuma medida especial foi tomada para ajudar a popula\u00e7\u00e3o trans, e pol\u00edticas como o toque de recolher comprometem seus meios de vida.<\/p>\n<p>[\/vc_column_text][\/vc_column][\/vc_row][vc_row][vc_column width=&#8221;1\/4&#8243;][vc_icon icon_fontawesome=&#8221;fa fa-file-text-o&#8221; color=&#8221;juicy_pink&#8221; background_style=&#8221;rounded&#8221; size=&#8221;xl&#8221; align=&#8221;center&#8221; link=&#8221;url:http%3A%2F%2FIntervenci%C3%B3n%20Bruna%20Benavides%20-%20ANTRA%2C%20Brasil||target:%20_blank|&#8221;][\/vc_column][vc_column width=&#8221;3\/4&#8243;][vc_column_text]<\/p>\n<p style=\"text-align: justify;\">Embora a maioria dos Estados esteja implementando planos diferentes para combater a dissemina\u00e7\u00e3o do COVID-19, o estado inst\u00e1vel da pol\u00edtica nacional no <strong>Brasil <\/strong>conteve os esfor\u00e7os do governo local. \u201cO Brasil \u00e9 um dos quatro pa\u00edses do mundo que ignorou as recomenda\u00e7\u00f5es das ag\u00eancias de sa\u00fade para fortalecer as pol\u00edticas neoliberais, aproveitando esse momento de crise mundial para remover mais direitos trabalhistas e implementar medidas mais negativas\u201d disse Bruna Benevides, da Associa\u00e7\u00e3o Nacional de Travestis e Transexuais, ANTRA.<\/p>\n<p>[\/vc_column_text][\/vc_column][\/vc_row][vc_row][vc_column][vc_column_text]<\/p>\n<p style=\"text-align: justify;\">Ela tamb\u00e9m destacou que a subnotifica\u00e7\u00e3o de casos tem sido uma pol\u00edtica do Estado usada como justificativa para manipular a popula\u00e7\u00e3o a acreditar que est\u00e1 tudo bem. \u201cEssa pol\u00edtica afeta diretamente pessoas pobres, negras, idosos, pessoas com defici\u00eancia, mulheres, pessoas vivendo com HIV, LGBTI +, povos ind\u00edgenas e outros que t\u00eam mais fatores de risco devido \u00e0 natureza prec\u00e1ria de suas vidas. Os negros s\u00e3o a maioria entre os mortos e s\u00e3o mais propensos a ter complica\u00e7\u00f5es\u201d, conclui.<\/p>\n<p style=\"text-align: justify;\">O evento, que contou com mais de 500 participantes acompanhando o Zoom e o Facebook ao vivo, trouxe \u00e0 tona a necessidade de mais a\u00e7\u00f5es para ajudar os membros das comunidades afro e LGBTI durante a atual crise de sa\u00fade. O Especialista Independente da ONU encerrou o evento afirmando que o seu mandato est\u00e1 a servi\u00e7o de todas as organiza\u00e7\u00f5es LGBTI, incentivando grupos da sociedade civil e ativistas a enviarem relat\u00f3rios e informa\u00e7\u00f5es sobre os efeitos do COVID-19 em seus pa\u00edses de origem.<\/p>\n<p style=\"text-align: justify;\">Com nossos parceiros, Ra\u00e7a e Igualdade insta os Estados a incluir representantes LGBTI no planejamento emergencial de sa\u00fade p\u00fablica e a\u00e7\u00f5es de combate ao COVID-19, levando em considera\u00e7\u00e3o pessoas com diversas identidades de g\u00eanero e suas necessidades particulares durante esses per\u00edodos. Os Estados devem fornecer dados agregados sobre essas popula\u00e7\u00f5es, a fim de atender melhor as pessoas mais vulnerabilizadas \u200b\u200be marginalizadas, como as popula\u00e7\u00f5es afro-LGBI e trans. Com isso, os Estados tamb\u00e9m devem tomar medidas diferenciadas para atender \u00e0s necessidades das pessoas LGBTI no mercado de trabalho informal que se encontram em maior risco de contra\u00e7\u00e3o.<\/p>\n<p>[\/vc_column_text][\/vc_column][\/vc_row]<\/p>\n<\/div>","protected":false},"excerpt":{"rendered":"<p>O Instituto Internacional sobre Ra\u00e7a, Igualdade e Direitos Humanos (Ra\u00e7a e Igualdade) realizou um webinar com o Especialista Independente da ONU sobre Prote\u00e7\u00e3o contra a Viol\u00eancia e Discrimina\u00e7\u00e3o com base [&hellip;]<\/p>\n","protected":false},"author":8,"featured_media":10226,"parent":0,"menu_order":0,"template":"","format":"standard","categories":[],"resources_country":[],"resources_language":[],"resources_audience":[],"resources_format":[],"resources_topic":[],"resources_year":[],"class_list":["post-12949","resources","type-resources","status-publish","format-standard","has-post-thumbnail","hentry"],"acf":[],"aioseo_notices":[],"_links":{"self":[{"href":"https:\/\/raceandequality.org\/pt-br\/wp-json\/wp\/v2\/resources\/12949","targetHints":{"allow":["GET"]}}],"collection":[{"href":"https:\/\/raceandequality.org\/pt-br\/wp-json\/wp\/v2\/resources"}],"about":[{"href":"https:\/\/raceandequality.org\/pt-br\/wp-json\/wp\/v2\/types\/resources"}],"author":[{"embeddable":true,"href":"https:\/\/raceandequality.org\/pt-br\/wp-json\/wp\/v2\/users\/8"}],"wp:featuredmedia":[{"embeddable":true,"href":"https:\/\/raceandequality.org\/pt-br\/wp-json\/wp\/v2\/media\/10226"}],"wp:attachment":[{"href":"https:\/\/raceandequality.org\/pt-br\/wp-json\/wp\/v2\/media?parent=12949"}],"wp:term":[{"taxonomy":"category","embeddable":true,"href":"https:\/\/raceandequality.org\/pt-br\/wp-json\/wp\/v2\/categories?post=12949"},{"taxonomy":"resources_country","embeddable":true,"href":"https:\/\/raceandequality.org\/pt-br\/wp-json\/wp\/v2\/resources_country?post=12949"},{"taxonomy":"resources_language","embeddable":true,"href":"https:\/\/raceandequality.org\/pt-br\/wp-json\/wp\/v2\/resources_language?post=12949"},{"taxonomy":"resources_audience","embeddable":true,"href":"https:\/\/raceandequality.org\/pt-br\/wp-json\/wp\/v2\/resources_audience?post=12949"},{"taxonomy":"resources_format","embeddable":true,"href":"https:\/\/raceandequality.org\/pt-br\/wp-json\/wp\/v2\/resources_format?post=12949"},{"taxonomy":"resources_topic","embeddable":true,"href":"https:\/\/raceandequality.org\/pt-br\/wp-json\/wp\/v2\/resources_topic?post=12949"},{"taxonomy":"resources_year","embeddable":true,"href":"https:\/\/raceandequality.org\/pt-br\/wp-json\/wp\/v2\/resources_year?post=12949"}],"curies":[{"name":"wp","href":"https:\/\/api.w.org\/{rel}","templated":true}]}}