{"id":13361,"date":"2020-12-11T16:15:29","date_gmt":"2020-12-11T16:15:29","guid":{"rendered":"http:\/\/race01.wp\/resources\/coturno-de-venus-realiza-lesbocenso-de-lesbicas-e-sapatonas-do-distrito-federal\/"},"modified":"2023-08-04T17:53:40","modified_gmt":"2023-08-04T17:53:40","slug":"coturno-de-venus-realiza-lesbocenso-de-lesbicas-e-sapatonas-do-distrito-federal","status":"publish","type":"resources","link":"https:\/\/raceandequality.org\/pt-br\/resources\/coturno-de-venus-realiza-lesbocenso-de-lesbicas-e-sapatonas-do-distrito-federal\/","title":{"rendered":"Coturno de V\u00eanus realiza Lesbocenso de L\u00e9sbicas e Sapatonas do Distrito Federal"},"content":{"rendered":"<p style=\"text-align: justify;\">A associa\u00e7\u00e3o lesbofeminista de Bras\u00edlia, Coturno de V\u00eanus, realizou o Lesbocenso, um mapeamento de l\u00e9sbicas e sapatonas do Distrito Federal. A pesquisa que come\u00e7ou a ser realizada em 2018, atrav\u00e9s de um formul\u00e1rio eletr\u00f4nico, coletou informa\u00e7\u00f5es censit\u00e1rias com dados sobre ra\u00e7a\/etnia, emprego, religi\u00e3o, acesso \u00e0 sa\u00fade, \u00edndices de viol\u00eancia, entre outros, sobre a popula\u00e7\u00e3o l\u00e9sbica da regi\u00e3o. O projeto que contou com apoio do Fundo Elas, foi lan\u00e7ado este ano e est\u00e1 dispon\u00edvel no site: <a href=\"https:\/\/raceandequality.org\/1043\">bit.ly\/lesbocenso<\/a>. A metodologia de elabora\u00e7\u00e3o dos question\u00e1rios se deu atrav\u00e9s dos encontros \u201cLesbopolitizar\u201d, ocorridos em 2018 e 2019, que atrav\u00e9s de di\u00e1logos e rodas de conversa presenciais, reuniu diversas organiza\u00e7\u00f5es l\u00e9sbicas do Distrito Federal.<\/p>\n<p style=\"text-align: justify;\">O documento frisa a relev\u00e2ncia do mapeamento para a elabora\u00e7\u00e3o de pol\u00edticas p\u00fablicas para a popula\u00e7\u00e3o l\u00e9sbica, uma vez que atrav\u00e9s da lesbofobia estrutural e institucional, o Estado se desresponsabiliza e delega as organiza\u00e7\u00f5es da sociedade civil a produ\u00e7\u00e3o desses dados. Por isso, o Lesbocenso foi realizado atrav\u00e9s de uma perspectiva colaborativa, com a contribui\u00e7\u00e3o de coletivas l\u00e9sbicas locais para forma\u00e7\u00e3o de redes que agreguem as diferentes experi\u00eancias, olhares e que at\u00e9 mesmo nas diferen\u00e7as possam integrar suas identidades plurais. Como o Distrito Federal \u00e9 uma regi\u00e3o com pessoas de diversos locais do Brasil, a perspectiva colaborativa propiciou o fortalecimento de uma rede territorial de mulheres l\u00e9sbicas e sapatonas.<\/p>\n<p style=\"text-align: justify;\"><strong>\u00a0<\/strong>Segundo o Lesbocenso, 1.353 pessoas responderam o question\u00e1rio, destas, 968 respostas estavam dentro do espectro do mapeamento. A maior parte das participantes se concentra na faixa de 19 a 29 anos, o que prop\u00f4s uma reflex\u00e3o sobre a aus\u00eancia de mulheres l\u00e9sbicas de outras gera\u00e7\u00f5es e sobre como estas inserem a afirma\u00e7\u00e3o de suas lesbianidades na vida cotidiana. Sobre auto identifica\u00e7\u00e3o, 60% se identificaram como l\u00e9sbicas e 30% como sapat\u00e3o, sendo percept\u00edvel como os fatores interseccionais como ra\u00e7a, classe, territ\u00f3rio, formam as identidades afetivas sexuais.<\/p>\n<p style=\"text-align: justify;\">Nesse sentido, no quesito ra\u00e7a\/etnia, observou-se que, territorialmente, as l\u00e9sbicas\/sapatonas brancas se concentram nas \u00e1reas centrais do Distrito Federal e as negras habitam mais as \u00e1reas perif\u00e9ricas. A pesquisa registrou 57% de l\u00e9sbicas brancas respondentes e 25% de negras. Contudo, foi ressaltado no documento que durante os encontros \u201cLesbopolitizar\u201d decidiu-se n\u00e3o incluir a denomina\u00e7\u00e3o parda no question\u00e1rio, para justamente provocar debates sobre autodeclara\u00e7\u00e3o e, assim, subsidiar projetos e a\u00e7\u00f5es voltadas para a quest\u00e3o da identidade racial.<\/p>\n<p style=\"text-align: justify;\">Um diferencial apresentado nesta pesquisa foi a sondagem das mulheres l\u00e9sbicas assumidas perante a sociedade e em seus espa\u00e7os de conv\u00edvio. Diferentemente de se reconhecer como l\u00e9sbica, assumir-se l\u00e9sbica \u201crefere-se \u00e0 possibilidade de expressar e de experenciar sua orienta\u00e7\u00e3o sexual livremente em seus espa\u00e7os de conv\u00edvio\u201d, conforme define o documento. De acordo com o Lesbocenso, mais uma vez a quest\u00e3o territorial impacta na performance das lesbianidades. Pois, 67% das l\u00e9sbicas e sapatonas assumidas em todos os espa\u00e7os de conv\u00edvio vivem na regi\u00e3o do plano piloto do Distrito Federal, enquanto, 32% que se assumem em alguns lugares de conv\u00edvio vivem nas regi\u00f5es perif\u00e9ricas.<\/p>\n<p style=\"text-align: justify;\">No eixo viol\u00eancia lesbof\u00f3bica, os dados confirmam o lesboc\u00eddio como uma viol\u00eancia velada que invisibiliza e desconsidera a exist\u00eancia de mulheres l\u00e9sbicas na sociedade. A neglig\u00eancia diante da viol\u00eancia e do preconceito contra mulheres l\u00e9sbicas, por muitas vezes, oculta a real causa de assassinatos e de outros tipos de viol\u00eancia, como a dom\u00e9stica e a psicol\u00f3gica. Dados do Lesbocenso confirmam esses padr\u00f5es: 78% revelam o ass\u00e9dio moral como a viol\u00eancia lesbof\u00f3bica mais constante em suas vidas. Desse modo, os principais agentes da viol\u00eancia fazem parte do conv\u00edvio pr\u00f3ximo, como amigos e fam\u00edlia (58%) que muitas vezes as rejeitam e\/ou expulsam de casa. No entanto, o documento ressalta que os espa\u00e7os p\u00fablicos n\u00e3o s\u00e3o seguros para l\u00e9sbica e sapatonas, j\u00e1 que 29% dos agentes de viol\u00eancia s\u00e3o pessoas desconhecidas.<\/p>\n<p style=\"text-align: justify;\">Finalizando a pesquisa, o Lesbocenso destaca desafios percebidos atrav\u00e9s das an\u00e1lises dos dados e que precisam ser desenvolvidos para fortalecer e fomentar o debate entre as diversas coletivas l\u00e9sbicas e sapatonas do pa\u00eds. Dentre os quais, destacam-se: o acesso de qualidade \u00e0 sa\u00fade, visto que os atendimentos ginecol\u00f3gicos s\u00e3o voltados para o padr\u00e3o cisheteronormativo; Educa\u00e7\u00e3o, observaram a necessidade de ampliar a pesquisa para diversas escolaridades, j\u00e1 que a maior parte das respondentes eram de n\u00edvel superior (85%); Viol\u00eancia lesbof\u00f3bica, o desafio \u00e9 cruzar os dados existentes com dados de seguran\u00e7a p\u00fablica, al\u00e9m de pensar em novas formas de acolhimento dessas mulheres; e Lesbofobia e envelhecimento, uma vez que essa pauta precisa ser pensada nas diversas dimens\u00f5es que v\u00e3o desde \u00e0 sa\u00fade mental e sexual, solid\u00e3o, empregabilidade, entre outras.<\/p>\n<p style=\"text-align: justify;\">Conforme apontado pela Coturno de V\u00eanus no documento, \u201cO projeto Lesbocenso incluindo sua fase de elabora\u00e7\u00e3o com o encontro Lesbopolitizar, oportunizou aprendizados importantes. Acreditamos que foi um processo pedag\u00f3gico de constru\u00e7\u00e3o coletiva de dados que oportunizou visualizar demandas, mas tamb\u00e9m apontou lacunas acerca de quest\u00f5es que precisam ser ajustadas \u00e0s nossas pr\u00e1ticas lesbofeministas\u201d.<\/p>\n<p style=\"text-align: justify;\">Deste modo, Ra\u00e7a e Igualdade busca apoiar projetos que fortale\u00e7am narrativas e exist\u00eancias invisibilizadas socialmente e que, al\u00e9m disso, defendam os direitos e a dignidade de mulheres l\u00e9sbicas e sapatonas sem discrimina\u00e7\u00e3o. Assim, Ra\u00e7a e Igualdade recomenda ao Estado brasileiro que:<\/p>\n<p style=\"text-align: justify;\">1 &#8211; Crie e instaure pol\u00edticas de seguran\u00e7a p\u00fablica que visem combater o lesboc\u00eddio de forma a visibilizar as particularidades desse tipo de viol\u00eancia contra mulheres l\u00e9sbicas;<\/p>\n<p style=\"text-align: justify;\">2- Promova a\u00e7\u00f5es e campanhas para combater a lesbofobia a fim de suprimir a desinforma\u00e7\u00e3o e o preconceito que reproduzem a marginaliza\u00e7\u00e3o das mulheres l\u00e9sbicas;<\/p>\n<p style=\"text-align: justify;\">3 &#8211; Implemente uma pol\u00edtica nacional de sa\u00fade que atenda as especificidades da popula\u00e7\u00e3o LGBTI, neste caso, especificamente, as demandas da popula\u00e7\u00e3o l\u00e9sbica.<\/p>\n<p style=\"text-align: justify;\">\n<p>&nbsp;<\/p>\n","protected":false},"excerpt":{"rendered":"<p>A associa\u00e7\u00e3o lesbofeminista de Bras\u00edlia, Coturno de V\u00eanus, realizou o Lesbocenso, um mapeamento de l\u00e9sbicas e sapatonas do Distrito Federal. A pesquisa que come\u00e7ou a ser realizada em 2018, atrav\u00e9s [&hellip;]<\/p>\n","protected":false},"author":8,"featured_media":13362,"parent":0,"menu_order":0,"template":"","format":"standard","categories":[],"resources_country":[1190],"resources_language":[],"resources_audience":[],"resources_format":[],"resources_topic":[1103],"resources_year":[],"class_list":["post-13361","resources","type-resources","status-publish","format-standard","has-post-thumbnail","hentry","resources_country-brasil-pt-br","resources_topic-lgbti-pt-br"],"acf":[],"aioseo_notices":[],"_links":{"self":[{"href":"https:\/\/raceandequality.org\/pt-br\/wp-json\/wp\/v2\/resources\/13361","targetHints":{"allow":["GET"]}}],"collection":[{"href":"https:\/\/raceandequality.org\/pt-br\/wp-json\/wp\/v2\/resources"}],"about":[{"href":"https:\/\/raceandequality.org\/pt-br\/wp-json\/wp\/v2\/types\/resources"}],"author":[{"embeddable":true,"href":"https:\/\/raceandequality.org\/pt-br\/wp-json\/wp\/v2\/users\/8"}],"wp:featuredmedia":[{"embeddable":true,"href":"https:\/\/raceandequality.org\/pt-br\/wp-json\/wp\/v2\/media\/13362"}],"wp:attachment":[{"href":"https:\/\/raceandequality.org\/pt-br\/wp-json\/wp\/v2\/media?parent=13361"}],"wp:term":[{"taxonomy":"category","embeddable":true,"href":"https:\/\/raceandequality.org\/pt-br\/wp-json\/wp\/v2\/categories?post=13361"},{"taxonomy":"resources_country","embeddable":true,"href":"https:\/\/raceandequality.org\/pt-br\/wp-json\/wp\/v2\/resources_country?post=13361"},{"taxonomy":"resources_language","embeddable":true,"href":"https:\/\/raceandequality.org\/pt-br\/wp-json\/wp\/v2\/resources_language?post=13361"},{"taxonomy":"resources_audience","embeddable":true,"href":"https:\/\/raceandequality.org\/pt-br\/wp-json\/wp\/v2\/resources_audience?post=13361"},{"taxonomy":"resources_format","embeddable":true,"href":"https:\/\/raceandequality.org\/pt-br\/wp-json\/wp\/v2\/resources_format?post=13361"},{"taxonomy":"resources_topic","embeddable":true,"href":"https:\/\/raceandequality.org\/pt-br\/wp-json\/wp\/v2\/resources_topic?post=13361"},{"taxonomy":"resources_year","embeddable":true,"href":"https:\/\/raceandequality.org\/pt-br\/wp-json\/wp\/v2\/resources_year?post=13361"}],"curies":[{"name":"wp","href":"https:\/\/api.w.org\/{rel}","templated":true}]}}