{"id":14302,"date":"2022-06-10T15:21:21","date_gmt":"2022-06-10T15:21:21","guid":{"rendered":"http:\/\/race01.wp\/resources\/inauguracao-da-escola-de-formacao-politica-katia-tapety-reune-matriarcas-trans-e-liderancas-do-movimento-negro-indigena-e-lgbti-no-mam-rj\/"},"modified":"2023-08-04T18:01:25","modified_gmt":"2023-08-04T18:01:25","slug":"inauguracao-da-escola-de-formacao-politica-katia-tapety-reune-matriarcas-trans-e-liderancas-do-movimento-negro-indigena-e-lgbti-no-mam-rj","status":"publish","type":"resources","link":"https:\/\/raceandequality.org\/pt-br\/resources\/inauguracao-da-escola-de-formacao-politica-katia-tapety-reune-matriarcas-trans-e-liderancas-do-movimento-negro-indigena-e-lgbti-no-mam-rj\/","title":{"rendered":"Inaugura\u00e7\u00e3o da Escola de Forma\u00e7\u00e3o Pol\u00edtica K\u00e1tia Tapety re\u00fane matriarcas trans e lideran\u00e7as do movimento negro, ind\u00edgena e LGBTI+ no MAM-RJ"},"content":{"rendered":"<p style=\"text-align: justify;\"><strong>Brasil, 10 de junho de 2022 \u2013 <\/strong>O evento de lan\u00e7amento da <strong>Escola de Forma\u00e7\u00e3o Pol\u00edtica K\u00e1tia Tapety, <\/strong>promovido pelo Instituto Internacional sobre Ra\u00e7a, Igualdade e Direitos Humanos <strong>(Ra\u00e7a e Igualdade)<\/strong>, realizou um intento h\u00e1 muito aspirado pela comunidade e organiza\u00e7\u00f5es LGBTI+: reuniu matriarcas do movimento trans e lideran\u00e7as do movimento negro, ind\u00edgena e LGBTI+ do pa\u00eds. Realizado no Museu de Arte Moderna do Rio de Janeiro (MAM-RJ), no dia 10 de maio, o evento representou o pontap\u00e9 inicial do projeto de Forma\u00e7\u00e3o Pol\u00edtica para Mulheres LBTI, patrocinado pela Open Society Foundation, do qual a Escola representa uma das a\u00e7\u00f5es que envolve a capacita\u00e7\u00e3o pedag\u00f3gica e de fortalecimento democr\u00e1tico diante do aumento da viol\u00eancia pol\u00edtica e eleitoral de g\u00eanero e ra\u00e7a no pa\u00eds. [1] e [2]<\/p>\n<p style=\"text-align: justify;\">No painel de abertura, Carlos Quesada, Diretor Executivo de Ra\u00e7a e Igualdade, agradeceu as organiza\u00e7\u00f5es parceiras do projeto: Associa\u00e7\u00e3o Nacional de Travestis e Transexuais (ANTRA); Articula\u00e7\u00e3o Brasileira de L\u00e9sbicas (Rede ABL) e Rede Nacional de Negras e Negros LGBT (Rede Afro LGBT), ressaltando a miss\u00e3o institucional de Ra\u00e7a e Igualdade de fortalecimento das organiza\u00e7\u00f5es de base para que se tornem atores pol\u00edticos e promovam mudan\u00e7as estruturais em seus pa\u00edses. Nesse sentido, no que concerne ao futuro do projeto, Quesada destacou que \u201ca perspectiva \u00e9 ter n\u00e3o somente lideran\u00e7as negras, trans, l\u00e9sbicas ou bissexuais fortes no Brasil, mas que as vozes delas possam ser ouvidas, n\u00e3o s\u00f3 pela popula\u00e7\u00e3o LGBTI+, mas por toda popula\u00e7\u00e3o do pa\u00eds.&#8221;<\/p>\n<p style=\"text-align: justify;\">Mediado por Mariah Rafaela Silva, Oficial de Participa\u00e7\u00e3o Pol\u00edtica de Ra\u00e7a e Igualdade, o evento contou com duas mesas de debates: \u2018<strong>Trajet\u00f3rias coletivas para a participa\u00e7\u00e3o pol\u00edtica de mulheres negras, ind\u00edgenas e LBTI\u2019<\/strong><em>, <\/em>com a participa\u00e7\u00e3o de Ros\u00e2ngela Castro, representante da Rede Afro LGBT, Bruna Benevides, Secret\u00e1ria Nacional de Articula\u00e7\u00e3o Pol\u00edtica da Associa\u00e7\u00e3o Nacional de Travestis e Transexuais (ANTRA) e Michele Seixas, Coordenadora da Articula\u00e7\u00e3o Brasileira de L\u00e9sbicas (Rede ABL); na segunda mesa <strong>\u2018Articula\u00e7\u00f5es e estrat\u00e9gias de mulheres negras, ind\u00edgenas e LBTI para o fortalecimento da democracia no Brasil\u2019<\/strong>, participaram K\u00e1tia Tapety , primeira vereadora trans negra do Brasil; Samara Patax\u00f3, assessora jur\u00eddica da\u00a0Articula\u00e7\u00e3o dos Povos Ind\u00edgenas do Brasil (APIB) e respons\u00e1vel pelo N\u00facleo de Inclus\u00e3o e Diversidade da Secretaria-Geral da Presid\u00eancia do Tribunal Superior Eleitoral (TSE); Roberta Eug\u00eanio, advogada e pesquisadora do Instituto Alziras, e Keila Simpson, Presidenta da\u00a0ANTRA.<\/p>\n<p>&nbsp;<\/p>\n<blockquote>\n<p style=\"text-align: justify;\"><strong><em>\u201cMais do que um projeto, nosso objetivo \u00e9 de proporcionar transforma\u00e7\u00e3o social atrav\u00e9s da participa\u00e7\u00e3o pol\u00edtica de mulheres LBTI no processo eleitoral e fortalecendo a democracia, teremos mais par\u00e2metros e ferramentas para melhorar as pol\u00edticas de Direitos Humanos\u201d, <\/em>frisou Mariah Silva.<\/strong><\/p>\n<p>&nbsp;<\/p><\/blockquote>\n<p style=\"text-align: justify;\">Realizado por Ra\u00e7a e Igualdade, o evento contou com uma apresenta\u00e7\u00e3o especial; um curta documental sobre a mem\u00f3ria e hist\u00f3ria de K\u00e1tia Tapety na pol\u00edtica brasileira. Intitulado \u201c<strong>K\u00e1tia Tapety \u2013 O Legado da Democracia\u201d <\/strong>[2], o filme al\u00e9m de narrar as encruzilhadas da trajet\u00f3ria pol\u00edtica desta grande lideran\u00e7a do movimento trans negro, busca fazer uma homenagem em vida, pelo reconhecimento da sua contribui\u00e7\u00e3o para o fortalecimento do processo democr\u00e1tico. Eleita pela primeira vez em 1992, como vereadora pela cidade de Col\u00f4nia do Piau\u00ed, K\u00e1tia transp\u00f4s barreiras e consolidou uma importante carreira pol\u00edtica. Desse modo, o curta metragem manifesta-se como uma declara\u00e7\u00e3o de pot\u00eancia e empoderamento de mulheres para que sigam lutando pela democracia, para que possam ocupar espa\u00e7os de poder e, assim como K\u00e1tia Tapety, escrevam seus nomes nas casas legislativas do pa\u00eds.<\/p>\n<p>&nbsp;<\/p>\n<blockquote>\n<p style=\"text-align: justify;\"><strong><em>\u201cAgrade\u00e7o muito ao povo negro de minha cidade. Pois fui eleita vereadora por tr\u00eas mandatos, fui vice-prefeita e hoje sou Presidente de uma institui\u00e7\u00e3o mais antiga no Piau\u00ed, que \u00e9 a MOPAC [3]; e sou conselheira estadual na capital do Piau\u00ed. Sou conselheira atrav\u00e9s de voto! Fui eleita no sert\u00e3o de Cabra Macho,\u201d<\/em> comemora K\u00e1tia Tapety.<\/strong><\/p>\n<p>&nbsp;<\/p><\/blockquote>\n<p style=\"text-align: justify;\"><strong>Mulheres unidas pela democracia<\/strong><\/p>\n<p style=\"text-align: justify;\"><strong>\u00a0<\/strong>Com a participa\u00e7\u00e3o de importantes refer\u00eancias no enfrentamento do racismo, LGBTIfobia e misoginia institucional e estrutural, os pain\u00e9is de debate abriram a aula inaugural da Escola de Forma\u00e7\u00e3o Pol\u00edtica K\u00e1tia Tapety. Na plateia, matriarcas do movimento trans como Jonanna Baby &#8211; que participou do filme em homenagem \u00e0 K\u00e1tia \u2013 e Indianarae Siqueira, Presidente da Casa Nem, marcaram presen\u00e7a para prestigiar um palco de mulheres negras e LBTI que constroem ativamente perspectivas plurais para um futuro em que haja garantia e prote\u00e7\u00e3o dos direitos humanos. Compartilhamos alguns trechos dessas falas potentes que marcaram o evento de lan\u00e7amento:<\/p>\n<p>&nbsp;<\/p>\n<blockquote>\n<p style=\"text-align: justify;\"><strong><em>\u201cA constru\u00e7\u00e3o de uma Escola que re\u00fane travestis, mulheres trans e l\u00e9sbicas novamente com o que foi feito h\u00e1 30 anos, \u00e9 uma resposta leg\u00edtima para o que n\u00f3s n\u00e3o vamos mais aceitar que \u00e9 a invisibiliza\u00e7\u00e3o dessas pessoas que ainda seguem silenciadas sobretudo na pol\u00edtica e sub-representadas dentro do movimento LGBTI\u201d.<\/em> Bruna Benevides \u2013 ANTRA<\/strong><\/p>\n<p>&nbsp;<\/p>\n<p style=\"text-align: justify;\"><strong><em>\u201cExistia racismo dentro do movimento LGBTI, como existia LGBTIfobia dentro do movimento negro e hoje a gente consegue caminhar em paz. Agrade\u00e7o a Ra\u00e7a e Igualdade essa oportunidade de estarmos construindo juntas essa Escola de Forma\u00e7\u00e3o Pol\u00edtica (&#8230;) quantos enfrentamentos n\u00f3s l\u00e9sbicas e a comunidade de travestis passamos juntas e como isso nos torna irm\u00e3s\u201d.<\/em> Ros\u00e2ngela Castro \u2013 Rede Afro LGBT<\/strong><\/p>\n<p>&nbsp;<\/p><\/blockquote>\n<blockquote>\n<p style=\"text-align: justify;\"><strong><em>\u201cChegou a hora do movimento LBT ser protagonista! N\u00f3s somos a nossa pr\u00f3pria narrativa. Meu corpo \u00e9 pol\u00edtico. Eu n\u00e3o admito que ningu\u00e9m fale por mim! (&#8230;) Agrade\u00e7o a presen\u00e7a das sapatonas mais velhas, porque sem elas eu n\u00e3o estava aqui. Eu s\u00f3 estou dando continuidade ao que elas plantaram l\u00e1 atr\u00e1s e tenho muito orgulho de estar ao lado delas nessa caminhada\u201d.<\/em> Michele Seixas \u2013 ABL<\/strong><\/p>\n<p>&nbsp;<\/p>\n<p style=\"text-align: justify;\"><strong><em>\u201cRecebi um convite do Ministro Edson Fachin [4] para implantar um N\u00facleo de Inclus\u00e3o e Diversidade no TSE(&#8230;) \u00c9 um desafio falar sobre esses temas dentro de um sistema excludente, majoritariamente branco e de homens. Eu costumo dizer, o que aprendi com os meus, que a gente n\u00e3o constr\u00f3i uma casa pelo teto e sim pelos alicerces\u201d.<\/em> Samara Patax\u00f3 &#8211; APIB<\/strong><\/p>\n<p>&nbsp;<\/p>\n<p style=\"text-align: justify;\"><strong><em>\u201cA forma\u00e7\u00e3o pol\u00edtica \u00e9 algo que vai permanecer para nossas vidas futuras. Se a gente tivesse essa forma\u00e7\u00e3o l\u00e1 em 1992, desde a primeira vez que a K\u00e1tia foi eleita, provavelmente haveria tantas outras travestis na pol\u00edtica. Foi preciso passar anos para gente sacar que a nossa salva\u00e7\u00e3o seria a pol\u00edtica partid\u00e1ria. Porque pol\u00edtica a gente faz desde que coloca o peito para fora de casa (&#8230;) Eu tenho dito sempre: n\u00f3s n\u00e3o vamos voltar para \u00e0s margens\u201d.<\/em> Keila Simpson &#8211; ANTRA<\/strong><\/p>\n<p>&nbsp;<\/p>\n<p style=\"text-align: justify;\"><strong><em>\u201cO Instituto Alziras desenvolveu uma pesquisa <\/em><a href=\"https:\/\/raceandequality.org\/1417\"><em>\u201cO Perfil das Prefeitas no Brasil\u201d<\/em><\/a><em> [5] que comprova a manuten\u00e7\u00e3o da sub-representa\u00e7\u00e3o (&#8230;), sendo as mulheres negras representam apenas 4% das prefeitas eleitas e governam apenas para 3% da popula\u00e7\u00e3o brasileira. Isso significa que a representa\u00e7\u00e3o ainda est\u00e1 impossibilitada, porque se essas mulheres governam apenas para essa parcela da popula\u00e7\u00e3o e nos menores munic\u00edpios, que s\u00e3o os mais empobrecidos, n\u00f3s estamos falando que al\u00e9m de sub-representadas, as mulheres ainda passam pelas maiores dificuldades para se manter na pol\u00edtica\u201d.<\/em> Roberta Eug\u00eanio \u2013 Instituto Alziras<\/strong><\/p>\n<\/blockquote>\n<p style=\"text-align: justify;\">\n<p>&nbsp;<\/p>\n<p style=\"text-align: justify;\">Ap\u00f3s a apresenta\u00e7\u00e3o das mesas, o evento contou com as apresenta\u00e7\u00f5es art\u00edsticas da poeta Ludmila Lins e da cantora Dayo, al\u00e9m de um coquetel para celebrar o novo passo de Ra\u00e7a e Igualdade junto as organiza\u00e7\u00f5es da sociedade civil pela garantia da participa\u00e7\u00e3o de mulheres na esfera pol\u00edtica e de uma democracia inclusiva. A capacita\u00e7\u00e3o de lideran\u00e7as sociais femininas acontece de maio a setembro, atrav\u00e9s de aulas h\u00edbridas e tem o apoio da Open Society Foundations e da parceria com a Funda\u00e7\u00e3o Friedrich Ebert no Brasil.<\/p>\n<p style=\"text-align: justify;\">\n<p style=\"text-align: justify;\">\n<p>&nbsp;<\/p>\n<p>&nbsp;<\/p>\n<p>&nbsp;<\/p>\n<p style=\"text-align: justify;\">\n<p style=\"text-align: justify;\">[1] Assista a transmiss\u00e3o ao vivo do evento no canal de YouTube de Ra\u00e7a e Igualdade: <a href=\"https:\/\/raceandequality.org\/1418\">https:\/\/bit.ly\/3H1Hr8A<\/a><\/p>\n<p style=\"text-align: justify;\">[2] Assista a cobertura do evento realizada pelo CULTNE: <a href=\"https:\/\/raceandequality.org\/1419\">https:\/\/bit.ly\/397s4zf<\/a><\/p>\n<p style=\"text-align: justify;\">[2] Curta metragem em breve dispon\u00edvel no canal de YouTube de Ra\u00e7a e Igualdade.<\/p>\n<p style=\"text-align: justify;\">[3] Movimento Piauiense de Assist\u00eancia \u00e0 Cidadania LGBT<\/p>\n<p style=\"text-align: justify;\">[4] Presidente do Tribunal Superior Eleitoral (TSE)<\/p>\n<p style=\"text-align: justify;\">[5] Acesse a pesquisa pelo link: <a href=\"https:\/\/raceandequality.org\/1417\">http:\/\/prefeitas.institutoalziras.org.br\/<\/a><\/p>\n","protected":false},"excerpt":{"rendered":"<p>Brasil, 10 de junho de 2022 \u2013 O evento de lan\u00e7amento da Escola de Forma\u00e7\u00e3o Pol\u00edtica K\u00e1tia Tapety, promovido pelo Instituto Internacional sobre Ra\u00e7a, Igualdade e Direitos Humanos (Ra\u00e7a e [&hellip;]<\/p>\n","protected":false},"author":8,"featured_media":14303,"parent":0,"menu_order":0,"template":"","format":"standard","categories":[],"resources_country":[1189],"resources_language":[],"resources_audience":[],"resources_format":[],"resources_topic":[1104],"resources_year":[],"class_list":["post-14302","resources","type-resources","status-publish","format-standard","has-post-thumbnail","hentry","resources_country-brasil","resources_topic-lgbti-es"],"acf":[],"aioseo_notices":[],"_links":{"self":[{"href":"https:\/\/raceandequality.org\/pt-br\/wp-json\/wp\/v2\/resources\/14302","targetHints":{"allow":["GET"]}}],"collection":[{"href":"https:\/\/raceandequality.org\/pt-br\/wp-json\/wp\/v2\/resources"}],"about":[{"href":"https:\/\/raceandequality.org\/pt-br\/wp-json\/wp\/v2\/types\/resources"}],"author":[{"embeddable":true,"href":"https:\/\/raceandequality.org\/pt-br\/wp-json\/wp\/v2\/users\/8"}],"wp:featuredmedia":[{"embeddable":true,"href":"https:\/\/raceandequality.org\/pt-br\/wp-json\/wp\/v2\/media\/14303"}],"wp:attachment":[{"href":"https:\/\/raceandequality.org\/pt-br\/wp-json\/wp\/v2\/media?parent=14302"}],"wp:term":[{"taxonomy":"category","embeddable":true,"href":"https:\/\/raceandequality.org\/pt-br\/wp-json\/wp\/v2\/categories?post=14302"},{"taxonomy":"resources_country","embeddable":true,"href":"https:\/\/raceandequality.org\/pt-br\/wp-json\/wp\/v2\/resources_country?post=14302"},{"taxonomy":"resources_language","embeddable":true,"href":"https:\/\/raceandequality.org\/pt-br\/wp-json\/wp\/v2\/resources_language?post=14302"},{"taxonomy":"resources_audience","embeddable":true,"href":"https:\/\/raceandequality.org\/pt-br\/wp-json\/wp\/v2\/resources_audience?post=14302"},{"taxonomy":"resources_format","embeddable":true,"href":"https:\/\/raceandequality.org\/pt-br\/wp-json\/wp\/v2\/resources_format?post=14302"},{"taxonomy":"resources_topic","embeddable":true,"href":"https:\/\/raceandequality.org\/pt-br\/wp-json\/wp\/v2\/resources_topic?post=14302"},{"taxonomy":"resources_year","embeddable":true,"href":"https:\/\/raceandequality.org\/pt-br\/wp-json\/wp\/v2\/resources_year?post=14302"}],"curies":[{"name":"wp","href":"https:\/\/api.w.org\/{rel}","templated":true}]}}