{"id":17045,"date":"2023-05-31T21:58:07","date_gmt":"2023-05-31T21:58:07","guid":{"rendered":"https:\/\/racenadequapro.wpengine.com\/resources\/activistas-afrodescendientes-de-america-latina-y-el-caribe-se-toman-nueva-york-y-washington-d-c\/"},"modified":"2023-08-04T17:53:37","modified_gmt":"2023-08-04T17:53:37","slug":"ativistas-afrodescendentes-se-encontram-em-nova-iorque-e-washington-d-c","status":"publish","type":"resources","link":"https:\/\/raceandequality.org\/pt-br\/resources\/ativistas-afrodescendentes-se-encontram-em-nova-iorque-e-washington-d-c\/","title":{"rendered":"Ativistas Afrodescendentes se encontram em Nova Iorque e Washington D.C."},"content":{"rendered":"<p style=\"text-align: justify;\"><strong>Washington D.C, 31 de maio de 2023 \u2013 <\/strong>Em vistas da realiza\u00e7\u00e3o da segunda sess\u00e3o do <strong>F\u00f3rum Permanente de Afrodescendentes da ONU <\/strong>(PFPAD sigla em ingl\u00eas), que acontecer\u00e1 de 30 de maio a 02 de junho, em Nova Iorque (EUA), organiza\u00e7\u00f5es de mulheres afrodescendentes do Brasil, Col\u00f4mbia e Rep\u00fablica Dominicana formaram uma <strong>Delega\u00e7\u00e3o de Justi\u00e7a Racial<\/strong> para denunciar a viol\u00eancia racial e de g\u00eanero na Am\u00e9rica Latina. Apoiada pelo Instituto Internacional sobre Ra\u00e7a, Igualdade e Direitos Humanos <strong>(Ra\u00e7a e Igualdade<\/strong>) e pela <strong>Alian\u00e7a Negra pelo Fim da Viol\u00eancia (Fundo Elas)<\/strong>, A Delega\u00e7\u00e3o de Justi\u00e7a Racial tem como objetivo destacar a condi\u00e7\u00e3o das mulheres afrodescendentes e a resposta urgente para obter apoio internacional na constru\u00e7\u00e3o de agendas e projetos para combater, por meio de uma perspectiva interseccional, as diferentes maneiras pelas quais a viol\u00eancia racista afeta a vida das mulheres latinas.<\/p>\n<p style=\"text-align: justify;\">Al\u00e9m disso, Ra\u00e7a e Igualdade junto a Open Society Foundation est\u00e3o fomentando a participa\u00e7\u00e3o de mais 15 organiza\u00e7\u00f5es representadas, principalmente, por mulheres afrodescendentes da Am\u00e9rica Latina e do Caribe no F\u00f3rum Permanente de Afrodescendentes. Com isso, far\u00e3o parte desta Delega\u00e7\u00e3o de Justi\u00e7a Racial presente no F\u00f3rum, cerca de 30 organiza\u00e7\u00f5es em um chamado conjunto para coopera\u00e7\u00e3o internacional pelo fim da viol\u00eancia racial e de g\u00eanero nas Am\u00e9ricas. O objetivo desta delega\u00e7\u00e3o \u00e9 elaborar um relat\u00f3rio com recomenda\u00e7\u00f5es e pareceres sobre a primeira e segunda sess\u00e3o do F\u00f3rum Permanente para que seja apresentado na terceira sess\u00e3o, que est\u00e1 prevista para acontecer no Brasil ainda em 2023.<\/p>\n<p style=\"text-align: justify;\">O F\u00f3rum Permanente dos Afrodescendentes foi criado atrav\u00e9s da Resolu\u00e7\u00e3o <a href=\"https:\/\/undocs.org\/Home\/Mobile?FinalSymbol=A%2FRES%2F75%2F314&amp;Language=E&amp;DeviceType=Desktop&amp;LangRequested=False\">75\/314<\/a> da Assembleia Geral das Na\u00e7\u00f5es Unidas, em 2021, sendo um mecanismo de car\u00e1ter consultivo com o prop\u00f3sito de contribuir no combate ao racismo e na consolida\u00e7\u00e3o dos direitos da popula\u00e7\u00e3o afrodescendente, colaborando com o Conselho de Direitos Humanos e com outros mecanismos da ONU. A primeira reuni\u00e3o aconteceu em dezembro de 2022, em Genebra, na Su\u00ed\u00e7a e, durante o ano de 2023, al\u00e9m da pr\u00f3xima sess\u00e3o em Nova Iorque, o mecanismo pretende se reunir em dezembro, no Brasil. O F\u00f3rum Permanente dos Afrodescendentes foi instaurado entre as atividades de implementa\u00e7\u00e3o da D\u00e9cada Internacional de Afrodescendentes, sendo presidido por Epsy Campbell Bar, ex-vice-Presidente da Costa Rica.<\/p>\n<p style=\"text-align: justify;\"><strong>Evento Paralelo: Viol\u00eancia Racial e de G\u00eanero na Am\u00e9rica Latina<\/strong><\/p>\n<p style=\"text-align: justify;\">No dia 01 de junho (quinta-feira), \u00e0s 13h15 (Hora de Nova Iorque), na UN Church Center, no \u00e2mbito do F\u00f3rum Permanente dos Afrodescendentes, ser\u00e1 realizado o evento paralelo presencial <strong>\u2018Viol\u00eancia Racial e de G\u00eanero na Am\u00e9rica Latina\u2019, <\/strong>convocando os atores pol\u00edticos presentes em Nova Iorque para uma escuta ativa sobre a realidade das mulheres negras e LBTI latino-americanas. Com pain\u00e9is sobre \u2018Direito das Mulheres e Interseccionalidade\u2019 e \u2018A Vis\u00e3o da Sociedade Civil no Combate \u00e0 Viol\u00eancia de G\u00eanero na Am\u00e9rica Latina\u2019, o evento visa contribuir para que lideran\u00e7as da Am\u00e9rica Latina dialoguem sobre os diferentes contextos em que vivem, mas que a brutalidade do racismo estrutural lhes torna semelhantes quanto \u00e0 viol\u00eancia e discrimina\u00e7\u00e3o.<\/p>\n<p style=\"text-align: justify;\">Ademais, a urg\u00eancia em tratar da tem\u00e1tica sobre viol\u00eancia racial e de g\u00eanero tem como base dados que apontam para a Am\u00e9rica Latina como uma das regi\u00f5es mais violentas do eixo sul global, sendo a popula\u00e7\u00e3o negra a principal afetada pela aus\u00eancia de pol\u00edticas espec\u00edficas. Portanto, o objetivo desta delega\u00e7\u00e3o \u00e9 contribuir para a constru\u00e7\u00e3o da agenda e da declara\u00e7\u00e3o do F\u00f3rum Permanente com foco no combate \u00e0 viol\u00eancia racial e de g\u00eanero na Am\u00e9rica Latina. Al\u00e9m disso, estabelecer canais adequados para a obten\u00e7\u00e3o de dados desagregados para uma melhor implementa\u00e7\u00e3o e proposi\u00e7\u00e3o de pol\u00edticas p\u00fablicas adequadas \u00e0 realidade dos afrodescendentes, especialmente das mulheres afrodescendentes.<\/p>\n<p style=\"text-align: justify;\"><strong>Semana de Incid\u00eancia Pol\u00edtica em Washington D.C.<\/strong><\/p>\n<p style=\"text-align: justify;\">Com o intuito de fortalecer e dar continuidade ao trabalho que ser\u00e1 realizado no F\u00f3rum Permanente de Afrodescendentes, de 05 a 07 de junho, esta delega\u00e7\u00e3o ir\u00e1 se encaminhar para Washington D.C. Soma-se a esta iniciativa o apoio de organiza\u00e7\u00f5es como <em>o Washington Brasil Office <\/em>(WBO) e a <em>Black Women Radicals<\/em>, que contribuir\u00e3o na articula\u00e7\u00e3o da agenda com os interlocutores da capital norte-americana. Assim, ser\u00e3o promovidos encontros com representantes do Departamento do Estado e com Congressistas negros, como o <em>Black Caucus<\/em>; al\u00e9m de reuni\u00f5es com Miss\u00f5es da Organiza\u00e7\u00e3o dos Estados Americanos (OEA) e na Comiss\u00e3o Interamericana de Direitos Humanos (CIDH).<\/p>\n<p style=\"text-align: justify;\">Neste sentido, a Delega\u00e7\u00e3o de Justi\u00e7a Racial atuar\u00e1, estrategicamente, pela implementa\u00e7\u00e3o e fortalecimento de tratados internacionais bilaterais entre seus pa\u00edses, como a Conven\u00e7\u00e3o Interamericana contra o Racismo e Formas Correlatas de Intoler\u00e2ncia (CIRDI), o JAPER &#8211; Plano de A\u00e7\u00e3o Conjunta pela Elimina\u00e7\u00e3o da Discrimina\u00e7\u00e3o Racial e \u00c9tnica e Promo\u00e7\u00e3o da Igualdade, que acaba de ser reativado entre Brasil e Estados Unidos, e o CAPREE &#8211; Plano de A\u00e7\u00e3o entre os Estados Unidos e Col\u00f4mbia para a Igualdade Racial e \u00c9tnica.<\/p>\n<blockquote>\n<p style=\"text-align: justify;\">&#8220;Para essa delega\u00e7\u00e3o, \u00e9 fundamental que as mulheres afrodescendentes apresentem diretamente suas realidades e recomenda\u00e7\u00f5es para mudan\u00e7as positivas, pois elas desempenham um papel fundamental na defesa de suas comunidades. Al\u00e9m disso, o contexto da justi\u00e7a racial nas Am\u00e9ricas \u00e9 um dos pontos importantes para promover o interc\u00e2mbio entre as organiza\u00e7\u00f5es afro-latino-americanas e afro-americanas\u201d, explica Elvia Duque, Oficial de Ra\u00e7a e Etnicidade de Ra\u00e7a e Igualdade.<\/p>\n<\/blockquote>\n<p style=\"text-align: justify;\">Para encerrar a semana de incid\u00eancia pol\u00edtica, ser\u00e1 promovido o evento <strong>Movimento de mulheres negras em Washington D.C<\/strong>, no dia 07 de junho, \u00e0s 11h (DC), no \u00ccP\u00c0D\u00c9. O evento contar\u00e1 com a presen\u00e7a de Zakyia Carr Jhonson, Representante do Comit\u00ea de Rela\u00e7\u00f5es Exteriores do Congresso Americano, al\u00e9m das lideran\u00e7as que comp\u00f5em a delega\u00e7\u00e3o. Tendo justi\u00e7a racial como mote, ser\u00e1 ministrado um workshop sobre o tema e uma mesa redonda para que sejam articuladas estrat\u00e9gias de comunica\u00e7\u00e3o e de mobiliza\u00e7\u00e3o contra o racismo e a viol\u00eancia racial nas Am\u00e9ricas.<\/p>\n<p style=\"text-align: justify;\"><strong>Agenda<\/strong><\/p>\n<p style=\"text-align: justify;\"><strong>Delega\u00e7\u00e3o de Justi\u00e7a Racial de Mulheres Negras da Am\u00e9rica Latina e do Caribe<\/strong><\/p>\n<p style=\"text-align: justify;\"><strong>\u00a0<\/strong><em>F\u00f3rum Permanente de Afrodescendentes da ONU <\/em>\u2013 30 de maio a 02 de junho em Nova Iorque<\/p>\n<p style=\"text-align: justify;\"><em>Evento Paralelo: <\/em><strong>Viol\u00eancia Racial e de G\u00eanero na Am\u00e9rica Latina<\/strong><\/p>\n<p style=\"text-align: justify;\">01 de junho (quinta-feira), \u00e0s 13h15 (Hora de Nova Iorque),<\/p>\n<p style=\"text-align: justify;\">Local: UN Church Center &#8211; 777 United Nations Plaza, New York, NY 10017. Localizado 2 minutos a p\u00e9 da sede da ONU.<\/p>\n<p style=\"text-align: justify;\"><em>Semana de Incid\u00eancia em Washington DC<\/em> \u2013 de 05 a 07 de junho<\/p>\n<p style=\"text-align: justify;\">Evento: <strong>Movimento de mulheres negras em Washington D.C<\/strong><\/p>\n<p style=\"text-align: justify;\">07 de junho (quarta-feira), \u00e0s 11h (DC).<\/p>\n<p style=\"text-align: justify;\">Local: \u00ccP\u00c0D\u00c9 &#8211; 1734 20th St NW, Washington, DC 20009<\/p>\n","protected":false},"excerpt":{"rendered":"<p>Washington D.C, 31 de maio de 2023 \u2013 Em vistas da realiza\u00e7\u00e3o da segunda sess\u00e3o do F\u00f3rum Permanente de Afrodescendentes da ONU (PFPAD sigla em ingl\u00eas), que acontecer\u00e1 de 30 [&hellip;]<\/p>\n","protected":false},"author":8,"featured_media":17051,"parent":0,"menu_order":0,"template":"","format":"standard","categories":[],"resources_country":[1190,1192,1196],"resources_language":[],"resources_audience":[],"resources_format":[],"resources_topic":[1118,1110],"resources_year":[],"class_list":["post-17045","resources","type-resources","status-publish","format-standard","has-post-thumbnail","hentry","resources_country-brasil-pt-br","resources_country-colombia-pt-br","resources_country-republica-dominicana-pt-br","resources_topic-onu-pt-br","resources_topic-raca-e-igualdade"],"acf":[],"aioseo_notices":[],"_links":{"self":[{"href":"https:\/\/raceandequality.org\/pt-br\/wp-json\/wp\/v2\/resources\/17045","targetHints":{"allow":["GET"]}}],"collection":[{"href":"https:\/\/raceandequality.org\/pt-br\/wp-json\/wp\/v2\/resources"}],"about":[{"href":"https:\/\/raceandequality.org\/pt-br\/wp-json\/wp\/v2\/types\/resources"}],"author":[{"embeddable":true,"href":"https:\/\/raceandequality.org\/pt-br\/wp-json\/wp\/v2\/users\/8"}],"wp:featuredmedia":[{"embeddable":true,"href":"https:\/\/raceandequality.org\/pt-br\/wp-json\/wp\/v2\/media\/17051"}],"wp:attachment":[{"href":"https:\/\/raceandequality.org\/pt-br\/wp-json\/wp\/v2\/media?parent=17045"}],"wp:term":[{"taxonomy":"category","embeddable":true,"href":"https:\/\/raceandequality.org\/pt-br\/wp-json\/wp\/v2\/categories?post=17045"},{"taxonomy":"resources_country","embeddable":true,"href":"https:\/\/raceandequality.org\/pt-br\/wp-json\/wp\/v2\/resources_country?post=17045"},{"taxonomy":"resources_language","embeddable":true,"href":"https:\/\/raceandequality.org\/pt-br\/wp-json\/wp\/v2\/resources_language?post=17045"},{"taxonomy":"resources_audience","embeddable":true,"href":"https:\/\/raceandequality.org\/pt-br\/wp-json\/wp\/v2\/resources_audience?post=17045"},{"taxonomy":"resources_format","embeddable":true,"href":"https:\/\/raceandequality.org\/pt-br\/wp-json\/wp\/v2\/resources_format?post=17045"},{"taxonomy":"resources_topic","embeddable":true,"href":"https:\/\/raceandequality.org\/pt-br\/wp-json\/wp\/v2\/resources_topic?post=17045"},{"taxonomy":"resources_year","embeddable":true,"href":"https:\/\/raceandequality.org\/pt-br\/wp-json\/wp\/v2\/resources_year?post=17045"}],"curies":[{"name":"wp","href":"https:\/\/api.w.org\/{rel}","templated":true}]}}