{"id":17079,"date":"2023-06-21T23:36:23","date_gmt":"2023-06-21T23:36:23","guid":{"rendered":"https:\/\/racenadequapro.wpengine.com\/resources\/foro-interamericano-contra-la-discriminacion-celebra-10mo-aniversario-de-cirdi-en-el-marco-de-la-asamblea-general-oea\/"},"modified":"2023-08-04T18:01:24","modified_gmt":"2023-08-04T18:01:24","slug":"forum-interamericano-contra-a-discriminacao-celebrou-o-10o-aniversario-da-cirdi-no-marco-da-assembleia-da-oea","status":"publish","type":"resources","link":"https:\/\/raceandequality.org\/pt-br\/resources\/forum-interamericano-contra-a-discriminacao-celebrou-o-10o-aniversario-da-cirdi-no-marco-da-assembleia-da-oea\/","title":{"rendered":"F\u00f3rum Interamericano contra a Discrimina\u00e7\u00e3o celebrou o 10\u00ba anivers\u00e1rio da CIRDI no marco da Assembleia da OEA"},"content":{"rendered":"<p style=\"text-align: justify;\"><b>Washington D.C., 20 de junho de 2023 &#8211; <\/b><span style=\"font-weight: 400;\">O F\u00f3rum Interamericano contra a Discrimina\u00e7\u00e3o, evento anual do Instituto Internacional sobre Ra\u00e7a, Igualdade e Direitos Humanos (Raza e Igualdad) no \u00e2mbito da Assembleia da Organiza\u00e7\u00e3o dos Estados Americanos (OEA), reuniu representantes dos governos dos Estados Unidos e do Brasil, bem como especialistas e l\u00edderes afrodescendentes, ind\u00edgenas e LGBTI+ da regi\u00e3o em um di\u00e1logo efetivo sobre a discrimina\u00e7\u00e3o racial nas Am\u00e9ricas.\u00a0<\/span><\/p>\n<p style=\"text-align: justify;\"><span style=\"font-weight: 400;\">O F\u00f3rum deste ano teve como tema o <\/span><i><span style=\"font-weight: 400;\">&#8220;D\u00e9cimo Anivers\u00e1rio da Ado\u00e7\u00e3o da Conven\u00e7\u00e3o Interamericana contra o Racismo, Discrimina\u00e7\u00e3o Racial e Formas Correlatas de Intoler\u00e2ncia (CIRDI) e da Conven\u00e7\u00e3o Interamericana contra Todas as Formas de Discrimina\u00e7\u00e3o e Intoler\u00e2ncia (CIDI)&#8221;<\/span><\/i><span style=\"font-weight: 400;\">. O evento foi realizado no ic\u00f4nico National Museum of African American History and Culture (NMAAHC), em Washington D.C.\u00a0<\/span><\/p>\n<p style=\"text-align: justify;\"><span style=\"font-weight: 400;\">Carlos Quesada, Diretor Executivo de Ra\u00e7a e Igualdade, lembrou em seu discurso abertura que a CIRDI \u00e9 uma Conven\u00e7\u00e3o que versa sobre discrimina\u00e7\u00e3o racial de forma abrangente, servindo n\u00e3o apenas aos afrodescendentes, mas tamb\u00e9m aos povos ind\u00edgenas e ciganos.\u00a0<\/span><\/p>\n<p style=\"text-align: justify;\"><span style=\"font-weight: 400;\">O primeiro painel, \u2018<\/span><b>A D\u00edvida Hist\u00f3rica: Responsabilidade do Estado perante a CIRDI e a CIDI\u2019<\/b><span style=\"font-weight: 400;\">, contou com a presen\u00e7a de Joy-Dee Davis Lake,<\/span> <span style=\"font-weight: 400;\">Ministra Conselheira da Embaixada e Miss\u00e3o Permanente de Ant\u00edgua e Barbuda da OEA. Em seu relato, a Ministra enfatizou a constru\u00e7\u00e3o de um mundo melhor para a diversidade, sem discrimina\u00e7\u00e3o, onde cada indiv\u00edduo possa desenvolver seu pleno potencial. Este painel contou tamb\u00e9m com Luz Elena Ba\u00f1os Rivas, Embaixadora da Miss\u00e3o Permanente do M\u00e9xico Organiza\u00e7\u00e3o da OEA, que n\u00e3o pode comparecer presencialmente, no entanto enviou suas palavras de necessidade de comprometimento e fortalecimento da CIRDI aos Estados Membros da OEA.<\/span><\/p>\n<p style=\"text-align: justify;\"><span style=\"font-weight: 400;\">Moderado por Carlos Quesada, o segundo painel \u2018<\/span><b>Esfor\u00e7os Internacionais para Combater a Discrimina\u00e7\u00e3o Racial e \u00c9tnica\u2019<\/b><span style=\"font-weight: 400;\">, recebeu as palavras de Margarette May Macaulay, Presidenta da Comiss\u00e3o Interamericana de Direitos Humanos (CIDH); Desir\u00e9e Cormier-Smith, Representante Especial para Equidade e Justi\u00e7a Racial (SRREJ) do Departamento de Estado dos EUA, e Symmy Larrat, Secret\u00e1ria Nacional de Direitos LGBTQIA+ Minist\u00e9rio dos Direitos Humanos e Cidadania do Brasil.<\/span><\/p>\n<p style=\"text-align: justify;\"><i><span style=\"font-weight: 400;\">\u201c\u00c9 necess\u00e1ria aten\u00e7\u00e3o para a representa\u00e7\u00e3o racial na Comiss\u00e3o Interamericana de Direitos Humanos (CIDH) e no Secretariado das Na\u00e7\u00f5es Unidas<\/span><\/i><i><span style=\"font-weight: 400;\">.<\/span><\/i><i><span style=\"font-weight: 400;\"> Al\u00e9m disso, conclamo a aos ministros dos governos e de partidos pol\u00edticos para que reflitam sobre a resist\u00eancia e a ina\u00e7\u00e3o para aprova\u00e7\u00e3o da CIRDI pelos Estados Membros\u201d,<\/span><\/i><span style=\"font-weight: 400;\"> disse Margarette May Macaulay.\u00a0<\/span><\/p>\n<p style=\"text-align: justify;\"><i><span style=\"font-weight: 400;\">&#8220;Temos que concordar em manter a janela da justi\u00e7a racial e social aberta, \u00e9 nossa responsabilidade se esta janela se fechar&#8221;<\/span><\/i><span style=\"font-weight: 400;\">, <\/span><span style=\"font-weight: 400;\">enfatizou <\/span><span style=\"font-weight: 400;\">Desir\u00e9e Cormier-Smith e conclamou todas as pessoas afrodescendentes a se capacitarem e influenciarem seus governos para construir uma democracia antirracista.\u00a0<\/span><\/p>\n<p style=\"text-align: justify;\"><span style=\"font-weight: 400;\">Em seu discurso, Symmy Larrat celebrou a retomada do Conselho de Participa\u00e7\u00e3o Popular LGBTI e anunciou a cria\u00e7\u00e3o de um Grupo de Trabalho sobre &#8216;Mem\u00f3ria e Verdade&#8217;, que ir\u00e1 contar com especialistas e membros da sociedade civil para implementa\u00e7\u00e3o de pol\u00edticas p\u00fablicas que versem sobre repara\u00e7\u00e3o hist\u00f3rica para a popula\u00e7\u00e3o<\/span> <span style=\"font-weight: 400;\">LGBTI<\/span><span style=\"font-weight: 400;\">. <\/span><i><span style=\"font-weight: 400;\">\u201c\u00c9 um desafio fortalecer os movimentos sociais LGBTI com um congresso t\u00e3o conservador. Vencemos as elei\u00e7\u00f5es, mas n\u00e3o vencemos a onda fascista\u201d<\/span><\/i><span style=\"font-weight: 400;\">, desabafa.\u00a0<\/span><\/p>\n<p style=\"text-align: justify;\"><span style=\"font-weight: 400;\">Lideran\u00e7as afro e ind\u00edgenas da sociedade civil da Am\u00e9rica Latina apresentaram seus relatos no painel \u2018<\/span><b>Experi\u00eancias Regionais: a Inclus\u00e3o como Ferramenta para Fortalecer Vozes Diversas\u2019. <\/b><span style=\"font-weight: 400;\">Com modera\u00e7\u00e3o de Cecilia Ram\u00edrez,<\/span> <span style=\"font-weight: 400;\">Diretora Executiva do Centro para o Desenvolvimento da Mulher Negra Peruana (CEDEMUNEP), o di\u00e1logo contou com os brasileiros; Maur\u00edcio Yek&#8217;uana, Diretor Hutukara Associa\u00e7\u00e3o Yanomami, que chamou a aten\u00e7\u00e3o para o avan\u00e7o do narcotr\u00e1fico entre os pa\u00edses que fazem fronteira com as terras ind\u00edgenas Yanomami do Brasil. &#8220;Al\u00e9m dos garimpeiros que estamos denunciando h\u00e1 anos, fac\u00e7\u00f5es criminosas est\u00e3o chegando e a a\u00e7\u00e3o do governo ainda \u00e9 insuficiente para conter os invasores na regi\u00e3o&#8221;, disse Maur\u00edcio Yek&#8217;uana. Da mesma forma, Adailton Moreira, Babalorix\u00e1 do Il\u00ea Ax\u00e9 Omiojuar\u00f4, que denunciou o racismo religioso e a anu\u00eancia do Estado pela inexist\u00eancia de pol\u00edticas p\u00fablicas que possam coibir a viol\u00eancia contra as religi\u00f5es de matriz africana.\u00a0<\/span><\/p>\n<p style=\"text-align: justify;\"><span style=\"font-weight: 400;\">Representando a agenda LGBTI, o painel contou com a participa\u00e7\u00e3o de Sandra Milena Arizabaleta, Representante Legal da Funda\u00e7\u00e3o Afrodescendente para a Diversidade Social e Sexual (SOMOS IDENTIDAD), da Col\u00f4mbia; e do nicaraguense Yader de los \u00c1ngeles Paraj\u00f3n Guti\u00e9rrez, ativista LGBT e membro da Associa\u00e7\u00e3o M\u00e3es de Abril e do Partido Unamos.\u00a0<\/span><\/p>\n<p style=\"text-align: justify;\"><i><span style=\"font-weight: 400;\">&#8220;A educa\u00e7\u00e3o e a vontade pol\u00edtica do antifascismo s\u00e3o necess\u00e1rias para a inclus\u00e3o real. As autoridades devem servir como uma ponte entre o ativismo e o governo&#8221;<\/span><\/i><span style=\"font-weight: 400;\">, apontou Sandra Milena Arizabaleta.\u00a0<\/span><\/p>\n<p style=\"text-align: justify;\"><span style=\"font-weight: 400;\">Yader de los \u00c1ngeles Paraj\u00f3n concluiu:<\/span><i><span style=\"font-weight: 400;\"> &#8220;A Nicar\u00e1gua tem uma d\u00edvida com a identidade de g\u00eanero. A viol\u00eancia gerada pela ditadura est\u00e1 em todos os n\u00edveis, \u00e9 silenciosa. Muitos ativistas s\u00e3o perseguidos. Nesse sistema, eles n\u00e3o vivem mais, mas sobrevivem&#8221;<\/span><\/i><span style=\"font-weight: 400;\">.\u00a0<\/span><\/p>\n<p style=\"text-align: justify;\"><span style=\"font-weight: 400;\">Ainda neste painel, participaram a ind\u00edgena guatemalteca Wendy Geraldina L\u00f3pez Rosales<\/span><i><span style=\"font-weight: 400;\">, <\/span><\/i><span style=\"font-weight: 400;\">Integrante e Advogada da Unidade de Prote\u00e7\u00e3o a Defensoras e Defensores de Direitos Humanos da Guatemala (UDEFEGUA); e o ativista cubano, Jorge Luis Garc\u00eda P\u00e9rez, que conclamaram por uma alian\u00e7a efetiva\u00a0 pelos direitos dos seus povos.<\/span><\/p>\n<p style=\"text-align: justify;\"><i><span style=\"font-weight: 400;\">&#8220;O Estado guatemalteco emite mandados de pris\u00e3o contra os povos ind\u00edgenas, criminalizando e submetendo ao tratamento desumano. Nos tratam como invasores, mas ningu\u00e9m pode ser invasor de uma terra que historicamente lhes pertence&#8221;<\/span><\/i><span style=\"font-weight: 400;\">, alerta Wendy L\u00f3pez.\u00a0<\/span><\/p>\n<p style=\"text-align: justify;\"><i><span style=\"font-weight: 400;\">&#8220;Sou um ex-prisioneiro pol\u00edtico de Castro. E minha fam\u00edlia \u00e9 v\u00edtima de uma persegui\u00e7\u00e3o feroz por ser negra, por ser opositora. A ditadura tamb\u00e9m n\u00e3o admite nenhum tipo de f\u00e9&#8221;, <\/span><\/i><span style=\"font-weight: 400;\">denunciou <\/span><span style=\"font-weight: 400;\">Jorge Luis Garc\u00eda P\u00e9rez ao ressaltar que em Cuba tamb\u00e9m h\u00e1 persegui\u00e7\u00e3o religiosa com base na discrimina\u00e7\u00e3o racial.\u00a0<\/span><\/p>\n<p style=\"text-align: justify;\"><span style=\"font-weight: 400;\">O \u00faltimo painel, \u2018<\/span><b>Coaliz\u00e3o Afrodescendente das Am\u00e9ricas e o 53\u00ba Per\u00edodo Ordin\u00e1rio de Sess\u00f5es da Assembleia Geral da OEA\u2019<\/b><span style=\"font-weight: 400;\">, moderado por Elvia Duque, Oficial S\u00eanior do Programa de Ra\u00e7a e Etnicidade Ra\u00e7a e Igualdade, levou ao p\u00fablico um maior conhecimento sobre a 53<\/span><span style=\"font-weight: 400;\">\u00aa <\/span><span style=\"font-weight: 400;\">Assembleia Geral da OEA com a presen\u00e7a de Paulina Corominas, Diretora do Escrit\u00f3rio da Sociedade Civil do Departamento de Rela\u00e7\u00f5es Internacionais da OEA; e de Rosa Castro dan Associa\u00e7\u00e3o de Mulheres da Costa de Oaxaca e Coordenadora da Coaliz\u00e3o Afrodescendente das Am\u00e9ricas da 53\u00aa Assembleia Geral da OEA.\u00a0<\/span><\/p>\n<p style=\"text-align: justify;\"><span style=\"font-weight: 400;\">Paula Corominas explicou que h\u00e1 tr\u00eas coaliz\u00f5es tem\u00e1ticas formadas dentro da <\/span><span style=\"font-weight: 400;\">53\u00aa Assembleia Geral da OEA e que no dia 21 de junho ser\u00e1 r<\/span><span style=\"font-weight: 400;\">ealizado o di\u00e1logo entre os representantes da OEA com a sociedade civil. Por sua vez, Rosa Castro apontou algumas das demandas da Coaliz\u00e3o Afrodescendente das Am\u00e9rica que implicam reuni\u00e3o de alto n\u00edvel para o 10\u00ba anivers\u00e1rio da CIRDI e uma agenda em que se contemple um fundo para os afrodescendentes.<\/span><\/p>\n<p style=\"text-align: justify;\"><span style=\"font-weight: 400;\">A partir destas diversas vozes que fizeram ressoar as diferentes realidades e contextos dos povos afrodescendentes, ind\u00edgenas e LGBTI da Am\u00e9rica Latina, Ra\u00e7a e Igualdade apresentou um chamado de uni\u00e3o para as Am\u00e9ricas no combate ao racismo e a discrimina\u00e7\u00e3o racial. Tendo a CIRDI como mote para um plano efetivo de sua implementa\u00e7\u00e3o por todos os Estados Membros da OEA at\u00e9 2024, seguimos em alian\u00e7a, apoiando e capacitando as organiza\u00e7\u00f5es da sociedade civil para que possam cada vez mais ocupar estes espa\u00e7os estrat\u00e9gicos como o F\u00f3rum Interamericano contra a Discrimina\u00e7\u00e3o.<\/span><\/p>\n<p style=\"text-align: justify;\"><span style=\"font-weight: 400;\">Perdeu o evento? Assista atrav\u00e9s deste link: <\/span><a href=\"https:\/\/t.co\/7bDEMkuqX9\"><span style=\"font-weight: 400;\">fb.watch\/lhnPl8jt7F\/<\/span><\/a><\/p>\n<p style=\"text-align: justify;\"><span style=\"font-weight: 400;\">Conhe\u00e7a nossa campanha CIRDI 2024: <\/span><a href=\"https:\/\/cirdi2024.org\/pt\/\"><span style=\"font-weight: 400;\">https:\/\/cirdi2024.org\/pt\/<\/span><\/a><span style=\"font-weight: 400;\">\u00a0<\/span><\/p>\n","protected":false},"excerpt":{"rendered":"<p>Washington D.C., 20 de junho de 2023 &#8211; O F\u00f3rum Interamericano contra a Discrimina\u00e7\u00e3o, evento anual do Instituto Internacional sobre Ra\u00e7a, Igualdade e Direitos Humanos (Raza e Igualdad) no \u00e2mbito [&hellip;]<\/p>\n","protected":false},"author":8,"featured_media":17077,"parent":0,"menu_order":0,"template":"","format":"standard","categories":[],"resources_country":[1192,1194,1198,1200,1202],"resources_language":[],"resources_audience":[],"resources_format":[],"resources_topic":[1099,1103,1105],"resources_year":[],"class_list":["post-17079","resources","type-resources","status-publish","format-standard","has-post-thumbnail","hentry","resources_country-colombia-pt-br","resources_country-cuba-pt-br","resources_country-mexico-pt-br","resources_country-nicaragua-pt-br","resources_country-peru-pt-br","resources_topic-cidh-pt-br","resources_topic-lgbti-pt-br","resources_topic-oea-pt-br"],"acf":[],"aioseo_notices":[],"_links":{"self":[{"href":"https:\/\/raceandequality.org\/pt-br\/wp-json\/wp\/v2\/resources\/17079","targetHints":{"allow":["GET"]}}],"collection":[{"href":"https:\/\/raceandequality.org\/pt-br\/wp-json\/wp\/v2\/resources"}],"about":[{"href":"https:\/\/raceandequality.org\/pt-br\/wp-json\/wp\/v2\/types\/resources"}],"author":[{"embeddable":true,"href":"https:\/\/raceandequality.org\/pt-br\/wp-json\/wp\/v2\/users\/8"}],"wp:featuredmedia":[{"embeddable":true,"href":"https:\/\/raceandequality.org\/pt-br\/wp-json\/wp\/v2\/media\/17077"}],"wp:attachment":[{"href":"https:\/\/raceandequality.org\/pt-br\/wp-json\/wp\/v2\/media?parent=17079"}],"wp:term":[{"taxonomy":"category","embeddable":true,"href":"https:\/\/raceandequality.org\/pt-br\/wp-json\/wp\/v2\/categories?post=17079"},{"taxonomy":"resources_country","embeddable":true,"href":"https:\/\/raceandequality.org\/pt-br\/wp-json\/wp\/v2\/resources_country?post=17079"},{"taxonomy":"resources_language","embeddable":true,"href":"https:\/\/raceandequality.org\/pt-br\/wp-json\/wp\/v2\/resources_language?post=17079"},{"taxonomy":"resources_audience","embeddable":true,"href":"https:\/\/raceandequality.org\/pt-br\/wp-json\/wp\/v2\/resources_audience?post=17079"},{"taxonomy":"resources_format","embeddable":true,"href":"https:\/\/raceandequality.org\/pt-br\/wp-json\/wp\/v2\/resources_format?post=17079"},{"taxonomy":"resources_topic","embeddable":true,"href":"https:\/\/raceandequality.org\/pt-br\/wp-json\/wp\/v2\/resources_topic?post=17079"},{"taxonomy":"resources_year","embeddable":true,"href":"https:\/\/raceandequality.org\/pt-br\/wp-json\/wp\/v2\/resources_year?post=17079"}],"curies":[{"name":"wp","href":"https:\/\/api.w.org\/{rel}","templated":true}]}}