{"id":17663,"date":"2023-10-13T12:45:45","date_gmt":"2023-10-13T12:45:45","guid":{"rendered":"https:\/\/raceandequality.org\/?post_type=resources&#038;p=17663"},"modified":"2023-10-17T16:48:52","modified_gmt":"2023-10-17T16:48:52","slug":"sociedade-civil-celebra-a-nomeacao-de-graeme-reid-como-terceiro-especialista-independente-das-nacoes-unidas-em-orientacao-sexual-e-identidade-de-genero-e-reconhece-as-conquistas-de-victor-madrigal-bor","status":"publish","type":"resources","link":"https:\/\/raceandequality.org\/pt-br\/resources\/sociedade-civil-celebra-a-nomeacao-de-graeme-reid-como-terceiro-especialista-independente-das-nacoes-unidas-em-orientacao-sexual-e-identidade-de-genero-e-reconhece-as-conquistas-de-victor-madrigal-bor\/","title":{"rendered":"Sociedade Civil Celebra a Nomea\u00e7\u00e3o de Graeme Reid como Terceiro Especialista Independente das Na\u00e7\u00f5es Unidas em Orienta\u00e7\u00e3o Sexual e Identidade de G\u00eanero e Reconhece as Conquistas de Victor Madrigal-Borloz"},"content":{"rendered":"<p><strong>Genebra, 13 de outubro de 2023.-<\/strong> O Presidente do Conselho de Direitos Humanos das Na\u00e7\u00f5es Unidas nomeou Graeme Reid como o pr\u00f3ximo Especialista Independente encarregado de abordar a viol\u00eancia e a discrimina\u00e7\u00e3o contra indiv\u00edduos devido \u00e0 sua orienta\u00e7\u00e3o sexual e identidade de g\u00eanero (SOGI).<\/p>\n<p>Essa nomea\u00e7\u00e3o ocorreu hoje no Conselho de Direitos Humanos das Na\u00e7\u00f5es Unidas, ap\u00f3s sua indica\u00e7\u00e3o pelo Presidente do \u00f3rg\u00e3o governamental composto por 47 membros, respons\u00e1vel pela supervis\u00e3o dos direitos humanos globais, no m\u00eas passado. Graeme Reid assumir\u00e1 essa fun\u00e7\u00e3o em 1\u00ba de novembro de 2023.<\/p>\n<p>Anthropologist e pesquisador da \u00c1frica do Sul, Reid atualmente ocupa o cargo de Diretor do Programa de Direitos LGBT na Human Rights Watch. Ele se torna a terceira pessoa a ocupar o mandato das Na\u00e7\u00f5es Unidas especificamente destinado a combater viola\u00e7\u00f5es dos direitos humanos contra pessoas LGBTQ+ e de identidades de g\u00eanero diversas, sucedendo a Vitit Muntarbhorn da Tail\u00e2ndia (2016-2017) e a Victor Madrigal-Borloz da Costa Rica (2017-2023).<\/p>\n<p>Organiza\u00e7\u00f5es da sociedade civil em todo o mundo receberam com entusiasmo essa decis\u00e3o: &#8220;Bilh\u00f5es de pessoas continuam a viver em sociedades com leis e atitudes sociais que colocam em perigo pessoas LGBTI&#8221;, disseram organiza\u00e7\u00f5es XYZ do mundo inteiro. &#8220;Dada sua vasta experi\u00eancia em defesa e academia, juntamente com seu compromisso inabal\u00e1vel em ouvir as vozes dos defensores dos direitos humanos de base, confiamos que Reid poder\u00e1 promover maior compreens\u00e3o e lembrar aos Estados de suas obriga\u00e7\u00f5es para com pessoas de diversas orienta\u00e7\u00f5es sexuais e identidades de g\u00eanero em todo o mundo. Como sociedade civil, aguardamos com expectativa um engajamento construtivo com o novo titular do mandato.&#8221;<\/p>\n<p>Essa nomea\u00e7\u00e3o segue um longo processo de sele\u00e7\u00e3o, que incluiu a pr\u00e9-sele\u00e7\u00e3o de 23 candidatos, realiza\u00e7\u00e3o de entrevistas e, finalmente, a nomea\u00e7\u00e3o sob a supervis\u00e3o dos Estados Membros do Conselho de Direitos Humanos das Na\u00e7\u00f5es Unidas. No in\u00edcio deste m\u00eas, organiza\u00e7\u00f5es globais expressaram preocupa\u00e7\u00e3o com a aus\u00eancia de mulheres e pessoas n\u00e3o bin\u00e1rias na lista de candidatos recomendados pelo Grupo Consultivo, conforme destacado durante a recente sess\u00e3o do Conselho de Direitos Humanos. &#8220;Assegurar a participa\u00e7\u00e3o e representa\u00e7\u00e3o das mulheres \u00e9 fundamental para refletir as diversas realidades de suas vidas&#8221;, enfatizaram essas organiza\u00e7\u00f5es.<\/p>\n<p>Em junho de 2022, o Conselho de Direitos Humanos renovou com sucesso o mandato do Especialista Independente sobre viol\u00eancia e discrimina\u00e7\u00e3o com base na orienta\u00e7\u00e3o sexual e identidade de g\u00eanero. A renova\u00e7\u00e3o reconheceu e reafirmou a import\u00e2ncia vital da manuten\u00e7\u00e3o desse mandato, \u00e0 medida que as comunidades LGBTQ+ em todo o mundo continuam a enfrentar viol\u00eancia e discrimina\u00e7\u00e3o com base em sua SOGI.<\/p>\n<p>Victor Madrigal-Borloz, o atual titular do mandato, permanecer\u00e1 no cargo at\u00e9 o final do m\u00eas. Organiza\u00e7\u00f5es da sociedade civil tamb\u00e9m aproveitaram este momento para celebrar as realiza\u00e7\u00f5es dos \u00faltimos seis anos, afirmando: &#8220;Hoje tamb\u00e9m queremos celebrar tudo o que foi conquistado nos \u00faltimos seis anos&#8221;. Gra\u00e7as aos esfor\u00e7os de V\u00edctor Madrigal-Borloz, o mundo passou a compreender melhor o impacto da criminaliza\u00e7\u00e3o de rela\u00e7\u00f5es entre pessoas do mesmo sexo, a necessidade de reconhecimento legal da identidade de g\u00eanero, as barreiras \u00e0 inclus\u00e3o social, a import\u00e2ncia da coleta de dados relacionados \u00e0s vidas LGBTI+ e os danos causados pela chamada &#8216;terapia de convers\u00e3o&#8217;, entre outros. Madrigal-Borloz tamb\u00e9m destacou as melhores pr\u00e1ticas para prevenir a discrimina\u00e7\u00e3o e realizou visitas \u00e0 Ge\u00f3rgia, Mo\u00e7ambique, Tun\u00edsia, Ucr\u00e2nia, Estados Unidos e Reino Unido, construindo pontes entre a sociedade civil, l\u00edderes pol\u00edticos e autoridades religiosas. Em um momento em que grupos anti-direitos est\u00e3o se tornando cada vez mais vocais e direcionando suas comunidades como parte de um ataque mais amplo \u00e0 igualdade de g\u00eanero, \u00e9 crucial que o trabalho do mandato continue e receba apoio tanto dos Estados quanto da sociedade civil.<\/p>\n","protected":false},"excerpt":{"rendered":"<p>Hoje cedo, o Presidente do Conselho de Direitos Humanos das Na\u00e7\u00f5es Unidas designou Graeme Reid como o pr\u00f3ximo Especialista Independente respons\u00e1vel por abordar a viol\u00eancia e a discrimina\u00e7\u00e3o com base na orienta\u00e7\u00e3o sexual e identidade de g\u00eanero.<\/p>\n","protected":false},"author":13,"featured_media":17664,"parent":0,"menu_order":0,"template":"","format":"standard","categories":[],"resources_country":[1190],"resources_language":[],"resources_audience":[],"resources_format":[],"resources_topic":[1103,1118],"resources_year":[],"class_list":["post-17663","resources","type-resources","status-publish","format-standard","has-post-thumbnail","hentry","resources_country-brasil-pt-br","resources_topic-lgbti-pt-br","resources_topic-onu-pt-br"],"acf":[],"aioseo_notices":[],"_links":{"self":[{"href":"https:\/\/raceandequality.org\/pt-br\/wp-json\/wp\/v2\/resources\/17663","targetHints":{"allow":["GET"]}}],"collection":[{"href":"https:\/\/raceandequality.org\/pt-br\/wp-json\/wp\/v2\/resources"}],"about":[{"href":"https:\/\/raceandequality.org\/pt-br\/wp-json\/wp\/v2\/types\/resources"}],"author":[{"embeddable":true,"href":"https:\/\/raceandequality.org\/pt-br\/wp-json\/wp\/v2\/users\/13"}],"wp:featuredmedia":[{"embeddable":true,"href":"https:\/\/raceandequality.org\/pt-br\/wp-json\/wp\/v2\/media\/17664"}],"wp:attachment":[{"href":"https:\/\/raceandequality.org\/pt-br\/wp-json\/wp\/v2\/media?parent=17663"}],"wp:term":[{"taxonomy":"category","embeddable":true,"href":"https:\/\/raceandequality.org\/pt-br\/wp-json\/wp\/v2\/categories?post=17663"},{"taxonomy":"resources_country","embeddable":true,"href":"https:\/\/raceandequality.org\/pt-br\/wp-json\/wp\/v2\/resources_country?post=17663"},{"taxonomy":"resources_language","embeddable":true,"href":"https:\/\/raceandequality.org\/pt-br\/wp-json\/wp\/v2\/resources_language?post=17663"},{"taxonomy":"resources_audience","embeddable":true,"href":"https:\/\/raceandequality.org\/pt-br\/wp-json\/wp\/v2\/resources_audience?post=17663"},{"taxonomy":"resources_format","embeddable":true,"href":"https:\/\/raceandequality.org\/pt-br\/wp-json\/wp\/v2\/resources_format?post=17663"},{"taxonomy":"resources_topic","embeddable":true,"href":"https:\/\/raceandequality.org\/pt-br\/wp-json\/wp\/v2\/resources_topic?post=17663"},{"taxonomy":"resources_year","embeddable":true,"href":"https:\/\/raceandequality.org\/pt-br\/wp-json\/wp\/v2\/resources_year?post=17663"}],"curies":[{"name":"wp","href":"https:\/\/api.w.org\/{rel}","templated":true}]}}