{"id":18031,"date":"2024-01-29T15:39:06","date_gmt":"2024-01-29T15:39:06","guid":{"rendered":"https:\/\/raceandequality.org\/?post_type=resources&#038;p=18031"},"modified":"2024-01-29T15:39:06","modified_gmt":"2024-01-29T15:39:06","slug":"20-de-luta-trans-a-revolucao-pelos-direitos-do-movimento-brasileiro","status":"publish","type":"resources","link":"https:\/\/raceandequality.org\/pt-br\/resources\/20-de-luta-trans-a-revolucao-pelos-direitos-do-movimento-brasileiro\/","title":{"rendered":"20 de luta trans: A revolu\u00e7\u00e3o pelos direitos do movimento brasileiro"},"content":{"rendered":"<p><strong>Brasil, 29 de janeiro de 2024<\/strong>. \u2013 Hoje completam 20 anos que pela primeira vez, um grupo de pessoas trans, travestis e transexuais ocupou o Congresso Nacional em Bras\u00edlia para participar de decis\u00f5es das pol\u00edticas p\u00fablicas. Este evento ocorreu no \u00e2mbito do lan\u00e7amento da campanha <strong>&#8220;Travesti e Respeito: J\u00e1 est\u00e1 na hora dos dois serem vistos juntos, em casa, na boate, na escola, no trabalho, na vida&#8221;<\/strong>, onde lideran\u00e7as do movimento organizado de travestis, transg\u00eaneros e transexuais estabeleceram uma articula\u00e7\u00e3o com o Programa Nacional de DST e Aids do Minist\u00e9rio da Sa\u00fade, com o objetivo de formular pol\u00edticas espec\u00edficas para a sa\u00fade e prote\u00e7\u00e3o da popula\u00e7\u00e3o trans.<a href=\"#_ftn1\" name=\"_ftnref1\">[1]<\/a><\/p>\n<p>Esse marco marcou a hist\u00f3ria do movimento trans no Brasil ao instituir o <strong>Dia Nacional da Visibilidade Trans<\/strong>. Gra\u00e7as ao trabalho da defesa de direitos e aos v\u00e1rios esfor\u00e7os das organiza\u00e7\u00f5es trans da sociedade civil, o pa\u00eds comemora todos os anos as exist\u00eancias trans com dignidade e no pleno gozo dos direitos humanos.<\/p>\n<p>Neste dia, o Instituto sobre Ra\u00e7a, Igualdade e Direitos Humanos (Ra\u00e7a e Igualdade) enfatiza a import\u00e2ncia do reconhecimento abrangente das pessoas trans e do acesso aos seus direitos fundamentais num pa\u00eds onde a taxa de mortalidade de pessoas trans \u00e9 a mais alta do mundo.<\/p>\n<p>Segundo a <strong>ANTRA<\/strong>, durante o ano de 2023 foram notificadas 155 mortes de pessoas trans, superando o valor do ano passado. 145 destes n\u00fameros correspondem a homic\u00eddios e 10 a casos de suic\u00eddios. Com o objetivo de acabar com a discrimina\u00e7\u00e3o e a viol\u00eancia estrutural, o movimento trans brasileiro tem desempenhado um papel crucial na conscientiza\u00e7\u00e3o sobre os problemas que enfrentam, incluindo a falta de acesso aos servi\u00e7os b\u00e1sicos como educa\u00e7\u00e3o, sa\u00fade e trabalho; e, no geral, continuam a trabalhar para alcan\u00e7ar e defender os seus direitos mais essenciais.<\/p>\n<p>Embora os avan\u00e7os sejam muito importantes, ainda \u00e9 dever do Estado garantir o pleno exerc\u00edcio de todos os direitos. \u201cGostaria de viver dentro de um curto espa\u00e7o de tempo de ter seguran\u00e7a p\u00fablica para poder acessar todos os espa\u00e7os, junto com sa\u00fade integral para a popula\u00e7\u00e3o trans\u201d, destaca Dom Erick, transmasculino amazonense, 32 anos, gordo e pansexual, formado em Psicologia, membro do <strong>IBRAT<\/strong>. Nessa linha, Rame Ferreira, elu, Doutorando em Hist\u00f3ria (UFRGS), bolsista da CAPES, tamb\u00e9m menciona a import\u00e2ncia do \u201cacesso ao atendimento ambulatorial e \u00e0 hormoniza\u00e7\u00e3o em qualquer Unidade B\u00e1sica de Sa\u00fade\u201d.<\/p>\n<p>Outro ponto importante \u00e9 o acesso \u00e0 participa\u00e7\u00e3o pol\u00edtica e o acesso aos cargos p\u00fablicos por parte de pessoas trans. \u201cCom as transforma\u00e7\u00f5es pol\u00edticas e sociais no Brasil, temos pessoas trans mais instru\u00eddas dentro do espa\u00e7o pol\u00edtico e com esse espa\u00e7o conquistamos uma lideran\u00e7a para que as pessoas trans ocupem espa\u00e7os de poder nas esferas federal, estadual e municipal. \u201cEssa \u00e9 uma conquista para o movimento\u201d, disse Bruna Ravena Braga, mulher trans, estudante da <a href=\"https:\/\/raceandequality.org\/pt-br\/resources\/inauguracao-da-escola-de-formacao-politica-katia-tapety-reune-matriarcas-trans-e-liderancas-do-movimento-negro-indigena-e-lgbti-no-mam-rj\/\"><strong>Escola de Forma\u00e7\u00e3o Pol\u00edtica K\u00e1tia Tapety<\/strong><\/a>, ativista da ONG Casa de Malh\u00fa, afirmando que dentro desses processos de inclus\u00e3o seriam \u00fateis as cotas para acessar esses espa\u00e7os.<\/p>\n<p>Como se sabe, no Brasil, as pessoas trans enfrentam muitos desafios, por\u00e9m, o movimento trans brasileiro comparado a outros pa\u00edses da regi\u00e3o, obteve avan\u00e7os importantes desde a ocupa\u00e7\u00e3o do Congresso Nacional.<\/p>\n<p>Por isso, neste dia de 28 de janeiro, em Bras\u00edlia, acontecer\u00e1 a <strong>Primeira Marsha Nacional da Visibilidade Trans em frente ao Congresso Nacional<\/strong>. Ser\u00e3o 20 anos desse marco hist\u00f3rico, e em comemora\u00e7\u00e3o \u00e0 luta e \u00e0 mem\u00f3ria de pessoas como Marsha P Johnson, Katia Tapety, Jovanna Baby, Keila Simpson, Erika Hilton e Duda Salabert, o Congresso Nacional ser\u00e1 mais uma vez palco de celebra\u00e7\u00e3o e reivindica\u00e7\u00f5es. Participe da 1\u00aa Marsha Nacional pela Visibilidade Trans, no dia 28 de janeiro, em Bras\u00edlia, a partir das 13h. Um encontro pelos direitos na democracia e uma vida sem viol\u00eancia.<\/p>\n<p>A partir de Ra\u00e7a e Igualdade, acompanharemos as diversas atividades que ser\u00e3o realizadas em Bras\u00edlia, reafirmando nosso compromisso em contribuir com a defesa e promo\u00e7\u00e3o dos direitos humanos e com o objetivo conjunto de garantir a igualdade e a dignidade das pessoas trans.<\/p>\n<p>&nbsp;<\/p>\n<p><a href=\"#_ftnref1\" name=\"_ftn1\">[1]<\/a> Campanha Travestis \u2013 2002. Dispon\u00edvel em: https:\/\/antigo.aids.gov.br\/pt-br\/campanha\/campanha-travestis-2002<\/p>\n","protected":false},"excerpt":{"rendered":"<p>Brasil, 29 de janeiro de 2024. \u2013 Hoje completam 20 anos que pela primeira vez, um grupo de pessoas trans, travestis e transexuais ocupou o Congresso Nacional em Bras\u00edlia para [&hellip;]<\/p>\n","protected":false},"author":8,"featured_media":18032,"parent":0,"menu_order":0,"template":"","format":"standard","categories":[],"resources_country":[1190],"resources_language":[],"resources_audience":[],"resources_format":[],"resources_topic":[1103,1116],"resources_year":[],"class_list":["post-18031","resources","type-resources","status-publish","format-standard","has-post-thumbnail","hentry","resources_country-brasil-pt-br","resources_topic-lgbti-pt-br","resources_topic-pessoas-trans"],"acf":[],"aioseo_notices":[],"_links":{"self":[{"href":"https:\/\/raceandequality.org\/pt-br\/wp-json\/wp\/v2\/resources\/18031","targetHints":{"allow":["GET"]}}],"collection":[{"href":"https:\/\/raceandequality.org\/pt-br\/wp-json\/wp\/v2\/resources"}],"about":[{"href":"https:\/\/raceandequality.org\/pt-br\/wp-json\/wp\/v2\/types\/resources"}],"author":[{"embeddable":true,"href":"https:\/\/raceandequality.org\/pt-br\/wp-json\/wp\/v2\/users\/8"}],"wp:featuredmedia":[{"embeddable":true,"href":"https:\/\/raceandequality.org\/pt-br\/wp-json\/wp\/v2\/media\/18032"}],"wp:attachment":[{"href":"https:\/\/raceandequality.org\/pt-br\/wp-json\/wp\/v2\/media?parent=18031"}],"wp:term":[{"taxonomy":"category","embeddable":true,"href":"https:\/\/raceandequality.org\/pt-br\/wp-json\/wp\/v2\/categories?post=18031"},{"taxonomy":"resources_country","embeddable":true,"href":"https:\/\/raceandequality.org\/pt-br\/wp-json\/wp\/v2\/resources_country?post=18031"},{"taxonomy":"resources_language","embeddable":true,"href":"https:\/\/raceandequality.org\/pt-br\/wp-json\/wp\/v2\/resources_language?post=18031"},{"taxonomy":"resources_audience","embeddable":true,"href":"https:\/\/raceandequality.org\/pt-br\/wp-json\/wp\/v2\/resources_audience?post=18031"},{"taxonomy":"resources_format","embeddable":true,"href":"https:\/\/raceandequality.org\/pt-br\/wp-json\/wp\/v2\/resources_format?post=18031"},{"taxonomy":"resources_topic","embeddable":true,"href":"https:\/\/raceandequality.org\/pt-br\/wp-json\/wp\/v2\/resources_topic?post=18031"},{"taxonomy":"resources_year","embeddable":true,"href":"https:\/\/raceandequality.org\/pt-br\/wp-json\/wp\/v2\/resources_year?post=18031"}],"curies":[{"name":"wp","href":"https:\/\/api.w.org\/{rel}","templated":true}]}}