{"id":18630,"date":"2024-06-28T12:13:57","date_gmt":"2024-06-28T12:13:57","guid":{"rendered":"https:\/\/raceandequality.org\/?post_type=resources&#038;p=18630"},"modified":"2024-06-28T12:22:03","modified_gmt":"2024-06-28T12:22:03","slug":"organizacoes-lgbti-que-tornam-o-orgulho-possivel-na-america-latina","status":"publish","type":"resources","link":"https:\/\/raceandequality.org\/pt-br\/resources\/organizacoes-lgbti-que-tornam-o-orgulho-possivel-na-america-latina\/","title":{"rendered":"Organiza\u00e7\u00f5es LGBTI que tornam o Orgulho poss\u00edvel na Am\u00e9rica Latina"},"content":{"rendered":"<p><strong>Washington DC., 28 de junho de 2024.-<\/strong> No Dia Internacional do Orgulho LGBTI+, a Ra\u00e7a e Igualdade reconhece que a luta pelos direitos das pessoas LGBTI+ tem sido uma longa e cont\u00ednua batalha, marcada pelo papel fundamental das organiza\u00e7\u00f5es da sociedade civil (OSCs) e pelos avan\u00e7os significativos na promo\u00e7\u00e3o e defesa dos direitos das pessoas LGBTI+ que contribu\u00edram para sua visibilidade e prote\u00e7\u00e3o.<\/p>\n<p>Tamb\u00e9m reconhecemos que, sem o trabalho \u00e1rduo de longa data das OSCs, nenhuma celebra\u00e7\u00e3o ou reivindica\u00e7\u00e3o do Dia do Orgulho como o conhecemos hoje teria sido poss\u00edvel. Neste momento, na Am\u00e9rica Latina e no Caribe, ap\u00f3s a onda antidemocr\u00e1tica e ultraconservadora que destruiu alguns dos \u00faltimos avan\u00e7os em direitos humanos, o movimento LGBTI+ continua resistindo e se defendendo.<\/p>\n<p>Por isso, Ra\u00e7a e Igualdade destaca o trabalho de organiza\u00e7\u00f5es e defensores LGBTI+ do Brasil, Col\u00f4mbia, Peru e Cuba que, mesmo nos contextos adversos de seus pa\u00edses, tornam o Orgulho poss\u00edvel e contribuem estrategicamente para os direitos humanos das seguintes formas:<\/p>\n<ol>\n<li><strong>Defendendo o direito \u00e0 identidade de g\u00eanero: <\/strong>A Fraternidad Trans Masculina Peru, \u00e9 uma OSC, cujo objetivo de trabalho \u00e9 a defesa dos direitos humanos das pessoas que se identificam como transmasculinas. Atualmente, est\u00e3o realizando processos judiciais para alterar nomes e a categoria &#8220;sexo&#8221; no documento de identidade nacional para pessoas trans masculinas em situa\u00e7\u00e3o de vulnerabilidade. At\u00e9 o momento, a FTM conseguiu litigar mais de 60 casos de mudan\u00e7a de nome.<\/li>\n<li><strong>Promovendo a participa\u00e7\u00e3o pol\u00edtica: <\/strong>A Articula\u00e7\u00e3o Brasileira de L\u00e9sbicas &#8211; ABL \u00e9 uma rede de mulheres l\u00e9sbicas e bissexuais atuantes nas cinco regi\u00f5es do Brasil. Sua principal atividade \u00e9 a educa\u00e7\u00e3o pol\u00edtica e a participa\u00e7\u00e3o na incid\u00eancia social e pol\u00edtica. A ABL tem dialogado nos mais diversos espa\u00e7os como terreiros, igrejas, escolas, comunidades tradicionais e nas periferias e favelas das cidades. Seu papel na luta do sapat\u00e3o tem sido estar nos espa\u00e7os de poder, discutindo principalmente a luta contra a lesbofobia, o lesboc\u00eddio e o lesbo-\u00f3dio.<\/li>\n<li><strong>Pesquisa e visibilidade: <\/strong>O Museu Virtual da Mem\u00f3ria contra a Viol\u00eancia de G\u00eanero \u00e9 uma organiza\u00e7\u00e3o cidad\u00e3 que nasceu h\u00e1 dois anos. Este ano conseguiu lan\u00e7ar, com o apoio da Ra\u00e7a e Igualdade, o primeiro <a href=\"https:\/\/raceandequality.org\/wp-content\/uploads\/2024\/05\/Informe-Si-no-nos-mencionan-no-existimos_Cuba.pdf\">relat\u00f3rio sobre lesbofobia em Cuba<\/a>. Da mesma forma, o coletivo transfeminista e antirracista Rosa Rabiosa, do Peru, tem monitorado as popula\u00e7\u00f5es trans e n\u00e3o-bin\u00e1rias do Peru durante os per\u00edodos de vota\u00e7\u00e3o, a fim de promover sua participa\u00e7\u00e3o e evitar qualquer caso de discrimina\u00e7\u00e3o. A partir dessas experi\u00eancias, eles elaboraram o relat\u00f3rio <em>Vigilando Nuestro Voto<\/em>, que estar\u00e1 dispon\u00edvel muito em breve.<\/li>\n<li><strong>Lutando pela educa\u00e7\u00e3o das pessoas LGBTI: <\/strong>Funda\u00e7\u00e3o Afrodescendente para as Diversidades Sociais e Sexuais &#8211; <em>Somos Identidad<\/em> \u00e9 uma organiza\u00e7\u00e3o de base de comunidades negras, criada a partir de uma perspectiva interseccional que trabalha para reconhecer, aprimorar e tornar vis\u00edveis as interse\u00e7\u00f5es de ra\u00e7a, etnia, g\u00eanero e diversidade sexual. Eles realizam processos pedag\u00f3gicos antirracistas para acompanhar a entrada de pessoas afro-LGBTI+ no ensino superior na Col\u00f4mbia, especificamente no Pac\u00edfico Sul e nas periferias das cidades.<\/li>\n<\/ol>\n<p>O tempo e o esfor\u00e7o que defensores e organiza\u00e7\u00f5es LGBTI+ dedicam \u00e0 luta por sociedades mais justas na regi\u00e3o \u00e9 inestim\u00e1vel. N\u00e3o apenas foram fundamentais para promover mudan\u00e7as legais e sociais significativas, mas tamb\u00e9m desempenharam um papel crucial na transforma\u00e7\u00e3o cultural dos pa\u00edses. Com isso em mente, a Ra\u00e7a e Igualdade reafirma seu compromisso de continuar trabalhando lado a lado com os parceiros at\u00e9 que a dignidade plena seja alcan\u00e7ada, livre de discrimina\u00e7\u00e3o e viol\u00eancia contra as pessoas LGBTI+.<\/p>\n","protected":false},"excerpt":{"rendered":"<p>Washington DC., 28 de junho de 2024.- No Dia Internacional do Orgulho LGBTI+, a Ra\u00e7a e Igualdade reconhece que a luta pelos direitos das pessoas LGBTI+ tem sido uma longa [&hellip;]<\/p>\n","protected":false},"author":13,"featured_media":18617,"parent":0,"menu_order":0,"template":"","format":"standard","categories":[],"resources_country":[],"resources_language":[],"resources_audience":[],"resources_format":[],"resources_topic":[1103],"resources_year":[],"class_list":["post-18630","resources","type-resources","status-publish","format-standard","has-post-thumbnail","hentry","resources_topic-lgbti-pt-br"],"acf":[],"aioseo_notices":[],"_links":{"self":[{"href":"https:\/\/raceandequality.org\/pt-br\/wp-json\/wp\/v2\/resources\/18630","targetHints":{"allow":["GET"]}}],"collection":[{"href":"https:\/\/raceandequality.org\/pt-br\/wp-json\/wp\/v2\/resources"}],"about":[{"href":"https:\/\/raceandequality.org\/pt-br\/wp-json\/wp\/v2\/types\/resources"}],"author":[{"embeddable":true,"href":"https:\/\/raceandequality.org\/pt-br\/wp-json\/wp\/v2\/users\/13"}],"wp:featuredmedia":[{"embeddable":true,"href":"https:\/\/raceandequality.org\/pt-br\/wp-json\/wp\/v2\/media\/18617"}],"wp:attachment":[{"href":"https:\/\/raceandequality.org\/pt-br\/wp-json\/wp\/v2\/media?parent=18630"}],"wp:term":[{"taxonomy":"category","embeddable":true,"href":"https:\/\/raceandequality.org\/pt-br\/wp-json\/wp\/v2\/categories?post=18630"},{"taxonomy":"resources_country","embeddable":true,"href":"https:\/\/raceandequality.org\/pt-br\/wp-json\/wp\/v2\/resources_country?post=18630"},{"taxonomy":"resources_language","embeddable":true,"href":"https:\/\/raceandequality.org\/pt-br\/wp-json\/wp\/v2\/resources_language?post=18630"},{"taxonomy":"resources_audience","embeddable":true,"href":"https:\/\/raceandequality.org\/pt-br\/wp-json\/wp\/v2\/resources_audience?post=18630"},{"taxonomy":"resources_format","embeddable":true,"href":"https:\/\/raceandequality.org\/pt-br\/wp-json\/wp\/v2\/resources_format?post=18630"},{"taxonomy":"resources_topic","embeddable":true,"href":"https:\/\/raceandequality.org\/pt-br\/wp-json\/wp\/v2\/resources_topic?post=18630"},{"taxonomy":"resources_year","embeddable":true,"href":"https:\/\/raceandequality.org\/pt-br\/wp-json\/wp\/v2\/resources_year?post=18630"}],"curies":[{"name":"wp","href":"https:\/\/api.w.org\/{rel}","templated":true}]}}