{"id":8492,"date":"2020-10-01T19:49:03","date_gmt":"2020-10-01T19:49:03","guid":{"rendered":"http:\/\/race01.wp\/resources\/medidas-cautelares\/"},"modified":"2023-08-04T18:11:44","modified_gmt":"2023-08-04T18:11:44","slug":"medidas-cautelares","status":"publish","type":"resources","link":"https:\/\/raceandequality.org\/pt-br\/resources\/medidas-cautelares\/","title":{"rendered":"Ra\u00e7a e Igualdade lan\u00e7a material informativo sobre Medidas Cautelares para apoiar incid\u00eancia e ampliar conhecimento ante os mecanismos de prote\u00e7\u00e3o dos direitos humanos"},"content":{"rendered":"<p style=\"text-align: justify;\">O Instituto Internacional sobre Ra\u00e7a, Igualdade e Direitos Humanos (Ra\u00e7a e Igualdade) disponibiliza \u00e0 sociedade civil e ativistas do Brasil, o material informativo \u201c<em>As Medidas Cautelares da Comiss\u00e3o Interamericana de Direitos Humanos: procedimento e fun\u00e7\u00e3o&#8221;. <\/em>A vers\u00e3o em portugu\u00eas tem o objetivo de orientar advogades, organiza\u00e7\u00f5es da sociedade civil (OSCs) e ativistas de direitos humanos no processo de solicita\u00e7\u00e3o de medidas cautelares perante a Comiss\u00e3o Interamericana de Direitos Humanos (CIDH).<\/p>\n<p style=\"text-align: justify;\">Com apresenta\u00e7\u00e3o de casos hipot\u00e9ticos que perpassam prerrogativas das popula\u00e7\u00f5es LGBTI e ind\u00edgenas a quest\u00f5es raciais, o material informativo percorre o passo a passo necess\u00e1rio para que os defensores de direitos humanos sejam requerentes e\/ou benefici\u00e1rios das medidas cautelares. Ademais, o material serve como um guia de acesso r\u00e1pido e f\u00e1cil que aborda todo processo de documenta\u00e7\u00e3o \u00e0 argumenta\u00e7\u00e3o jur\u00eddica, de \u00a0\u00a0implementa\u00e7\u00e3o ao acompanhamento final.<\/p>\n<p style=\"text-align: justify;\">\u201cComo organiza\u00e7\u00e3o que busca fortalecer as capacidades da sociedade civil da regi\u00e3o na defesa e prote\u00e7\u00e3o dos direitos humanos, Ra\u00e7a e Igualdade apresenta este material que aborda o funcionamento dos mecanismos de prote\u00e7\u00e3o dos direitos humanos, ambos no Sistema Interamericano como nas Na\u00e7\u00f5es Unidas, com a expectativa de gerar maior acesso a eles por parte de nossos parceiros \u201d, afirma Christina Fetterhoff, Diretora S\u00eanior do Programa Legal para Ra\u00e7a e Igualdade.<\/p>\n<p style=\"text-align: justify;\">Junto ao material de Medidas Cautelares, somam-se v\u00eddeos l\u00fadicos e explicativos sobre a Organiza\u00e7\u00e3o dos Estados Americanos (OEA) e seus respectivos \u00f3rg\u00e3os, e tamb\u00e9m sobre a Organiza\u00e7\u00e3o das Na\u00e7\u00f5es Unidas (ONU), com o objetivo de contribuir para aumentar seu conhecimento e incid\u00eancia perante essas inst\u00e2ncias na defesa e prote\u00e7\u00e3o dos direitos humanos. S\u00e3o tr\u00eas v\u00eddeos que abordam o funcionamento da OEA, do Sistema Interamericano e da ONU, respectivamente. Por meio da interven\u00e7\u00e3o de quatro personagens de anima\u00e7\u00e3o e com o apoio de ilustra\u00e7\u00f5es, explicam o trabalho realizado por cada uma dessas inst\u00e2ncias e quais s\u00e3o os espa\u00e7os e mecanismos de a\u00e7\u00e3o \u00e0 disposi\u00e7\u00e3o da sociedade civil na defesa de direitos humanos.<\/p>\n<p style=\"text-align: justify;\">Disponibilizados em espanhol, por\u00e9m de forma muito simples e de f\u00e1cil entendimento, cada v\u00eddeo \u00e9 apresentado com uma narrativa que, traz mais detalhes, principalmente em rela\u00e7\u00e3o aos espa\u00e7os e mecanismos de participa\u00e7\u00e3o e incid\u00eancia da sociedade civil, al\u00e9m de incluir links para os sites oficiais dos casos em quest\u00e3o, nos quais as pessoas podem encontrar todas as informa\u00e7\u00f5es referidas.<\/p>\n<p style=\"text-align: justify;\">Ra\u00e7a e Igualdade \u00e9 uma organiza\u00e7\u00e3o n\u00e3o governamental para a defesa e prote\u00e7\u00e3o dos direitos humanos que trabalha com organiza\u00e7\u00f5es da sociedade civil e ativistas locais no Brasil e na Am\u00e9rica Latina. Desse modo, buscamos promover e proteger os direitos humanos das popula\u00e7\u00f5es vulnerabilizadas por causa de sua origem nacional ou \u00e9tnica, sua orienta\u00e7\u00e3o sexual ou sua identidade de g\u00eanero. Fortalecemos as organiza\u00e7\u00f5es de base para que se tornem atores pol\u00edticos e promovam mudan\u00e7as estruturais nos pa\u00edses em que atuam.<\/p>\n<p style=\"text-align: justify;\">Acesse o material de medidas cautelares: <a href=\"https:\/\/raceandequality.org\/53\">https:\/\/bit.ly\/3ikHI8V<\/a><\/p>\n<p style=\"text-align: justify;\">Acesse os v\u00eddeos atrav\u00e9s dos seguintes links:<\/p>\n<ul style=\"text-align: justify;\">\n<li><strong>OEA:<\/strong> <a href=\"https:\/\/raceandequality.org\/54\">https:\/\/bit.ly\/2QdZzTc<\/a><\/li>\n<li><strong>Sistema Interamericano:<\/strong> <a href=\"https:\/\/raceandequality.org\/55\">https:\/\/bit.ly\/2FIp90O<\/a><\/li>\n<li><strong>ONU:<\/strong> <a href=\"https:\/\/raceandequality.org\/56\">https:\/\/bit.ly\/31hwddc\u00a0<\/a><\/li>\n<\/ul>\n<p style=\"text-align: justify;\">\n","protected":false},"excerpt":{"rendered":"<p>O Instituto Internacional sobre Ra\u00e7a, Igualdade e Direitos Humanos (Ra\u00e7a e Igualdade) disponibiliza \u00e0 sociedade civil e ativistas do Brasil, o material informativo \u201cAs Medidas Cautelares da Comiss\u00e3o Interamericana de [&hellip;]<\/p>\n","protected":false},"author":8,"featured_media":7611,"parent":0,"menu_order":0,"template":"","format":"standard","categories":[],"resources_country":[1189],"resources_language":[],"resources_audience":[],"resources_format":[],"resources_topic":[1100,1104,1106,1117,1109],"resources_year":[],"class_list":["post-8492","resources","type-resources","status-publish","format-standard","has-post-thumbnail","hentry","resources_country-brasil","resources_topic-cidh","resources_topic-lgbti-es","resources_topic-oea-es","resources_topic-onu","resources_topic-raza-e-igualdad"],"acf":[],"aioseo_notices":[],"_links":{"self":[{"href":"https:\/\/raceandequality.org\/pt-br\/wp-json\/wp\/v2\/resources\/8492","targetHints":{"allow":["GET"]}}],"collection":[{"href":"https:\/\/raceandequality.org\/pt-br\/wp-json\/wp\/v2\/resources"}],"about":[{"href":"https:\/\/raceandequality.org\/pt-br\/wp-json\/wp\/v2\/types\/resources"}],"author":[{"embeddable":true,"href":"https:\/\/raceandequality.org\/pt-br\/wp-json\/wp\/v2\/users\/8"}],"wp:featuredmedia":[{"embeddable":true,"href":"https:\/\/raceandequality.org\/pt-br\/wp-json\/wp\/v2\/media\/7611"}],"wp:attachment":[{"href":"https:\/\/raceandequality.org\/pt-br\/wp-json\/wp\/v2\/media?parent=8492"}],"wp:term":[{"taxonomy":"category","embeddable":true,"href":"https:\/\/raceandequality.org\/pt-br\/wp-json\/wp\/v2\/categories?post=8492"},{"taxonomy":"resources_country","embeddable":true,"href":"https:\/\/raceandequality.org\/pt-br\/wp-json\/wp\/v2\/resources_country?post=8492"},{"taxonomy":"resources_language","embeddable":true,"href":"https:\/\/raceandequality.org\/pt-br\/wp-json\/wp\/v2\/resources_language?post=8492"},{"taxonomy":"resources_audience","embeddable":true,"href":"https:\/\/raceandequality.org\/pt-br\/wp-json\/wp\/v2\/resources_audience?post=8492"},{"taxonomy":"resources_format","embeddable":true,"href":"https:\/\/raceandequality.org\/pt-br\/wp-json\/wp\/v2\/resources_format?post=8492"},{"taxonomy":"resources_topic","embeddable":true,"href":"https:\/\/raceandequality.org\/pt-br\/wp-json\/wp\/v2\/resources_topic?post=8492"},{"taxonomy":"resources_year","embeddable":true,"href":"https:\/\/raceandequality.org\/pt-br\/wp-json\/wp\/v2\/resources_year?post=8492"}],"curies":[{"name":"wp","href":"https:\/\/api.w.org\/{rel}","templated":true}]}}