{"id":16984,"date":"2023-07-27T19:33:48","date_gmt":"2023-07-27T19:33:48","guid":{"rendered":"https:\/\/racenadequapro.wpengine.com\/where_we_work\/uniao-europeia\/"},"modified":"2023-07-28T22:39:39","modified_gmt":"2023-07-28T22:39:39","slug":"uniao-europeia","status":"publish","type":"where_we_work","link":"https:\/\/raceandequality.org\/pt-br\/where_we_work\/uniao-europeia\/","title":{"rendered":"Uni\u00e3o Europeia"},"content":{"rendered":"<div class=\"wpb-content-wrapper\"><p>[vc_row el_class=&#8221;maincontent-single&#8221;][vc_column offset=&#8221;vc_col-lg-offset-1 vc_col-lg-10 vc_col-md-offset-0 vc_col-md-12 vc_col-xs-12&#8243;][vc_column_text]<\/p>\n<h3 style=\"text-align: center;\">Sobre a Uni\u00e3o Europeia<\/h3>\n<p>[\/vc_column_text][vc_row_inner][vc_column_inner][vc_column_text]A Uni\u00e3o Europeia (UE) \u00e9 uma associa\u00e7\u00e3o econ\u00f3mica e pol\u00edtica composta atualmente por 27 pa\u00edses europeus. Em seus prim\u00f3rdios (1958) foi chamada de Comunidade Econ\u00f4mica Europeia, pois era a coopera\u00e7\u00e3o econ\u00f4mica entre seis pa\u00edses para reduzir as possibilidades de conflito entre eles. Isto criou um grande mercado \u00fanico e, desde 1993, a Uni\u00e3o Europeia tem abrangido muitos dom\u00ednios pol\u00edticos, desde o ambiente e a sa\u00fade at\u00e9 \u00e0s rela\u00e7\u00f5es externas e \u00e0 seguran\u00e7a.<\/p>\n<p>O quadro institucional e o sistema de tomada de decis\u00f5es da UE s\u00e3o constitu\u00eddos por quatro institui\u00e7\u00f5es principais: o Conselho Europeu, a <strong>Comiss\u00e3o<\/strong> Europeia<strong>, <\/strong>o <strong>Parlamento Europeu<\/strong> e <strong>o Conselho da UE<\/strong>. Um dos objectivos da Uni\u00e3o Europeia \u00e9 a promo\u00e7\u00e3o dos direitos humanos, da democracia e do Estado de direito, tanto na pol\u00edtica interna como nas suas rela\u00e7\u00f5es externas.[\/vc_column_text][\/vc_column_inner][\/vc_row_inner][\/vc_column][\/vc_row][vc_row equal_height=&#8221;yes&#8221; content_placement=&#8221;middle&#8221; el_class=&#8221;ourwork-single&#8221;][vc_column width=&#8221;1\/2&#8243;][vc_column_text]<\/p>\n<h2><strong>O nosso trabalho na Uni\u00e3o Europeia<\/strong><\/h2>\n<p>As institui\u00e7\u00f5es e os espa\u00e7os de participa\u00e7\u00e3o da UE oferecem mecanismos de defesa para tornar mais vis\u00edveis as viola\u00e7\u00f5es dos direitos humanos nos pa\u00edses da Am\u00e9rica Latina e das Cara\u00edbas. Nesse sentido, a Ra\u00e7a e Igualdade realiza um trabalho articulado e coordenado de advocacy com outras organiza\u00e7\u00f5es e redes da sociedade civil perante diferentes forma\u00e7\u00f5es do Parlamento Europeu, como a Subcomiss\u00e3o de Direitos Humanos, a Comiss\u00e3o de Rela\u00e7\u00f5es Exteriores e as Delega\u00e7\u00f5es para as Rela\u00e7\u00f5es com regi\u00f5es e pa\u00edses da Am\u00e9rica Latina, bem como perante os secretariados dos grupos pol\u00edticos.<\/p>\n<p>Exerce igualmente press\u00e3o junto do Servi\u00e7o Europeu para a A\u00e7\u00e3o Externa (a entidade da UE que executa a Pol\u00edtica Externa e de Seguran\u00e7a Comum da UE e conduz rela\u00e7\u00f5es diplom\u00e1ticas com outros pa\u00edses), do gabinete do Representante Especial da UE para os Direitos Humanos e da Dire\u00e7\u00e3o de Parcerias Internacionais da Comiss\u00e3o Europeia. A n\u00edvel dos Estados-Membros da UE, o nosso foco de trabalho \u00e9 o Grupo de Trabalho sobre a Am\u00e9rica Latina e as Cara\u00edbas do Conselho da UE (COLAC). A Ra\u00e7a e Igualdade tamb\u00e9m oferece assist\u00eancia t\u00e9cnica e treinamento a organiza\u00e7\u00f5es e ativistas na Am\u00e9rica Latina, facilitando seu acesso \u00e0s institui\u00e7\u00f5es, mecanismos e processos de trabalho da UE.<\/p>\n<p>Atualmente, a Ra\u00e7a e Igualdade tem um representante em Bruxelas, que \u00e9 respons\u00e1vel por desenhar e executar a estrat\u00e9gia de advocacy da organiza\u00e7\u00e3o perante as institui\u00e7\u00f5es da Uni\u00e3o Europeia e seus diferentes \u00f3rg\u00e3os.[\/vc_column_text][\/vc_column][vc_column width=&#8221;1\/2&#8243;][vc_single_image image=&#8221;16749&#8243; img_size=&#8221;full&#8221;][\/vc_column][\/vc_row]<\/p>\n<\/div>","protected":false},"featured_media":16746,"template":"","categories":[],"www_type":[1321],"class_list":["post-16984","where_we_work","type-where_we_work","status-publish","has-post-thumbnail","hentry","www_type-organization-pt-br"],"acf":[],"aioseo_notices":[],"_links":{"self":[{"href":"https:\/\/raceandequality.org\/pt-br\/wp-json\/wp\/v2\/where_we_work\/16984","targetHints":{"allow":["GET"]}}],"collection":[{"href":"https:\/\/raceandequality.org\/pt-br\/wp-json\/wp\/v2\/where_we_work"}],"about":[{"href":"https:\/\/raceandequality.org\/pt-br\/wp-json\/wp\/v2\/types\/where_we_work"}],"wp:featuredmedia":[{"embeddable":true,"href":"https:\/\/raceandequality.org\/pt-br\/wp-json\/wp\/v2\/media\/16746"}],"wp:attachment":[{"href":"https:\/\/raceandequality.org\/pt-br\/wp-json\/wp\/v2\/media?parent=16984"}],"wp:term":[{"taxonomy":"category","embeddable":true,"href":"https:\/\/raceandequality.org\/pt-br\/wp-json\/wp\/v2\/categories?post=16984"},{"taxonomy":"www_type","embeddable":true,"href":"https:\/\/raceandequality.org\/pt-br\/wp-json\/wp\/v2\/www_type?post=16984"}],"curies":[{"name":"wp","href":"https:\/\/api.w.org\/{rel}","templated":true}]}}