{"id":16999,"date":"2022-05-19T20:35:27","date_gmt":"2022-05-19T20:35:27","guid":{"rendered":"https:\/\/racenadequapro.wpengine.com\/where_we_work\/colombia\/"},"modified":"2023-10-04T18:42:54","modified_gmt":"2023-10-04T18:42:54","slug":"colombia","status":"publish","type":"where_we_work","link":"https:\/\/raceandequality.org\/pt-br\/where_we_work\/colombia\/","title":{"rendered":"Col\u00f4mbia"},"content":{"rendered":"<div class=\"wpb-content-wrapper\"><p>[vc_row el_class=&#8221;maincontent-single&#8221;][vc_column offset=&#8221;vc_col-lg-offset-1 vc_col-lg-10 vc_col-md-offset-0 vc_col-md-12 vc_col-xs-12&#8243;][vc_row_inner][vc_column_inner width=&#8221;1\/2&#8243;][vc_column_text]<strong>Na Col\u00f4mbia, um conflito armado interno que durou v\u00e1rias d\u00e9cadas deu lugar a padr\u00f5es sist\u00eamicos de viol\u00eancia, racismo e discrimina\u00e7\u00e3o racial, particularmente contra comunidades afrodescendentes v\u00edtimas de deslocamento for\u00e7ado. Esse contexto foi exacerbado por pol\u00edticas governamentais inadequadas em rela\u00e7\u00e3o ao tratamento das v\u00edtimas e evoluiu, nos \u00faltimos anos, para a viol\u00eancia policial racializada.<\/strong><\/p>\n<p>Apesar dos esfor\u00e7os feitos tanto pelo Governo quanto por organiza\u00e7\u00f5es da sociedade civil, continuam ocorrendo n\u00edveis alarmantes de viola\u00e7\u00f5es e viol\u00eancia contra defensores e lideran\u00e7as sociais. De acordo com o relat\u00f3rio do Indepaz, <strong><a href=\"https:\/\/indepaz.org.co\/lideres-sociales-defensores-de-dd-hh-y-firmantes-de-acuerdo-asesinados-en-2022\/\">186 l\u00edderes sociais<\/a><\/strong> foram assassinados na Col\u00f4mbia em 2022.[\/vc_column_text][\/vc_column_inner][vc_column_inner width=&#8221;1\/2&#8243;][vc_column_text]Al\u00e9m disso, as migra\u00e7\u00f5es internas, de retorno e internacionais influenciaram a configura\u00e7\u00e3o demogr\u00e1fica e social do pa\u00eds. Nos \u00faltimos anos, a Col\u00f4mbia tem sido um destino atraente para migrantes, especialmente venezuelanos que fogem da crise pol\u00edtica e econ\u00f4mica em seu pa\u00eds. De acordo com a Migraci\u00f3n Colombia, em 31 de maio de 2023, havia um total de 1.815.283 migrantes venezuelanos na Col\u00f4mbia. Por sua vez, o governo colombiano implementou pol\u00edticas para regular a migra\u00e7\u00e3o e garantir os direitos dos migrantes, mas ainda h\u00e1 desafios a serem superados em termos de integra\u00e7\u00e3o e prote\u00e7\u00e3o.<\/p>\n<p>Da mesma forma, a viol\u00eancia contra pessoas LGBTI+ continua a ser um problema que persiste na Col\u00f4mbia. Apesar dos avan\u00e7os em direitos e reconhecimento, muitas pessoas continuam enfrentando discrimina\u00e7\u00e3o e viol\u00eancia baseadas no preconceito. Segundo dados da Rede Sem Viol\u00eancia, em 2022, 148 pessoas LGBTI+ foram assassinadas no pa\u00eds.[\/vc_column_text][\/vc_column_inner][\/vc_row_inner][\/vc_column][\/vc_row][vc_row equal_height=&#8221;yes&#8221; content_placement=&#8221;top&#8221; el_class=&#8221;ourwork-single&#8221;][vc_column width=&#8221;1\/2&#8243;][vc_column_text]<\/p>\n<h3>Nosso trabalho na Col\u00f4mbia<\/h3>\n<p>A Ra\u00e7a e Igualdade fornece assist\u00eancia t\u00e9cnica aos nossos parceiros a fim de melhorar seus lit\u00edgios estrat\u00e9gicos, advocacy, investiga\u00e7\u00e3o e documenta\u00e7\u00e3o de viola\u00e7\u00f5es de direitos humanos e capacidades de comunica\u00e7\u00e3o. Buscamos promover o uso estrat\u00e9gico do direito para a supera\u00e7\u00e3o de viola\u00e7\u00f5es de direitos humanos, a partir do treinamento no uso das ferramentas jur\u00eddicas dispon\u00edveis ou da gera\u00e7\u00e3o de estrat\u00e9gias de articula\u00e7\u00e3o para a advocacy. A partir do \u00e2mbito dom\u00e9stico, promovemos a visibilidade de nossos pares para que alcancem o desenvolvimento de pol\u00edticas p\u00fablicas locais ou as transforma\u00e7\u00f5es jur\u00eddicas que lhes sejam pertinentes. No \u00e2mbito internacional, promovemos a utiliza\u00e7\u00e3o dos espa\u00e7os oferecidos pela Comiss\u00e3o Interamericana de Direitos Humanos e pelos diversos \u00f3rg\u00e3os do Sistema das Na\u00e7\u00f5es Unidas, na visibilidade de den\u00fancias, de relat\u00f3rios e\/ou recomenda\u00e7\u00f5es sobre a situa\u00e7\u00e3o dos direitos humanos.<\/p>\n<p>Esta estrat\u00e9gia \u00e9 desenvolvida no \u00e2mbito de uma Estrat\u00e9gia de Articula\u00e7\u00e3o Regional com organiza\u00e7\u00f5es da sociedade civil, que \u00e9 uma parte essencial do nosso trabalho. Buscamos fortalecer as experi\u00eancias de trabalho entre organiza\u00e7\u00f5es de direitos humanos na Am\u00e9rica Latina, unir esfor\u00e7os e fortalecer apostas individuais que possam ter maior resson\u00e2ncia a partir de um trabalho articulado para toda a regi\u00e3o.<\/p>\n<p>A partir da linha de Justi\u00e7a Racial, Ra\u00e7a e Igualdade, vem desenvolvendo a\u00e7\u00f5es nacionais e internacionais de pesquisa, advocacy e litig\u00e2ncia estrat\u00e9gica, visando garantir os direitos de afrodescendentes defensores de direitos humanos, v\u00edtimas de conflitos armados pertencentes a comunidades \u00e9tnicas e v\u00edtimas de viol\u00eancia policial racista. Por meio do fortalecimento das capacidades das organiza\u00e7\u00f5es da sociedade civil, nossos parceiros t\u00eam promovido mudan\u00e7as estruturais buscando combater o racismo sist\u00eamico e estrutural no pa\u00eds. Ra\u00e7a e Igualdade faz atualmente parte da Mesa Redonda para a Reforma da Pol\u00edcia, que busca implementar uma Reforma Policial Abrangente que priorize os direitos humanos, a conviv\u00eancia e a paz.<\/p>\n<p>A linha de trabalho em mobilidade humana visa contribuir para o acesso \u00e0 justi\u00e7a e a prote\u00e7\u00e3o dos direitos humanos da popula\u00e7\u00e3o em situa\u00e7\u00e3o de mobilidade humana, afetada por diferentes formas de viol\u00eancia e discrimina\u00e7\u00e3o na Col\u00f4mbia. Esse prop\u00f3sito \u00e9 realizado por meio de atividades de defesa dos direitos humanos, advocacy, lit\u00edgio estrat\u00e9gico internacional e fortalecimento das capacidades t\u00e9cnicas das organiza\u00e7\u00f5es da sociedade civil. Para atingir esses objetivos, Ra\u00e7a e Igualdade integra a ado\u00e7\u00e3o de abordagens interseccionais que visibilizam os riscos diferenciais enfrentados pelos diferentes grupos populacionais que comp\u00f5em os fluxos migrat\u00f3rios mistos que buscam abrigo na Col\u00f4mbia.<\/p>\n<p>Ra\u00e7a e Igualdade trabalha com uma linha tem\u00e1tica focada em l\u00e9sbicas, gays, bissexuais e pessoas trans que busca influenciar em mudan\u00e7as estruturais para superar as viola\u00e7\u00f5es de direitos humanos na Col\u00f4mbia a partir de uma perspectiva diversa. Nosso trabalho reconhece as m\u00faltiplas necessidades e experi\u00eancias de pessoas com orienta\u00e7\u00f5es sexuais e identidades de g\u00eanero n\u00e3o normativas e aquelas que se reconhecem fora das margens da defini\u00e7\u00e3o LGBTI+. Nesse sentido, consideramos essencial a an\u00e1lise levando em conta as interse\u00e7\u00f5es de ra\u00e7a, etnia, classe, defici\u00eancia etc., para compreender as complexidades da sexualidade, das identidades de g\u00eanero e dos espectros n\u00e3o-bin\u00e1rios de g\u00eanero.[\/vc_column_text][\/vc_column][vc_column width=&#8221;1\/2&#8243;][vc_single_image image=&#8221;15533&#8243; img_size=&#8221;full&#8221; alignment=&#8221;center&#8221;][\/vc_column][\/vc_row][vc_row el_class=&#8221;whatwedone-single&#8221;][vc_column][vc_row_inner][vc_column_inner offset=&#8221;vc_col-lg-offset-2 vc_col-lg-8 vc_col-md-offset-0 vc_col-md-12 vc_col-sm-offset-0 vc_col-xs-12&#8243;][vc_column_text]<\/p>\n<h3 style=\"text-align: center;\">Nossas Conquistas<\/h3>\n<p>[\/vc_column_text][\/vc_column_inner][\/vc_row_inner][vc_row_inner el_class=&#8221;impact-container&#8221;][vc_column_inner width=&#8221;1\/2&#8243;][vc_column_text]<\/p>\n<ul>\n<li style=\"text-align: left;\">Em 2022, a Ra\u00e7a e Igualdade e outras organiza\u00e7\u00f5es da sociedade civil apresentaram o relat\u00f3rio SIL\u00caNCIO E IMPUNIDADE: Racismo sist\u00eamico e viol\u00eancia policial contra afrodescendentes na Col\u00f4mbia, com o objetivo de denunciar casos de viol\u00eancia policial racista por agentes da For\u00e7a P\u00fablica durante as manifesta\u00e7\u00f5es sociais de 2021 na Col\u00f4mbia.<\/li>\n<li style=\"text-align: left;\">Em maio de 2023, a Ra\u00e7a e Igualdade lan\u00e7ou a Escola de Incid\u00eancia Pol\u00edtica em Movimento (EIM), um espa\u00e7o de forma\u00e7\u00e3o virtual criado para fortalecer as capacidades de lideran\u00e7as sociais, ativistas, membros de organiza\u00e7\u00f5es sociais, funcion\u00e1rios p\u00fablicos e migrantes interessados em fortalecer seus conhecimentos, habilidades e compet\u00eancias, e efetivamente, realizar processos de advocacy perante institui\u00e7\u00f5es nacionais e internacionais. Desse modo, buscamos promover a garantia direitos humanos efetivos, numa perspectiva interseccional e com a aplica\u00e7\u00e3o de abordagens diferenciadas.<\/li>\n<\/ul>\n<p>[\/vc_column_text][\/vc_column_inner][vc_column_inner width=&#8221;1\/2&#8243;][vc_column_text]<\/p>\n<ul>\n<li style=\"text-align: left;\">Ra\u00e7a e Igualdade, juntamente com as organiza\u00e7\u00f5es Caribe Afirmativo, Funda\u00e7\u00e3o Afrodescendente para as Diversidades Sociais e Sexuais (Somos Identidad) e Arco \u00cdris de Tumaco, apresentaram o relat\u00f3rio <a href=\"https:\/\/raceandequality.org\/wp-content\/uploads\/2021\/09\/Nos-deci%CC%81an-tras-de-negras-maricas.-Informe-vi%CC%81ctimas-AfroLGBT-del-conflicto-armado-colombiano-1.pdf\"><strong>&#8220;Nos dec\u00edan: Tras de Negras, Maricas&#8221;.\u00a0Experi\u00eancias e impactos do conflito armado sobre as pessoas afro-LGBT no sul de Bol\u00edvar e no Pac\u00edfico Sul colombiano<\/strong><\/a> perante a Comiss\u00e3o da Verdade, para contribuir para o esclarecimento da verdade durante o conflito armado na Col\u00f4mbia.<\/li>\n<\/ul>\n<p>[\/vc_column_text][\/vc_column_inner][\/vc_row_inner][\/vc_column][\/vc_row]<\/p>\n<\/div>","protected":false},"featured_media":0,"template":"","categories":[],"www_type":[1319],"class_list":["post-16999","where_we_work","type-where_we_work","status-publish","hentry","www_type-country-pt-br"],"acf":[],"aioseo_notices":[],"_links":{"self":[{"href":"https:\/\/raceandequality.org\/pt-br\/wp-json\/wp\/v2\/where_we_work\/16999","targetHints":{"allow":["GET"]}}],"collection":[{"href":"https:\/\/raceandequality.org\/pt-br\/wp-json\/wp\/v2\/where_we_work"}],"about":[{"href":"https:\/\/raceandequality.org\/pt-br\/wp-json\/wp\/v2\/types\/where_we_work"}],"wp:attachment":[{"href":"https:\/\/raceandequality.org\/pt-br\/wp-json\/wp\/v2\/media?parent=16999"}],"wp:term":[{"taxonomy":"category","embeddable":true,"href":"https:\/\/raceandequality.org\/pt-br\/wp-json\/wp\/v2\/categories?post=16999"},{"taxonomy":"www_type","embeddable":true,"href":"https:\/\/raceandequality.org\/pt-br\/wp-json\/wp\/v2\/www_type?post=16999"}],"curies":[{"name":"wp","href":"https:\/\/api.w.org\/{rel}","templated":true}]}}