{"id":17116,"date":"2022-05-19T21:16:08","date_gmt":"2022-05-19T21:16:08","guid":{"rendered":"https:\/\/racenadequapro.wpengine.com\/where_we_work\/oea\/"},"modified":"2023-10-04T18:58:13","modified_gmt":"2023-10-04T18:58:13","slug":"oea","status":"publish","type":"where_we_work","link":"https:\/\/raceandequality.org\/pt-br\/where_we_work\/oea\/","title":{"rendered":"OEA"},"content":{"rendered":"<div class=\"wpb-content-wrapper\"><p>[vc_row el_class=&#8221;maincontent-single&#8221;][vc_column offset=&#8221;vc_col-lg-offset-1 vc_col-lg-10 vc_col-md-offset-0 vc_col-md-12 vc_col-xs-12&#8243;][vc_column_text]<\/p>\n<h3 style=\"text-align: center;\">Sobre a OEA<\/h3>\n<p>[\/vc_column_text][vc_row_inner][vc_column_inner][vc_column_text]A Organiza\u00e7\u00e3o dos Estados Americanos (OEA) e dois de seus \u00f3rg\u00e3os mais importantes, a <strong>Comiss\u00e3o Interamericana de Direitos Humanos (CIDH)<\/strong> e a <strong>Corte Interamericana de Direitos Humanos (Corte IDH<\/strong> ), s\u00e3o os principais mecanismos regionais dedicados \u00e0 promo\u00e7\u00e3o e prote\u00e7\u00e3o <strong>dos <\/strong>direitos humanos nas Am\u00e9ricas.<\/p>\n<p>Esses \u00f3rg\u00e3os fornecem f\u00f3runs essenciais nos quais organiza\u00e7\u00f5es n\u00e3o governamentais (ONGs) podem envolver governos em debates sobre direitos humanos, defender a prote\u00e7\u00e3o e a promo\u00e7\u00e3o dos direitos humanos e buscar repara\u00e7\u00e3o para viola\u00e7\u00f5es individuais ou coletivas de direitos humanos.[\/vc_column_text][\/vc_column_inner][\/vc_row_inner][\/vc_column][\/vc_row][vc_row equal_height=&#8221;yes&#8221; content_placement=&#8221;middle&#8221; el_class=&#8221;ourwork-single&#8221;][vc_column width=&#8221;1\/2&#8243;][vc_column_text]<\/p>\n<h2>Nosso Trabalho na OEA<\/h2>\n<p>A Ra\u00e7a e Igualdade fornece assist\u00eancia t\u00e9cnica a organiza\u00e7\u00f5es afro-latinas, ind\u00edgenas, LGBTI+ e outras organiza\u00e7\u00f5es de direitos humanos sobre como implementar uma agenda de advocacy na OEA. Mantemos uma presen\u00e7a constante nas reuni\u00f5es dos \u00f3rg\u00e3os pol\u00edticos da OEA e temos trabalhado com essa institui\u00e7\u00e3o regional em conjunto com organiza\u00e7\u00f5es de direitos humanos, para promover a aprova\u00e7\u00e3o e ratifica\u00e7\u00e3o de novos instrumentos regionais.<\/p>\n<p>Atualmente, estamos buscando desenvolver a capacidade das organiza\u00e7\u00f5es afro-latinas e ind\u00edgenas para trabalhar com seus governos e seus delegados governamentais na OEA, para defender a assinatura e ratifica\u00e7\u00e3o da Conven\u00e7\u00e3o Interamericana contra o Racismo, a Discrimina\u00e7\u00e3o Racial e Formas Correlatas de Intoler\u00e2ncia (CIRDI), aprovada pela Assembleia Geral da OEA em Ant\u00edgua, Guatemala, em 2013.<\/p>\n<p>A Ra\u00e7a e Igualdade tamb\u00e9m trabalha para desenvolver as capacidades de seus parceiros para apresentar informa\u00e7\u00f5es cr\u00edticas sobre quest\u00f5es espec\u00edficas de direitos humanos aos v\u00e1rios \u00f3rg\u00e3os pol\u00edticos da OEA, como o Conselho Permanente, o Processo de C\u00fapulas das Am\u00e9ricas e a Assembleia Geral, a fim de promover a participa\u00e7\u00e3o dessas organiza\u00e7\u00f5es na luta contra a discrimina\u00e7\u00e3o racial.<\/p>\n<p>A partir de nosso Programa Legal, realizamos a\u00e7\u00f5es como a solicita\u00e7\u00e3o de medidas cautelares e medidas provis\u00f3rias para defensores de direitos humanos e litigamos casos de viola\u00e7\u00f5es de direitos humanos perante a CIDH e a Corte Interamericana. A isso se soma o trabalho de advocacy para denunciar a situa\u00e7\u00e3o das pessoas privadas de liberdade por motivos pol\u00edticos.[\/vc_column_text][\/vc_column][vc_column width=&#8221;1\/2&#8243;][vc_single_image image=&#8221;16854&#8243; img_size=&#8221;full&#8221;][\/vc_column][\/vc_row][vc_row el_class=&#8221;whatwedone-single&#8221;][vc_column][vc_row_inner][vc_column_inner offset=&#8221;vc_col-lg-offset-2 vc_col-lg-8 vc_col-md-offset-0 vc_col-md-12 vc_col-sm-offset-0 vc_col-xs-12&#8243;][vc_column_text]<\/p>\n<h3 style=\"text-align: center;\"><strong>Nossas Conquistas<\/strong><\/h3>\n<p>[\/vc_column_text][\/vc_column_inner][\/vc_row_inner][vc_row_inner el_class=&#8221;impact-container&#8221;][vc_column_inner width=&#8221;1\/2&#8243;][vc_column_text]Ra\u00e7a e Igualdade tem desempenhado um papel fundamental nas audi\u00eancias tem\u00e1ticas perante a Comiss\u00e3o Interamericana de Direitos Humanos, apresentando, ao lado de depoimentos de especialistas, de nossos parceiros em quest\u00f5es como<\/p>\n<ul>\n<li>Discrimina\u00e7\u00e3o racial na regi\u00e3o<\/li>\n<li>A situa\u00e7\u00e3o dos direitos humanos dos afro-colombianos e a situa\u00e7\u00e3o dos direitos humanos da juventude afro-brasileira<\/li>\n<li>a situa\u00e7\u00e3o das pessoas LGBTI+ na Col\u00f4mbia e no Brasil<\/li>\n<li>a situa\u00e7\u00e3o das mulheres afrodescendentes na Am\u00e9rica Latina.<\/li>\n<\/ul>\n<p>[\/vc_column_text][\/vc_column_inner][vc_column_inner width=&#8221;1\/2&#8243;][vc_column_text]Ra\u00e7a e Igualdade tem desempenhado um papel muito importante na Ratifica\u00e7\u00e3o e Implementa\u00e7\u00e3o da Conven\u00e7\u00e3o Interamericana contra o Racismo, a Discrimina\u00e7\u00e3o Racial e Formas Correlatas de Intoler\u00e2ncia (CIRDI) e da Conven\u00e7\u00e3o Interamericana contra Todas as Formas de Discrimina\u00e7\u00e3o e Intoler\u00e2ncia (CIDI).[\/vc_column_text][\/vc_column_inner][\/vc_row_inner][\/vc_column][\/vc_row]<\/p>\n<\/div>","protected":false},"featured_media":5684,"template":"","categories":[],"www_type":[1321],"class_list":["post-17116","where_we_work","type-where_we_work","status-publish","has-post-thumbnail","hentry","www_type-organization-pt-br"],"acf":[],"aioseo_notices":[],"_links":{"self":[{"href":"https:\/\/raceandequality.org\/pt-br\/wp-json\/wp\/v2\/where_we_work\/17116","targetHints":{"allow":["GET"]}}],"collection":[{"href":"https:\/\/raceandequality.org\/pt-br\/wp-json\/wp\/v2\/where_we_work"}],"about":[{"href":"https:\/\/raceandequality.org\/pt-br\/wp-json\/wp\/v2\/types\/where_we_work"}],"wp:featuredmedia":[{"embeddable":true,"href":"https:\/\/raceandequality.org\/pt-br\/wp-json\/wp\/v2\/media\/5684"}],"wp:attachment":[{"href":"https:\/\/raceandequality.org\/pt-br\/wp-json\/wp\/v2\/media?parent=17116"}],"wp:term":[{"taxonomy":"category","embeddable":true,"href":"https:\/\/raceandequality.org\/pt-br\/wp-json\/wp\/v2\/categories?post=17116"},{"taxonomy":"www_type","embeddable":true,"href":"https:\/\/raceandequality.org\/pt-br\/wp-json\/wp\/v2\/www_type?post=17116"}],"curies":[{"name":"wp","href":"https:\/\/api.w.org\/{rel}","templated":true}]}}